{"id":32172,"date":"2017-01-23T21:19:31","date_gmt":"2017-01-23T21:19:31","guid":{"rendered":"https:\/\/smartmag.theme-sphere.com\/zine\/home-blocks\/"},"modified":"2017-01-23T21:19:31","modified_gmt":"2017-01-23T21:19:31","slug":"home-blocks","status":"publish","type":"page","link":"https:\/\/dorogimedence.hu\/index.php\/home-blocks\/","title":{"rendered":"Home Blocks"},"content":{"rendered":"\t\t<div data-elementor-type=\"wp-page\" data-elementor-id=\"32172\" class=\"elementor elementor-32172\">\n\t\t\t\t\t\t<section class=\"has-el-gap el-gap-default elementor-section elementor-top-section elementor-element elementor-element-24624fd1 elementor-section-boxed elementor-section-height-default elementor-section-height-default\" data-id=\"24624fd1\" data-element_type=\"section\" data-e-type=\"section\">\n\t\t\t\t\t\t<div class=\"elementor-container elementor-column-gap-no\">\n\t\t\t\t\t<div class=\"elementor-column elementor-col-100 elementor-top-column elementor-element elementor-element-5a257f4b\" data-id=\"5a257f4b\" data-element_type=\"column\" data-e-type=\"column\">\n\t\t\t<div class=\"elementor-widget-wrap elementor-element-populated\">\n\t\t\t\t\t\t<div class=\"elementor-element elementor-element-7bd0d7c4 elementor-widget elementor-widget-smartmag-newsfocus\" data-id=\"7bd0d7c4\" data-element_type=\"widget\" data-e-type=\"widget\" data-widget_type=\"smartmag-newsfocus.default\">\n\t\t\t\t<div class=\"elementor-widget-container\">\n\t\t\t\t\t\t\t<section class=\"block-wrap block-news-focus block-sc\" data-id=\"1\" data-block=\"{&quot;id&quot;:&quot;news-focus&quot;,&quot;props&quot;:{&quot;cat_labels&quot;:&quot;0&quot;,&quot;cat_labels_pos&quot;:&quot;top-left&quot;,&quot;reviews&quot;:&quot;barss&quot;,&quot;post_formats_pos&quot;:&quot;center&quot;,&quot;load_more_style&quot;:&quot;a&quot;,&quot;meta_cat_style&quot;:&quot;text&quot;,&quot;media_style_shadow&quot;:0,&quot;meta_sponsor&quot;:1,&quot;meta_sponsor_logo&quot;:0,&quot;meta_sponsor_label&quot;:&quot;Sponsor: {sponsor}&quot;,&quot;meta_above&quot;:[],&quot;meta_below&quot;:[&quot;author&quot;,&quot;date&quot;,&quot;comments&quot;],&quot;meta_sponsor_above&quot;:[],&quot;meta_sponsor_below&quot;:[&quot;sponsor&quot;,&quot;date&quot;],&quot;sort_order&quot;:&quot;desc&quot;,&quot;cat&quot;:&quot;10&quot;,&quot;heading&quot;:&quot;News Focus&quot;,&quot;heading_type&quot;:&quot;d&quot;,&quot;offset&quot;:&quot;0&quot;,&quot;heading_colors&quot;:&quot;force&quot;,&quot;container_width&quot;:66,&quot;separators&quot;:1,&quot;excerpt_length&quot;:15,&quot;filters&quot;:&quot;category&quot;,&quot;pagination_type&quot;:null,&quot;pagination_links&quot;:null,&quot;meta_sponsor_items_default&quot;:true,&quot;query_type&quot;:&quot;custom&quot;,&quot;sort_days&quot;:null,&quot;is_sc_call&quot;:true,&quot;meta_items_default&quot;:true}}\" data-is-mixed=\"1\">\n\n\t\t\t\t\t\t\t\t\n\t\t\t\t\t\t\t\n\t\t\t\t<div class=\"block-head block-head-d is-left term-color-10\">\n\n\t\t\t\t\t<h4 class=\"heading\"><a href=\"https:\/\/dorogimedence.hu\/index.php\/category\/tokodaltaro\/\">News Focus<\/a><\/h4>\t\t\t\t\t\n\t\t\t\t\t\t\t\t\t<\/div>\n\t\t\t\t\n\t\t\t\n\t\t\t\n\t\t\t<div class=\"block-content\">\n\t\t\t\t\t\n\t<div class=\"grid cols-not-eq loops-mixed grid-2 md:grid-2 sm:grid-1\">\n\n\t\t\t\n\t<div class=\"loop loop-grid loop-grid-base grid grid-1 md:grid-1 xs:grid-1\">\n\n\t\t\t\t\t\n<article class=\"l-post grid-post grid-base-post\">\n\n\t\n\t\t\t<div class=\"media\">\n\n\t\t\n\t\t\t<a href=\"https:\/\/dorogimedence.hu\/index.php\/2026\/04\/30\/kormanyablakbusz-majusi-menetrendje-3\/\" class=\"image-link media-ratio ratio-is-custom\" title=\"Korm\u00e1nyablakbusz m\u00e1jusi menetrendje\"><img fetchpriority=\"high\" decoding=\"async\" width=\"361\" height=\"215\" src=\"https:\/\/dorogimedence.hu\/wp-content\/uploads\/2026\/03\/kormanyablakbusz-450x253.jpg\" class=\"attachment-bunyad-medium size-bunyad-medium wp-post-image\" alt=\"\" sizes=\"(max-width: 361px) 100vw, 361px\" title=\"Korm\u00e1nyablakbusz m\u00e1jusi menetrendje\" srcset=\"https:\/\/dorogimedence.hu\/wp-content\/uploads\/2026\/03\/kormanyablakbusz-450x253.jpg 450w, https:\/\/dorogimedence.hu\/wp-content\/uploads\/2026\/03\/kormanyablakbusz-600x338.jpg 600w, https:\/\/dorogimedence.hu\/wp-content\/uploads\/2026\/03\/kormanyablakbusz-768x432.jpg 768w, https:\/\/dorogimedence.hu\/wp-content\/uploads\/2026\/03\/kormanyablakbusz-1536x864.jpg 1536w, https:\/\/dorogimedence.hu\/wp-content\/uploads\/2026\/03\/kormanyablakbusz-150x84.jpg 150w, https:\/\/dorogimedence.hu\/wp-content\/uploads\/2026\/03\/kormanyablakbusz-1200x675.jpg 1200w, https:\/\/dorogimedence.hu\/wp-content\/uploads\/2026\/03\/kormanyablakbusz.jpg 1896w\" \/><\/a>\t\t\t\n\t\t\t\n\t\t\t\n\t\t\t\n\t\t\n\t\t<\/div>\n\t\n\n\t\n\t\t<div class=\"content\">\n\n\t\t\t<div class=\"post-meta post-meta-a has-below\"><h2 class=\"is-title post-title\"><a href=\"https:\/\/dorogimedence.hu\/index.php\/2026\/04\/30\/kormanyablakbusz-majusi-menetrendje-3\/\">Korm\u00e1nyablakbusz m\u00e1jusi menetrendje<\/a><\/h2><div class=\"post-meta-items meta-below\"><span class=\"meta-item post-author\"><span class=\"by\">By<\/span> <a href=\"https:\/\/dorogimedence.hu\/index.php\/author\/lehoo88\/\" title=\"dorogimedence.hu bejegyz\u00e9se\" rel=\"author\">dorogimedence.hu<\/a><\/span><span class=\"meta-item has-next-icon date\"><span class=\"date-link\"><time class=\"post-date\" datetime=\"2026-04-30T09:06:12+02:00\">2026-04-30<\/time><\/span><\/span><span class=\"meta-item comments has-icon\"><a href=\"https:\/\/dorogimedence.hu\/index.php\/2026\/04\/30\/kormanyablakbusz-majusi-menetrendje-3\/#respond\"><i class=\"tsi tsi-comment-o\"><\/i>0<\/a><\/span><\/div><\/div>\t\t\t\n\t\t\t\t\t\t\n\t\t\t\t<div class=\"excerpt\">\n\t\t\t\t\t<p>Kom\u00e1rom-Esztergom v\u00e1rmegy\u00e9ben minden olyan telep\u00fcl\u00e9sen megfordul a korm\u00e1nyablakbusz, ahol nincs korm\u00e1nyablak. A korm\u00e1nyablakbusz seg\u00edts\u00e9g\u00e9vel meghat\u00e1rozott&hellip;<\/p>\n\t\t\t\t<\/div>\n\t\t\t\n\t\t\t\n\t\t\t\n\t\t<\/div>\n\n\t\n<\/article>\t\t\n\t<\/div>\n\n\t\t\n\n\t\t\n\t<div class=\"loop loop-small loop-small-a loop-sep loop-small-sep grid grid-1 md:grid-1 sm:grid-1 xs:grid-1\">\n\n\t\t\t\t\t\n<article class=\"l-post small-post small-a-post m-pos-left\">\n\n\t\n\t\t\t<div class=\"media\">\n\n\t\t\n\t\t\t<a href=\"https:\/\/dorogimedence.hu\/index.php\/2026\/04\/29\/zoldhulladek-es-szelektivhulladek-gyujtes-majusban\/\" class=\"image-link media-ratio ratio-3-2\" title=\"Z\u00f6ldhullad\u00e9k- \u00e9s szelekt\u00edvhullad\u00e9k-gy\u0171jt\u00e9s m\u00e1jusban\"><img decoding=\"async\" width=\"105\" height=\"70\" src=\"https:\/\/dorogimedence.hu\/wp-content\/uploads\/2025\/04\/szelektiv-600x303.jpg\" class=\"attachment-medium size-medium wp-post-image\" alt=\"\" sizes=\"(max-width: 105px) 100vw, 105px\" title=\"Z\u00f6ldhullad\u00e9k- \u00e9s szelekt\u00edvhullad\u00e9k-gy\u0171jt\u00e9s m\u00e1jusban\" srcset=\"https:\/\/dorogimedence.hu\/wp-content\/uploads\/2025\/04\/szelektiv-600x303.jpg 600w, https:\/\/dorogimedence.hu\/wp-content\/uploads\/2025\/04\/szelektiv-768x388.jpg 768w, https:\/\/dorogimedence.hu\/wp-content\/uploads\/2025\/04\/szelektiv-1536x776.jpg 1536w, https:\/\/dorogimedence.hu\/wp-content\/uploads\/2025\/04\/szelektiv-150x76.jpg 150w, https:\/\/dorogimedence.hu\/wp-content\/uploads\/2025\/04\/szelektiv-450x227.jpg 450w, https:\/\/dorogimedence.hu\/wp-content\/uploads\/2025\/04\/szelektiv-1200x606.jpg 1200w, https:\/\/dorogimedence.hu\/wp-content\/uploads\/2025\/04\/szelektiv.jpg 1920w\" \/><\/a>\t\t\t\n\t\t\t\n\t\t\t\n\t\t\t\n\t\t\n\t\t<\/div>\n\t\n\n\t\n\t\t<div class=\"content\">\n\n\t\t\t<div class=\"post-meta post-meta-a post-meta-left has-below\"><h4 class=\"is-title post-title\"><a href=\"https:\/\/dorogimedence.hu\/index.php\/2026\/04\/29\/zoldhulladek-es-szelektivhulladek-gyujtes-majusban\/\">Z\u00f6ldhullad\u00e9k- \u00e9s szelekt\u00edvhullad\u00e9k-gy\u0171jt\u00e9s m\u00e1jusban<\/a><\/h4><div class=\"post-meta-items meta-below\"><span class=\"meta-item date\"><span class=\"date-link\"><time class=\"post-date\" datetime=\"2026-04-29T14:04:21+02:00\">2026-04-29<\/time><\/span><\/span><\/div><\/div>\t\t\t\n\t\t\t\n\t\t\t\n\t\t<\/div>\n\n\t\n<\/article>\t\n\t\t\t\t\t\n<article class=\"l-post small-post small-a-post m-pos-left\">\n\n\t\n\t\t\t<div class=\"media\">\n\n\t\t\n\t\t\t<a href=\"https:\/\/dorogimedence.hu\/index.php\/2026\/04\/29\/veradasok-majusban-8\/\" class=\"image-link media-ratio ratio-3-2\" title=\"V\u00e9rad\u00e1sok m\u00e1jusban\"><img decoding=\"async\" width=\"105\" height=\"70\" src=\"https:\/\/dorogimedence.hu\/wp-content\/uploads\/2025\/09\/veradas-pexels-artempodrez-6823567-600x338.jpg\" class=\"attachment-medium size-medium wp-post-image\" alt=\"\" sizes=\"(max-width: 105px) 100vw, 105px\" title=\"V\u00e9rad\u00e1sok m\u00e1jusban\" srcset=\"https:\/\/dorogimedence.hu\/wp-content\/uploads\/2025\/09\/veradas-pexels-artempodrez-6823567-600x338.jpg 600w, https:\/\/dorogimedence.hu\/wp-content\/uploads\/2025\/09\/veradas-pexels-artempodrez-6823567-768x432.jpg 768w, https:\/\/dorogimedence.hu\/wp-content\/uploads\/2025\/09\/veradas-pexels-artempodrez-6823567-1536x864.jpg 1536w, https:\/\/dorogimedence.hu\/wp-content\/uploads\/2025\/09\/veradas-pexels-artempodrez-6823567-150x84.jpg 150w, https:\/\/dorogimedence.hu\/wp-content\/uploads\/2025\/09\/veradas-pexels-artempodrez-6823567-450x253.jpg 450w, https:\/\/dorogimedence.hu\/wp-content\/uploads\/2025\/09\/veradas-pexels-artempodrez-6823567-1200x675.jpg 1200w, https:\/\/dorogimedence.hu\/wp-content\/uploads\/2025\/09\/veradas-pexels-artempodrez-6823567.jpg 1920w\" \/><\/a>\t\t\t\n\t\t\t\n\t\t\t\n\t\t\t\n\t\t\n\t\t<\/div>\n\t\n\n\t\n\t\t<div class=\"content\">\n\n\t\t\t<div class=\"post-meta post-meta-a post-meta-left has-below\"><h4 class=\"is-title post-title\"><a href=\"https:\/\/dorogimedence.hu\/index.php\/2026\/04\/29\/veradasok-majusban-8\/\">V\u00e9rad\u00e1sok m\u00e1jusban<\/a><\/h4><div class=\"post-meta-items meta-below\"><span class=\"meta-item date\"><span class=\"date-link\"><time class=\"post-date\" datetime=\"2026-04-29T11:54:41+02:00\">2026-04-29<\/time><\/span><\/span><\/div><\/div>\t\t\t\n\t\t\t\n\t\t\t\n\t\t<\/div>\n\n\t\n<\/article>\t\n\t\t\t\t\t\n<article class=\"l-post small-post small-a-post m-pos-left\">\n\n\t\n\t\t\t<div class=\"media\">\n\n\t\t\n\t\t\t<a href=\"https:\/\/dorogimedence.hu\/index.php\/2026\/04\/07\/alairasgyujtes-indult-a-biztonsagos-kozlekedesert-tokodaltaro-es-esztergom-kertvaros-kozott\/\" class=\"image-link media-ratio ratio-3-2\" title=\"Al\u00e1\u00edr\u00e1sgy\u0171jt\u00e9s indult a biztons\u00e1gos k\u00f6zleked\u00e9s\u00e9rt Tokodalt\u00e1r\u00f3 \u00e9s Esztergom-Kertv\u00e1ros k\u00f6z\u00f6tt\"><img loading=\"lazy\" decoding=\"async\" width=\"105\" height=\"70\" src=\"https:\/\/dorogimedence.hu\/wp-content\/uploads\/2026\/04\/21006-600x400.jpg\" class=\"attachment-medium size-medium wp-post-image\" alt=\"\" sizes=\"(max-width: 105px) 100vw, 105px\" title=\"Al\u00e1\u00edr\u00e1sgy\u0171jt\u00e9s indult a biztons\u00e1gos k\u00f6zleked\u00e9s\u00e9rt Tokodalt\u00e1r\u00f3 \u00e9s Esztergom-Kertv\u00e1ros k\u00f6z\u00f6tt\" srcset=\"https:\/\/dorogimedence.hu\/wp-content\/uploads\/2026\/04\/21006-600x400.jpg 600w, https:\/\/dorogimedence.hu\/wp-content\/uploads\/2026\/04\/21006-768x512.jpg 768w, https:\/\/dorogimedence.hu\/wp-content\/uploads\/2026\/04\/21006-150x100.jpg 150w, https:\/\/dorogimedence.hu\/wp-content\/uploads\/2026\/04\/21006-450x300.jpg 450w, https:\/\/dorogimedence.hu\/wp-content\/uploads\/2026\/04\/21006-1200x800.jpg 1200w, https:\/\/dorogimedence.hu\/wp-content\/uploads\/2026\/04\/21006-272x182.jpg 272w, https:\/\/dorogimedence.hu\/wp-content\/uploads\/2026\/04\/21006.jpg 1500w\" \/><\/a>\t\t\t\n\t\t\t\n\t\t\t\n\t\t\t\n\t\t\n\t\t<\/div>\n\t\n\n\t\n\t\t<div class=\"content\">\n\n\t\t\t<div class=\"post-meta post-meta-a post-meta-left has-below\"><h4 class=\"is-title post-title\"><a href=\"https:\/\/dorogimedence.hu\/index.php\/2026\/04\/07\/alairasgyujtes-indult-a-biztonsagos-kozlekedesert-tokodaltaro-es-esztergom-kertvaros-kozott\/\">Al\u00e1\u00edr\u00e1sgy\u0171jt\u00e9s indult a biztons\u00e1gos k\u00f6zleked\u00e9s\u00e9rt Tokodalt\u00e1r\u00f3 \u00e9s Esztergom-Kertv\u00e1ros k\u00f6z\u00f6tt<\/a><\/h4><div class=\"post-meta-items meta-below\"><span class=\"meta-item date\"><span class=\"date-link\"><time class=\"post-date\" datetime=\"2026-04-07T06:44:27+02:00\">2026-04-07<\/time><\/span><\/span><\/div><\/div>\t\t\t\n\t\t\t\n\t\t\t\n\t\t<\/div>\n\n\t\n<\/article>\t\n\t\t\t\t\t\n<article class=\"l-post small-post small-a-post m-pos-left\">\n\n\t\n\t\t\t<div class=\"media\">\n\n\t\t\n\t\t\t<a href=\"https:\/\/dorogimedence.hu\/index.php\/2026\/04\/06\/elektronikai-hulladekgyujtes-lesz-tokodaltaron\/\" class=\"image-link media-ratio ratio-3-2\" title=\"Elektronikai hullad\u00e9kgy\u0171jt\u00e9s lesz Tokodalt\u00e1r\u00f3n\"><img loading=\"lazy\" decoding=\"async\" width=\"105\" height=\"70\" src=\"https:\/\/dorogimedence.hu\/wp-content\/uploads\/2026\/03\/elektronikai-hulladek-600x303.jpg\" class=\"attachment-medium size-medium wp-post-image\" alt=\"\" sizes=\"(max-width: 105px) 100vw, 105px\" title=\"Elektronikai hullad\u00e9kgy\u0171jt\u00e9s lesz Tokodalt\u00e1r\u00f3n\" srcset=\"https:\/\/dorogimedence.hu\/wp-content\/uploads\/2026\/03\/elektronikai-hulladek-600x303.jpg 600w, https:\/\/dorogimedence.hu\/wp-content\/uploads\/2026\/03\/elektronikai-hulladek-768x388.jpg 768w, https:\/\/dorogimedence.hu\/wp-content\/uploads\/2026\/03\/elektronikai-hulladek-1536x776.jpg 1536w, https:\/\/dorogimedence.hu\/wp-content\/uploads\/2026\/03\/elektronikai-hulladek-150x76.jpg 150w, https:\/\/dorogimedence.hu\/wp-content\/uploads\/2026\/03\/elektronikai-hulladek-450x227.jpg 450w, https:\/\/dorogimedence.hu\/wp-content\/uploads\/2026\/03\/elektronikai-hulladek-1200x606.jpg 1200w, https:\/\/dorogimedence.hu\/wp-content\/uploads\/2026\/03\/elektronikai-hulladek.jpg 1920w\" \/><\/a>\t\t\t\n\t\t\t\n\t\t\t\n\t\t\t\n\t\t\n\t\t<\/div>\n\t\n\n\t\n\t\t<div class=\"content\">\n\n\t\t\t<div class=\"post-meta post-meta-a post-meta-left has-below\"><h4 class=\"is-title post-title\"><a href=\"https:\/\/dorogimedence.hu\/index.php\/2026\/04\/06\/elektronikai-hulladekgyujtes-lesz-tokodaltaron\/\">Elektronikai hullad\u00e9kgy\u0171jt\u00e9s lesz Tokodalt\u00e1r\u00f3n<\/a><\/h4><div class=\"post-meta-items meta-below\"><span class=\"meta-item date\"><span class=\"date-link\"><time class=\"post-date\" datetime=\"2026-04-06T09:40:56+02:00\">2026-04-06<\/time><\/span><\/span><\/div><\/div>\t\t\t\n\t\t\t\n\t\t\t\n\t\t<\/div>\n\n\t\n<\/article>\t\n\t\t\n\t<\/div>\n\n\t\t\t<\/div>\n\t\n\t\t\t\t<\/div>\n\n\t\t<\/section>\n\t\t\t\t\t\t<\/div>\n\t\t\t\t<\/div>\n\t\t\t\t<div class=\"elementor-element elementor-element-4f67b4ca elementor-widget elementor-widget-smartmag-highlights\" data-id=\"4f67b4ca\" data-element_type=\"widget\" data-e-type=\"widget\" data-widget_type=\"smartmag-highlights.default\">\n\t\t\t\t<div class=\"elementor-widget-container\">\n\t\t\t\t\t\t\t<section class=\"block-wrap block-highlights block-sc\" data-id=\"4\" data-is-mixed=\"1\">\n\n\t\t\t\t\t\t\t\t\n\t\t\t\t\t\t\t\n\t\t\t\t<div class=\"block-head block-head-d is-left\">\n\n\t\t\t\t\t<h4 class=\"heading\">Highlights - B<\/h4>\t\t\t\t\t\n\t\t\t\t\t\t\t\t\t<\/div>\n\t\t\t\t\n\t\t\t\n\t\t\t\n\t\t\t<div class=\"block-content\">\n\t\t\t\t\t\n\t<div class=\"loops-mixed\">\n\t\t\t\n\t<div class=\"loop loop-grid loop-grid-base grid grid-2 md:grid-2 xs:grid-1\">\n\n\t\t\t\t\t\n<article class=\"l-post grid-post grid-base-post\">\n\n\t\n\t\t\t<div class=\"media\">\n\n\t\t\n\t\t\t<a href=\"https:\/\/dorogimedence.hu\/index.php\/2026\/05\/01\/ma-kezdodnek-az-esztergom-napok-harom-nap-tobb-tucat-program\/\" class=\"image-link media-ratio ratio-is-custom\" title=\"Ma kezd\u0151dnek az Esztergom Napok: h\u00e1rom nap, t\u00f6bb tucat program\"><img loading=\"lazy\" decoding=\"async\" width=\"361\" height=\"215\" src=\"https:\/\/dorogimedence.hu\/wp-content\/uploads\/2026\/05\/en-03-450x337.jpg\" class=\"attachment-bunyad-medium size-bunyad-medium wp-post-image\" alt=\"\" sizes=\"(max-width: 361px) 100vw, 361px\" title=\"Ma kezd\u0151dnek az Esztergom Napok: h\u00e1rom nap, t\u00f6bb tucat program\" srcset=\"https:\/\/dorogimedence.hu\/wp-content\/uploads\/2026\/05\/en-03-450x337.jpg 450w, https:\/\/dorogimedence.hu\/wp-content\/uploads\/2026\/05\/en-03-600x449.jpg 600w, https:\/\/dorogimedence.hu\/wp-content\/uploads\/2026\/05\/en-03-768x575.jpg 768w, https:\/\/dorogimedence.hu\/wp-content\/uploads\/2026\/05\/en-03-1536x1150.jpg 1536w, https:\/\/dorogimedence.hu\/wp-content\/uploads\/2026\/05\/en-03-1200x899.jpg 1200w, https:\/\/dorogimedence.hu\/wp-content\/uploads\/2026\/05\/en-03.jpg 1920w\" \/><\/a>\t\t\t\n\t\t\t\n\t\t\t\n\t\t\t\n\t\t\n\t\t<\/div>\n\t\n\n\t\n\t\t<div class=\"content\">\n\n\t\t\t<div class=\"post-meta post-meta-a has-below\"><h2 class=\"is-title post-title\"><a href=\"https:\/\/dorogimedence.hu\/index.php\/2026\/05\/01\/ma-kezdodnek-az-esztergom-napok-harom-nap-tobb-tucat-program\/\">Ma kezd\u0151dnek az Esztergom Napok: h\u00e1rom nap, t\u00f6bb tucat program<\/a><\/h2><div class=\"post-meta-items meta-below\"><span class=\"meta-item post-author\"><span class=\"by\">By<\/span> <a href=\"https:\/\/dorogimedence.hu\/index.php\/author\/lehoo88\/\" title=\"dorogimedence.hu bejegyz\u00e9se\" rel=\"author\">dorogimedence.hu<\/a><\/span><span class=\"meta-item has-next-icon date\"><span class=\"date-link\"><time class=\"post-date\" datetime=\"2026-05-01T07:59:46+02:00\">2026-05-01<\/time><\/span><\/span><span class=\"meta-item comments has-icon\"><a href=\"https:\/\/dorogimedence.hu\/index.php\/2026\/05\/01\/ma-kezdodnek-az-esztergom-napok-harom-nap-tobb-tucat-program\/#respond\"><i class=\"tsi tsi-comment-o\"><\/i>0<\/a><\/span><\/div><\/div>\t\t\t\n\t\t\t\t\t\t\n\t\t\t\t<div class=\"excerpt\">\n\t\t\t\t\t<p>M\u00e1jus 1. \u00e9s 3. k\u00f6z\u00f6tt ism\u00e9t nagyszab\u00e1s\u00fa programsorozat v\u00e1rja az \u00e9rdekl\u0151d\u0151ket Esztergomban: ma kezd\u0151dnek az&hellip;<\/p>\n\t\t\t\t<\/div>\n\t\t\t\n\t\t\t\n\t\t\t\n\t\t<\/div>\n\n\t\n<\/article>\t\t\t\t\t\n<article class=\"l-post grid-post grid-base-post\">\n\n\t\n\t\t\t<div class=\"media\">\n\n\t\t\n\t\t\t<a href=\"https:\/\/dorogimedence.hu\/index.php\/2026\/05\/01\/elso-alkalommal-rendeztek-meg-a-fold-kincskeresot-esztergomban\/\" class=\"image-link media-ratio ratio-is-custom\" title=\"Els\u0151 alkalommal rendezt\u00e9k meg a F\u00f6ld Kincskeres\u0151t Esztergomban\"><img loading=\"lazy\" decoding=\"async\" width=\"361\" height=\"215\" src=\"https:\/\/dorogimedence.hu\/wp-content\/uploads\/2026\/05\/DSC7189-450x299.jpg\" class=\"attachment-bunyad-medium size-bunyad-medium wp-post-image\" alt=\"\" sizes=\"(max-width: 361px) 100vw, 361px\" title=\"Els\u0151 alkalommal rendezt\u00e9k meg a F\u00f6ld Kincskeres\u0151t Esztergomban\" srcset=\"https:\/\/dorogimedence.hu\/wp-content\/uploads\/2026\/05\/DSC7189-450x299.jpg 450w, https:\/\/dorogimedence.hu\/wp-content\/uploads\/2026\/05\/DSC7189-600x399.jpg 600w, https:\/\/dorogimedence.hu\/wp-content\/uploads\/2026\/05\/DSC7189-1920x1278.jpg 1920w, https:\/\/dorogimedence.hu\/wp-content\/uploads\/2026\/05\/DSC7189-768x511.jpg 768w, https:\/\/dorogimedence.hu\/wp-content\/uploads\/2026\/05\/DSC7189-1536x1022.jpg 1536w, https:\/\/dorogimedence.hu\/wp-content\/uploads\/2026\/05\/DSC7189-2048x1363.jpg 2048w, https:\/\/dorogimedence.hu\/wp-content\/uploads\/2026\/05\/DSC7189-1200x799.jpg 1200w\" \/><\/a>\t\t\t\n\t\t\t\n\t\t\t\n\t\t\t\n\t\t\n\t\t<\/div>\n\t\n\n\t\n\t\t<div class=\"content\">\n\n\t\t\t<div class=\"post-meta post-meta-a has-below\"><h2 class=\"is-title post-title\"><a href=\"https:\/\/dorogimedence.hu\/index.php\/2026\/05\/01\/elso-alkalommal-rendeztek-meg-a-fold-kincskeresot-esztergomban\/\">Els\u0151 alkalommal rendezt\u00e9k meg a F\u00f6ld Kincskeres\u0151t Esztergomban<\/a><\/h2><div class=\"post-meta-items meta-below\"><span class=\"meta-item post-author\"><span class=\"by\">By<\/span> <a href=\"https:\/\/dorogimedence.hu\/index.php\/author\/lehoo88\/\" title=\"dorogimedence.hu bejegyz\u00e9se\" rel=\"author\">dorogimedence.hu<\/a><\/span><span class=\"meta-item has-next-icon date\"><span class=\"date-link\"><time class=\"post-date\" datetime=\"2026-05-01T07:27:21+02:00\">2026-05-01<\/time><\/span><\/span><span class=\"meta-item comments has-icon\"><a href=\"https:\/\/dorogimedence.hu\/index.php\/2026\/05\/01\/elso-alkalommal-rendeztek-meg-a-fold-kincskeresot-esztergomban\/#respond\"><i class=\"tsi tsi-comment-o\"><\/i>0<\/a><\/span><\/div><\/div>\t\t\t\n\t\t\t\t\t\t\n\t\t\t\t<div class=\"excerpt\">\n\t\t\t\t\t<p>A F\u00f6ld napja alkalm\u00e1b\u00f3l id\u00e9n el\u0151sz\u00f6r szervezt\u00e9k meg a F\u00f6ld Kincskeres\u0151 programot Esztergomban, ahol az&hellip;<\/p>\n\t\t\t\t<\/div>\n\t\t\t\n\t\t\t\n\t\t\t\n\t\t<\/div>\n\n\t\n<\/article>\t\t\n\t<\/div>\n\n\t\t\n\n\t<div class=\"loop loop-small loop-small-a grid grid-2 md:grid-1 sm:grid-1 xs:grid-1\">\n\n\t\t\t\t\t\n<article class=\"l-post small-post small-a-post m-pos-left\">\n\n\t\n\t\t\t<div class=\"media\">\n\n\t\t\n\t\t\t<a href=\"https:\/\/dorogimedence.hu\/index.php\/2026\/05\/01\/kiuteses-esztergomi-gyozelem-karnyujtasnyira-a-negyedik-hely\/\" class=\"image-link media-ratio ratio-3-2\" title=\"Ki\u00fct\u00e9ses esztergomi gy\u0151zelem, karny\u00fajt\u00e1snyira a negyedik hely\"><img loading=\"lazy\" decoding=\"async\" width=\"105\" height=\"70\" src=\"https:\/\/dorogimedence.hu\/wp-content\/uploads\/2026\/05\/kezilabda-600x303.jpg\" class=\"attachment-medium size-medium wp-post-image\" alt=\"\" sizes=\"(max-width: 105px) 100vw, 105px\" title=\"Ki\u00fct\u00e9ses esztergomi gy\u0151zelem, karny\u00fajt\u00e1snyira a negyedik hely\" srcset=\"https:\/\/dorogimedence.hu\/wp-content\/uploads\/2026\/05\/kezilabda-600x303.jpg 600w, https:\/\/dorogimedence.hu\/wp-content\/uploads\/2026\/05\/kezilabda-768x388.jpg 768w, https:\/\/dorogimedence.hu\/wp-content\/uploads\/2026\/05\/kezilabda-1536x776.jpg 1536w, https:\/\/dorogimedence.hu\/wp-content\/uploads\/2026\/05\/kezilabda-150x76.jpg 150w, https:\/\/dorogimedence.hu\/wp-content\/uploads\/2026\/05\/kezilabda-450x227.jpg 450w, https:\/\/dorogimedence.hu\/wp-content\/uploads\/2026\/05\/kezilabda-1200x606.jpg 1200w, https:\/\/dorogimedence.hu\/wp-content\/uploads\/2026\/05\/kezilabda.jpg 1920w\" \/><\/a>\t\t\t\n\t\t\t\n\t\t\t\n\t\t\t\n\t\t\n\t\t<\/div>\n\t\n\n\t\n\t\t<div class=\"content\">\n\n\t\t\t<div class=\"post-meta post-meta-a post-meta-left has-below\"><h4 class=\"is-title post-title\"><a href=\"https:\/\/dorogimedence.hu\/index.php\/2026\/05\/01\/kiuteses-esztergomi-gyozelem-karnyujtasnyira-a-negyedik-hely\/\">Ki\u00fct\u00e9ses esztergomi gy\u0151zelem, karny\u00fajt\u00e1snyira a negyedik hely<\/a><\/h4><div class=\"post-meta-items meta-below\"><span class=\"meta-item date\"><span class=\"date-link\"><time class=\"post-date\" datetime=\"2026-05-01T07:08:54+02:00\">2026-05-01<\/time><\/span><\/span><\/div><\/div>\t\t\t\n\t\t\t\n\t\t\t\n\t\t<\/div>\n\n\t\n<\/article>\t\n\t\t\t\t\t\n<article class=\"l-post small-post small-a-post m-pos-left\">\n\n\t\n\t\t\t<div class=\"media\">\n\n\t\t\n\t\t\t<a href=\"https:\/\/dorogimedence.hu\/index.php\/2026\/05\/01\/kiemelt-nav-ellenorzesek-a-hosszu-hetvegen\/\" class=\"image-link media-ratio ratio-3-2\" title=\"Kiemelt NAV ellen\u0151rz\u00e9sek a hossz\u00fa h\u00e9tv\u00e9g\u00e9n\"><img loading=\"lazy\" decoding=\"async\" width=\"105\" height=\"70\" src=\"https:\/\/dorogimedence.hu\/wp-content\/uploads\/2026\/04\/2147761034-600x400.jpg\" class=\"attachment-medium size-medium wp-post-image\" alt=\"\" sizes=\"(max-width: 105px) 100vw, 105px\" title=\"Kiemelt NAV ellen\u0151rz\u00e9sek a hossz\u00fa h\u00e9tv\u00e9g\u00e9n\" srcset=\"https:\/\/dorogimedence.hu\/wp-content\/uploads\/2026\/04\/2147761034-600x400.jpg 600w, https:\/\/dorogimedence.hu\/wp-content\/uploads\/2026\/04\/2147761034-768x512.jpg 768w, https:\/\/dorogimedence.hu\/wp-content\/uploads\/2026\/04\/2147761034-150x100.jpg 150w, https:\/\/dorogimedence.hu\/wp-content\/uploads\/2026\/04\/2147761034-450x300.jpg 450w, https:\/\/dorogimedence.hu\/wp-content\/uploads\/2026\/04\/2147761034-1200x800.jpg 1200w, https:\/\/dorogimedence.hu\/wp-content\/uploads\/2026\/04\/2147761034-272x182.jpg 272w, https:\/\/dorogimedence.hu\/wp-content\/uploads\/2026\/04\/2147761034.jpg 1500w\" \/><\/a>\t\t\t\n\t\t\t\n\t\t\t\n\t\t\t\n\t\t\n\t\t<\/div>\n\t\n\n\t\n\t\t<div class=\"content\">\n\n\t\t\t<div class=\"post-meta post-meta-a post-meta-left has-below\"><h4 class=\"is-title post-title\"><a href=\"https:\/\/dorogimedence.hu\/index.php\/2026\/05\/01\/kiemelt-nav-ellenorzesek-a-hosszu-hetvegen\/\">Kiemelt NAV ellen\u0151rz\u00e9sek a hossz\u00fa h\u00e9tv\u00e9g\u00e9n<\/a><\/h4><div class=\"post-meta-items meta-below\"><span class=\"meta-item date\"><span class=\"date-link\"><time class=\"post-date\" datetime=\"2026-05-01T06:48:16+02:00\">2026-05-01<\/time><\/span><\/span><\/div><\/div>\t\t\t\n\t\t\t\n\t\t\t\n\t\t<\/div>\n\n\t\n<\/article>\t\n\t\t\t\t\t\n<article class=\"l-post small-post small-a-post m-pos-left\">\n\n\t\n\t\t\t<div class=\"media\">\n\n\t\t\n\t\t\t<a href=\"https:\/\/dorogimedence.hu\/index.php\/2026\/04\/30\/indul-az-erettsegi-tobb-mint-4300-diak-vizsgazik-a-varmegyeben\/\" class=\"image-link media-ratio ratio-3-2\" title=\"Indul az \u00e9retts\u00e9gi: t\u00f6bb mint 4300 di\u00e1k vizsg\u00e1zik a v\u00e1rmegy\u00e9ben\"><img loading=\"lazy\" decoding=\"async\" width=\"105\" height=\"70\" src=\"https:\/\/dorogimedence.hu\/wp-content\/uploads\/2026\/04\/ChatGPT-Image-2026.-apr.-30.-15_10_02-600x400.png\" class=\"attachment-medium size-medium wp-post-image\" alt=\"\" sizes=\"(max-width: 105px) 100vw, 105px\" title=\"Indul az \u00e9retts\u00e9gi: t\u00f6bb mint 4300 di\u00e1k vizsg\u00e1zik a v\u00e1rmegy\u00e9ben\" srcset=\"https:\/\/dorogimedence.hu\/wp-content\/uploads\/2026\/04\/ChatGPT-Image-2026.-apr.-30.-15_10_02-600x400.png 600w, https:\/\/dorogimedence.hu\/wp-content\/uploads\/2026\/04\/ChatGPT-Image-2026.-apr.-30.-15_10_02-768x512.png 768w, https:\/\/dorogimedence.hu\/wp-content\/uploads\/2026\/04\/ChatGPT-Image-2026.-apr.-30.-15_10_02-150x100.png 150w, https:\/\/dorogimedence.hu\/wp-content\/uploads\/2026\/04\/ChatGPT-Image-2026.-apr.-30.-15_10_02-450x300.png 450w, https:\/\/dorogimedence.hu\/wp-content\/uploads\/2026\/04\/ChatGPT-Image-2026.-apr.-30.-15_10_02-1200x800.png 1200w, https:\/\/dorogimedence.hu\/wp-content\/uploads\/2026\/04\/ChatGPT-Image-2026.-apr.-30.-15_10_02-272x182.png 272w, https:\/\/dorogimedence.hu\/wp-content\/uploads\/2026\/04\/ChatGPT-Image-2026.-apr.-30.-15_10_02.png 1536w\" \/><\/a>\t\t\t\n\t\t\t\n\t\t\t\n\t\t\t\n\t\t\n\t\t<\/div>\n\t\n\n\t\n\t\t<div class=\"content\">\n\n\t\t\t<div class=\"post-meta post-meta-a post-meta-left has-below\"><h4 class=\"is-title post-title\"><a href=\"https:\/\/dorogimedence.hu\/index.php\/2026\/04\/30\/indul-az-erettsegi-tobb-mint-4300-diak-vizsgazik-a-varmegyeben\/\">Indul az \u00e9retts\u00e9gi: t\u00f6bb mint 4300 di\u00e1k vizsg\u00e1zik a v\u00e1rmegy\u00e9ben<\/a><\/h4><div class=\"post-meta-items meta-below\"><span class=\"meta-item date\"><span class=\"date-link\"><time class=\"post-date\" datetime=\"2026-04-30T15:12:04+02:00\">2026-04-30<\/time><\/span><\/span><\/div><\/div>\t\t\t\n\t\t\t\n\t\t\t\n\t\t<\/div>\n\n\t\n<\/article>\t\n\t\t\t\t\t\n<article class=\"l-post small-post small-a-post m-pos-left\">\n\n\t\n\t\t\t<div class=\"media\">\n\n\t\t\n\t\t\t<a href=\"https:\/\/dorogimedence.hu\/index.php\/2026\/04\/30\/parkoloban-csaptak-le-a-dilerre\/\" class=\"image-link media-ratio ratio-3-2\" title=\"Parkol\u00f3ban csaptak le a d\u00edlerre\"><img loading=\"lazy\" decoding=\"async\" width=\"105\" height=\"70\" src=\"https:\/\/dorogimedence.hu\/wp-content\/uploads\/2026\/04\/7_34-600x400.png\" class=\"attachment-medium size-medium wp-post-image\" alt=\"\" sizes=\"(max-width: 105px) 100vw, 105px\" title=\"Parkol\u00f3ban csaptak le a d\u00edlerre\" srcset=\"https:\/\/dorogimedence.hu\/wp-content\/uploads\/2026\/04\/7_34-600x400.png 600w, https:\/\/dorogimedence.hu\/wp-content\/uploads\/2026\/04\/7_34-150x100.png 150w, https:\/\/dorogimedence.hu\/wp-content\/uploads\/2026\/04\/7_34-450x300.png 450w, https:\/\/dorogimedence.hu\/wp-content\/uploads\/2026\/04\/7_34-272x182.png 272w, https:\/\/dorogimedence.hu\/wp-content\/uploads\/2026\/04\/7_34.png 750w\" \/><\/a>\t\t\t\n\t\t\t\n\t\t\t\n\t\t\t\n\t\t\n\t\t<\/div>\n\t\n\n\t\n\t\t<div class=\"content\">\n\n\t\t\t<div class=\"post-meta post-meta-a post-meta-left has-below\"><h4 class=\"is-title post-title\"><a href=\"https:\/\/dorogimedence.hu\/index.php\/2026\/04\/30\/parkoloban-csaptak-le-a-dilerre\/\">Parkol\u00f3ban csaptak le a d\u00edlerre<\/a><\/h4><div class=\"post-meta-items meta-below\"><span class=\"meta-item date\"><span class=\"date-link\"><time class=\"post-date\" datetime=\"2026-04-30T14:05:17+02:00\">2026-04-30<\/time><\/span><\/span><\/div><\/div>\t\t\t\n\t\t\t\n\t\t\t\n\t\t<\/div>\n\n\t\n<\/article>\t\n\t\t\t\t\t\n<article class=\"l-post small-post small-a-post m-pos-left\">\n\n\t\n\t\t\t<div class=\"media\">\n\n\t\t\n\t\t\t<a href=\"https:\/\/dorogimedence.hu\/index.php\/2026\/04\/30\/majus-1-jen-ingyenes-lesz-a-parkolas-esztergom-egy-reszen\/\" class=\"image-link media-ratio ratio-3-2\" title=\"M\u00e1jus 1-j\u00e9n ingyenes lesz a parkol\u00e1s Esztergom egy r\u00e9sz\u00e9n\"><img loading=\"lazy\" decoding=\"async\" width=\"105\" height=\"70\" src=\"https:\/\/dorogimedence.hu\/wp-content\/uploads\/2023\/04\/parkolas-kep-300x200.jpg\" class=\"attachment-medium size-medium wp-post-image\" alt=\"\" sizes=\"(max-width: 105px) 100vw, 105px\" title=\"M\u00e1jus 1-j\u00e9n ingyenes lesz a parkol\u00e1s Esztergom egy r\u00e9sz\u00e9n\" srcset=\"https:\/\/dorogimedence.hu\/wp-content\/uploads\/2023\/04\/parkolas-kep-300x200.jpg 300w, https:\/\/dorogimedence.hu\/wp-content\/uploads\/2023\/04\/parkolas-kep-1024x683.jpg 1024w, https:\/\/dorogimedence.hu\/wp-content\/uploads\/2023\/04\/parkolas-kep-768x512.jpg 768w, https:\/\/dorogimedence.hu\/wp-content\/uploads\/2023\/04\/parkolas-kep-150x100.jpg 150w, https:\/\/dorogimedence.hu\/wp-content\/uploads\/2023\/04\/parkolas-kep-450x300.jpg 450w, https:\/\/dorogimedence.hu\/wp-content\/uploads\/2023\/04\/parkolas-kep-272x182.jpg 272w, https:\/\/dorogimedence.hu\/wp-content\/uploads\/2023\/04\/parkolas-kep.jpg 1200w\" \/><\/a>\t\t\t\n\t\t\t\n\t\t\t\n\t\t\t\n\t\t\n\t\t<\/div>\n\t\n\n\t\n\t\t<div class=\"content\">\n\n\t\t\t<div class=\"post-meta post-meta-a post-meta-left has-below\"><h4 class=\"is-title post-title\"><a href=\"https:\/\/dorogimedence.hu\/index.php\/2026\/04\/30\/majus-1-jen-ingyenes-lesz-a-parkolas-esztergom-egy-reszen\/\">M\u00e1jus 1-j\u00e9n ingyenes lesz a parkol\u00e1s Esztergom egy r\u00e9sz\u00e9n<\/a><\/h4><div class=\"post-meta-items meta-below\"><span class=\"meta-item date\"><span class=\"date-link\"><time class=\"post-date\" datetime=\"2026-04-30T12:18:02+02:00\">2026-04-30<\/time><\/span><\/span><\/div><\/div>\t\t\t\n\t\t\t\n\t\t\t\n\t\t<\/div>\n\n\t\n<\/article>\t\n\t\t\t\t\t\n<article class=\"l-post small-post small-a-post m-pos-left\">\n\n\t\n\t\t\t<div class=\"media\">\n\n\t\t\n\t\t\t<a href=\"https:\/\/dorogimedence.hu\/index.php\/2026\/04\/30\/faklyafenyes-ballagas-tobb-mint-hatszaz-diak-bucsuzott-esztergomban\/\" class=\"image-link media-ratio ratio-3-2\" title=\"F\u00e1klyaf\u00e9nyes ballag\u00e1s: t\u00f6bb mint hatsz\u00e1z di\u00e1k b\u00facs\u00fazott Esztergomban\"><img loading=\"lazy\" decoding=\"async\" width=\"105\" height=\"70\" src=\"https:\/\/dorogimedence.hu\/wp-content\/uploads\/2026\/04\/686058929_1569931181809282_131027946291775124_n-600x400.jpg\" class=\"attachment-medium size-medium wp-post-image\" alt=\"\" sizes=\"(max-width: 105px) 100vw, 105px\" title=\"F\u00e1klyaf\u00e9nyes ballag\u00e1s: t\u00f6bb mint hatsz\u00e1z di\u00e1k b\u00facs\u00fazott Esztergomban\" srcset=\"https:\/\/dorogimedence.hu\/wp-content\/uploads\/2026\/04\/686058929_1569931181809282_131027946291775124_n-600x400.jpg 600w, https:\/\/dorogimedence.hu\/wp-content\/uploads\/2026\/04\/686058929_1569931181809282_131027946291775124_n-768x512.jpg 768w, https:\/\/dorogimedence.hu\/wp-content\/uploads\/2026\/04\/686058929_1569931181809282_131027946291775124_n-150x100.jpg 150w, https:\/\/dorogimedence.hu\/wp-content\/uploads\/2026\/04\/686058929_1569931181809282_131027946291775124_n-450x300.jpg 450w, https:\/\/dorogimedence.hu\/wp-content\/uploads\/2026\/04\/686058929_1569931181809282_131027946291775124_n-1200x800.jpg 1200w, https:\/\/dorogimedence.hu\/wp-content\/uploads\/2026\/04\/686058929_1569931181809282_131027946291775124_n-272x182.jpg 272w, https:\/\/dorogimedence.hu\/wp-content\/uploads\/2026\/04\/686058929_1569931181809282_131027946291775124_n.jpg 1440w\" \/><\/a>\t\t\t\n\t\t\t\n\t\t\t\n\t\t\t\n\t\t\n\t\t<\/div>\n\t\n\n\t\n\t\t<div class=\"content\">\n\n\t\t\t<div class=\"post-meta post-meta-a post-meta-left has-below\"><h4 class=\"is-title post-title\"><a href=\"https:\/\/dorogimedence.hu\/index.php\/2026\/04\/30\/faklyafenyes-ballagas-tobb-mint-hatszaz-diak-bucsuzott-esztergomban\/\">F\u00e1klyaf\u00e9nyes ballag\u00e1s: t\u00f6bb mint hatsz\u00e1z di\u00e1k b\u00facs\u00fazott Esztergomban<\/a><\/h4><div class=\"post-meta-items meta-below\"><span class=\"meta-item date\"><span class=\"date-link\"><time class=\"post-date\" datetime=\"2026-04-30T12:06:17+02:00\">2026-04-30<\/time><\/span><\/span><\/div><\/div>\t\t\t\n\t\t\t\n\t\t\t\n\t\t<\/div>\n\n\t\n<\/article>\t\n\t\t\n\t<\/div>\n\n\t\t\t<\/div>\n\n\n\t\t\t\t<\/div>\n\n\t\t<\/section>\n\t\t\t\t\t\t<\/div>\n\t\t\t\t<\/div>\n\t\t\t\t<div class=\"elementor-element elementor-element-b24a269 elementor-widget-divider--view-line elementor-widget elementor-widget-divider\" data-id=\"b24a269\" data-element_type=\"widget\" data-e-type=\"widget\" data-widget_type=\"divider.default\">\n\t\t\t\t<div class=\"elementor-widget-container\">\n\t\t\t\t\t\t\t<div class=\"elementor-divider\">\n\t\t\t<span class=\"elementor-divider-separator\">\n\t\t\t\t\t\t<\/span>\n\t\t<\/div>\n\t\t\t\t\t\t<\/div>\n\t\t\t\t<\/div>\n\t\t\t\t<section class=\"has-el-gap el-gap-default elementor-section elementor-inner-section elementor-element elementor-element-34b3931a elementor-section-boxed elementor-section-height-default elementor-section-height-default\" data-id=\"34b3931a\" data-element_type=\"section\" data-e-type=\"section\">\n\t\t\t\t\t\t<div class=\"elementor-container elementor-column-gap-no\">\n\t\t\t\t\t<div class=\"elementor-column elementor-col-50 elementor-inner-column elementor-element elementor-element-6379f62d\" data-id=\"6379f62d\" data-element_type=\"column\" data-e-type=\"column\">\n\t\t\t<div class=\"elementor-widget-wrap elementor-element-populated\">\n\t\t\t\t\t\t<div class=\"elementor-element elementor-element-36e3e97a elementor-widget elementor-widget-smartmag-highlights\" data-id=\"36e3e97a\" data-element_type=\"widget\" data-e-type=\"widget\" data-widget_type=\"smartmag-highlights.default\">\n\t\t\t\t<div class=\"elementor-widget-container\">\n\t\t\t\t\t\t\t<section class=\"block-wrap block-highlights block-sc\" data-id=\"7\" data-is-mixed=\"1\">\n\n\t\t\t\t\n\t\t\t<div class=\"block-content\">\n\t\t\t\t\t\n\t<div class=\"loops-mixed\">\n\t\t\t\n\t<div class=\"loop loop-grid loop-grid-base grid grid-1 md:grid-1 xs:grid-1\">\n\n\t\t\t\t\t\n<article class=\"l-post grid-post grid-base-post\">\n\n\t\n\t\t\t<div class=\"media\">\n\n\t\t\n\t\t\t<a href=\"https:\/\/dorogimedence.hu\/index.php\/2026\/04\/30\/kormanyablakbusz-majusi-menetrendje-3\/\" class=\"image-link media-ratio ratio-is-custom\" title=\"Korm\u00e1nyablakbusz m\u00e1jusi menetrendje\"><img loading=\"lazy\" decoding=\"async\" width=\"769\" height=\"458\" src=\"https:\/\/dorogimedence.hu\/wp-content\/uploads\/2026\/03\/kormanyablakbusz-768x432.jpg\" class=\"attachment-bunyad-768 size-bunyad-768 wp-post-image\" alt=\"\" sizes=\"(max-width: 768px) 100vw, 768px\" title=\"Korm\u00e1nyablakbusz m\u00e1jusi menetrendje\" srcset=\"https:\/\/dorogimedence.hu\/wp-content\/uploads\/2026\/03\/kormanyablakbusz-768x432.jpg 768w, https:\/\/dorogimedence.hu\/wp-content\/uploads\/2026\/03\/kormanyablakbusz-600x338.jpg 600w, https:\/\/dorogimedence.hu\/wp-content\/uploads\/2026\/03\/kormanyablakbusz-1536x864.jpg 1536w, https:\/\/dorogimedence.hu\/wp-content\/uploads\/2026\/03\/kormanyablakbusz-150x84.jpg 150w, https:\/\/dorogimedence.hu\/wp-content\/uploads\/2026\/03\/kormanyablakbusz-450x253.jpg 450w, https:\/\/dorogimedence.hu\/wp-content\/uploads\/2026\/03\/kormanyablakbusz-1200x675.jpg 1200w, https:\/\/dorogimedence.hu\/wp-content\/uploads\/2026\/03\/kormanyablakbusz.jpg 1896w\" \/><\/a>\t\t\t\n\t\t\t\n\t\t\t\n\t\t\t\t\t\t\t\n\t\t\t\t<span class=\"cat-labels cat-labels-overlay c-overlay p-top-left\">\n\t\t\t\t<a href=\"https:\/\/dorogimedence.hu\/index.php\/category\/csolnok\/\" class=\"category term-color-64\" rel=\"category\" tabindex=\"-1\">Csolnok<\/a>\n\t\t\t<\/span>\n\t\t\t\t\t\t\n\t\t\t\n\t\t\n\t\t<\/div>\n\t\n\n\t\n\t\t<div class=\"content\">\n\n\t\t\t<div class=\"post-meta post-meta-a has-below\"><h2 class=\"is-title post-title\"><a href=\"https:\/\/dorogimedence.hu\/index.php\/2026\/04\/30\/kormanyablakbusz-majusi-menetrendje-3\/\">Korm\u00e1nyablakbusz m\u00e1jusi menetrendje<\/a><\/h2><div class=\"post-meta-items meta-below\"><span class=\"meta-item post-author\"><span class=\"by\">By<\/span> <a href=\"https:\/\/dorogimedence.hu\/index.php\/author\/lehoo88\/\" title=\"dorogimedence.hu bejegyz\u00e9se\" rel=\"author\">dorogimedence.hu<\/a><\/span><span class=\"meta-item has-next-icon date\"><span class=\"date-link\"><time class=\"post-date\" datetime=\"2026-04-30T09:06:12+02:00\">2026-04-30<\/time><\/span><\/span><span class=\"meta-item comments has-icon\"><a href=\"https:\/\/dorogimedence.hu\/index.php\/2026\/04\/30\/kormanyablakbusz-majusi-menetrendje-3\/#respond\"><i class=\"tsi tsi-comment-o\"><\/i>0<\/a><\/span><\/div><\/div>\t\t\t\n\t\t\t\t\t\t\n\t\t\t\t<div class=\"excerpt\">\n\t\t\t\t\t<p>Kom\u00e1rom-Esztergom v\u00e1rmegy\u00e9ben minden olyan telep\u00fcl\u00e9sen megfordul a korm\u00e1nyablakbusz, ahol nincs korm\u00e1nyablak. A korm\u00e1nyablakbusz seg\u00edts\u00e9g\u00e9vel meghat\u00e1rozott&hellip;<\/p>\n\t\t\t\t<\/div>\n\t\t\t\n\t\t\t\n\t\t\t\n\t\t<\/div>\n\n\t\n<\/article>\t\t\n\t<\/div>\n\n\t\t\n\n\t<div class=\"loop loop-small loop-small-a loop-sep loop-small-sep grid grid-1 md:grid-1 sm:grid-1 xs:grid-1\">\n\n\t\t\t\t\t\n<article class=\"l-post small-post small-a-post m-pos-left\">\n\n\t\n\t\t\t<div class=\"media\">\n\n\t\t\n\t\t\t<a href=\"https:\/\/dorogimedence.hu\/index.php\/2026\/04\/29\/zoldhulladek-es-szelektivhulladek-gyujtes-majusban\/\" class=\"image-link media-ratio ratio-3-2\" title=\"Z\u00f6ldhullad\u00e9k- \u00e9s szelekt\u00edvhullad\u00e9k-gy\u0171jt\u00e9s m\u00e1jusban\"><img decoding=\"async\" width=\"105\" height=\"70\" src=\"https:\/\/dorogimedence.hu\/wp-content\/uploads\/2025\/04\/szelektiv-600x303.jpg\" class=\"attachment-medium size-medium wp-post-image\" alt=\"\" sizes=\"(max-width: 105px) 100vw, 105px\" title=\"Z\u00f6ldhullad\u00e9k- \u00e9s szelekt\u00edvhullad\u00e9k-gy\u0171jt\u00e9s m\u00e1jusban\" srcset=\"https:\/\/dorogimedence.hu\/wp-content\/uploads\/2025\/04\/szelektiv-600x303.jpg 600w, https:\/\/dorogimedence.hu\/wp-content\/uploads\/2025\/04\/szelektiv-768x388.jpg 768w, https:\/\/dorogimedence.hu\/wp-content\/uploads\/2025\/04\/szelektiv-1536x776.jpg 1536w, https:\/\/dorogimedence.hu\/wp-content\/uploads\/2025\/04\/szelektiv-150x76.jpg 150w, https:\/\/dorogimedence.hu\/wp-content\/uploads\/2025\/04\/szelektiv-450x227.jpg 450w, https:\/\/dorogimedence.hu\/wp-content\/uploads\/2025\/04\/szelektiv-1200x606.jpg 1200w, https:\/\/dorogimedence.hu\/wp-content\/uploads\/2025\/04\/szelektiv.jpg 1920w\" \/><\/a>\t\t\t\n\t\t\t\n\t\t\t\n\t\t\t\n\t\t\n\t\t<\/div>\n\t\n\n\t\n\t\t<div class=\"content\">\n\n\t\t\t<div class=\"post-meta post-meta-a post-meta-left has-below\"><h4 class=\"is-title post-title\"><a href=\"https:\/\/dorogimedence.hu\/index.php\/2026\/04\/29\/zoldhulladek-es-szelektivhulladek-gyujtes-majusban\/\">Z\u00f6ldhullad\u00e9k- \u00e9s szelekt\u00edvhullad\u00e9k-gy\u0171jt\u00e9s m\u00e1jusban<\/a><\/h4><div class=\"post-meta-items meta-below\"><span class=\"meta-item date\"><span class=\"date-link\"><time class=\"post-date\" datetime=\"2026-04-29T14:04:21+02:00\">2026-04-29<\/time><\/span><\/span><\/div><\/div>\t\t\t\n\t\t\t\n\t\t\t\n\t\t<\/div>\n\n\t\n<\/article>\t\n\t\t\t\t\t\n<article class=\"l-post small-post small-a-post m-pos-left\">\n\n\t\n\t\t\t<div class=\"media\">\n\n\t\t\n\t\t\t<a href=\"https:\/\/dorogimedence.hu\/index.php\/2026\/04\/29\/veradasok-majusban-8\/\" class=\"image-link media-ratio ratio-3-2\" title=\"V\u00e9rad\u00e1sok m\u00e1jusban\"><img decoding=\"async\" width=\"105\" height=\"70\" src=\"https:\/\/dorogimedence.hu\/wp-content\/uploads\/2025\/09\/veradas-pexels-artempodrez-6823567-600x338.jpg\" class=\"attachment-medium size-medium wp-post-image\" alt=\"\" sizes=\"(max-width: 105px) 100vw, 105px\" title=\"V\u00e9rad\u00e1sok m\u00e1jusban\" srcset=\"https:\/\/dorogimedence.hu\/wp-content\/uploads\/2025\/09\/veradas-pexels-artempodrez-6823567-600x338.jpg 600w, https:\/\/dorogimedence.hu\/wp-content\/uploads\/2025\/09\/veradas-pexels-artempodrez-6823567-768x432.jpg 768w, https:\/\/dorogimedence.hu\/wp-content\/uploads\/2025\/09\/veradas-pexels-artempodrez-6823567-1536x864.jpg 1536w, https:\/\/dorogimedence.hu\/wp-content\/uploads\/2025\/09\/veradas-pexels-artempodrez-6823567-150x84.jpg 150w, https:\/\/dorogimedence.hu\/wp-content\/uploads\/2025\/09\/veradas-pexels-artempodrez-6823567-450x253.jpg 450w, https:\/\/dorogimedence.hu\/wp-content\/uploads\/2025\/09\/veradas-pexels-artempodrez-6823567-1200x675.jpg 1200w, https:\/\/dorogimedence.hu\/wp-content\/uploads\/2025\/09\/veradas-pexels-artempodrez-6823567.jpg 1920w\" \/><\/a>\t\t\t\n\t\t\t\n\t\t\t\n\t\t\t\n\t\t\n\t\t<\/div>\n\t\n\n\t\n\t\t<div class=\"content\">\n\n\t\t\t<div class=\"post-meta post-meta-a post-meta-left has-below\"><h4 class=\"is-title post-title\"><a href=\"https:\/\/dorogimedence.hu\/index.php\/2026\/04\/29\/veradasok-majusban-8\/\">V\u00e9rad\u00e1sok m\u00e1jusban<\/a><\/h4><div class=\"post-meta-items meta-below\"><span class=\"meta-item date\"><span class=\"date-link\"><time class=\"post-date\" datetime=\"2026-04-29T11:54:41+02:00\">2026-04-29<\/time><\/span><\/span><\/div><\/div>\t\t\t\n\t\t\t\n\t\t\t\n\t\t<\/div>\n\n\t\n<\/article>\t\n\t\t\n\t<\/div>\n\n\t\t\t<\/div>\n\n\n\t\t\t\t<\/div>\n\n\t\t<\/section>\n\t\t\t\t\t\t<\/div>\n\t\t\t\t<\/div>\n\t\t\t\t\t<\/div>\n\t\t<\/div>\n\t\t\t\t<div class=\"elementor-column elementor-col-50 elementor-inner-column elementor-element elementor-element-48a0c73b\" data-id=\"48a0c73b\" data-element_type=\"column\" data-e-type=\"column\">\n\t\t\t<div class=\"elementor-widget-wrap elementor-element-populated\">\n\t\t\t\t\t\t<div class=\"elementor-element elementor-element-345acaf0 elementor-widget elementor-widget-smartmag-highlights\" data-id=\"345acaf0\" data-element_type=\"widget\" data-e-type=\"widget\" data-widget_type=\"smartmag-highlights.default\">\n\t\t\t\t<div class=\"elementor-widget-container\">\n\t\t\t\t\t\t\t<section class=\"block-wrap block-highlights block-sc\" data-id=\"10\" data-is-mixed=\"1\">\n\n\t\t\t\t\n\t\t\t<div class=\"block-content\">\n\t\t\t\t\t\n\t<div class=\"loops-mixed\">\n\t\t\t\n\t<div class=\"loop loop-grid loop-grid-base grid grid-1 md:grid-1 xs:grid-1\">\n\n\t\t\t\t\t\n<article class=\"l-post grid-post grid-base-post\">\n\n\t\n\t\t\t<div class=\"media\">\n\n\t\t\n\t\t\t<a href=\"https:\/\/dorogimedence.hu\/index.php\/2026\/04\/28\/kozel-200-viragot-ultettek-a-fold-napjan-a-meszlenyi-iskolaban\/\" class=\"image-link media-ratio ratio-is-custom\" title=\"K\u00f6zel 200 vir\u00e1got \u00fcltettek a F\u00f6ld napj\u00e1n a Meszl\u00e9nyi iskol\u00e1ban\"><img loading=\"lazy\" decoding=\"async\" width=\"769\" height=\"458\" src=\"https:\/\/dorogimedence.hu\/wp-content\/uploads\/2026\/04\/682928931_1489748952943060_7911593120432596213_n-768x576.jpg\" class=\"attachment-bunyad-768 size-bunyad-768 wp-post-image\" alt=\"\" sizes=\"(max-width: 768px) 100vw, 768px\" title=\"K\u00f6zel 200 vir\u00e1got \u00fcltettek a F\u00f6ld napj\u00e1n a Meszl\u00e9nyi iskol\u00e1ban\" srcset=\"https:\/\/dorogimedence.hu\/wp-content\/uploads\/2026\/04\/682928931_1489748952943060_7911593120432596213_n-768x576.jpg 768w, https:\/\/dorogimedence.hu\/wp-content\/uploads\/2026\/04\/682928931_1489748952943060_7911593120432596213_n-1920x1440.jpg 1920w, https:\/\/dorogimedence.hu\/wp-content\/uploads\/2026\/04\/682928931_1489748952943060_7911593120432596213_n-1536x1152.jpg 1536w, https:\/\/dorogimedence.hu\/wp-content\/uploads\/2026\/04\/682928931_1489748952943060_7911593120432596213_n-1200x900.jpg 1200w, https:\/\/dorogimedence.hu\/wp-content\/uploads\/2026\/04\/682928931_1489748952943060_7911593120432596213_n.jpg 2048w\" \/><\/a>\t\t\t\n\t\t\t\n\t\t\t\n\t\t\t\t\t\t\t\n\t\t\t\t<span class=\"cat-labels cat-labels-overlay c-overlay p-top-left\">\n\t\t\t\t<a href=\"https:\/\/dorogimedence.hu\/index.php\/category\/esztergom\/\" class=\"category term-color-38\" rel=\"category\" tabindex=\"-1\">Esztergom<\/a>\n\t\t\t<\/span>\n\t\t\t\t\t\t\n\t\t\t\n\t\t\n\t\t<\/div>\n\t\n\n\t\n\t\t<div class=\"content\">\n\n\t\t\t<div class=\"post-meta post-meta-a has-below\"><h2 class=\"is-title post-title\"><a href=\"https:\/\/dorogimedence.hu\/index.php\/2026\/04\/28\/kozel-200-viragot-ultettek-a-fold-napjan-a-meszlenyi-iskolaban\/\">K\u00f6zel 200 vir\u00e1got \u00fcltettek a F\u00f6ld napj\u00e1n a Meszl\u00e9nyi iskol\u00e1ban<\/a><\/h2><div class=\"post-meta-items meta-below\"><span class=\"meta-item post-author\"><span class=\"by\">By<\/span> <a href=\"https:\/\/dorogimedence.hu\/index.php\/author\/lehoo88\/\" title=\"dorogimedence.hu bejegyz\u00e9se\" rel=\"author\">dorogimedence.hu<\/a><\/span><span class=\"meta-item has-next-icon date\"><span class=\"date-link\"><time class=\"post-date\" datetime=\"2026-04-28T14:33:11+02:00\">2026-04-28<\/time><\/span><\/span><span class=\"meta-item comments has-icon\"><a href=\"https:\/\/dorogimedence.hu\/index.php\/2026\/04\/28\/kozel-200-viragot-ultettek-a-fold-napjan-a-meszlenyi-iskolaban\/#respond\"><i class=\"tsi tsi-comment-o\"><\/i>0<\/a><\/span><\/div><\/div>\t\t\t\n\t\t\t\t\t\t\n\t\t\t\t<div class=\"excerpt\">\n\t\t\t\t\t<p>A F\u00f6ld napja alkalm\u00e1b\u00f3l l\u00e1tv\u00e1nyos \u00e9s p\u00e9lda\u00e9rt\u00e9k\u0171 akci\u00f3val csatlakozott a nemzetk\u00f6zi kezdem\u00e9nyez\u00e9shez az esztergom-kertv\u00e1rosi Meszl\u00e9nyi&hellip;<\/p>\n\t\t\t\t<\/div>\n\t\t\t\n\t\t\t\n\t\t\t\n\t\t<\/div>\n\n\t\n<\/article>\t\t\n\t<\/div>\n\n\t\t\n\n\t<div class=\"loop loop-small loop-small-a loop-sep loop-small-sep grid grid-1 md:grid-1 sm:grid-1 xs:grid-1\">\n\n\t\t\t\t\t\n<article class=\"l-post small-post small-a-post m-pos-left\">\n\n\t\n\t\t\t<div class=\"media\">\n\n\t\t\n\t\t\t<a href=\"https:\/\/dorogimedence.hu\/index.php\/2026\/04\/28\/sebessegmeres-esztergom-kertvarosban-tobb-gyorshajtot-is-megbirsagoltak\/\" class=\"image-link media-ratio ratio-3-2\" title=\"Sebess\u00e9gm\u00e9r\u00e9s Esztergom-Kertv\u00e1rosban: t\u00f6bb gyorshajt\u00f3t is megb\u00edrs\u00e1goltak\"><img loading=\"lazy\" decoding=\"async\" width=\"105\" height=\"70\" src=\"https:\/\/dorogimedence.hu\/wp-content\/uploads\/2026\/04\/sebessegmeres-600x303.jpg\" class=\"attachment-medium size-medium wp-post-image\" alt=\"\" sizes=\"(max-width: 105px) 100vw, 105px\" title=\"Sebess\u00e9gm\u00e9r\u00e9s Esztergom-Kertv\u00e1rosban: t\u00f6bb gyorshajt\u00f3t is megb\u00edrs\u00e1goltak\" srcset=\"https:\/\/dorogimedence.hu\/wp-content\/uploads\/2026\/04\/sebessegmeres-600x303.jpg 600w, https:\/\/dorogimedence.hu\/wp-content\/uploads\/2026\/04\/sebessegmeres-768x388.jpg 768w, https:\/\/dorogimedence.hu\/wp-content\/uploads\/2026\/04\/sebessegmeres-1536x776.jpg 1536w, https:\/\/dorogimedence.hu\/wp-content\/uploads\/2026\/04\/sebessegmeres-150x76.jpg 150w, https:\/\/dorogimedence.hu\/wp-content\/uploads\/2026\/04\/sebessegmeres-450x227.jpg 450w, https:\/\/dorogimedence.hu\/wp-content\/uploads\/2026\/04\/sebessegmeres-1200x606.jpg 1200w, https:\/\/dorogimedence.hu\/wp-content\/uploads\/2026\/04\/sebessegmeres.jpg 1920w\" \/><\/a>\t\t\t\n\t\t\t\n\t\t\t\n\t\t\t\n\t\t\n\t\t<\/div>\n\t\n\n\t\n\t\t<div class=\"content\">\n\n\t\t\t<div class=\"post-meta post-meta-a post-meta-left has-below\"><h4 class=\"is-title post-title\"><a href=\"https:\/\/dorogimedence.hu\/index.php\/2026\/04\/28\/sebessegmeres-esztergom-kertvarosban-tobb-gyorshajtot-is-megbirsagoltak\/\">Sebess\u00e9gm\u00e9r\u00e9s Esztergom-Kertv\u00e1rosban: t\u00f6bb gyorshajt\u00f3t is megb\u00edrs\u00e1goltak<\/a><\/h4><div class=\"post-meta-items meta-below\"><span class=\"meta-item date\"><span class=\"date-link\"><time class=\"post-date\" datetime=\"2026-04-28T11:26:24+02:00\">2026-04-28<\/time><\/span><\/span><\/div><\/div>\t\t\t\n\t\t\t\n\t\t\t\n\t\t<\/div>\n\n\t\n<\/article>\t\n\t\t\t\t\t\n<article class=\"l-post small-post small-a-post m-pos-left\">\n\n\t\n\t\t\t<div class=\"media\">\n\n\t\t\n\t\t\t<a href=\"https:\/\/dorogimedence.hu\/index.php\/2026\/04\/27\/vilagbajnoki-cimet-vedett-bakk-eszter-a-kempo-vb-n\/\" class=\"image-link media-ratio ratio-3-2\" title=\"Vil\u00e1gbajnoki c\u00edmet v\u00e9dett Bakk Eszter a kempo vb-n\"><img loading=\"lazy\" decoding=\"async\" width=\"105\" height=\"70\" src=\"https:\/\/dorogimedence.hu\/wp-content\/uploads\/2026\/04\/bakk-01-600x303.jpg\" class=\"attachment-medium size-medium wp-post-image\" alt=\"\" sizes=\"(max-width: 105px) 100vw, 105px\" title=\"Vil\u00e1gbajnoki c\u00edmet v\u00e9dett Bakk Eszter a kempo vb-n\" srcset=\"https:\/\/dorogimedence.hu\/wp-content\/uploads\/2026\/04\/bakk-01-600x303.jpg 600w, https:\/\/dorogimedence.hu\/wp-content\/uploads\/2026\/04\/bakk-01-768x388.jpg 768w, https:\/\/dorogimedence.hu\/wp-content\/uploads\/2026\/04\/bakk-01-1536x776.jpg 1536w, https:\/\/dorogimedence.hu\/wp-content\/uploads\/2026\/04\/bakk-01-150x76.jpg 150w, https:\/\/dorogimedence.hu\/wp-content\/uploads\/2026\/04\/bakk-01-450x227.jpg 450w, https:\/\/dorogimedence.hu\/wp-content\/uploads\/2026\/04\/bakk-01-1200x606.jpg 1200w, https:\/\/dorogimedence.hu\/wp-content\/uploads\/2026\/04\/bakk-01.jpg 1920w\" \/><\/a>\t\t\t\n\t\t\t\n\t\t\t\n\t\t\t\n\t\t\n\t\t<\/div>\n\t\n\n\t\n\t\t<div class=\"content\">\n\n\t\t\t<div class=\"post-meta post-meta-a post-meta-left has-below\"><h4 class=\"is-title post-title\"><a href=\"https:\/\/dorogimedence.hu\/index.php\/2026\/04\/27\/vilagbajnoki-cimet-vedett-bakk-eszter-a-kempo-vb-n\/\">Vil\u00e1gbajnoki c\u00edmet v\u00e9dett Bakk Eszter a kempo vb-n<\/a><\/h4><div class=\"post-meta-items meta-below\"><span class=\"meta-item date\"><span class=\"date-link\"><time class=\"post-date\" datetime=\"2026-04-27T10:33:19+02:00\">2026-04-27<\/time><\/span><\/span><\/div><\/div>\t\t\t\n\t\t\t\n\t\t\t\n\t\t<\/div>\n\n\t\n<\/article>\t\n\t\t\n\t<\/div>\n\n\t\t\t<\/div>\n\n\n\t\t\t\t<\/div>\n\n\t\t<\/section>\n\t\t\t\t\t\t<\/div>\n\t\t\t\t<\/div>\n\t\t\t\t\t<\/div>\n\t\t<\/div>\n\t\t\t\t\t<\/div>\n\t\t<\/section>\n\t\t\t\t<div class=\"elementor-element elementor-element-4d755e8a elementor-widget elementor-widget-smartmag-focusgrid\" data-id=\"4d755e8a\" data-element_type=\"widget\" data-e-type=\"widget\" data-widget_type=\"smartmag-focusgrid.default\">\n\t\t\t\t<div class=\"elementor-widget-container\">\n\t\t\t\t\t\t\t<section class=\"block-wrap block-focus-grid block-sc cols-gap-sm\" data-id=\"13\" data-block=\"{&quot;id&quot;:&quot;focus-grid&quot;,&quot;props&quot;:{&quot;cat_labels&quot;:&quot;0&quot;,&quot;cat_labels_pos&quot;:&quot;top-left&quot;,&quot;reviews&quot;:&quot;barss&quot;,&quot;post_formats_pos&quot;:&quot;center&quot;,&quot;load_more_style&quot;:&quot;a&quot;,&quot;meta_cat_style&quot;:&quot;text&quot;,&quot;media_style_shadow&quot;:0,&quot;meta_sponsor&quot;:1,&quot;meta_sponsor_logo&quot;:0,&quot;meta_sponsor_label&quot;:&quot;Sponsor: {sponsor}&quot;,&quot;meta_above&quot;:[],&quot;meta_below&quot;:[&quot;author&quot;,&quot;date&quot;,&quot;comments&quot;],&quot;meta_sponsor_above&quot;:[],&quot;meta_sponsor_below&quot;:[&quot;sponsor&quot;,&quot;date&quot;],&quot;sort_order&quot;:&quot;desc&quot;,&quot;heading&quot;:&quot;Focus Grid&quot;,&quot;heading_type&quot;:&quot;d&quot;,&quot;cat&quot;:&quot;4&quot;,&quot;offset&quot;:&quot;0&quot;,&quot;heading_colors&quot;:&quot;force&quot;,&quot;container_width&quot;:66,&quot;excerpt_length&quot;:15,&quot;media_ratio&quot;:&quot;custom&quot;,&quot;media_ratio_custom&quot;:&quot;1.59&quot;,&quot;filters&quot;:&quot;category&quot;,&quot;pagination_type&quot;:null,&quot;pagination_links&quot;:null,&quot;meta_sponsor_items_default&quot;:true,&quot;query_type&quot;:&quot;custom&quot;,&quot;sort_days&quot;:null,&quot;is_sc_call&quot;:true,&quot;meta_items_default&quot;:true}}\" data-is-mixed=\"1\">\n\n\t\t\t\t\t\t\t\t\n\t\t\t\t\t\t\t\n\t\t\t\t<div class=\"block-head block-head-d is-left\">\n\n\t\t\t\t\t<h4 class=\"heading\">Focus Grid<\/h4>\t\t\t\t\t\n\t\t\t\t\t\t\t\t\t<\/div>\n\t\t\t\t\n\t\t\t\n\t\t\t\n\t\t\t<div class=\"block-content\">\n\t\t\t\t\t\n\t<div class=\"grid grid-2 sm:grid-1 cols-not-eq loops-mixed\">\n\n\t\t\t\n\t<div class=\"loop loop-grid loop-grid-base grid grid-1 md:grid-1 xs:grid-1\">\n\n\t\t\t\t\t\n<article class=\"l-post grid-post grid-base-post\">\n\n\t\n\t\t\t<div class=\"media\">\n\n\t\t\n\t\t\t<a href=\"https:\/\/dorogimedence.hu\/index.php\/2026\/05\/01\/ma-kezdodnek-az-esztergom-napok-harom-nap-tobb-tucat-program\/\" class=\"image-link media-ratio ratio-is-custom\" title=\"Ma kezd\u0151dnek az Esztergom Napok: h\u00e1rom nap, t\u00f6bb tucat program\"><img loading=\"lazy\" decoding=\"async\" width=\"769\" height=\"484\" src=\"https:\/\/dorogimedence.hu\/wp-content\/uploads\/2026\/05\/en-03-768x575.jpg\" class=\"attachment-bunyad-768 size-bunyad-768 wp-post-image\" alt=\"\" sizes=\"(max-width: 768px) 100vw, 768px\" title=\"Ma kezd\u0151dnek az Esztergom Napok: h\u00e1rom nap, t\u00f6bb tucat program\" srcset=\"https:\/\/dorogimedence.hu\/wp-content\/uploads\/2026\/05\/en-03-768x575.jpg 768w, https:\/\/dorogimedence.hu\/wp-content\/uploads\/2026\/05\/en-03-1536x1150.jpg 1536w, https:\/\/dorogimedence.hu\/wp-content\/uploads\/2026\/05\/en-03-1200x899.jpg 1200w, https:\/\/dorogimedence.hu\/wp-content\/uploads\/2026\/05\/en-03.jpg 1920w\" \/><\/a>\t\t\t\n\t\t\t\n\t\t\t\n\t\t\t\n\t\t\n\t\t<\/div>\n\t\n\n\t\n\t\t<div class=\"content\">\n\n\t\t\t<div class=\"post-meta post-meta-a has-below\"><h2 class=\"is-title post-title\"><a href=\"https:\/\/dorogimedence.hu\/index.php\/2026\/05\/01\/ma-kezdodnek-az-esztergom-napok-harom-nap-tobb-tucat-program\/\">Ma kezd\u0151dnek az Esztergom Napok: h\u00e1rom nap, t\u00f6bb tucat program<\/a><\/h2><div class=\"post-meta-items meta-below\"><span class=\"meta-item post-author\"><span class=\"by\">By<\/span> <a href=\"https:\/\/dorogimedence.hu\/index.php\/author\/lehoo88\/\" title=\"dorogimedence.hu bejegyz\u00e9se\" rel=\"author\">dorogimedence.hu<\/a><\/span><span class=\"meta-item has-next-icon date\"><span class=\"date-link\"><time class=\"post-date\" datetime=\"2026-05-01T07:59:46+02:00\">2026-05-01<\/time><\/span><\/span><span class=\"meta-item comments has-icon\"><a href=\"https:\/\/dorogimedence.hu\/index.php\/2026\/05\/01\/ma-kezdodnek-az-esztergom-napok-harom-nap-tobb-tucat-program\/#respond\"><i class=\"tsi tsi-comment-o\"><\/i>0<\/a><\/span><\/div><\/div>\t\t\t\n\t\t\t\t\t\t\n\t\t\t\t<div class=\"excerpt\">\n\t\t\t\t\t<p>M\u00e1jus 1. \u00e9s 3. k\u00f6z\u00f6tt ism\u00e9t nagyszab\u00e1s\u00fa programsorozat v\u00e1rja az \u00e9rdekl\u0151d\u0151ket Esztergomban: ma kezd\u0151dnek az&hellip;<\/p>\n\t\t\t\t<\/div>\n\t\t\t\n\t\t\t\n\t\t\t\n\t\t<\/div>\n\n\t\n<\/article>\t\t\n\t<\/div>\n\n\t\t\n\t\n\t<div class=\"loop loop-grid loop-grid-sm grid grid-2 md:grid-2 sm:grid-2\">\n\n\t\t\t\t\t\n<article class=\"l-post grid-post grid-sm-post\">\n\n\t\n\t\t\t<div class=\"media\">\n\n\t\t\n\t\t\t<a href=\"https:\/\/dorogimedence.hu\/index.php\/2026\/05\/01\/elso-alkalommal-rendeztek-meg-a-fold-kincskeresot-esztergomban\/\" class=\"image-link media-ratio ratio-is-custom\" title=\"Els\u0151 alkalommal rendezt\u00e9k meg a F\u00f6ld Kincskeres\u0151t Esztergomban\"><img loading=\"lazy\" decoding=\"async\" width=\"361\" height=\"215\" src=\"https:\/\/dorogimedence.hu\/wp-content\/uploads\/2026\/05\/DSC7189-450x299.jpg\" class=\"attachment-bunyad-medium size-bunyad-medium wp-post-image\" alt=\"\" sizes=\"(max-width: 361px) 100vw, 361px\" title=\"Els\u0151 alkalommal rendezt\u00e9k meg a F\u00f6ld Kincskeres\u0151t Esztergomban\" srcset=\"https:\/\/dorogimedence.hu\/wp-content\/uploads\/2026\/05\/DSC7189-450x299.jpg 450w, https:\/\/dorogimedence.hu\/wp-content\/uploads\/2026\/05\/DSC7189-600x399.jpg 600w, https:\/\/dorogimedence.hu\/wp-content\/uploads\/2026\/05\/DSC7189-1920x1278.jpg 1920w, https:\/\/dorogimedence.hu\/wp-content\/uploads\/2026\/05\/DSC7189-768x511.jpg 768w, https:\/\/dorogimedence.hu\/wp-content\/uploads\/2026\/05\/DSC7189-1536x1022.jpg 1536w, https:\/\/dorogimedence.hu\/wp-content\/uploads\/2026\/05\/DSC7189-2048x1363.jpg 2048w, https:\/\/dorogimedence.hu\/wp-content\/uploads\/2026\/05\/DSC7189-1200x799.jpg 1200w\" \/><\/a>\t\t\t\n\t\t\t\n\t\t\t\n\t\t\t\n\t\t\n\t\t<\/div>\n\t\n\n\t\n\t\t<div class=\"content\">\n\n\t\t\t<div class=\"post-meta post-meta-a has-below\"><h2 class=\"is-title post-title\"><a href=\"https:\/\/dorogimedence.hu\/index.php\/2026\/05\/01\/elso-alkalommal-rendeztek-meg-a-fold-kincskeresot-esztergomban\/\">Els\u0151 alkalommal rendezt\u00e9k meg a F\u00f6ld Kincskeres\u0151t Esztergomban<\/a><\/h2><div class=\"post-meta-items meta-below\"><span class=\"meta-item date\"><span class=\"date-link\"><time class=\"post-date\" datetime=\"2026-05-01T07:27:21+02:00\">2026-05-01<\/time><\/span><\/span><\/div><\/div>\t\t\t\n\t\t\t\n\t\t\t\n\t\t<\/div>\n\n\t\n<\/article>\t\t\t\t\t\n<article class=\"l-post grid-post grid-sm-post\">\n\n\t\n\t\t\t<div class=\"media\">\n\n\t\t\n\t\t\t<a href=\"https:\/\/dorogimedence.hu\/index.php\/2026\/05\/01\/kiuteses-esztergomi-gyozelem-karnyujtasnyira-a-negyedik-hely\/\" class=\"image-link media-ratio ratio-is-custom\" title=\"Ki\u00fct\u00e9ses esztergomi gy\u0151zelem, karny\u00fajt\u00e1snyira a negyedik hely\"><img loading=\"lazy\" decoding=\"async\" width=\"361\" height=\"215\" src=\"https:\/\/dorogimedence.hu\/wp-content\/uploads\/2026\/05\/kezilabda-450x227.jpg\" class=\"attachment-bunyad-medium size-bunyad-medium wp-post-image\" alt=\"\" sizes=\"(max-width: 361px) 100vw, 361px\" title=\"Ki\u00fct\u00e9ses esztergomi gy\u0151zelem, karny\u00fajt\u00e1snyira a negyedik hely\" srcset=\"https:\/\/dorogimedence.hu\/wp-content\/uploads\/2026\/05\/kezilabda-450x227.jpg 450w, https:\/\/dorogimedence.hu\/wp-content\/uploads\/2026\/05\/kezilabda-600x303.jpg 600w, https:\/\/dorogimedence.hu\/wp-content\/uploads\/2026\/05\/kezilabda-768x388.jpg 768w, https:\/\/dorogimedence.hu\/wp-content\/uploads\/2026\/05\/kezilabda-1536x776.jpg 1536w, https:\/\/dorogimedence.hu\/wp-content\/uploads\/2026\/05\/kezilabda-1200x606.jpg 1200w, https:\/\/dorogimedence.hu\/wp-content\/uploads\/2026\/05\/kezilabda.jpg 1920w\" \/><\/a>\t\t\t\n\t\t\t\n\t\t\t\n\t\t\t\n\t\t\n\t\t<\/div>\n\t\n\n\t\n\t\t<div class=\"content\">\n\n\t\t\t<div class=\"post-meta post-meta-a has-below\"><h2 class=\"is-title post-title\"><a href=\"https:\/\/dorogimedence.hu\/index.php\/2026\/05\/01\/kiuteses-esztergomi-gyozelem-karnyujtasnyira-a-negyedik-hely\/\">Ki\u00fct\u00e9ses esztergomi gy\u0151zelem, karny\u00fajt\u00e1snyira a negyedik hely<\/a><\/h2><div class=\"post-meta-items meta-below\"><span class=\"meta-item date\"><span class=\"date-link\"><time class=\"post-date\" datetime=\"2026-05-01T07:08:54+02:00\">2026-05-01<\/time><\/span><\/span><\/div><\/div>\t\t\t\n\t\t\t\n\t\t\t\n\t\t<\/div>\n\n\t\n<\/article>\t\t\t\t\t\n<article class=\"l-post grid-post grid-sm-post\">\n\n\t\n\t\t\t<div class=\"media\">\n\n\t\t\n\t\t\t<a href=\"https:\/\/dorogimedence.hu\/index.php\/2026\/05\/01\/kiemelt-nav-ellenorzesek-a-hosszu-hetvegen\/\" class=\"image-link media-ratio ratio-is-custom\" title=\"Kiemelt NAV ellen\u0151rz\u00e9sek a hossz\u00fa h\u00e9tv\u00e9g\u00e9n\"><img loading=\"lazy\" decoding=\"async\" width=\"361\" height=\"215\" src=\"https:\/\/dorogimedence.hu\/wp-content\/uploads\/2026\/04\/2147761034-450x300.jpg\" class=\"attachment-bunyad-medium size-bunyad-medium wp-post-image\" alt=\"\" sizes=\"(max-width: 361px) 100vw, 361px\" title=\"Kiemelt NAV ellen\u0151rz\u00e9sek a hossz\u00fa h\u00e9tv\u00e9g\u00e9n\" srcset=\"https:\/\/dorogimedence.hu\/wp-content\/uploads\/2026\/04\/2147761034-450x300.jpg 450w, https:\/\/dorogimedence.hu\/wp-content\/uploads\/2026\/04\/2147761034-600x400.jpg 600w, https:\/\/dorogimedence.hu\/wp-content\/uploads\/2026\/04\/2147761034-768x512.jpg 768w, https:\/\/dorogimedence.hu\/wp-content\/uploads\/2026\/04\/2147761034-1200x800.jpg 1200w, https:\/\/dorogimedence.hu\/wp-content\/uploads\/2026\/04\/2147761034.jpg 1500w\" \/><\/a>\t\t\t\n\t\t\t\n\t\t\t\n\t\t\t\n\t\t\n\t\t<\/div>\n\t\n\n\t\n\t\t<div class=\"content\">\n\n\t\t\t<div class=\"post-meta post-meta-a has-below\"><h2 class=\"is-title post-title\"><a href=\"https:\/\/dorogimedence.hu\/index.php\/2026\/05\/01\/kiemelt-nav-ellenorzesek-a-hosszu-hetvegen\/\">Kiemelt NAV ellen\u0151rz\u00e9sek a hossz\u00fa h\u00e9tv\u00e9g\u00e9n<\/a><\/h2><div class=\"post-meta-items meta-below\"><span class=\"meta-item date\"><span class=\"date-link\"><time class=\"post-date\" datetime=\"2026-05-01T06:48:16+02:00\">2026-05-01<\/time><\/span><\/span><\/div><\/div>\t\t\t\n\t\t\t\n\t\t\t\n\t\t<\/div>\n\n\t\n<\/article>\t\t\t\t\t\n<article class=\"l-post grid-post grid-sm-post\">\n\n\t\n\t\t\t<div class=\"media\">\n\n\t\t\n\t\t\t<a href=\"https:\/\/dorogimedence.hu\/index.php\/2026\/04\/30\/indul-az-erettsegi-tobb-mint-4300-diak-vizsgazik-a-varmegyeben\/\" class=\"image-link media-ratio ratio-is-custom\" title=\"Indul az \u00e9retts\u00e9gi: t\u00f6bb mint 4300 di\u00e1k vizsg\u00e1zik a v\u00e1rmegy\u00e9ben\"><img loading=\"lazy\" decoding=\"async\" width=\"361\" height=\"215\" src=\"https:\/\/dorogimedence.hu\/wp-content\/uploads\/2026\/04\/ChatGPT-Image-2026.-apr.-30.-15_10_02-450x300.png\" class=\"attachment-bunyad-medium size-bunyad-medium wp-post-image\" alt=\"\" sizes=\"(max-width: 361px) 100vw, 361px\" title=\"Indul az \u00e9retts\u00e9gi: t\u00f6bb mint 4300 di\u00e1k vizsg\u00e1zik a v\u00e1rmegy\u00e9ben\" srcset=\"https:\/\/dorogimedence.hu\/wp-content\/uploads\/2026\/04\/ChatGPT-Image-2026.-apr.-30.-15_10_02-450x300.png 450w, https:\/\/dorogimedence.hu\/wp-content\/uploads\/2026\/04\/ChatGPT-Image-2026.-apr.-30.-15_10_02-600x400.png 600w, https:\/\/dorogimedence.hu\/wp-content\/uploads\/2026\/04\/ChatGPT-Image-2026.-apr.-30.-15_10_02-768x512.png 768w, https:\/\/dorogimedence.hu\/wp-content\/uploads\/2026\/04\/ChatGPT-Image-2026.-apr.-30.-15_10_02-1200x800.png 1200w, https:\/\/dorogimedence.hu\/wp-content\/uploads\/2026\/04\/ChatGPT-Image-2026.-apr.-30.-15_10_02.png 1536w\" \/><\/a>\t\t\t\n\t\t\t\n\t\t\t\n\t\t\t\n\t\t\n\t\t<\/div>\n\t\n\n\t\n\t\t<div class=\"content\">\n\n\t\t\t<div class=\"post-meta post-meta-a has-below\"><h2 class=\"is-title post-title\"><a href=\"https:\/\/dorogimedence.hu\/index.php\/2026\/04\/30\/indul-az-erettsegi-tobb-mint-4300-diak-vizsgazik-a-varmegyeben\/\">Indul az \u00e9retts\u00e9gi: t\u00f6bb mint 4300 di\u00e1k vizsg\u00e1zik a v\u00e1rmegy\u00e9ben<\/a><\/h2><div class=\"post-meta-items meta-below\"><span class=\"meta-item date\"><span class=\"date-link\"><time class=\"post-date\" datetime=\"2026-04-30T15:12:04+02:00\">2026-04-30<\/time><\/span><\/span><\/div><\/div>\t\t\t\n\t\t\t\n\t\t\t\n\t\t<\/div>\n\n\t\n<\/article>\t\t\n\t<\/div>\n\n\t\t\n\t<\/div>\n\n\t\t\t\t<\/div>\n\n\t\t<\/section>\n\t\t\t\t\t\t<\/div>\n\t\t\t\t<\/div>\n\t\t\t\t<div class=\"elementor-element elementor-element-66dd55af elementor-widget elementor-widget-smartmag-grid\" data-id=\"66dd55af\" data-element_type=\"widget\" data-e-type=\"widget\" data-widget_type=\"smartmag-grid.default\">\n\t\t\t\t<div class=\"elementor-widget-container\">\n\t\t\t\t\t\t\t<section class=\"block-wrap block-grid block-sc\" data-id=\"16\">\n\n\t\t\t\t\t\t\t\t\n\t\t\t\t\t\t\t\n\t\t\t\t<div class=\"block-head block-head-d is-left term-color-7\">\n\n\t\t\t\t\t<h4 class=\"heading\"><a href=\"https:\/\/dorogimedence.hu\/index.php\/category\/esztergom_kertvaros\/\">Listing: Modern<\/a><\/h4>\t\t\t\t\t\n\t\t\t\t\t\t\t\t\t<\/div>\n\t\t\t\t\n\t\t\t\n\t\t\t\n\t\t\t<div class=\"block-content\">\n\t\t\t\t\t\n\t<div class=\"loop loop-grid loop-grid-base grid grid-2 md:grid-2 xs:grid-1\">\n\n\t\t\t\t\t\n<article class=\"l-post grid-post grid-base-post\">\n\n\t\n\t\t\t<div class=\"media\">\n\n\t\t\n\t\t\t<a href=\"https:\/\/dorogimedence.hu\/index.php\/2026\/04\/28\/kozel-200-viragot-ultettek-a-fold-napjan-a-meszlenyi-iskolaban\/\" class=\"image-link media-ratio ratio-is-custom\" title=\"K\u00f6zel 200 vir\u00e1got \u00fcltettek a F\u00f6ld napj\u00e1n a Meszl\u00e9nyi iskol\u00e1ban\"><img loading=\"lazy\" decoding=\"async\" width=\"361\" height=\"215\" src=\"https:\/\/dorogimedence.hu\/wp-content\/uploads\/2026\/04\/682928931_1489748952943060_7911593120432596213_n-450x338.jpg\" class=\"attachment-bunyad-medium size-bunyad-medium wp-post-image\" alt=\"\" sizes=\"(max-width: 361px) 100vw, 361px\" title=\"K\u00f6zel 200 vir\u00e1got \u00fcltettek a F\u00f6ld napj\u00e1n a Meszl\u00e9nyi iskol\u00e1ban\" srcset=\"https:\/\/dorogimedence.hu\/wp-content\/uploads\/2026\/04\/682928931_1489748952943060_7911593120432596213_n-450x338.jpg 450w, https:\/\/dorogimedence.hu\/wp-content\/uploads\/2026\/04\/682928931_1489748952943060_7911593120432596213_n-600x450.jpg 600w, https:\/\/dorogimedence.hu\/wp-content\/uploads\/2026\/04\/682928931_1489748952943060_7911593120432596213_n-1920x1440.jpg 1920w, https:\/\/dorogimedence.hu\/wp-content\/uploads\/2026\/04\/682928931_1489748952943060_7911593120432596213_n-768x576.jpg 768w, https:\/\/dorogimedence.hu\/wp-content\/uploads\/2026\/04\/682928931_1489748952943060_7911593120432596213_n-1536x1152.jpg 1536w, https:\/\/dorogimedence.hu\/wp-content\/uploads\/2026\/04\/682928931_1489748952943060_7911593120432596213_n-1200x900.jpg 1200w, https:\/\/dorogimedence.hu\/wp-content\/uploads\/2026\/04\/682928931_1489748952943060_7911593120432596213_n.jpg 2048w\" \/><\/a>\t\t\t\n\t\t\t\n\t\t\t\n\t\t\t\n\t\t\n\t\t<\/div>\n\t\n\n\t\n\t\t<div class=\"content\">\n\n\t\t\t<div class=\"post-meta post-meta-a has-below\"><h2 class=\"is-title post-title\"><a href=\"https:\/\/dorogimedence.hu\/index.php\/2026\/04\/28\/kozel-200-viragot-ultettek-a-fold-napjan-a-meszlenyi-iskolaban\/\">K\u00f6zel 200 vir\u00e1got \u00fcltettek a F\u00f6ld napj\u00e1n a Meszl\u00e9nyi iskol\u00e1ban<\/a><\/h2><div class=\"post-meta-items meta-below\"><span class=\"meta-item post-author\"><span class=\"by\">By<\/span> <a href=\"https:\/\/dorogimedence.hu\/index.php\/author\/lehoo88\/\" title=\"dorogimedence.hu bejegyz\u00e9se\" rel=\"author\">dorogimedence.hu<\/a><\/span><span class=\"meta-item has-next-icon date\"><span class=\"date-link\"><time class=\"post-date\" datetime=\"2026-04-28T14:33:11+02:00\">2026-04-28<\/time><\/span><\/span><span class=\"meta-item comments has-icon\"><a href=\"https:\/\/dorogimedence.hu\/index.php\/2026\/04\/28\/kozel-200-viragot-ultettek-a-fold-napjan-a-meszlenyi-iskolaban\/#respond\"><i class=\"tsi tsi-comment-o\"><\/i>0<\/a><\/span><\/div><\/div>\t\t\t\n\t\t\t\t\t\t\n\t\t\t\t<div class=\"excerpt\">\n\t\t\t\t\t<p>A F\u00f6ld napja alkalm\u00e1b\u00f3l l\u00e1tv\u00e1nyos \u00e9s p\u00e9lda\u00e9rt\u00e9k\u0171 akci\u00f3val csatlakozott a nemzetk\u00f6zi kezdem\u00e9nyez\u00e9shez az esztergom-kertv\u00e1rosi Meszl\u00e9nyi&hellip;<\/p>\n\t\t\t\t<\/div>\n\t\t\t\n\t\t\t\n\t\t\t\n\t\t<\/div>\n\n\t\n<\/article>\t\t\t\t\t\n<article class=\"l-post grid-post grid-base-post\">\n\n\t\n\t\t\t<div class=\"media\">\n\n\t\t\n\t\t\t<a href=\"https:\/\/dorogimedence.hu\/index.php\/2026\/04\/28\/sebessegmeres-esztergom-kertvarosban-tobb-gyorshajtot-is-megbirsagoltak\/\" class=\"image-link media-ratio ratio-is-custom\" title=\"Sebess\u00e9gm\u00e9r\u00e9s Esztergom-Kertv\u00e1rosban: t\u00f6bb gyorshajt\u00f3t is megb\u00edrs\u00e1goltak\"><img loading=\"lazy\" decoding=\"async\" width=\"361\" height=\"215\" src=\"https:\/\/dorogimedence.hu\/wp-content\/uploads\/2026\/04\/sebessegmeres-450x227.jpg\" class=\"attachment-bunyad-medium size-bunyad-medium wp-post-image\" alt=\"\" sizes=\"(max-width: 361px) 100vw, 361px\" title=\"Sebess\u00e9gm\u00e9r\u00e9s Esztergom-Kertv\u00e1rosban: t\u00f6bb gyorshajt\u00f3t is megb\u00edrs\u00e1goltak\" srcset=\"https:\/\/dorogimedence.hu\/wp-content\/uploads\/2026\/04\/sebessegmeres-450x227.jpg 450w, https:\/\/dorogimedence.hu\/wp-content\/uploads\/2026\/04\/sebessegmeres-600x303.jpg 600w, https:\/\/dorogimedence.hu\/wp-content\/uploads\/2026\/04\/sebessegmeres-768x388.jpg 768w, https:\/\/dorogimedence.hu\/wp-content\/uploads\/2026\/04\/sebessegmeres-1536x776.jpg 1536w, https:\/\/dorogimedence.hu\/wp-content\/uploads\/2026\/04\/sebessegmeres-1200x606.jpg 1200w, https:\/\/dorogimedence.hu\/wp-content\/uploads\/2026\/04\/sebessegmeres.jpg 1920w\" \/><\/a>\t\t\t\n\t\t\t\n\t\t\t\n\t\t\t\n\t\t\n\t\t<\/div>\n\t\n\n\t\n\t\t<div class=\"content\">\n\n\t\t\t<div class=\"post-meta post-meta-a has-below\"><h2 class=\"is-title post-title\"><a href=\"https:\/\/dorogimedence.hu\/index.php\/2026\/04\/28\/sebessegmeres-esztergom-kertvarosban-tobb-gyorshajtot-is-megbirsagoltak\/\">Sebess\u00e9gm\u00e9r\u00e9s Esztergom-Kertv\u00e1rosban: t\u00f6bb gyorshajt\u00f3t is megb\u00edrs\u00e1goltak<\/a><\/h2><div class=\"post-meta-items meta-below\"><span class=\"meta-item post-author\"><span class=\"by\">By<\/span> <a href=\"https:\/\/dorogimedence.hu\/index.php\/author\/lehoo88\/\" title=\"dorogimedence.hu bejegyz\u00e9se\" rel=\"author\">dorogimedence.hu<\/a><\/span><span class=\"meta-item has-next-icon date\"><span class=\"date-link\"><time class=\"post-date\" datetime=\"2026-04-28T11:26:24+02:00\">2026-04-28<\/time><\/span><\/span><span class=\"meta-item comments has-icon\"><a href=\"https:\/\/dorogimedence.hu\/index.php\/2026\/04\/28\/sebessegmeres-esztergom-kertvarosban-tobb-gyorshajtot-is-megbirsagoltak\/#respond\"><i class=\"tsi tsi-comment-o\"><\/i>0<\/a><\/span><\/div><\/div>\t\t\t\n\t\t\t\t\t\t\n\t\t\t\t<div class=\"excerpt\">\n\t\t\t\t\t<p>Az Esztergomi Rend\u0151rkapit\u00e1nys\u00e1g a m\u00falt h\u00e9tv\u00e9g\u00e9n a lakoss\u00e1gi jelz\u00e9sek alapj\u00e1n szervezte meg sebess\u00e9gellen\u0151rz\u00e9seit, els\u0151sorban Esztergom-Kertv\u00e1ros&hellip;<\/p>\n\t\t\t\t<\/div>\n\t\t\t\n\t\t\t\n\t\t\t\n\t\t<\/div>\n\n\t\n<\/article>\t\t\n\t<\/div>\n\n\t\t\n\t\t\t<\/div>\n\n\t\t<\/section>\n\t\t\t\t\t\t<\/div>\n\t\t\t\t<\/div>\n\t\t\t\t<div class=\"elementor-element elementor-element-7e5f6e5a elementor-widget elementor-widget-smartmag-overlay\" data-id=\"7e5f6e5a\" data-element_type=\"widget\" data-e-type=\"widget\" data-widget_type=\"smartmag-overlay.default\">\n\t\t\t\t<div class=\"elementor-widget-container\">\n\t\t\t\t\t\t\t<section class=\"block-wrap block-overlay block-sc cols-gap-sm\" data-id=\"17\">\n\n\t\t\t\t\t\t\t\t\n\t\t\t\t\t\t\t\n\t\t\t\t<div class=\"block-head block-head-d is-left\">\n\n\t\t\t\t\t<h4 class=\"heading\">Listing: Grid Overlay<\/h4>\t\t\t\t\t\n\t\t\t\t\t\t\t\t\t<\/div>\n\t\t\t\t\n\t\t\t\n\t\t\t\n\t\t\t<div class=\"block-content\">\n\t\t\t\t\t\n\t<div class=\"loop loop-overlay grid grid-2 md:grid-2 xs:grid-1\">\n\n\t\t\t\n\t\t\t\n<article class=\"l-post grid-overlay overlay-post grid-overlay-a overlay-base-post\">\n\n\t\n\t\t\t<div class=\"media\">\n\n\t\t\n\t\t\t<a href=\"https:\/\/dorogimedence.hu\/index.php\/2026\/05\/01\/ma-kezdodnek-az-esztergom-napok-harom-nap-tobb-tucat-program\/\" class=\"image-link media-ratio ratio-4-3\" title=\"Ma kezd\u0151dnek az Esztergom Napok: h\u00e1rom nap, t\u00f6bb tucat program\"><img loading=\"lazy\" decoding=\"async\" width=\"361\" height=\"271\" src=\"https:\/\/dorogimedence.hu\/wp-content\/uploads\/2026\/05\/en-03-450x337.jpg\" class=\"attachment-bunyad-medium size-bunyad-medium wp-post-image\" alt=\"\" sizes=\"(max-width: 361px) 100vw, 361px\" title=\"Ma kezd\u0151dnek az Esztergom Napok: h\u00e1rom nap, t\u00f6bb tucat program\" srcset=\"https:\/\/dorogimedence.hu\/wp-content\/uploads\/2026\/05\/en-03-450x337.jpg 450w, https:\/\/dorogimedence.hu\/wp-content\/uploads\/2026\/05\/en-03-600x449.jpg 600w, https:\/\/dorogimedence.hu\/wp-content\/uploads\/2026\/05\/en-03-768x575.jpg 768w, https:\/\/dorogimedence.hu\/wp-content\/uploads\/2026\/05\/en-03-1536x1150.jpg 1536w, https:\/\/dorogimedence.hu\/wp-content\/uploads\/2026\/05\/en-03-150x112.jpg 150w, https:\/\/dorogimedence.hu\/wp-content\/uploads\/2026\/05\/en-03-1200x899.jpg 1200w, https:\/\/dorogimedence.hu\/wp-content\/uploads\/2026\/05\/en-03.jpg 1920w\" \/><\/a>\t\t\t\n\t\t\t\n\t\t\t\n\t\t\t\n\t\t\n\t\t<\/div>\n\t\n\n\t\t\t<div class=\"content-wrap\">\n\t\n\t\t<div class=\"content\">\n\n\t\t\t<div class=\"post-meta post-meta-a meta-contrast has-below\"><h2 class=\"is-title post-title\"><a href=\"https:\/\/dorogimedence.hu\/index.php\/2026\/05\/01\/ma-kezdodnek-az-esztergom-napok-harom-nap-tobb-tucat-program\/\">Ma kezd\u0151dnek az Esztergom Napok: h\u00e1rom nap, t\u00f6bb tucat program<\/a><\/h2><div class=\"post-meta-items meta-below\"><span class=\"meta-item post-author\"><span class=\"by\">By<\/span> <a href=\"https:\/\/dorogimedence.hu\/index.php\/author\/lehoo88\/\" title=\"dorogimedence.hu bejegyz\u00e9se\" rel=\"author\">dorogimedence.hu<\/a><\/span><span class=\"meta-item has-next-icon date\"><span class=\"date-link\"><time class=\"post-date\" datetime=\"2026-05-01T07:59:46+02:00\">2026-05-01<\/time><\/span><\/span><span class=\"meta-item comments has-icon\"><a href=\"https:\/\/dorogimedence.hu\/index.php\/2026\/05\/01\/ma-kezdodnek-az-esztergom-napok-harom-nap-tobb-tucat-program\/#respond\"><i class=\"tsi tsi-comment-o\"><\/i>0<\/a><\/span><\/div><\/div>\t\t\t\n\t\t\t\n\t\t\t\n\t\t<\/div>\n\n\t\t\t<\/div>\n\t\n<\/article>\n\t\t\t\n\t\t\t\n<article class=\"l-post grid-overlay overlay-post grid-overlay-a overlay-base-post\">\n\n\t\n\t\t\t<div class=\"media\">\n\n\t\t\n\t\t\t<a href=\"https:\/\/dorogimedence.hu\/index.php\/2026\/05\/01\/elso-alkalommal-rendeztek-meg-a-fold-kincskeresot-esztergomban\/\" class=\"image-link media-ratio ratio-4-3\" title=\"Els\u0151 alkalommal rendezt\u00e9k meg a F\u00f6ld Kincskeres\u0151t Esztergomban\"><img loading=\"lazy\" decoding=\"async\" width=\"361\" height=\"271\" src=\"https:\/\/dorogimedence.hu\/wp-content\/uploads\/2026\/05\/DSC7189-450x299.jpg\" class=\"attachment-bunyad-medium size-bunyad-medium wp-post-image\" alt=\"\" sizes=\"(max-width: 361px) 100vw, 361px\" title=\"Els\u0151 alkalommal rendezt\u00e9k meg a F\u00f6ld Kincskeres\u0151t Esztergomban\" srcset=\"https:\/\/dorogimedence.hu\/wp-content\/uploads\/2026\/05\/DSC7189-450x299.jpg 450w, https:\/\/dorogimedence.hu\/wp-content\/uploads\/2026\/05\/DSC7189-600x399.jpg 600w, https:\/\/dorogimedence.hu\/wp-content\/uploads\/2026\/05\/DSC7189-1920x1278.jpg 1920w, https:\/\/dorogimedence.hu\/wp-content\/uploads\/2026\/05\/DSC7189-768x511.jpg 768w, https:\/\/dorogimedence.hu\/wp-content\/uploads\/2026\/05\/DSC7189-1536x1022.jpg 1536w, https:\/\/dorogimedence.hu\/wp-content\/uploads\/2026\/05\/DSC7189-2048x1363.jpg 2048w, https:\/\/dorogimedence.hu\/wp-content\/uploads\/2026\/05\/DSC7189-1200x799.jpg 1200w\" \/><\/a>\t\t\t\n\t\t\t\n\t\t\t\n\t\t\t\n\t\t\n\t\t<\/div>\n\t\n\n\t\t\t<div class=\"content-wrap\">\n\t\n\t\t<div class=\"content\">\n\n\t\t\t<div class=\"post-meta post-meta-a meta-contrast has-below\"><h2 class=\"is-title post-title\"><a href=\"https:\/\/dorogimedence.hu\/index.php\/2026\/05\/01\/elso-alkalommal-rendeztek-meg-a-fold-kincskeresot-esztergomban\/\">Els\u0151 alkalommal rendezt\u00e9k meg a F\u00f6ld Kincskeres\u0151t Esztergomban<\/a><\/h2><div class=\"post-meta-items meta-below\"><span class=\"meta-item post-author\"><span class=\"by\">By<\/span> <a href=\"https:\/\/dorogimedence.hu\/index.php\/author\/lehoo88\/\" title=\"dorogimedence.hu bejegyz\u00e9se\" rel=\"author\">dorogimedence.hu<\/a><\/span><span class=\"meta-item has-next-icon date\"><span class=\"date-link\"><time class=\"post-date\" datetime=\"2026-05-01T07:27:21+02:00\">2026-05-01<\/time><\/span><\/span><span class=\"meta-item comments has-icon\"><a href=\"https:\/\/dorogimedence.hu\/index.php\/2026\/05\/01\/elso-alkalommal-rendeztek-meg-a-fold-kincskeresot-esztergomban\/#respond\"><i class=\"tsi tsi-comment-o\"><\/i>0<\/a><\/span><\/div><\/div>\t\t\t\n\t\t\t\n\t\t\t\n\t\t<\/div>\n\n\t\t\t<\/div>\n\t\n<\/article>\n\t\t\n\t<\/div>\n\n\t\t\n\t\t\t<\/div>\n\n\t\t<\/section>\n\t\t\t\t\t\t<\/div>\n\t\t\t\t<\/div>\n\t\t\t\t<div class=\"elementor-element elementor-element-1eccf3eb elementor-widget elementor-widget-smartmag-overlay\" data-id=\"1eccf3eb\" data-element_type=\"widget\" data-e-type=\"widget\" data-widget_type=\"smartmag-overlay.default\">\n\t\t\t\t<div class=\"elementor-widget-container\">\n\t\t\t\t\t\t\t<section class=\"block-wrap block-overlay block-sc cols-gap-sm\" data-id=\"18\">\n\n\t\t\t\t\t\t\t\t\n\t\t\t\t\t\t\t\n\t\t\t\t<div class=\"block-head block-head-d is-left term-color-11\">\n\n\t\t\t\t\t<h4 class=\"heading\"><a href=\"https:\/\/dorogimedence.hu\/index.php\/category\/piliscsev\/\">Listing: Tall Overlay<\/a><\/h4>\t\t\t\t\t\n\t\t\t\t\t\t\t\t\t<\/div>\n\t\t\t\t\n\t\t\t\n\t\t\t\n\t\t\t<div class=\"block-content\">\n\t\t\t\t\t\n\t<div class=\"loop loop-overlay grid grid-3 md:grid-2 xs:grid-1\">\n\n\t\t\t\n\t\t\t\n<article class=\"l-post grid-overlay overlay-post grid-overlay-a overlay-base-post\">\n\n\t\n\t\t\t<div class=\"media\">\n\n\t\t\n\t\t\t<a href=\"https:\/\/dorogimedence.hu\/index.php\/2026\/04\/30\/kormanyablakbusz-majusi-menetrendje-3\/\" class=\"image-link media-ratio ratio-3-4\" title=\"Korm\u00e1nyablakbusz m\u00e1jusi menetrendje\"><img loading=\"lazy\" decoding=\"async\" width=\"361\" height=\"481\" src=\"https:\/\/dorogimedence.hu\/wp-content\/uploads\/2026\/03\/kormanyablakbusz-450x253.jpg\" class=\"attachment-bunyad-medium size-bunyad-medium wp-post-image\" alt=\"\" sizes=\"(max-width: 361px) 100vw, 361px\" title=\"Korm\u00e1nyablakbusz m\u00e1jusi menetrendje\" srcset=\"https:\/\/dorogimedence.hu\/wp-content\/uploads\/2026\/03\/kormanyablakbusz-600x338.jpg 600w, https:\/\/dorogimedence.hu\/wp-content\/uploads\/2026\/03\/kormanyablakbusz-768x432.jpg 768w, https:\/\/dorogimedence.hu\/wp-content\/uploads\/2026\/03\/kormanyablakbusz-1536x864.jpg 1536w, https:\/\/dorogimedence.hu\/wp-content\/uploads\/2026\/03\/kormanyablakbusz-1200x675.jpg 1200w, https:\/\/dorogimedence.hu\/wp-content\/uploads\/2026\/03\/kormanyablakbusz.jpg 1896w\" \/><\/a>\t\t\t\n\t\t\t\n\t\t\t\n\t\t\t\n\t\t\n\t\t<\/div>\n\t\n\n\t\t\t<div class=\"content-wrap\">\n\t\n\t\t<div class=\"content\">\n\n\t\t\t<div class=\"post-meta post-meta-a meta-contrast has-below\"><h2 class=\"is-title post-title\"><a href=\"https:\/\/dorogimedence.hu\/index.php\/2026\/04\/30\/kormanyablakbusz-majusi-menetrendje-3\/\">Korm\u00e1nyablakbusz m\u00e1jusi menetrendje<\/a><\/h2><div class=\"post-meta-items meta-below\"><span class=\"meta-item date\"><span class=\"date-link\"><time class=\"post-date\" datetime=\"2026-04-30T09:06:12+02:00\">2026-04-30<\/time><\/span><\/span><\/div><\/div>\t\t\t\n\t\t\t\n\t\t\t\n\t\t<\/div>\n\n\t\t\t<\/div>\n\t\n<\/article>\n\t\t\t\n\t\t\t\n<article class=\"l-post grid-overlay overlay-post grid-overlay-a overlay-base-post\">\n\n\t\n\t\t\t<div class=\"media\">\n\n\t\t\n\t\t\t<a href=\"https:\/\/dorogimedence.hu\/index.php\/2026\/04\/29\/zoldhulladek-es-szelektivhulladek-gyujtes-majusban\/\" class=\"image-link media-ratio ratio-3-4\" title=\"Z\u00f6ldhullad\u00e9k- \u00e9s szelekt\u00edvhullad\u00e9k-gy\u0171jt\u00e9s m\u00e1jusban\"><img loading=\"lazy\" decoding=\"async\" width=\"361\" height=\"481\" src=\"https:\/\/dorogimedence.hu\/wp-content\/uploads\/2025\/04\/szelektiv-450x227.jpg\" class=\"attachment-bunyad-medium size-bunyad-medium wp-post-image\" alt=\"\" sizes=\"(max-width: 361px) 100vw, 361px\" title=\"Z\u00f6ldhullad\u00e9k- \u00e9s szelekt\u00edvhullad\u00e9k-gy\u0171jt\u00e9s m\u00e1jusban\" srcset=\"https:\/\/dorogimedence.hu\/wp-content\/uploads\/2025\/04\/szelektiv-600x303.jpg 600w, https:\/\/dorogimedence.hu\/wp-content\/uploads\/2025\/04\/szelektiv-768x388.jpg 768w, https:\/\/dorogimedence.hu\/wp-content\/uploads\/2025\/04\/szelektiv-1536x776.jpg 1536w, https:\/\/dorogimedence.hu\/wp-content\/uploads\/2025\/04\/szelektiv-1200x606.jpg 1200w, https:\/\/dorogimedence.hu\/wp-content\/uploads\/2025\/04\/szelektiv.jpg 1920w\" \/><\/a>\t\t\t\n\t\t\t\n\t\t\t\n\t\t\t\n\t\t\n\t\t<\/div>\n\t\n\n\t\t\t<div class=\"content-wrap\">\n\t\n\t\t<div class=\"content\">\n\n\t\t\t<div class=\"post-meta post-meta-a meta-contrast has-below\"><h2 class=\"is-title post-title\"><a href=\"https:\/\/dorogimedence.hu\/index.php\/2026\/04\/29\/zoldhulladek-es-szelektivhulladek-gyujtes-majusban\/\">Z\u00f6ldhullad\u00e9k- \u00e9s szelekt\u00edvhullad\u00e9k-gy\u0171jt\u00e9s m\u00e1jusban<\/a><\/h2><div class=\"post-meta-items meta-below\"><span class=\"meta-item date\"><span class=\"date-link\"><time class=\"post-date\" datetime=\"2026-04-29T14:04:21+02:00\">2026-04-29<\/time><\/span><\/span><\/div><\/div>\t\t\t\n\t\t\t\n\t\t\t\n\t\t<\/div>\n\n\t\t\t<\/div>\n\t\n<\/article>\n\t\t\t\n\t\t\t\n<article class=\"l-post grid-overlay overlay-post grid-overlay-a overlay-base-post\">\n\n\t\n\t\t\t<div class=\"media\">\n\n\t\t\n\t\t\t<a href=\"https:\/\/dorogimedence.hu\/index.php\/2026\/04\/02\/szlovak-dallamok-toltottek-meg-a-piliscsevi-templomot\/\" class=\"image-link media-ratio ratio-3-4\" title=\"Szlov\u00e1k dallamok t\u00f6lt\u00f6tt\u00e9k meg a piliscs\u00e9vi templomot\"><img loading=\"lazy\" decoding=\"async\" width=\"361\" height=\"481\" src=\"https:\/\/dorogimedence.hu\/wp-content\/uploads\/2026\/04\/piliscsev-450x227.jpg\" class=\"attachment-bunyad-medium size-bunyad-medium wp-post-image\" alt=\"\" sizes=\"(max-width: 361px) 100vw, 361px\" title=\"Szlov\u00e1k dallamok t\u00f6lt\u00f6tt\u00e9k meg a piliscs\u00e9vi templomot\" srcset=\"https:\/\/dorogimedence.hu\/wp-content\/uploads\/2026\/04\/piliscsev-600x303.jpg 600w, https:\/\/dorogimedence.hu\/wp-content\/uploads\/2026\/04\/piliscsev-768x388.jpg 768w, https:\/\/dorogimedence.hu\/wp-content\/uploads\/2026\/04\/piliscsev-1536x776.jpg 1536w, https:\/\/dorogimedence.hu\/wp-content\/uploads\/2026\/04\/piliscsev-1200x606.jpg 1200w, https:\/\/dorogimedence.hu\/wp-content\/uploads\/2026\/04\/piliscsev.jpg 1920w\" \/><\/a>\t\t\t\n\t\t\t\n\t\t\t\n\t\t\t\n\t\t\n\t\t<\/div>\n\t\n\n\t\t\t<div class=\"content-wrap\">\n\t\n\t\t<div class=\"content\">\n\n\t\t\t<div class=\"post-meta post-meta-a meta-contrast has-below\"><h2 class=\"is-title post-title\"><a href=\"https:\/\/dorogimedence.hu\/index.php\/2026\/04\/02\/szlovak-dallamok-toltottek-meg-a-piliscsevi-templomot\/\">Szlov\u00e1k dallamok t\u00f6lt\u00f6tt\u00e9k meg a piliscs\u00e9vi templomot<\/a><\/h2><div class=\"post-meta-items meta-below\"><span class=\"meta-item date\"><span class=\"date-link\"><time class=\"post-date\" datetime=\"2026-04-02T09:37:35+02:00\">2026-04-02<\/time><\/span><\/span><\/div><\/div>\t\t\t\n\t\t\t\n\t\t\t\n\t\t<\/div>\n\n\t\t\t<\/div>\n\t\n<\/article>\n\t\t\n\t<\/div>\n\n\t\t\n\t\t\t<\/div>\n\n\t\t<\/section>\n\t\t\t\t\t\t<\/div>\n\t\t\t\t<\/div>\n\t\t\t\t<div class=\"elementor-element elementor-element-221d37cf elementor-widget elementor-widget-smartmag-postslist\" data-id=\"221d37cf\" data-element_type=\"widget\" data-e-type=\"widget\" data-widget_type=\"smartmag-postslist.default\">\n\t\t\t\t<div class=\"elementor-widget-container\">\n\t\t\t\t\t\t\t<section class=\"block-wrap block-posts-list block-sc\" data-id=\"19\">\n\n\t\t\t\t\t\t\t\t\n\t\t\t\t\t\t\t\n\t\t\t\t<div class=\"block-head block-head-d is-left\">\n\n\t\t\t\t\t<h4 class=\"heading\">Listing: Blog<\/h4>\t\t\t\t\t\n\t\t\t\t\t\t\t\t\t<\/div>\n\t\t\t\t\n\t\t\t\n\t\t\t\n\t\t\t<div class=\"block-content\">\n\t\t\t\t\t\n\t<div class=\"loop loop-list loop-sep loop-list-sep grid grid-1 md:grid-1 sm:grid-1\">\n\n\t\t\t\t\n\t\t\t\n<article class=\"l-post list-post list-post-on-sm m-pos-left\">\n\n\t\n\t\t\t<div class=\"media\">\n\n\t\t\n\t\t\t<a href=\"https:\/\/dorogimedence.hu\/index.php\/2026\/05\/01\/ma-kezdodnek-az-esztergom-napok-harom-nap-tobb-tucat-program\/\" class=\"image-link media-ratio ratio-is-custom\" title=\"Ma kezd\u0151dnek az Esztergom Napok: h\u00e1rom nap, t\u00f6bb tucat program\"><img loading=\"lazy\" decoding=\"async\" width=\"333\" height=\"211\" src=\"https:\/\/dorogimedence.hu\/wp-content\/uploads\/2026\/05\/en-03-450x337.jpg\" class=\"attachment-bunyad-medium size-bunyad-medium wp-post-image\" alt=\"\" sizes=\"(max-width: 333px) 100vw, 333px\" title=\"Ma kezd\u0151dnek az Esztergom Napok: h\u00e1rom nap, t\u00f6bb tucat program\" srcset=\"https:\/\/dorogimedence.hu\/wp-content\/uploads\/2026\/05\/en-03-450x337.jpg 450w, https:\/\/dorogimedence.hu\/wp-content\/uploads\/2026\/05\/en-03-600x449.jpg 600w, https:\/\/dorogimedence.hu\/wp-content\/uploads\/2026\/05\/en-03-768x575.jpg 768w, https:\/\/dorogimedence.hu\/wp-content\/uploads\/2026\/05\/en-03-1536x1150.jpg 1536w, https:\/\/dorogimedence.hu\/wp-content\/uploads\/2026\/05\/en-03-1200x899.jpg 1200w, https:\/\/dorogimedence.hu\/wp-content\/uploads\/2026\/05\/en-03.jpg 1920w\" \/><\/a>\t\t\t\n\t\t\t\n\t\t\t\n\t\t\t\n\t\t\n\t\t<\/div>\n\t\n\n\t\n\t\t<div class=\"content\">\n\n\t\t\t<div class=\"post-meta post-meta-a has-below\"><h2 class=\"is-title post-title\"><a href=\"https:\/\/dorogimedence.hu\/index.php\/2026\/05\/01\/ma-kezdodnek-az-esztergom-napok-harom-nap-tobb-tucat-program\/\">Ma kezd\u0151dnek az Esztergom Napok: h\u00e1rom nap, t\u00f6bb tucat program<\/a><\/h2><div class=\"post-meta-items meta-below\"><span class=\"meta-item post-author\"><span class=\"by\">By<\/span> <a href=\"https:\/\/dorogimedence.hu\/index.php\/author\/lehoo88\/\" title=\"dorogimedence.hu bejegyz\u00e9se\" rel=\"author\">dorogimedence.hu<\/a><\/span><span class=\"meta-item has-next-icon date\"><span class=\"date-link\"><time class=\"post-date\" datetime=\"2026-05-01T07:59:46+02:00\">2026-05-01<\/time><\/span><\/span><span class=\"meta-item comments has-icon\"><a href=\"https:\/\/dorogimedence.hu\/index.php\/2026\/05\/01\/ma-kezdodnek-az-esztergom-napok-harom-nap-tobb-tucat-program\/#respond\"><i class=\"tsi tsi-comment-o\"><\/i>0<\/a><\/span><\/div><\/div>\t\t\t\n\t\t\t\t\t\t\n\t\t\t\t<div class=\"excerpt\">\n\t\t\t\t\t<p>M\u00e1jus 1. \u00e9s 3. k\u00f6z\u00f6tt ism\u00e9t nagyszab\u00e1s\u00fa programsorozat v\u00e1rja az \u00e9rdekl\u0151d\u0151ket Esztergomban: ma kezd\u0151dnek az&hellip;<\/p>\n\t\t\t\t<\/div>\n\t\t\t\n\t\t\t\n\t\t\t\n\t\t\t\t<a href=\"https:\/\/dorogimedence.hu\/index.php\/2026\/05\/01\/ma-kezdodnek-az-esztergom-napok-harom-nap-tobb-tucat-program\/\" class=\"read-more-link read-more-basic\">\n\t\t\t\t\tRead More\t\t\t\t<\/a>\n\n\t\t\t\n\t\t<\/div>\n\n\t\n<\/article>\n\t\t\t\t\n\t\t\t\n<article class=\"l-post list-post list-post-on-sm m-pos-left\">\n\n\t\n\t\t\t<div class=\"media\">\n\n\t\t\n\t\t\t<a href=\"https:\/\/dorogimedence.hu\/index.php\/2026\/05\/01\/elso-alkalommal-rendeztek-meg-a-fold-kincskeresot-esztergomban\/\" class=\"image-link media-ratio ratio-is-custom\" title=\"Els\u0151 alkalommal rendezt\u00e9k meg a F\u00f6ld Kincskeres\u0151t Esztergomban\"><img loading=\"lazy\" decoding=\"async\" width=\"333\" height=\"211\" src=\"https:\/\/dorogimedence.hu\/wp-content\/uploads\/2026\/05\/DSC7189-450x299.jpg\" class=\"attachment-bunyad-medium size-bunyad-medium wp-post-image\" alt=\"\" sizes=\"(max-width: 333px) 100vw, 333px\" title=\"Els\u0151 alkalommal rendezt\u00e9k meg a F\u00f6ld Kincskeres\u0151t Esztergomban\" srcset=\"https:\/\/dorogimedence.hu\/wp-content\/uploads\/2026\/05\/DSC7189-450x299.jpg 450w, https:\/\/dorogimedence.hu\/wp-content\/uploads\/2026\/05\/DSC7189-600x399.jpg 600w, https:\/\/dorogimedence.hu\/wp-content\/uploads\/2026\/05\/DSC7189-1920x1278.jpg 1920w, https:\/\/dorogimedence.hu\/wp-content\/uploads\/2026\/05\/DSC7189-768x511.jpg 768w, https:\/\/dorogimedence.hu\/wp-content\/uploads\/2026\/05\/DSC7189-1536x1022.jpg 1536w, https:\/\/dorogimedence.hu\/wp-content\/uploads\/2026\/05\/DSC7189-2048x1363.jpg 2048w, https:\/\/dorogimedence.hu\/wp-content\/uploads\/2026\/05\/DSC7189-150x100.jpg 150w, https:\/\/dorogimedence.hu\/wp-content\/uploads\/2026\/05\/DSC7189-1200x799.jpg 1200w, https:\/\/dorogimedence.hu\/wp-content\/uploads\/2026\/05\/DSC7189-272x182.jpg 272w\" \/><\/a>\t\t\t\n\t\t\t\n\t\t\t\n\t\t\t\n\t\t\n\t\t<\/div>\n\t\n\n\t\n\t\t<div class=\"content\">\n\n\t\t\t<div class=\"post-meta post-meta-a has-below\"><h2 class=\"is-title post-title\"><a href=\"https:\/\/dorogimedence.hu\/index.php\/2026\/05\/01\/elso-alkalommal-rendeztek-meg-a-fold-kincskeresot-esztergomban\/\">Els\u0151 alkalommal rendezt\u00e9k meg a F\u00f6ld Kincskeres\u0151t Esztergomban<\/a><\/h2><div class=\"post-meta-items meta-below\"><span class=\"meta-item post-author\"><span class=\"by\">By<\/span> <a href=\"https:\/\/dorogimedence.hu\/index.php\/author\/lehoo88\/\" title=\"dorogimedence.hu bejegyz\u00e9se\" rel=\"author\">dorogimedence.hu<\/a><\/span><span class=\"meta-item has-next-icon date\"><span class=\"date-link\"><time class=\"post-date\" datetime=\"2026-05-01T07:27:21+02:00\">2026-05-01<\/time><\/span><\/span><span class=\"meta-item comments has-icon\"><a href=\"https:\/\/dorogimedence.hu\/index.php\/2026\/05\/01\/elso-alkalommal-rendeztek-meg-a-fold-kincskeresot-esztergomban\/#respond\"><i class=\"tsi tsi-comment-o\"><\/i>0<\/a><\/span><\/div><\/div>\t\t\t\n\t\t\t\t\t\t\n\t\t\t\t<div class=\"excerpt\">\n\t\t\t\t\t<p>A F\u00f6ld napja alkalm\u00e1b\u00f3l id\u00e9n el\u0151sz\u00f6r szervezt\u00e9k meg a F\u00f6ld Kincskeres\u0151 programot Esztergomban, ahol az&hellip;<\/p>\n\t\t\t\t<\/div>\n\t\t\t\n\t\t\t\n\t\t\t\n\t\t\t\t<a href=\"https:\/\/dorogimedence.hu\/index.php\/2026\/05\/01\/elso-alkalommal-rendeztek-meg-a-fold-kincskeresot-esztergomban\/\" class=\"read-more-link read-more-basic\">\n\t\t\t\t\tRead More\t\t\t\t<\/a>\n\n\t\t\t\n\t\t<\/div>\n\n\t\n<\/article>\n\t\t\t\t\n\t\t\t\n<article class=\"l-post list-post list-post-on-sm m-pos-left\">\n\n\t\n\t\t\t<div class=\"media\">\n\n\t\t\n\t\t\t<a href=\"https:\/\/dorogimedence.hu\/index.php\/2026\/05\/01\/kiuteses-esztergomi-gyozelem-karnyujtasnyira-a-negyedik-hely\/\" class=\"image-link media-ratio ratio-is-custom\" title=\"Ki\u00fct\u00e9ses esztergomi gy\u0151zelem, karny\u00fajt\u00e1snyira a negyedik hely\"><img loading=\"lazy\" decoding=\"async\" width=\"333\" height=\"211\" src=\"https:\/\/dorogimedence.hu\/wp-content\/uploads\/2026\/05\/kezilabda-450x227.jpg\" class=\"attachment-bunyad-medium size-bunyad-medium wp-post-image\" alt=\"\" sizes=\"(max-width: 333px) 100vw, 333px\" title=\"Ki\u00fct\u00e9ses esztergomi gy\u0151zelem, karny\u00fajt\u00e1snyira a negyedik hely\" srcset=\"https:\/\/dorogimedence.hu\/wp-content\/uploads\/2026\/05\/kezilabda-450x227.jpg 450w, https:\/\/dorogimedence.hu\/wp-content\/uploads\/2026\/05\/kezilabda-600x303.jpg 600w, https:\/\/dorogimedence.hu\/wp-content\/uploads\/2026\/05\/kezilabda-768x388.jpg 768w, https:\/\/dorogimedence.hu\/wp-content\/uploads\/2026\/05\/kezilabda-1536x776.jpg 1536w, https:\/\/dorogimedence.hu\/wp-content\/uploads\/2026\/05\/kezilabda-1200x606.jpg 1200w, https:\/\/dorogimedence.hu\/wp-content\/uploads\/2026\/05\/kezilabda.jpg 1920w\" \/><\/a>\t\t\t\n\t\t\t\n\t\t\t\n\t\t\t\n\t\t\n\t\t<\/div>\n\t\n\n\t\n\t\t<div class=\"content\">\n\n\t\t\t<div class=\"post-meta post-meta-a has-below\"><h2 class=\"is-title post-title\"><a href=\"https:\/\/dorogimedence.hu\/index.php\/2026\/05\/01\/kiuteses-esztergomi-gyozelem-karnyujtasnyira-a-negyedik-hely\/\">Ki\u00fct\u00e9ses esztergomi gy\u0151zelem, karny\u00fajt\u00e1snyira a negyedik hely<\/a><\/h2><div class=\"post-meta-items meta-below\"><span class=\"meta-item post-author\"><span class=\"by\">By<\/span> <a href=\"https:\/\/dorogimedence.hu\/index.php\/author\/lehoo88\/\" title=\"dorogimedence.hu bejegyz\u00e9se\" rel=\"author\">dorogimedence.hu<\/a><\/span><span class=\"meta-item has-next-icon date\"><span class=\"date-link\"><time class=\"post-date\" datetime=\"2026-05-01T07:08:54+02:00\">2026-05-01<\/time><\/span><\/span><span class=\"meta-item comments has-icon\"><a href=\"https:\/\/dorogimedence.hu\/index.php\/2026\/05\/01\/kiuteses-esztergomi-gyozelem-karnyujtasnyira-a-negyedik-hely\/#respond\"><i class=\"tsi tsi-comment-o\"><\/i>0<\/a><\/span><\/div><\/div>\t\t\t\n\t\t\t\t\t\t\n\t\t\t\t<div class=\"excerpt\">\n\t\t\t\t\t<p>F\u00f6l\u00e9nyes gy\u0151zelmet aratott a MOL Esztergom a n\u0151i k\u00e9zilabda NB I-ben: az esztergomiak \u00e1prilis 30-\u00e1n,&hellip;<\/p>\n\t\t\t\t<\/div>\n\t\t\t\n\t\t\t\n\t\t\t\n\t\t\t\t<a href=\"https:\/\/dorogimedence.hu\/index.php\/2026\/05\/01\/kiuteses-esztergomi-gyozelem-karnyujtasnyira-a-negyedik-hely\/\" class=\"read-more-link read-more-basic\">\n\t\t\t\t\tRead More\t\t\t\t<\/a>\n\n\t\t\t\n\t\t<\/div>\n\n\t\n<\/article>\n\t\t\n\t<\/div>\n\n\t\t\t\t\t<\/div>\n\n\t\t<\/section>\n\t\t\t\t\t\t<\/div>\n\t\t\t\t<\/div>\n\t\t\t\t<div class=\"elementor-element elementor-element-7e8fa3d3 elementor-widget elementor-widget-smartmag-postssmall\" data-id=\"7e8fa3d3\" data-element_type=\"widget\" data-e-type=\"widget\" data-widget_type=\"smartmag-postssmall.default\">\n\t\t\t\t<div class=\"elementor-widget-container\">\n\t\t\t\t\t\t\t<section class=\"block-wrap block-posts-small block-sc\" data-id=\"20\">\n\n\t\t\t\t\t\t\t\t\n\t\t\t\t\t\t\t\n\t\t\t\t<div class=\"block-head block-head-d is-left\">\n\n\t\t\t\t\t<h4 class=\"heading\">Listing: Timeline<\/h4>\t\t\t\t\t\n\t\t\t\t\t\t\t\t\t<\/div>\n\t\t\t\t\n\t\t\t\n\t\t\t\n\t\t\t<div class=\"block-content\">\n\t\t\t\t\n\t<div class=\"loop loop-small loop-small-b loop-sep loop-small-sep grid grid-1 md:grid-1 sm:grid-1 xs:grid-1\">\n\n\t\t\t\t\t\n<article class=\"l-post small-post small-b-post m-pos-left\">\n\n\t\n\t\n\n\t\n\t\t<div class=\"content\">\n\n\t\t\t<div class=\"post-meta post-meta-a post-meta-left has-below\"><h4 class=\"is-title post-title\"><a href=\"https:\/\/dorogimedence.hu\/index.php\/2026\/05\/01\/ma-kezdodnek-az-esztergom-napok-harom-nap-tobb-tucat-program\/\">Ma kezd\u0151dnek az Esztergom Napok: h\u00e1rom nap, t\u00f6bb tucat program<\/a><\/h4><div class=\"post-meta-items meta-below\"><span class=\"meta-item date\"><span class=\"date-link\"><time class=\"post-date\" datetime=\"2026-05-01T07:59:46+02:00\">2026-05-01<\/time><\/span><\/span><\/div><\/div>\t\t\t\n\t\t\t\n\t\t\t\n\t\t<\/div>\n\n\t\n<\/article>\t\n\t\t\t\t\t\n<article class=\"l-post small-post small-b-post m-pos-left\">\n\n\t\n\t\n\n\t\n\t\t<div class=\"content\">\n\n\t\t\t<div class=\"post-meta post-meta-a post-meta-left has-below\"><h4 class=\"is-title post-title\"><a href=\"https:\/\/dorogimedence.hu\/index.php\/2026\/05\/01\/elso-alkalommal-rendeztek-meg-a-fold-kincskeresot-esztergomban\/\">Els\u0151 alkalommal rendezt\u00e9k meg a F\u00f6ld Kincskeres\u0151t Esztergomban<\/a><\/h4><div class=\"post-meta-items meta-below\"><span class=\"meta-item date\"><span class=\"date-link\"><time class=\"post-date\" datetime=\"2026-05-01T07:27:21+02:00\">2026-05-01<\/time><\/span><\/span><\/div><\/div>\t\t\t\n\t\t\t\n\t\t\t\n\t\t<\/div>\n\n\t\n<\/article>\t\n\t\t\t\t\t\n<article class=\"l-post small-post small-b-post m-pos-left\">\n\n\t\n\t\n\n\t\n\t\t<div class=\"content\">\n\n\t\t\t<div class=\"post-meta post-meta-a post-meta-left has-below\"><h4 class=\"is-title post-title\"><a href=\"https:\/\/dorogimedence.hu\/index.php\/2026\/05\/01\/kiuteses-esztergomi-gyozelem-karnyujtasnyira-a-negyedik-hely\/\">Ki\u00fct\u00e9ses esztergomi gy\u0151zelem, karny\u00fajt\u00e1snyira a negyedik hely<\/a><\/h4><div class=\"post-meta-items meta-below\"><span class=\"meta-item date\"><span class=\"date-link\"><time class=\"post-date\" datetime=\"2026-05-01T07:08:54+02:00\">2026-05-01<\/time><\/span><\/span><\/div><\/div>\t\t\t\n\t\t\t\n\t\t\t\n\t\t<\/div>\n\n\t\n<\/article>\t\n\t\t\t\t\t\n<article class=\"l-post small-post small-b-post m-pos-left\">\n\n\t\n\t\n\n\t\n\t\t<div class=\"content\">\n\n\t\t\t<div class=\"post-meta post-meta-a post-meta-left has-below\"><h4 class=\"is-title post-title\"><a href=\"https:\/\/dorogimedence.hu\/index.php\/2026\/05\/01\/kiemelt-nav-ellenorzesek-a-hosszu-hetvegen\/\">Kiemelt NAV ellen\u0151rz\u00e9sek a hossz\u00fa h\u00e9tv\u00e9g\u00e9n<\/a><\/h4><div class=\"post-meta-items meta-below\"><span class=\"meta-item date\"><span class=\"date-link\"><time class=\"post-date\" datetime=\"2026-05-01T06:48:16+02:00\">2026-05-01<\/time><\/span><\/span><\/div><\/div>\t\t\t\n\t\t\t\n\t\t\t\n\t\t<\/div>\n\n\t\n<\/article>\t\n\t\t\t\t\t\n<article class=\"l-post small-post small-b-post m-pos-left\">\n\n\t\n\t\n\n\t\n\t\t<div class=\"content\">\n\n\t\t\t<div class=\"post-meta post-meta-a post-meta-left has-below\"><h4 class=\"is-title post-title\"><a href=\"https:\/\/dorogimedence.hu\/index.php\/2026\/04\/30\/indul-az-erettsegi-tobb-mint-4300-diak-vizsgazik-a-varmegyeben\/\">Indul az \u00e9retts\u00e9gi: t\u00f6bb mint 4300 di\u00e1k vizsg\u00e1zik a v\u00e1rmegy\u00e9ben<\/a><\/h4><div class=\"post-meta-items meta-below\"><span class=\"meta-item date\"><span class=\"date-link\"><time class=\"post-date\" datetime=\"2026-04-30T15:12:04+02:00\">2026-04-30<\/time><\/span><\/span><\/div><\/div>\t\t\t\n\t\t\t\n\t\t\t\n\t\t<\/div>\n\n\t\n<\/article>\t\n\t\t\n\t<\/div>\n\n\t\t\t\t\t<\/div>\n\n\t\t<\/section>\n\t\t\t\t\t\t<\/div>\n\t\t\t\t<\/div>\n\t\t\t\t<div class=\"elementor-element elementor-element-f5085eb elementor-widget elementor-widget-smartmag-large\" data-id=\"f5085eb\" data-element_type=\"widget\" data-e-type=\"widget\" data-widget_type=\"smartmag-large.default\">\n\t\t\t\t<div class=\"elementor-widget-container\">\n\t\t\t\t\t\t\t<section class=\"block-wrap block-large block-sc\" data-id=\"21\">\n\n\t\t\t\t\t\t\t\t\n\t\t\t\t\t\t\t\n\t\t\t\t<div class=\"block-head block-head-d is-left\">\n\n\t\t\t\t\t<h4 class=\"heading\">Listing: Classic<\/h4>\t\t\t\t\t\n\t\t\t\t\t\t\t\t\t<\/div>\n\t\t\t\t\n\t\t\t\n\t\t\t\n\t\t\t<div class=\"block-content\">\n\t\t\t\t\t\n\t<div class=\"loop loop-grid loop-grid-lg grid grid-2 md:grid-2 xs:grid-1\">\n\n\t\t\t\t\t\n<article id=\"post-79875\" class=\"post-79875 post type-post status-publish format-standard has-post-thumbnail category-esztergom category-hirek category-programok tag-esztergom tag-esztergom-napok tag-featured tag-program\">\n\t\n\t<header class=\"the-post-header post-header cf\">\n\t\n\t\t\n\t\t\t\n\t<div class=\"featured\">\n\t\t\t\t\n\t\t\t<a href=\"https:\/\/dorogimedence.hu\/index.php\/2026\/05\/01\/ma-kezdodnek-az-esztergom-napok-harom-nap-tobb-tucat-program\/\" class=\"image-link media-ratio ratio-is-custom\" title=\"Ma kezd\u0151dnek az Esztergom Napok: h\u00e1rom nap, t\u00f6bb tucat program\"><img loading=\"lazy\" decoding=\"async\" width=\"755\" height=\"378\" src=\"https:\/\/dorogimedence.hu\/wp-content\/uploads\/2026\/05\/en-03-768x575.jpg\" class=\"attachment-bunyad-768 size-bunyad-768 wp-post-image\" alt=\"\" sizes=\"(max-width: 755px) 100vw, 755px\" title=\"Ma kezd\u0151dnek az Esztergom Napok: h\u00e1rom nap, t\u00f6bb tucat program\" srcset=\"https:\/\/dorogimedence.hu\/wp-content\/uploads\/2026\/05\/en-03-768x575.jpg 768w, https:\/\/dorogimedence.hu\/wp-content\/uploads\/2026\/05\/en-03-600x449.jpg 600w, https:\/\/dorogimedence.hu\/wp-content\/uploads\/2026\/05\/en-03-1536x1150.jpg 1536w, https:\/\/dorogimedence.hu\/wp-content\/uploads\/2026\/05\/en-03-1200x899.jpg 1200w, https:\/\/dorogimedence.hu\/wp-content\/uploads\/2026\/05\/en-03.jpg 1920w\" \/><\/a>\t\t\n\t\t\t\t\t\t\n\t\t\t<\/div>\n\n\t\t\t\n\t\t\t\t\n\t\t\t\t\t<div class=\"heading cf\">\n\t\t\t\t\n\t\t\t<h2 class=\"post-title\">\n\t\t\t\t\t\t\n\t\t\t\t<a href=\"https:\/\/dorogimedence.hu\/index.php\/2026\/05\/01\/ma-kezdodnek-az-esztergom-napok-harom-nap-tobb-tucat-program\/\" title=\"Ma kezd\u0151dnek az Esztergom Napok: h\u00e1rom nap, t\u00f6bb tucat program\" rel=\"bookmark\">\n\t\t\t\t\tMa kezd\u0151dnek az Esztergom Napok: h\u00e1rom nap, t\u00f6bb tucat program<\/a>\n\t\t\t\t\t\n\t\t\t\t\t\t<\/h2>\n\t\t\t\n\t\t\t<a href=\"https:\/\/dorogimedence.hu\/index.php\/2026\/05\/01\/ma-kezdodnek-az-esztergom-napok-harom-nap-tobb-tucat-program\/#respond\" class=\"comments\"><i class=\"tsi tsi-comments-o\"><\/i> 0<\/a>\n\t\t\n\t\t<\/div>\n\n\t\t<div class=\"the-post-meta cf\">\n\t\t\t<span class=\"posted-by\">By \n\t\t\t\t<span class=\"reviewer\"><a href=\"https:\/\/dorogimedence.hu\/index.php\/author\/lehoo88\/\" title=\"dorogimedence.hu bejegyz\u00e9se\" rel=\"author\">dorogimedence.hu<\/a><\/span>\n\t\t\t<\/span>\n\t\t\t \n\t\t\t<span class=\"posted-on\">on\t\t\t\t<span class=\"dtreviewed\">\n\t\t\t\t\t<time class=\"value-title\" datetime=\"2026-05-01T07:59:46+02:00\" title=\"2026-05-01\">2026-05-01<\/time>\n\t\t\t\t<\/span>\n\t\t\t<\/span>\n\t\t\t\n\t\t\t<span class=\"cats\"><a href=\"https:\/\/dorogimedence.hu\/index.php\/category\/esztergom\/\" rel=\"category tag\">Esztergom<\/a>, <a href=\"https:\/\/dorogimedence.hu\/index.php\/category\/hirek\/\" rel=\"category tag\">H\u00edrek<\/a>, <a href=\"https:\/\/dorogimedence.hu\/index.php\/category\/programok\/\" rel=\"category tag\">Programok<\/a><\/span>\n\t\t\t\t\n\t\t<\/div>\t\t\t\n\t\t\t\t\n\t<\/header>\n\n\t\n<div class=\"post-content-wrap has-share-float\">\n\t\t\t\t\t\t\t\t\t\n\t<div class=\"post-content cf entry-content content-normal\">\n\n\t\t\n\t\t\t\t\n\t\t<p>M\u00e1jus 1. \u00e9s 3. k\u00f6z\u00f6tt ism\u00e9t nagyszab\u00e1s\u00fa programsorozat v\u00e1rja az \u00e9rdekl\u0151d\u0151ket Esztergomban: ma kezd\u0151dnek az Esztergom Napok, ahol h\u00e1rom napon \u00e1t koncertek, csal\u00e1di programok \u00e9s k\u00f6z\u00f6ss\u00e9gi \u00e9lm\u00e9nyek v\u00e1ltj\u00e1k egym\u00e1st a v\u00e1ros f\u0151ter\u00e9n. A rendezv\u00e9ny a megyei jog\u00fa v\u00e1rosi rang \u00fcnnep\u00e9hez kapcsol\u00f3dik, \u00e9s id\u00e9n is ingyenesen l\u00e1togathat\u00f3. A Sz\u00e9chenyi t\u00e9r ez\u00fattal is a fesztiv\u00e1l k\u00f6zponti helysz\u00edne, ahol napk\u00f6zben a csal\u00e1dokat megsz\u00f3l\u00edt\u00f3 programok, d\u00e9lut\u00e1n \u00e9s est\u00e9nk\u00e9nt pedig ismert el\u0151ad\u00f3k koncertjei v\u00e1rj\u00e1k a l\u00e1togat\u00f3kat. Programok M\u00e1jus 1. (p\u00e9ntek) 11:00 Kiskal\u00e1sz Zenekar 12:30 Bad\u00e1r Tam\u00e1s b\u0171v\u00e9sz el\u0151ad\u00e1sa 15:00 Kv\u00edz Show 17:30 J\u00f3vil\u00e1gvan 20:00 4S Street M\u00e1jus 2. (szombat) 11:00 Bubor\u00e9k Egy\u00fcttes 12:00 Canem kuty\u00e1s&hellip;<\/p>\n<div><a href=\"https:\/\/dorogimedence.hu\/index.php\/2026\/05\/01\/ma-kezdodnek-az-esztergom-napok-harom-nap-tobb-tucat-program\/\" class=\"ts-button read-more-btn\">Read More<\/a><\/div>\n\n\t\t\t\t\n\t\t\n\t\t\n\t\t\n\t<\/div>\n<\/div>\n\t\n\t\t\n<\/article>\n\n\n\n\n\n\t<\/div>\n\n\t\t\n\t\t\t<\/div>\n\n\t\t<\/section>\n\t\t\t\t\t\t<\/div>\n\t\t\t\t<\/div>\n\t\t\t\t\t<\/div>\n\t\t<\/div>\n\t\t\t\t\t<\/div>\n\t\t<\/section>\n\t\t\t\t<\/div>\n\t\t","protected":false},"excerpt":{"rendered":"","protected":false},"author":1,"featured_media":0,"parent":0,"menu_order":0,"comment_status":"closed","ping_status":"closed","template":"page-blocks.php","meta":{"ngg_post_thumbnail":0,"footnotes":""},"class_list":["post-32172","page","type-page","status-publish"],"yoast_head":"<!-- This site is optimized with the Yoast SEO plugin v27.5 - https:\/\/yoast.com\/product\/yoast-seo-wordpress\/ -->\n<title>Home Blocks - Dorogi-medence Region\u00e1lis H\u00edrport\u00e1l<\/title>\n<meta name=\"robots\" content=\"index, follow, max-snippet:-1, max-image-preview:large, max-video-preview:-1\" \/>\n<link rel=\"canonical\" href=\"https:\/\/dorogimedence.hu\/index.php\/home-blocks\/\" class=\"yoast-seo-meta-tag\" \/>\n<meta property=\"og:locale\" content=\"hu_HU\" class=\"yoast-seo-meta-tag\" \/>\n<meta property=\"og:type\" content=\"article\" class=\"yoast-seo-meta-tag\" \/>\n<meta property=\"og:title\" content=\"Home Blocks - Dorogi-medence Region\u00e1lis H\u00edrport\u00e1l\" class=\"yoast-seo-meta-tag\" \/>\n<meta property=\"og:url\" content=\"https:\/\/dorogimedence.hu\/index.php\/home-blocks\/\" class=\"yoast-seo-meta-tag\" \/>\n<meta property=\"og:site_name\" content=\"Dorogi-medence Region\u00e1lis H\u00edrport\u00e1l\" class=\"yoast-seo-meta-tag\" \/>\n<meta property=\"article:publisher\" content=\"https:\/\/www.facebook.com\/dorogimedence\/\" class=\"yoast-seo-meta-tag\" \/>\n<meta name=\"twitter:card\" content=\"summary_large_image\" class=\"yoast-seo-meta-tag\" \/>\n<script type=\"application\/ld+json\" class=\"yoast-schema-graph\">{\"@context\":\"https:\\\/\\\/schema.org\",\"@graph\":[{\"@type\":\"WebPage\",\"@id\":\"https:\\\/\\\/dorogimedence.hu\\\/index.php\\\/home-blocks\\\/\",\"url\":\"https:\\\/\\\/dorogimedence.hu\\\/index.php\\\/home-blocks\\\/\",\"name\":\"Home Blocks - Dorogi-medence Region\u00e1lis H\u00edrport\u00e1l\",\"isPartOf\":{\"@id\":\"https:\\\/\\\/dorogimedence.hu\\\/#website\"},\"datePublished\":\"2017-01-23T21:19:31+00:00\",\"breadcrumb\":{\"@id\":\"https:\\\/\\\/dorogimedence.hu\\\/index.php\\\/home-blocks\\\/#breadcrumb\"},\"inLanguage\":\"hu\",\"potentialAction\":[{\"@type\":\"ReadAction\",\"target\":[\"https:\\\/\\\/dorogimedence.hu\\\/index.php\\\/home-blocks\\\/\"]}]},{\"@type\":\"BreadcrumbList\",\"@id\":\"https:\\\/\\\/dorogimedence.hu\\\/index.php\\\/home-blocks\\\/#breadcrumb\",\"itemListElement\":[{\"@type\":\"ListItem\",\"position\":1,\"name\":\"Kezd\u0151lap\",\"item\":\"https:\\\/\\\/dorogimedence.hu\\\/\"},{\"@type\":\"ListItem\",\"position\":2,\"name\":\"Home Blocks\"}]},{\"@type\":\"WebSite\",\"@id\":\"https:\\\/\\\/dorogimedence.hu\\\/#website\",\"url\":\"https:\\\/\\\/dorogimedence.hu\\\/\",\"name\":\"Dorogi-medence Region\u00e1lis H\u00edrport\u00e1l\",\"description\":\"Dorog, Keszt\u00f6lc, Le\u00e1nyv\u00e1r, Piliscs\u00e9v, Tokod, Tokodalt\u00e1r\u00f3, Csolnok, Esztergom-kertv\u00e1ros: h\u00edrek, programok\",\"publisher\":{\"@id\":\"https:\\\/\\\/dorogimedence.hu\\\/#organization\"},\"potentialAction\":[{\"@type\":\"SearchAction\",\"target\":{\"@type\":\"EntryPoint\",\"urlTemplate\":\"https:\\\/\\\/dorogimedence.hu\\\/?s={search_term_string}\"},\"query-input\":{\"@type\":\"PropertyValueSpecification\",\"valueRequired\":true,\"valueName\":\"search_term_string\"}}],\"inLanguage\":\"hu\"},{\"@type\":\"Organization\",\"@id\":\"https:\\\/\\\/dorogimedence.hu\\\/#organization\",\"name\":\"Dorogi-medence Region\u00e1lis H\u00edrport\u00e1l\",\"url\":\"https:\\\/\\\/dorogimedence.hu\\\/\",\"logo\":{\"@type\":\"ImageObject\",\"inLanguage\":\"hu\",\"@id\":\"https:\\\/\\\/dorogimedence.hu\\\/#\\\/schema\\\/logo\\\/image\\\/\",\"url\":\"https:\\\/\\\/dorogimedence.hu\\\/wp-content\\\/uploads\\\/2021\\\/04\\\/logo-feher-600.png\",\"contentUrl\":\"https:\\\/\\\/dorogimedence.hu\\\/wp-content\\\/uploads\\\/2021\\\/04\\\/logo-feher-600.png\",\"width\":600,\"height\":100,\"caption\":\"Dorogi-medence Region\u00e1lis H\u00edrport\u00e1l\"},\"image\":{\"@id\":\"https:\\\/\\\/dorogimedence.hu\\\/#\\\/schema\\\/logo\\\/image\\\/\"},\"sameAs\":[\"https:\\\/\\\/www.facebook.com\\\/dorogimedence\\\/\"]}]}<\/script>\n<!-- \/ Yoast SEO plugin. -->","yoast_head_json":{"title":"Home Blocks - Dorogi-medence Region\u00e1lis H\u00edrport\u00e1l","robots":{"index":"index","follow":"follow","max-snippet":"max-snippet:-1","max-image-preview":"max-image-preview:large","max-video-preview":"max-video-preview:-1"},"canonical":"https:\/\/dorogimedence.hu\/index.php\/home-blocks\/","og_locale":"hu_HU","og_type":"article","og_title":"Home Blocks - Dorogi-medence Region\u00e1lis H\u00edrport\u00e1l","og_url":"https:\/\/dorogimedence.hu\/index.php\/home-blocks\/","og_site_name":"Dorogi-medence Region\u00e1lis H\u00edrport\u00e1l","article_publisher":"https:\/\/www.facebook.com\/dorogimedence\/","twitter_card":"summary_large_image","schema":{"@context":"https:\/\/schema.org","@graph":[{"@type":"WebPage","@id":"https:\/\/dorogimedence.hu\/index.php\/home-blocks\/","url":"https:\/\/dorogimedence.hu\/index.php\/home-blocks\/","name":"Home Blocks - Dorogi-medence Region\u00e1lis H\u00edrport\u00e1l","isPartOf":{"@id":"https:\/\/dorogimedence.hu\/#website"},"datePublished":"2017-01-23T21:19:31+00:00","breadcrumb":{"@id":"https:\/\/dorogimedence.hu\/index.php\/home-blocks\/#breadcrumb"},"inLanguage":"hu","potentialAction":[{"@type":"ReadAction","target":["https:\/\/dorogimedence.hu\/index.php\/home-blocks\/"]}]},{"@type":"BreadcrumbList","@id":"https:\/\/dorogimedence.hu\/index.php\/home-blocks\/#breadcrumb","itemListElement":[{"@type":"ListItem","position":1,"name":"Kezd\u0151lap","item":"https:\/\/dorogimedence.hu\/"},{"@type":"ListItem","position":2,"name":"Home Blocks"}]},{"@type":"WebSite","@id":"https:\/\/dorogimedence.hu\/#website","url":"https:\/\/dorogimedence.hu\/","name":"Dorogi-medence Region\u00e1lis H\u00edrport\u00e1l","description":"Dorog, Keszt\u00f6lc, Le\u00e1nyv\u00e1r, Piliscs\u00e9v, Tokod, Tokodalt\u00e1r\u00f3, Csolnok, Esztergom-kertv\u00e1ros: h\u00edrek, programok","publisher":{"@id":"https:\/\/dorogimedence.hu\/#organization"},"potentialAction":[{"@type":"SearchAction","target":{"@type":"EntryPoint","urlTemplate":"https:\/\/dorogimedence.hu\/?s={search_term_string}"},"query-input":{"@type":"PropertyValueSpecification","valueRequired":true,"valueName":"search_term_string"}}],"inLanguage":"hu"},{"@type":"Organization","@id":"https:\/\/dorogimedence.hu\/#organization","name":"Dorogi-medence Region\u00e1lis H\u00edrport\u00e1l","url":"https:\/\/dorogimedence.hu\/","logo":{"@type":"ImageObject","inLanguage":"hu","@id":"https:\/\/dorogimedence.hu\/#\/schema\/logo\/image\/","url":"https:\/\/dorogimedence.hu\/wp-content\/uploads\/2021\/04\/logo-feher-600.png","contentUrl":"https:\/\/dorogimedence.hu\/wp-content\/uploads\/2021\/04\/logo-feher-600.png","width":600,"height":100,"caption":"Dorogi-medence Region\u00e1lis H\u00edrport\u00e1l"},"image":{"@id":"https:\/\/dorogimedence.hu\/#\/schema\/logo\/image\/"},"sameAs":["https:\/\/www.facebook.com\/dorogimedence\/"]}]}},"_links":{"self":[{"href":"https:\/\/dorogimedence.hu\/index.php\/wp-json\/wp\/v2\/pages\/32172","targetHints":{"allow":["GET"]}}],"collection":[{"href":"https:\/\/dorogimedence.hu\/index.php\/wp-json\/wp\/v2\/pages"}],"about":[{"href":"https:\/\/dorogimedence.hu\/index.php\/wp-json\/wp\/v2\/types\/page"}],"author":[{"embeddable":true,"href":"https:\/\/dorogimedence.hu\/index.php\/wp-json\/wp\/v2\/users\/1"}],"replies":[{"embeddable":true,"href":"https:\/\/dorogimedence.hu\/index.php\/wp-json\/wp\/v2\/comments?post=32172"}],"version-history":[{"count":0,"href":"https:\/\/dorogimedence.hu\/index.php\/wp-json\/wp\/v2\/pages\/32172\/revisions"}],"wp:attachment":[{"href":"https:\/\/dorogimedence.hu\/index.php\/wp-json\/wp\/v2\/media?parent=32172"}],"curies":[{"name":"wp","href":"https:\/\/api.w.org\/{rel}","templated":true}]}}