{"id":32164,"date":"2017-01-07T18:56:23","date_gmt":"2017-01-07T18:56:23","guid":{"rendered":"https:\/\/smartmag.theme-sphere.com\/zine\/"},"modified":"2026-04-23T15:49:57","modified_gmt":"2026-04-23T13:49:57","slug":"kezdolap","status":"publish","type":"page","link":"https:\/\/dorogimedence.hu\/","title":{"rendered":"Kezd\u0151lap"},"content":{"rendered":"\t\t<div data-elementor-type=\"wp-page\" data-elementor-id=\"32164\" class=\"elementor elementor-32164\">\n\t\t\t\t\t\t<section class=\"has-el-gap el-gap-default elementor-section elementor-top-section elementor-element elementor-element-ea0c95e is-full-xs elementor-section-boxed elementor-section-height-default elementor-section-height-default\" data-id=\"ea0c95e\" data-element_type=\"section\" data-e-type=\"section\">\n\t\t\t\t\t\t<div class=\"elementor-container elementor-column-gap-no\">\n\t\t\t\t\t<div class=\"elementor-column elementor-col-100 elementor-top-column elementor-element elementor-element-106057b\" data-id=\"106057b\" data-element_type=\"column\" data-e-type=\"column\">\n\t\t\t<div class=\"elementor-widget-wrap elementor-element-populated\">\n\t\t\t\t\t\t<div class=\"elementor-element elementor-element-a1583cb elementor-widget elementor-widget-smartmag-featgrid\" data-id=\"a1583cb\" data-element_type=\"widget\" data-e-type=\"widget\" data-widget_type=\"smartmag-featgrid.default\">\n\t\t\t\t<div class=\"elementor-widget-container\">\n\t\t\t\t\t\t\t<section class=\"block-wrap block-feat-grid block-sc mb-none\" data-id=\"1\">\n\n\t\t\t\t\n\t\t\t<div class=\"block-content\">\n\t\t\t\t\t\n<section class=\"feat-grid feat-grid-d static feat-grid-ratio\">\n\n\t<div class=\"slides\" data-parallax>\n\t\n\t\n\t\t\t\t\t<div class=\"items-wrap slide-wrap\">\n\t\t\t\t\t\n\t\t\t\t\t\t\t\n\t\t\t\t<div class=\"item item-large item-main item-1 pos-bot\">\n\n\t\t\t\t\t\n<article class=\"l-post grid-overlay grid-overlay-a hover-zoom\">\n\n\t\n\t\t\t<div class=\"media\">\n\n\t\t\n\t\t\t<a href=\"https:\/\/dorogimedence.hu\/index.php\/2026\/05\/02\/tobb-kobmeter-szemetet-gyujtottek-a-pilisben\/\" class=\"image-link\" title=\"T\u00f6bb k\u00f6bm\u00e9ter szemetet gy\u0171jt\u00f6ttek a Pilisben\"><img fetchpriority=\"high\" decoding=\"async\" width=\"768\" height=\"511\" src=\"https:\/\/dorogimedence.hu\/wp-content\/uploads\/2026\/05\/687878607_1274658611499844_2694520192222763764_n-768x511.jpg\" class=\"attachment-bunyad-768 size-bunyad-768 wp-post-image\" alt=\"\" sizes=\"(max-width: 561px) 100vw, 561px\" title=\"T\u00f6bb k\u00f6bm\u00e9ter szemetet gy\u0171jt\u00f6ttek a Pilisben\" srcset=\"https:\/\/dorogimedence.hu\/wp-content\/uploads\/2026\/05\/687878607_1274658611499844_2694520192222763764_n-768x511.jpg 768w, https:\/\/dorogimedence.hu\/wp-content\/uploads\/2026\/05\/687878607_1274658611499844_2694520192222763764_n-1920x1278.jpg 1920w, https:\/\/dorogimedence.hu\/wp-content\/uploads\/2026\/05\/687878607_1274658611499844_2694520192222763764_n-1536x1022.jpg 1536w, https:\/\/dorogimedence.hu\/wp-content\/uploads\/2026\/05\/687878607_1274658611499844_2694520192222763764_n-1200x799.jpg 1200w, https:\/\/dorogimedence.hu\/wp-content\/uploads\/2026\/05\/687878607_1274658611499844_2694520192222763764_n.jpg 2048w\" \/><\/a>\t\t\t\n\t\t\t\n\t\t\t\n\t\t\t\n\t\t\n\t\t<\/div>\n\t\n\n\t\t\t<div class=\"content-wrap\">\n\t\n\t\t<div class=\"content\">\n\n\t\t\t<div class=\"post-meta post-meta-a meta-contrast has-below\"><div class=\"post-meta-items meta-above\"><span class=\"meta-item cat-labels\">\n\t\t\t\t\t\t\n\t\t\t\t\t\t<a href=\"https:\/\/dorogimedence.hu\/index.php\/category\/esztergom\/\" class=\"category term-color-38\" rel=\"category\" tabindex=\"-1\">Esztergom<\/a>\n\t\t\t\t\t<\/span>\n\t\t\t\t\t<\/div><h2 class=\"is-title post-title\"><a href=\"https:\/\/dorogimedence.hu\/index.php\/2026\/05\/02\/tobb-kobmeter-szemetet-gyujtottek-a-pilisben\/\">T\u00f6bb k\u00f6bm\u00e9ter szemetet gy\u0171jt\u00f6ttek a Pilisben<\/a><\/h2><div class=\"post-meta-items meta-below\"><span class=\"meta-item date\"><span class=\"date-link\"><time class=\"post-date\" datetime=\"2026-05-02T12:19:13+02:00\">2026-05-02<\/time><\/span><\/span><\/div><\/div>\t\t\t\n\t\t\t\n\t\t\t\n\t\t<\/div>\n\n\t\t\t<\/div>\n\t\n<\/article>\n\t\t\t\t<\/div>\n\t\t\t\t\t\t\t\n\t\t\t\t\t\t\t\n\t\t\t\t<div class=\"item item-medium item-2 pos-bot\">\n\n\t\t\t\t\t\n<article class=\"l-post grid-overlay grid-overlay-a hover-zoom\">\n\n\t\n\t\t\t<div class=\"media\">\n\n\t\t\n\t\t\t<a href=\"https:\/\/dorogimedence.hu\/index.php\/2026\/05\/02\/igy-unnepelt-csolnok-kozosseg-majalis-hagyomany\/\" class=\"image-link\" title=\"\u00cdgy \u00fcnnepelt Csolnok: k\u00f6z\u00f6ss\u00e9g, maj\u00e1lis, hagyom\u00e1ny\"><img decoding=\"async\" width=\"768\" height=\"513\" src=\"https:\/\/dorogimedence.hu\/wp-content\/uploads\/2026\/05\/687034195_1443100254284817_4846044072218453219_n-768x513.jpg\" class=\"attachment-bunyad-768 size-bunyad-768 wp-post-image\" alt=\"\" sizes=\"(max-width: 561px) 100vw, 561px\" title=\"\u00cdgy \u00fcnnepelt Csolnok: k\u00f6z\u00f6ss\u00e9g, maj\u00e1lis, hagyom\u00e1ny\" srcset=\"https:\/\/dorogimedence.hu\/wp-content\/uploads\/2026\/05\/687034195_1443100254284817_4846044072218453219_n-768x513.jpg 768w, https:\/\/dorogimedence.hu\/wp-content\/uploads\/2026\/05\/687034195_1443100254284817_4846044072218453219_n-1920x1282.jpg 1920w, https:\/\/dorogimedence.hu\/wp-content\/uploads\/2026\/05\/687034195_1443100254284817_4846044072218453219_n-1536x1025.jpg 1536w, https:\/\/dorogimedence.hu\/wp-content\/uploads\/2026\/05\/687034195_1443100254284817_4846044072218453219_n-1200x801.jpg 1200w, https:\/\/dorogimedence.hu\/wp-content\/uploads\/2026\/05\/687034195_1443100254284817_4846044072218453219_n.jpg 2048w\" \/><\/a>\t\t\t\n\t\t\t\n\t\t\t\n\t\t\t\n\t\t\n\t\t<\/div>\n\t\n\n\t\t\t<div class=\"content-wrap\">\n\t\n\t\t<div class=\"content\">\n\n\t\t\t<div class=\"post-meta post-meta-a meta-contrast has-below\"><div class=\"post-meta-items meta-above\"><span class=\"meta-item cat-labels\">\n\t\t\t\t\t\t\n\t\t\t\t\t\t<a href=\"https:\/\/dorogimedence.hu\/index.php\/category\/csolnok\/\" class=\"category term-color-64\" rel=\"category\" tabindex=\"-1\">Csolnok<\/a>\n\t\t\t\t\t<\/span>\n\t\t\t\t\t<\/div><h2 class=\"is-title post-title\"><a href=\"https:\/\/dorogimedence.hu\/index.php\/2026\/05\/02\/igy-unnepelt-csolnok-kozosseg-majalis-hagyomany\/\">\u00cdgy \u00fcnnepelt Csolnok: k\u00f6z\u00f6ss\u00e9g, maj\u00e1lis, hagyom\u00e1ny<\/a><\/h2><div class=\"post-meta-items meta-below\"><span class=\"meta-item date\"><span class=\"date-link\"><time class=\"post-date\" datetime=\"2026-05-02T09:45:41+02:00\">2026-05-02<\/time><\/span><\/span><\/div><\/div>\t\t\t\n\t\t\t\n\t\t\t\n\t\t<\/div>\n\n\t\t\t<\/div>\n\t\n<\/article>\n\t\t\t\t<\/div>\n\t\t\t\t\t\t\t\n\t\t\t\t\t\t\t\n\t\t\t\t<div class=\"item item-small item-3 pos-bot\">\n\n\t\t\t\t\t\n<article class=\"l-post grid-overlay grid-overlay-a hover-zoom\">\n\n\t\n\t\t\t<div class=\"media\">\n\n\t\t\n\t\t\t<a href=\"https:\/\/dorogimedence.hu\/index.php\/2026\/05\/01\/ma-kezdodnek-az-esztergom-napok-harom-nap-tobb-tucat-program\/\" class=\"image-link\" title=\"Ma kezd\u0151dnek az Esztergom Napok: h\u00e1rom nap, t\u00f6bb tucat program\"><img decoding=\"async\" width=\"600\" height=\"449\" src=\"https:\/\/dorogimedence.hu\/wp-content\/uploads\/2026\/05\/en-03-600x449.jpg\" class=\"attachment-medium size-medium wp-post-image\" alt=\"\" sizes=\"(max-width: 768px) 50vw, 280px\" title=\"Ma kezd\u0151dnek az Esztergom Napok: h\u00e1rom nap, t\u00f6bb tucat program\" srcset=\"https:\/\/dorogimedence.hu\/wp-content\/uploads\/2026\/05\/en-03-600x449.jpg 600w, https:\/\/dorogimedence.hu\/wp-content\/uploads\/2026\/05\/en-03-768x575.jpg 768w, https:\/\/dorogimedence.hu\/wp-content\/uploads\/2026\/05\/en-03-1536x1150.jpg 1536w, https:\/\/dorogimedence.hu\/wp-content\/uploads\/2026\/05\/en-03-150x112.jpg 150w, https:\/\/dorogimedence.hu\/wp-content\/uploads\/2026\/05\/en-03-450x337.jpg 450w, https:\/\/dorogimedence.hu\/wp-content\/uploads\/2026\/05\/en-03-1200x899.jpg 1200w, https:\/\/dorogimedence.hu\/wp-content\/uploads\/2026\/05\/en-03.jpg 1920w\" \/><\/a>\t\t\t\n\t\t\t\n\t\t\t\n\t\t\t\n\t\t\n\t\t<\/div>\n\t\n\n\t\t\t<div class=\"content-wrap\">\n\t\n\t\t<div class=\"content\">\n\n\t\t\t<div class=\"post-meta post-meta-a meta-contrast has-below\"><div class=\"post-meta-items meta-above\"><span class=\"meta-item cat-labels\">\n\t\t\t\t\t\t\n\t\t\t\t\t\t<a href=\"https:\/\/dorogimedence.hu\/index.php\/category\/esztergom\/\" class=\"category term-color-38\" rel=\"category\" tabindex=\"-1\">Esztergom<\/a>\n\t\t\t\t\t<\/span>\n\t\t\t\t\t<\/div><h2 class=\"is-title post-title\"><a href=\"https:\/\/dorogimedence.hu\/index.php\/2026\/05\/01\/ma-kezdodnek-az-esztergom-napok-harom-nap-tobb-tucat-program\/\">Ma kezd\u0151dnek az Esztergom Napok: h\u00e1rom nap, t\u00f6bb tucat program<\/a><\/h2><div class=\"post-meta-items meta-below\"><span class=\"meta-item date\"><span class=\"date-link\"><time class=\"post-date\" datetime=\"2026-05-01T07:59:46+02:00\">2026-05-01<\/time><\/span><\/span><\/div><\/div>\t\t\t\n\t\t\t\n\t\t\t\n\t\t<\/div>\n\n\t\t\t<\/div>\n\t\n<\/article>\n\t\t\t\t<\/div>\n\t\t\t\t\t\t\t\n\t\t\t\t\t\t\t\n\t\t\t\t<div class=\"item item-small item-4 pos-bot\">\n\n\t\t\t\t\t\n<article class=\"l-post grid-overlay grid-overlay-a hover-zoom\">\n\n\t\n\t\t\t<div class=\"media\">\n\n\t\t\n\t\t\t<a href=\"https:\/\/dorogimedence.hu\/index.php\/2026\/05\/01\/elso-alkalommal-rendeztek-meg-a-fold-kincskeresot-esztergomban\/\" class=\"image-link\" title=\"Els\u0151 alkalommal rendezt\u00e9k meg a F\u00f6ld Kincskeres\u0151t Esztergomban\"><img loading=\"lazy\" decoding=\"async\" width=\"600\" height=\"399\" src=\"https:\/\/dorogimedence.hu\/wp-content\/uploads\/2026\/05\/DSC7189-600x399.jpg\" class=\"attachment-medium size-medium wp-post-image\" alt=\"\" sizes=\"(max-width: 768px) 50vw, 280px\" title=\"Els\u0151 alkalommal rendezt\u00e9k meg a F\u00f6ld Kincskeres\u0151t Esztergomban\" srcset=\"https:\/\/dorogimedence.hu\/wp-content\/uploads\/2026\/05\/DSC7189-600x399.jpg 600w, https:\/\/dorogimedence.hu\/wp-content\/uploads\/2026\/05\/DSC7189-1920x1278.jpg 1920w, https:\/\/dorogimedence.hu\/wp-content\/uploads\/2026\/05\/DSC7189-768x511.jpg 768w, https:\/\/dorogimedence.hu\/wp-content\/uploads\/2026\/05\/DSC7189-1536x1022.jpg 1536w, https:\/\/dorogimedence.hu\/wp-content\/uploads\/2026\/05\/DSC7189-2048x1363.jpg 2048w, https:\/\/dorogimedence.hu\/wp-content\/uploads\/2026\/05\/DSC7189-450x299.jpg 450w, https:\/\/dorogimedence.hu\/wp-content\/uploads\/2026\/05\/DSC7189-1200x799.jpg 1200w\" \/><\/a>\t\t\t\n\t\t\t\n\t\t\t\n\t\t\t\n\t\t\n\t\t<\/div>\n\t\n\n\t\t\t<div class=\"content-wrap\">\n\t\n\t\t<div class=\"content\">\n\n\t\t\t<div class=\"post-meta post-meta-a meta-contrast has-below\"><div class=\"post-meta-items meta-above\"><span class=\"meta-item cat-labels\">\n\t\t\t\t\t\t\n\t\t\t\t\t\t<a href=\"https:\/\/dorogimedence.hu\/index.php\/category\/esztergom\/\" class=\"category term-color-38\" rel=\"category\" tabindex=\"-1\">Esztergom<\/a>\n\t\t\t\t\t<\/span>\n\t\t\t\t\t<\/div><h2 class=\"is-title post-title\"><a href=\"https:\/\/dorogimedence.hu\/index.php\/2026\/05\/01\/elso-alkalommal-rendeztek-meg-a-fold-kincskeresot-esztergomban\/\">Els\u0151 alkalommal rendezt\u00e9k meg a F\u00f6ld Kincskeres\u0151t Esztergomban<\/a><\/h2><div class=\"post-meta-items meta-below\"><span class=\"meta-item date\"><span class=\"date-link\"><time class=\"post-date\" datetime=\"2026-05-01T07:27:21+02:00\">2026-05-01<\/time><\/span><\/span><\/div><\/div>\t\t\t\n\t\t\t\n\t\t\t\n\t\t<\/div>\n\n\t\t\t<\/div>\n\t\n<\/article>\n\t\t\t\t<\/div>\n\t\t\t\t\t\t\t\n\t\t\t\t\t\t\t\n\t\t\t\t\t<\/div>\n\t\t\n\t\t<\/div>\n\n<\/section>\n\t\t\t<\/div>\n\n\t\t<\/section>\n\t\t\t\t\t\t<\/div>\n\t\t\t\t<\/div>\n\t\t\t\t\t<\/div>\n\t\t<\/div>\n\t\t\t\t\t<\/div>\n\t\t<\/section>\n\t\t\t\t<section class=\"has-el-gap el-gap-default elementor-section elementor-top-section elementor-element elementor-element-4b7accaf elementor-section-boxed elementor-section-height-default elementor-section-height-default\" data-id=\"4b7accaf\" data-element_type=\"section\" data-e-type=\"section\">\n\t\t\t\t\t\t<div class=\"elementor-container elementor-column-gap-no\">\n\t\t\t\t\t<div class=\"elementor-column elementor-col-50 elementor-top-column elementor-element elementor-element-5d5634e main-content\" data-id=\"5d5634e\" data-element_type=\"column\" data-e-type=\"column\">\n\t\t\t<div class=\"elementor-widget-wrap elementor-element-populated\">\n\t\t\t\t\t\t<div class=\"elementor-element elementor-element-61d06b8a elementor-widget elementor-widget-smartmag-highlights\" data-id=\"61d06b8a\" data-element_type=\"widget\" data-e-type=\"widget\" data-widget_type=\"smartmag-highlights.default\">\n\t\t\t\t<div class=\"elementor-widget-container\">\n\t\t\t\t\t\t\t<section class=\"block-wrap block-highlights block-sc\" data-id=\"2\" data-block=\"{&quot;id&quot;:&quot;highlights&quot;,&quot;props&quot;:{&quot;cat_labels&quot;:&quot;0&quot;,&quot;cat_labels_pos&quot;:&quot;top-left&quot;,&quot;reviews&quot;:&quot;barss&quot;,&quot;post_formats_pos&quot;:&quot;center&quot;,&quot;load_more_style&quot;:&quot;a&quot;,&quot;meta_cat_style&quot;:&quot;text&quot;,&quot;media_style_shadow&quot;:0,&quot;meta_sponsor&quot;:1,&quot;meta_sponsor_logo&quot;:0,&quot;meta_sponsor_label&quot;:&quot;Sponsor: {sponsor}&quot;,&quot;meta_above&quot;:[],&quot;meta_below&quot;:[&quot;author&quot;,&quot;date&quot;,&quot;comments&quot;],&quot;meta_sponsor_above&quot;:[],&quot;meta_sponsor_below&quot;:[&quot;sponsor&quot;,&quot;date&quot;],&quot;posts&quot;:24,&quot;sort_order&quot;:&quot;desc&quot;,&quot;heading&quot;:&quot;*Legfrissebb* h\\u00edreink&quot;,&quot;heading_type&quot;:&quot;a&quot;,&quot;filters&quot;:&quot;category&quot;,&quot;filters_terms&quot;:[&quot;2&quot;,&quot;38&quot;,&quot;110&quot;,&quot;1390&quot;],&quot;offset&quot;:&quot;0&quot;,&quot;heading_colors&quot;:&quot;force&quot;,&quot;container_width&quot;:66,&quot;columns&quot;:2,&quot;excerpt_length&quot;:&quot;15&quot;,&quot;cat&quot;:&quot;3&quot;,&quot;pagination_type&quot;:null,&quot;pagination_links&quot;:null,&quot;meta_sponsor_items_default&quot;:true,&quot;query_type&quot;:&quot;custom&quot;,&quot;sort_days&quot;:null,&quot;is_sc_call&quot;:true,&quot;meta_items_default&quot;:true}}\" data-is-mixed=\"1\">\n\n\t\t\t\t\t\t\t\t\n\t\t\t\t\t\t\t\n\t\t\t\t<div class=\"block-head block-head-a block-head-a1 is-left term-color-3\">\n\n\t\t\t\t\t<h4 class=\"heading\"><a href=\"https:\/\/dorogimedence.hu\/index.php\/category\/hirek\/\"><span class=\"color\">Legfrissebb<\/span> h\u00edreink<\/a><\/h4>\t\t\t\t\t\t\t\t\n\t\t\t<ul class=\"subcats filters\">\n\t\t\t\t<li><a href=\"#\" data-id=\"0\" class=\"active\">All<\/a><\/li>\n\t\t\t\t<li><a href=\"https:\/\/dorogimedence.hu\/index.php\/category\/dorog\/\" data-id=\"2\">Dorog<\/a><\/li>\n<li><a href=\"https:\/\/dorogimedence.hu\/index.php\/category\/esztergom\/\" data-id=\"38\">Esztergom<\/a><\/li>\n<li><a href=\"https:\/\/dorogimedence.hu\/index.php\/category\/tat\/\" data-id=\"110\">T\u00e1t<\/a><\/li>\n<li><a href=\"https:\/\/dorogimedence.hu\/index.php\/category\/nyergesujfalu\/\" data-id=\"1390\">Nyerges\u00fajfalu<\/a><\/li>\t\t\t<\/ul>\n\t\t\t\n\t\t\t\n\t\t\t\t\t\t\t\t\t<\/div>\n\t\t\t\t\n\t\t\t\n\t\t\t\n\t\t\t<div class=\"block-content\">\n\t\t\t\t\t\n\t<div class=\"loops-mixed\">\n\t\t\t\n\t<div class=\"loop loop-grid loop-grid-base grid grid-2 md:grid-2 xs:grid-1\">\n\n\t\t\t\t\t\n<article class=\"l-post grid-post grid-base-post\">\n\n\t\n\t\t\t<div class=\"media\">\n\n\t\t\n\t\t\t<a href=\"https:\/\/dorogimedence.hu\/index.php\/2026\/05\/02\/tobb-kobmeter-szemetet-gyujtottek-a-pilisben\/\" class=\"image-link media-ratio ratio-is-custom\" title=\"T\u00f6bb k\u00f6bm\u00e9ter szemetet gy\u0171jt\u00f6ttek a Pilisben\"><img loading=\"lazy\" decoding=\"async\" width=\"361\" height=\"215\" src=\"https:\/\/dorogimedence.hu\/wp-content\/uploads\/2026\/05\/687878607_1274658611499844_2694520192222763764_n-450x299.jpg\" class=\"attachment-bunyad-medium size-bunyad-medium wp-post-image\" alt=\"\" sizes=\"(max-width: 361px) 100vw, 361px\" title=\"T\u00f6bb k\u00f6bm\u00e9ter szemetet gy\u0171jt\u00f6ttek a Pilisben\" srcset=\"https:\/\/dorogimedence.hu\/wp-content\/uploads\/2026\/05\/687878607_1274658611499844_2694520192222763764_n-450x299.jpg 450w, https:\/\/dorogimedence.hu\/wp-content\/uploads\/2026\/05\/687878607_1274658611499844_2694520192222763764_n-600x399.jpg 600w, https:\/\/dorogimedence.hu\/wp-content\/uploads\/2026\/05\/687878607_1274658611499844_2694520192222763764_n-1920x1278.jpg 1920w, https:\/\/dorogimedence.hu\/wp-content\/uploads\/2026\/05\/687878607_1274658611499844_2694520192222763764_n-768x511.jpg 768w, https:\/\/dorogimedence.hu\/wp-content\/uploads\/2026\/05\/687878607_1274658611499844_2694520192222763764_n-1536x1022.jpg 1536w, https:\/\/dorogimedence.hu\/wp-content\/uploads\/2026\/05\/687878607_1274658611499844_2694520192222763764_n-1200x799.jpg 1200w, https:\/\/dorogimedence.hu\/wp-content\/uploads\/2026\/05\/687878607_1274658611499844_2694520192222763764_n.jpg 2048w\" \/><\/a>\t\t\t\n\t\t\t\n\t\t\t\n\t\t\t\n\t\t\n\t\t<\/div>\n\t\n\n\t\n\t\t<div class=\"content\">\n\n\t\t\t<div class=\"post-meta post-meta-a has-below\"><h2 class=\"is-title post-title\"><a href=\"https:\/\/dorogimedence.hu\/index.php\/2026\/05\/02\/tobb-kobmeter-szemetet-gyujtottek-a-pilisben\/\">T\u00f6bb k\u00f6bm\u00e9ter szemetet gy\u0171jt\u00f6ttek a Pilisben<\/a><\/h2><div class=\"post-meta-items meta-below\"><span class=\"meta-item post-author\"><span class=\"by\">By<\/span> <a href=\"https:\/\/dorogimedence.hu\/index.php\/author\/lehoo88\/\" title=\"dorogimedence.hu bejegyz\u00e9se\" rel=\"author\">dorogimedence.hu<\/a><\/span><span class=\"meta-item has-next-icon date\"><span class=\"date-link\"><time class=\"post-date\" datetime=\"2026-05-02T12:19:13+02:00\">2026-05-02<\/time><\/span><\/span><span class=\"meta-item comments has-icon\"><a href=\"https:\/\/dorogimedence.hu\/index.php\/2026\/05\/02\/tobb-kobmeter-szemetet-gyujtottek-a-pilisben\/#respond\"><i class=\"tsi tsi-comment-o\"><\/i>0<\/a><\/span><\/div><\/div>\t\t\t\n\t\t\t\t\t\t\n\t\t\t\t<div class=\"excerpt\">\n\t\t\t\t\t<p>Nem a pihen\u00e9sr\u0151l sz\u00f3lt az idei m\u00e1jus elseje a Pilisben: a Benedek Endre Barlangkutat\u00f3 Egyes\u00fclet&hellip;<\/p>\n\t\t\t\t<\/div>\n\t\t\t\n\t\t\t\n\t\t\t\n\t\t<\/div>\n\n\t\n<\/article>\t\t\t\t\t\n<article class=\"l-post grid-post grid-base-post\">\n\n\t\n\t\t\t<div class=\"media\">\n\n\t\t\n\t\t\t<a href=\"https:\/\/dorogimedence.hu\/index.php\/2026\/05\/02\/igy-unnepelt-csolnok-kozosseg-majalis-hagyomany\/\" class=\"image-link media-ratio ratio-is-custom\" title=\"\u00cdgy \u00fcnnepelt Csolnok: k\u00f6z\u00f6ss\u00e9g, maj\u00e1lis, hagyom\u00e1ny\"><img loading=\"lazy\" decoding=\"async\" width=\"361\" height=\"215\" src=\"https:\/\/dorogimedence.hu\/wp-content\/uploads\/2026\/05\/687034195_1443100254284817_4846044072218453219_n-450x300.jpg\" class=\"attachment-bunyad-medium size-bunyad-medium wp-post-image\" alt=\"\" sizes=\"(max-width: 361px) 100vw, 361px\" title=\"\u00cdgy \u00fcnnepelt Csolnok: k\u00f6z\u00f6ss\u00e9g, maj\u00e1lis, hagyom\u00e1ny\" srcset=\"https:\/\/dorogimedence.hu\/wp-content\/uploads\/2026\/05\/687034195_1443100254284817_4846044072218453219_n-450x300.jpg 450w, https:\/\/dorogimedence.hu\/wp-content\/uploads\/2026\/05\/687034195_1443100254284817_4846044072218453219_n-600x400.jpg 600w, https:\/\/dorogimedence.hu\/wp-content\/uploads\/2026\/05\/687034195_1443100254284817_4846044072218453219_n-1920x1282.jpg 1920w, https:\/\/dorogimedence.hu\/wp-content\/uploads\/2026\/05\/687034195_1443100254284817_4846044072218453219_n-768x513.jpg 768w, https:\/\/dorogimedence.hu\/wp-content\/uploads\/2026\/05\/687034195_1443100254284817_4846044072218453219_n-1536x1025.jpg 1536w, https:\/\/dorogimedence.hu\/wp-content\/uploads\/2026\/05\/687034195_1443100254284817_4846044072218453219_n-1200x801.jpg 1200w, https:\/\/dorogimedence.hu\/wp-content\/uploads\/2026\/05\/687034195_1443100254284817_4846044072218453219_n.jpg 2048w\" \/><\/a>\t\t\t\n\t\t\t\n\t\t\t\n\t\t\t\n\t\t\n\t\t<\/div>\n\t\n\n\t\n\t\t<div class=\"content\">\n\n\t\t\t<div class=\"post-meta post-meta-a has-below\"><h2 class=\"is-title post-title\"><a href=\"https:\/\/dorogimedence.hu\/index.php\/2026\/05\/02\/igy-unnepelt-csolnok-kozosseg-majalis-hagyomany\/\">\u00cdgy \u00fcnnepelt Csolnok: k\u00f6z\u00f6ss\u00e9g, maj\u00e1lis, hagyom\u00e1ny<\/a><\/h2><div class=\"post-meta-items meta-below\"><span class=\"meta-item post-author\"><span class=\"by\">By<\/span> <a href=\"https:\/\/dorogimedence.hu\/index.php\/author\/lehoo88\/\" title=\"dorogimedence.hu bejegyz\u00e9se\" rel=\"author\">dorogimedence.hu<\/a><\/span><span class=\"meta-item has-next-icon date\"><span class=\"date-link\"><time class=\"post-date\" datetime=\"2026-05-02T09:45:41+02:00\">2026-05-02<\/time><\/span><\/span><span class=\"meta-item comments has-icon\"><a href=\"https:\/\/dorogimedence.hu\/index.php\/2026\/05\/02\/igy-unnepelt-csolnok-kozosseg-majalis-hagyomany\/#respond\"><i class=\"tsi tsi-comment-o\"><\/i>0<\/a><\/span><\/div><\/div>\t\t\t\n\t\t\t\t\t\t\n\t\t\t\t<div class=\"excerpt\">\n\t\t\t\t\t<p>Tov\u00e1bb \u00e9ltetik Csolnokon a B\u00e1ny\u00e1sz Maj\u00e1lisok hagyom\u00e1ny\u00e1t, id\u00e9n is sz\u00ednes programokkal k\u00e9sz\u00fcltek e jeles napra.&hellip;<\/p>\n\t\t\t\t<\/div>\n\t\t\t\n\t\t\t\n\t\t\t\n\t\t<\/div>\n\n\t\n<\/article>\t\t\n\t<\/div>\n\n\t\t\n\n\t<div class=\"loop loop-small loop-small-a grid grid-2 md:grid-1 sm:grid-1 xs:grid-1\">\n\n\t\t\t\t\t\n<article class=\"l-post small-post small-a-post m-pos-left\">\n\n\t\n\t\t\t<div class=\"media\">\n\n\t\t\n\t\t\t<a href=\"https:\/\/dorogimedence.hu\/index.php\/2026\/05\/02\/iden-is-felaron-fagyizhatunk-a-magyar-fagylalt-napjan\/\" class=\"image-link media-ratio ratio-3-2\" title=\"Id\u00e9n is f\u00e9l\u00e1ron fagyizhatunk a Magyar Fagylalt Napj\u00e1n\"><img loading=\"lazy\" decoding=\"async\" width=\"105\" height=\"70\" src=\"https:\/\/dorogimedence.hu\/wp-content\/uploads\/2026\/05\/ChatGPT-Image-2026.-maj.-2.-08_13_27-600x400.png\" class=\"attachment-medium size-medium wp-post-image\" alt=\"\" sizes=\"(max-width: 105px) 100vw, 105px\" title=\"Id\u00e9n is f\u00e9l\u00e1ron fagyizhatunk a Magyar Fagylalt Napj\u00e1n\" srcset=\"https:\/\/dorogimedence.hu\/wp-content\/uploads\/2026\/05\/ChatGPT-Image-2026.-maj.-2.-08_13_27-600x400.png 600w, https:\/\/dorogimedence.hu\/wp-content\/uploads\/2026\/05\/ChatGPT-Image-2026.-maj.-2.-08_13_27-768x512.png 768w, https:\/\/dorogimedence.hu\/wp-content\/uploads\/2026\/05\/ChatGPT-Image-2026.-maj.-2.-08_13_27-150x100.png 150w, https:\/\/dorogimedence.hu\/wp-content\/uploads\/2026\/05\/ChatGPT-Image-2026.-maj.-2.-08_13_27-450x300.png 450w, https:\/\/dorogimedence.hu\/wp-content\/uploads\/2026\/05\/ChatGPT-Image-2026.-maj.-2.-08_13_27-1200x800.png 1200w, https:\/\/dorogimedence.hu\/wp-content\/uploads\/2026\/05\/ChatGPT-Image-2026.-maj.-2.-08_13_27-272x182.png 272w, https:\/\/dorogimedence.hu\/wp-content\/uploads\/2026\/05\/ChatGPT-Image-2026.-maj.-2.-08_13_27.png 1536w\" \/><\/a>\t\t\t\n\t\t\t\n\t\t\t\n\t\t\t\n\t\t\n\t\t<\/div>\n\t\n\n\t\n\t\t<div class=\"content\">\n\n\t\t\t<div class=\"post-meta post-meta-a post-meta-left has-below\"><h4 class=\"is-title post-title\"><a href=\"https:\/\/dorogimedence.hu\/index.php\/2026\/05\/02\/iden-is-felaron-fagyizhatunk-a-magyar-fagylalt-napjan\/\">Id\u00e9n is f\u00e9l\u00e1ron fagyizhatunk a Magyar Fagylalt Napj\u00e1n<\/a><\/h4><div class=\"post-meta-items meta-below\"><span class=\"meta-item date\"><span class=\"date-link\"><time class=\"post-date\" datetime=\"2026-05-02T08:14:12+02:00\">2026-05-02<\/time><\/span><\/span><\/div><\/div>\t\t\t\n\t\t\t\n\t\t\t\n\t\t<\/div>\n\n\t\n<\/article>\t\n\t\t\t\t\t\n<article class=\"l-post small-post small-a-post m-pos-left\">\n\n\t\n\t\t\t<div class=\"media\">\n\n\t\t\n\t\t\t<a href=\"https:\/\/dorogimedence.hu\/index.php\/2026\/05\/01\/ma-kezdodnek-az-esztergom-napok-harom-nap-tobb-tucat-program\/\" class=\"image-link media-ratio ratio-3-2\" title=\"Ma kezd\u0151dnek az Esztergom Napok: h\u00e1rom nap, t\u00f6bb tucat program\"><img loading=\"lazy\" decoding=\"async\" width=\"105\" height=\"70\" src=\"https:\/\/dorogimedence.hu\/wp-content\/uploads\/2026\/05\/en-03-600x449.jpg\" class=\"attachment-medium size-medium wp-post-image\" alt=\"\" sizes=\"(max-width: 105px) 100vw, 105px\" title=\"Ma kezd\u0151dnek az Esztergom Napok: h\u00e1rom nap, t\u00f6bb tucat program\" srcset=\"https:\/\/dorogimedence.hu\/wp-content\/uploads\/2026\/05\/en-03-600x449.jpg 600w, https:\/\/dorogimedence.hu\/wp-content\/uploads\/2026\/05\/en-03-768x575.jpg 768w, https:\/\/dorogimedence.hu\/wp-content\/uploads\/2026\/05\/en-03-1536x1150.jpg 1536w, https:\/\/dorogimedence.hu\/wp-content\/uploads\/2026\/05\/en-03-150x112.jpg 150w, https:\/\/dorogimedence.hu\/wp-content\/uploads\/2026\/05\/en-03-450x337.jpg 450w, https:\/\/dorogimedence.hu\/wp-content\/uploads\/2026\/05\/en-03-1200x899.jpg 1200w, https:\/\/dorogimedence.hu\/wp-content\/uploads\/2026\/05\/en-03.jpg 1920w\" \/><\/a>\t\t\t\n\t\t\t\n\t\t\t\n\t\t\t\n\t\t\n\t\t<\/div>\n\t\n\n\t\n\t\t<div class=\"content\">\n\n\t\t\t<div class=\"post-meta post-meta-a post-meta-left has-below\"><h4 class=\"is-title post-title\"><a href=\"https:\/\/dorogimedence.hu\/index.php\/2026\/05\/01\/ma-kezdodnek-az-esztergom-napok-harom-nap-tobb-tucat-program\/\">Ma kezd\u0151dnek az Esztergom Napok: h\u00e1rom nap, t\u00f6bb tucat program<\/a><\/h4><div class=\"post-meta-items meta-below\"><span class=\"meta-item date\"><span class=\"date-link\"><time class=\"post-date\" datetime=\"2026-05-01T07:59:46+02:00\">2026-05-01<\/time><\/span><\/span><\/div><\/div>\t\t\t\n\t\t\t\n\t\t\t\n\t\t<\/div>\n\n\t\n<\/article>\t\n\t\t\t\t\t\n<article class=\"l-post small-post small-a-post m-pos-left\">\n\n\t\n\t\t\t<div class=\"media\">\n\n\t\t\n\t\t\t<a href=\"https:\/\/dorogimedence.hu\/index.php\/2026\/05\/01\/elso-alkalommal-rendeztek-meg-a-fold-kincskeresot-esztergomban\/\" class=\"image-link media-ratio ratio-3-2\" title=\"Els\u0151 alkalommal rendezt\u00e9k meg a F\u00f6ld Kincskeres\u0151t Esztergomban\"><img loading=\"lazy\" decoding=\"async\" width=\"105\" height=\"70\" src=\"https:\/\/dorogimedence.hu\/wp-content\/uploads\/2026\/05\/DSC7189-600x399.jpg\" class=\"attachment-medium size-medium wp-post-image\" alt=\"\" sizes=\"(max-width: 105px) 100vw, 105px\" title=\"Els\u0151 alkalommal rendezt\u00e9k meg a F\u00f6ld Kincskeres\u0151t Esztergomban\" srcset=\"https:\/\/dorogimedence.hu\/wp-content\/uploads\/2026\/05\/DSC7189-600x399.jpg 600w, https:\/\/dorogimedence.hu\/wp-content\/uploads\/2026\/05\/DSC7189-1920x1278.jpg 1920w, https:\/\/dorogimedence.hu\/wp-content\/uploads\/2026\/05\/DSC7189-768x511.jpg 768w, https:\/\/dorogimedence.hu\/wp-content\/uploads\/2026\/05\/DSC7189-1536x1022.jpg 1536w, https:\/\/dorogimedence.hu\/wp-content\/uploads\/2026\/05\/DSC7189-2048x1363.jpg 2048w, https:\/\/dorogimedence.hu\/wp-content\/uploads\/2026\/05\/DSC7189-150x100.jpg 150w, https:\/\/dorogimedence.hu\/wp-content\/uploads\/2026\/05\/DSC7189-450x299.jpg 450w, https:\/\/dorogimedence.hu\/wp-content\/uploads\/2026\/05\/DSC7189-1200x799.jpg 1200w, https:\/\/dorogimedence.hu\/wp-content\/uploads\/2026\/05\/DSC7189-272x182.jpg 272w\" \/><\/a>\t\t\t\n\t\t\t\n\t\t\t\n\t\t\t\n\t\t\n\t\t<\/div>\n\t\n\n\t\n\t\t<div class=\"content\">\n\n\t\t\t<div class=\"post-meta post-meta-a post-meta-left has-below\"><h4 class=\"is-title post-title\"><a href=\"https:\/\/dorogimedence.hu\/index.php\/2026\/05\/01\/elso-alkalommal-rendeztek-meg-a-fold-kincskeresot-esztergomban\/\">Els\u0151 alkalommal rendezt\u00e9k meg a F\u00f6ld Kincskeres\u0151t Esztergomban<\/a><\/h4><div class=\"post-meta-items meta-below\"><span class=\"meta-item date\"><span class=\"date-link\"><time class=\"post-date\" datetime=\"2026-05-01T07:27:21+02:00\">2026-05-01<\/time><\/span><\/span><\/div><\/div>\t\t\t\n\t\t\t\n\t\t\t\n\t\t<\/div>\n\n\t\n<\/article>\t\n\t\t\t\t\t\n<article class=\"l-post small-post small-a-post m-pos-left\">\n\n\t\n\t\t\t<div class=\"media\">\n\n\t\t\n\t\t\t<a href=\"https:\/\/dorogimedence.hu\/index.php\/2026\/05\/01\/kiuteses-esztergomi-gyozelem-karnyujtasnyira-a-negyedik-hely\/\" class=\"image-link media-ratio ratio-3-2\" title=\"Ki\u00fct\u00e9ses esztergomi gy\u0151zelem, karny\u00fajt\u00e1snyira a negyedik hely\"><img loading=\"lazy\" decoding=\"async\" width=\"105\" height=\"70\" src=\"https:\/\/dorogimedence.hu\/wp-content\/uploads\/2026\/05\/kezilabda-600x303.jpg\" class=\"attachment-medium size-medium wp-post-image\" alt=\"\" sizes=\"(max-width: 105px) 100vw, 105px\" title=\"Ki\u00fct\u00e9ses esztergomi gy\u0151zelem, karny\u00fajt\u00e1snyira a negyedik hely\" srcset=\"https:\/\/dorogimedence.hu\/wp-content\/uploads\/2026\/05\/kezilabda-600x303.jpg 600w, https:\/\/dorogimedence.hu\/wp-content\/uploads\/2026\/05\/kezilabda-768x388.jpg 768w, https:\/\/dorogimedence.hu\/wp-content\/uploads\/2026\/05\/kezilabda-1536x776.jpg 1536w, https:\/\/dorogimedence.hu\/wp-content\/uploads\/2026\/05\/kezilabda-150x76.jpg 150w, https:\/\/dorogimedence.hu\/wp-content\/uploads\/2026\/05\/kezilabda-450x227.jpg 450w, https:\/\/dorogimedence.hu\/wp-content\/uploads\/2026\/05\/kezilabda-1200x606.jpg 1200w, https:\/\/dorogimedence.hu\/wp-content\/uploads\/2026\/05\/kezilabda.jpg 1920w\" \/><\/a>\t\t\t\n\t\t\t\n\t\t\t\n\t\t\t\n\t\t\n\t\t<\/div>\n\t\n\n\t\n\t\t<div class=\"content\">\n\n\t\t\t<div class=\"post-meta post-meta-a post-meta-left has-below\"><h4 class=\"is-title post-title\"><a href=\"https:\/\/dorogimedence.hu\/index.php\/2026\/05\/01\/kiuteses-esztergomi-gyozelem-karnyujtasnyira-a-negyedik-hely\/\">Ki\u00fct\u00e9ses esztergomi gy\u0151zelem, karny\u00fajt\u00e1snyira a negyedik hely<\/a><\/h4><div class=\"post-meta-items meta-below\"><span class=\"meta-item date\"><span class=\"date-link\"><time class=\"post-date\" datetime=\"2026-05-01T07:08:54+02:00\">2026-05-01<\/time><\/span><\/span><\/div><\/div>\t\t\t\n\t\t\t\n\t\t\t\n\t\t<\/div>\n\n\t\n<\/article>\t\n\t\t\t\t\t\n<article class=\"l-post small-post small-a-post m-pos-left\">\n\n\t\n\t\t\t<div class=\"media\">\n\n\t\t\n\t\t\t<a href=\"https:\/\/dorogimedence.hu\/index.php\/2026\/05\/01\/kiemelt-nav-ellenorzesek-a-hosszu-hetvegen\/\" class=\"image-link media-ratio ratio-3-2\" title=\"Kiemelt NAV ellen\u0151rz\u00e9sek a hossz\u00fa h\u00e9tv\u00e9g\u00e9n\"><img loading=\"lazy\" decoding=\"async\" width=\"105\" height=\"70\" src=\"https:\/\/dorogimedence.hu\/wp-content\/uploads\/2026\/04\/2147761034-600x400.jpg\" class=\"attachment-medium size-medium wp-post-image\" alt=\"\" sizes=\"(max-width: 105px) 100vw, 105px\" title=\"Kiemelt NAV ellen\u0151rz\u00e9sek a hossz\u00fa h\u00e9tv\u00e9g\u00e9n\" srcset=\"https:\/\/dorogimedence.hu\/wp-content\/uploads\/2026\/04\/2147761034-600x400.jpg 600w, https:\/\/dorogimedence.hu\/wp-content\/uploads\/2026\/04\/2147761034-768x512.jpg 768w, https:\/\/dorogimedence.hu\/wp-content\/uploads\/2026\/04\/2147761034-150x100.jpg 150w, https:\/\/dorogimedence.hu\/wp-content\/uploads\/2026\/04\/2147761034-450x300.jpg 450w, https:\/\/dorogimedence.hu\/wp-content\/uploads\/2026\/04\/2147761034-1200x800.jpg 1200w, https:\/\/dorogimedence.hu\/wp-content\/uploads\/2026\/04\/2147761034-272x182.jpg 272w, https:\/\/dorogimedence.hu\/wp-content\/uploads\/2026\/04\/2147761034.jpg 1500w\" \/><\/a>\t\t\t\n\t\t\t\n\t\t\t\n\t\t\t\n\t\t\n\t\t<\/div>\n\t\n\n\t\n\t\t<div class=\"content\">\n\n\t\t\t<div class=\"post-meta post-meta-a post-meta-left has-below\"><h4 class=\"is-title post-title\"><a href=\"https:\/\/dorogimedence.hu\/index.php\/2026\/05\/01\/kiemelt-nav-ellenorzesek-a-hosszu-hetvegen\/\">Kiemelt NAV ellen\u0151rz\u00e9sek a hossz\u00fa h\u00e9tv\u00e9g\u00e9n<\/a><\/h4><div class=\"post-meta-items meta-below\"><span class=\"meta-item date\"><span class=\"date-link\"><time class=\"post-date\" datetime=\"2026-05-01T06:48:16+02:00\">2026-05-01<\/time><\/span><\/span><\/div><\/div>\t\t\t\n\t\t\t\n\t\t\t\n\t\t<\/div>\n\n\t\n<\/article>\t\n\t\t\t\t\t\n<article class=\"l-post small-post small-a-post m-pos-left\">\n\n\t\n\t\t\t<div class=\"media\">\n\n\t\t\n\t\t\t<a href=\"https:\/\/dorogimedence.hu\/index.php\/2026\/04\/30\/indul-az-erettsegi-tobb-mint-4300-diak-vizsgazik-a-varmegyeben\/\" class=\"image-link media-ratio ratio-3-2\" title=\"Indul az \u00e9retts\u00e9gi: t\u00f6bb mint 4300 di\u00e1k vizsg\u00e1zik a v\u00e1rmegy\u00e9ben\"><img loading=\"lazy\" decoding=\"async\" width=\"105\" height=\"70\" src=\"https:\/\/dorogimedence.hu\/wp-content\/uploads\/2026\/04\/ChatGPT-Image-2026.-apr.-30.-15_10_02-600x400.png\" class=\"attachment-medium size-medium wp-post-image\" alt=\"\" sizes=\"(max-width: 105px) 100vw, 105px\" title=\"Indul az \u00e9retts\u00e9gi: t\u00f6bb mint 4300 di\u00e1k vizsg\u00e1zik a v\u00e1rmegy\u00e9ben\" srcset=\"https:\/\/dorogimedence.hu\/wp-content\/uploads\/2026\/04\/ChatGPT-Image-2026.-apr.-30.-15_10_02-600x400.png 600w, https:\/\/dorogimedence.hu\/wp-content\/uploads\/2026\/04\/ChatGPT-Image-2026.-apr.-30.-15_10_02-768x512.png 768w, https:\/\/dorogimedence.hu\/wp-content\/uploads\/2026\/04\/ChatGPT-Image-2026.-apr.-30.-15_10_02-150x100.png 150w, https:\/\/dorogimedence.hu\/wp-content\/uploads\/2026\/04\/ChatGPT-Image-2026.-apr.-30.-15_10_02-450x300.png 450w, https:\/\/dorogimedence.hu\/wp-content\/uploads\/2026\/04\/ChatGPT-Image-2026.-apr.-30.-15_10_02-1200x800.png 1200w, https:\/\/dorogimedence.hu\/wp-content\/uploads\/2026\/04\/ChatGPT-Image-2026.-apr.-30.-15_10_02-272x182.png 272w, https:\/\/dorogimedence.hu\/wp-content\/uploads\/2026\/04\/ChatGPT-Image-2026.-apr.-30.-15_10_02.png 1536w\" \/><\/a>\t\t\t\n\t\t\t\n\t\t\t\n\t\t\t\n\t\t\n\t\t<\/div>\n\t\n\n\t\n\t\t<div class=\"content\">\n\n\t\t\t<div class=\"post-meta post-meta-a post-meta-left has-below\"><h4 class=\"is-title post-title\"><a href=\"https:\/\/dorogimedence.hu\/index.php\/2026\/04\/30\/indul-az-erettsegi-tobb-mint-4300-diak-vizsgazik-a-varmegyeben\/\">Indul az \u00e9retts\u00e9gi: t\u00f6bb mint 4300 di\u00e1k vizsg\u00e1zik a v\u00e1rmegy\u00e9ben<\/a><\/h4><div class=\"post-meta-items meta-below\"><span class=\"meta-item date\"><span class=\"date-link\"><time class=\"post-date\" datetime=\"2026-04-30T15:12:04+02:00\">2026-04-30<\/time><\/span><\/span><\/div><\/div>\t\t\t\n\t\t\t\n\t\t\t\n\t\t<\/div>\n\n\t\n<\/article>\t\n\t\t\t\t\t\n<article class=\"l-post small-post small-a-post m-pos-left\">\n\n\t\n\t\t\t<div class=\"media\">\n\n\t\t\n\t\t\t<a href=\"https:\/\/dorogimedence.hu\/index.php\/2026\/04\/30\/parkoloban-csaptak-le-a-dilerre\/\" class=\"image-link media-ratio ratio-3-2\" title=\"Parkol\u00f3ban csaptak le a d\u00edlerre\"><img loading=\"lazy\" decoding=\"async\" width=\"105\" height=\"70\" src=\"https:\/\/dorogimedence.hu\/wp-content\/uploads\/2026\/04\/7_34-600x400.png\" class=\"attachment-medium size-medium wp-post-image\" alt=\"\" sizes=\"(max-width: 105px) 100vw, 105px\" title=\"Parkol\u00f3ban csaptak le a d\u00edlerre\" srcset=\"https:\/\/dorogimedence.hu\/wp-content\/uploads\/2026\/04\/7_34-600x400.png 600w, https:\/\/dorogimedence.hu\/wp-content\/uploads\/2026\/04\/7_34-150x100.png 150w, https:\/\/dorogimedence.hu\/wp-content\/uploads\/2026\/04\/7_34-450x300.png 450w, https:\/\/dorogimedence.hu\/wp-content\/uploads\/2026\/04\/7_34-272x182.png 272w, https:\/\/dorogimedence.hu\/wp-content\/uploads\/2026\/04\/7_34.png 750w\" \/><\/a>\t\t\t\n\t\t\t\n\t\t\t\n\t\t\t\n\t\t\n\t\t<\/div>\n\t\n\n\t\n\t\t<div class=\"content\">\n\n\t\t\t<div class=\"post-meta post-meta-a post-meta-left has-below\"><h4 class=\"is-title post-title\"><a href=\"https:\/\/dorogimedence.hu\/index.php\/2026\/04\/30\/parkoloban-csaptak-le-a-dilerre\/\">Parkol\u00f3ban csaptak le a d\u00edlerre<\/a><\/h4><div class=\"post-meta-items meta-below\"><span class=\"meta-item date\"><span class=\"date-link\"><time class=\"post-date\" datetime=\"2026-04-30T14:05:17+02:00\">2026-04-30<\/time><\/span><\/span><\/div><\/div>\t\t\t\n\t\t\t\n\t\t\t\n\t\t<\/div>\n\n\t\n<\/article>\t\n\t\t\t\t\t\n<article class=\"l-post small-post small-a-post m-pos-left\">\n\n\t\n\t\t\t<div class=\"media\">\n\n\t\t\n\t\t\t<a href=\"https:\/\/dorogimedence.hu\/index.php\/2026\/04\/30\/majus-1-jen-ingyenes-lesz-a-parkolas-esztergom-egy-reszen\/\" class=\"image-link media-ratio ratio-3-2\" title=\"M\u00e1jus 1-j\u00e9n ingyenes lesz a parkol\u00e1s Esztergom egy r\u00e9sz\u00e9n\"><img loading=\"lazy\" decoding=\"async\" width=\"105\" height=\"70\" src=\"https:\/\/dorogimedence.hu\/wp-content\/uploads\/2023\/04\/parkolas-kep-300x200.jpg\" class=\"attachment-medium size-medium wp-post-image\" alt=\"\" sizes=\"(max-width: 105px) 100vw, 105px\" title=\"M\u00e1jus 1-j\u00e9n ingyenes lesz a parkol\u00e1s Esztergom egy r\u00e9sz\u00e9n\" srcset=\"https:\/\/dorogimedence.hu\/wp-content\/uploads\/2023\/04\/parkolas-kep-300x200.jpg 300w, https:\/\/dorogimedence.hu\/wp-content\/uploads\/2023\/04\/parkolas-kep-1024x683.jpg 1024w, https:\/\/dorogimedence.hu\/wp-content\/uploads\/2023\/04\/parkolas-kep-768x512.jpg 768w, https:\/\/dorogimedence.hu\/wp-content\/uploads\/2023\/04\/parkolas-kep-150x100.jpg 150w, https:\/\/dorogimedence.hu\/wp-content\/uploads\/2023\/04\/parkolas-kep-450x300.jpg 450w, https:\/\/dorogimedence.hu\/wp-content\/uploads\/2023\/04\/parkolas-kep-272x182.jpg 272w, https:\/\/dorogimedence.hu\/wp-content\/uploads\/2023\/04\/parkolas-kep.jpg 1200w\" \/><\/a>\t\t\t\n\t\t\t\n\t\t\t\n\t\t\t\n\t\t\n\t\t<\/div>\n\t\n\n\t\n\t\t<div class=\"content\">\n\n\t\t\t<div class=\"post-meta post-meta-a post-meta-left has-below\"><h4 class=\"is-title post-title\"><a href=\"https:\/\/dorogimedence.hu\/index.php\/2026\/04\/30\/majus-1-jen-ingyenes-lesz-a-parkolas-esztergom-egy-reszen\/\">M\u00e1jus 1-j\u00e9n ingyenes lesz a parkol\u00e1s Esztergom egy r\u00e9sz\u00e9n<\/a><\/h4><div class=\"post-meta-items meta-below\"><span class=\"meta-item date\"><span class=\"date-link\"><time class=\"post-date\" datetime=\"2026-04-30T12:18:02+02:00\">2026-04-30<\/time><\/span><\/span><\/div><\/div>\t\t\t\n\t\t\t\n\t\t\t\n\t\t<\/div>\n\n\t\n<\/article>\t\n\t\t\t\t\t\n<article class=\"l-post small-post small-a-post m-pos-left\">\n\n\t\n\t\t\t<div class=\"media\">\n\n\t\t\n\t\t\t<a href=\"https:\/\/dorogimedence.hu\/index.php\/2026\/04\/30\/faklyafenyes-ballagas-tobb-mint-hatszaz-diak-bucsuzott-esztergomban\/\" class=\"image-link media-ratio ratio-3-2\" title=\"F\u00e1klyaf\u00e9nyes ballag\u00e1s: t\u00f6bb mint hatsz\u00e1z di\u00e1k b\u00facs\u00fazott Esztergomban\"><img loading=\"lazy\" decoding=\"async\" width=\"105\" height=\"70\" src=\"https:\/\/dorogimedence.hu\/wp-content\/uploads\/2026\/04\/686058929_1569931181809282_131027946291775124_n-600x400.jpg\" class=\"attachment-medium size-medium wp-post-image\" alt=\"\" sizes=\"(max-width: 105px) 100vw, 105px\" title=\"F\u00e1klyaf\u00e9nyes ballag\u00e1s: t\u00f6bb mint hatsz\u00e1z di\u00e1k b\u00facs\u00fazott Esztergomban\" srcset=\"https:\/\/dorogimedence.hu\/wp-content\/uploads\/2026\/04\/686058929_1569931181809282_131027946291775124_n-600x400.jpg 600w, https:\/\/dorogimedence.hu\/wp-content\/uploads\/2026\/04\/686058929_1569931181809282_131027946291775124_n-768x512.jpg 768w, https:\/\/dorogimedence.hu\/wp-content\/uploads\/2026\/04\/686058929_1569931181809282_131027946291775124_n-150x100.jpg 150w, https:\/\/dorogimedence.hu\/wp-content\/uploads\/2026\/04\/686058929_1569931181809282_131027946291775124_n-450x300.jpg 450w, https:\/\/dorogimedence.hu\/wp-content\/uploads\/2026\/04\/686058929_1569931181809282_131027946291775124_n-1200x800.jpg 1200w, https:\/\/dorogimedence.hu\/wp-content\/uploads\/2026\/04\/686058929_1569931181809282_131027946291775124_n-272x182.jpg 272w, https:\/\/dorogimedence.hu\/wp-content\/uploads\/2026\/04\/686058929_1569931181809282_131027946291775124_n.jpg 1440w\" \/><\/a>\t\t\t\n\t\t\t\n\t\t\t\n\t\t\t\n\t\t\n\t\t<\/div>\n\t\n\n\t\n\t\t<div class=\"content\">\n\n\t\t\t<div class=\"post-meta post-meta-a post-meta-left has-below\"><h4 class=\"is-title post-title\"><a href=\"https:\/\/dorogimedence.hu\/index.php\/2026\/04\/30\/faklyafenyes-ballagas-tobb-mint-hatszaz-diak-bucsuzott-esztergomban\/\">F\u00e1klyaf\u00e9nyes ballag\u00e1s: t\u00f6bb mint hatsz\u00e1z di\u00e1k b\u00facs\u00fazott Esztergomban<\/a><\/h4><div class=\"post-meta-items meta-below\"><span class=\"meta-item date\"><span class=\"date-link\"><time class=\"post-date\" datetime=\"2026-04-30T12:06:17+02:00\">2026-04-30<\/time><\/span><\/span><\/div><\/div>\t\t\t\n\t\t\t\n\t\t\t\n\t\t<\/div>\n\n\t\n<\/article>\t\n\t\t\t\t\t\n<article class=\"l-post small-post small-a-post m-pos-left\">\n\n\t\n\t\t\t<div class=\"media\">\n\n\t\t\n\t\t\t<a href=\"https:\/\/dorogimedence.hu\/index.php\/2026\/04\/30\/nem-tankonyvbol-tanulnak-robotokkal-es-mi-vel-keszulnek-a-diakok-a-jovo-kihivasaira\/\" class=\"image-link media-ratio ratio-3-2\" title=\"Nem tank\u00f6nyvb\u0151l tanulnak: robotokkal \u00e9s MI-vel k\u00e9sz\u00fclnek a di\u00e1kok a j\u00f6v\u0151 kih\u00edv\u00e1saira\"><img loading=\"lazy\" decoding=\"async\" width=\"105\" height=\"70\" src=\"https:\/\/dorogimedence.hu\/wp-content\/uploads\/2026\/04\/kep-01-2-600x450.jpg\" class=\"attachment-medium size-medium wp-post-image\" alt=\"\" sizes=\"(max-width: 105px) 100vw, 105px\" title=\"Nem tank\u00f6nyvb\u0151l tanulnak: robotokkal \u00e9s MI-vel k\u00e9sz\u00fclnek a di\u00e1kok a j\u00f6v\u0151 kih\u00edv\u00e1saira\" srcset=\"https:\/\/dorogimedence.hu\/wp-content\/uploads\/2026\/04\/kep-01-2-600x450.jpg 600w, https:\/\/dorogimedence.hu\/wp-content\/uploads\/2026\/04\/kep-01-2-768x576.jpg 768w, https:\/\/dorogimedence.hu\/wp-content\/uploads\/2026\/04\/kep-01-2-1536x1152.jpg 1536w, https:\/\/dorogimedence.hu\/wp-content\/uploads\/2026\/04\/kep-01-2-150x113.jpg 150w, https:\/\/dorogimedence.hu\/wp-content\/uploads\/2026\/04\/kep-01-2-450x338.jpg 450w, https:\/\/dorogimedence.hu\/wp-content\/uploads\/2026\/04\/kep-01-2-1200x900.jpg 1200w, https:\/\/dorogimedence.hu\/wp-content\/uploads\/2026\/04\/kep-01-2.jpg 1920w\" \/><\/a>\t\t\t\n\t\t\t\n\t\t\t\n\t\t\t\n\t\t\n\t\t<\/div>\n\t\n\n\t\n\t\t<div class=\"content\">\n\n\t\t\t<div class=\"post-meta post-meta-a post-meta-left has-below\"><h4 class=\"is-title post-title\"><a href=\"https:\/\/dorogimedence.hu\/index.php\/2026\/04\/30\/nem-tankonyvbol-tanulnak-robotokkal-es-mi-vel-keszulnek-a-diakok-a-jovo-kihivasaira\/\">Nem tank\u00f6nyvb\u0151l tanulnak: robotokkal \u00e9s MI-vel k\u00e9sz\u00fclnek a di\u00e1kok a j\u00f6v\u0151 kih\u00edv\u00e1saira<\/a><\/h4><div class=\"post-meta-items meta-below\"><span class=\"meta-item date\"><span class=\"date-link\"><time class=\"post-date\" datetime=\"2026-04-30T11:42:27+02:00\">2026-04-30<\/time><\/span><\/span><\/div><\/div>\t\t\t\n\t\t\t\n\t\t\t\n\t\t<\/div>\n\n\t\n<\/article>\t\n\t\t\t\t\t\n<article class=\"l-post small-post small-a-post m-pos-left\">\n\n\t\n\t\t\t<div class=\"media\">\n\n\t\t\n\t\t\t<a href=\"https:\/\/dorogimedence.hu\/index.php\/2026\/04\/30\/kormanyablakbusz-majusi-menetrendje-3\/\" class=\"image-link media-ratio ratio-3-2\" title=\"Korm\u00e1nyablakbusz m\u00e1jusi menetrendje\"><img loading=\"lazy\" decoding=\"async\" width=\"105\" height=\"70\" src=\"https:\/\/dorogimedence.hu\/wp-content\/uploads\/2026\/03\/kormanyablakbusz-600x338.jpg\" class=\"attachment-medium size-medium wp-post-image\" alt=\"\" sizes=\"(max-width: 105px) 100vw, 105px\" title=\"Korm\u00e1nyablakbusz m\u00e1jusi menetrendje\" srcset=\"https:\/\/dorogimedence.hu\/wp-content\/uploads\/2026\/03\/kormanyablakbusz-600x338.jpg 600w, https:\/\/dorogimedence.hu\/wp-content\/uploads\/2026\/03\/kormanyablakbusz-768x432.jpg 768w, https:\/\/dorogimedence.hu\/wp-content\/uploads\/2026\/03\/kormanyablakbusz-1536x864.jpg 1536w, https:\/\/dorogimedence.hu\/wp-content\/uploads\/2026\/03\/kormanyablakbusz-150x84.jpg 150w, https:\/\/dorogimedence.hu\/wp-content\/uploads\/2026\/03\/kormanyablakbusz-450x253.jpg 450w, https:\/\/dorogimedence.hu\/wp-content\/uploads\/2026\/03\/kormanyablakbusz-1200x675.jpg 1200w, https:\/\/dorogimedence.hu\/wp-content\/uploads\/2026\/03\/kormanyablakbusz.jpg 1896w\" \/><\/a>\t\t\t\n\t\t\t\n\t\t\t\n\t\t\t\n\t\t\n\t\t<\/div>\n\t\n\n\t\n\t\t<div class=\"content\">\n\n\t\t\t<div class=\"post-meta post-meta-a post-meta-left has-below\"><h4 class=\"is-title post-title\"><a href=\"https:\/\/dorogimedence.hu\/index.php\/2026\/04\/30\/kormanyablakbusz-majusi-menetrendje-3\/\">Korm\u00e1nyablakbusz m\u00e1jusi menetrendje<\/a><\/h4><div class=\"post-meta-items meta-below\"><span class=\"meta-item date\"><span class=\"date-link\"><time class=\"post-date\" datetime=\"2026-04-30T09:06:12+02:00\">2026-04-30<\/time><\/span><\/span><\/div><\/div>\t\t\t\n\t\t\t\n\t\t\t\n\t\t<\/div>\n\n\t\n<\/article>\t\n\t\t\t\t\t\n<article class=\"l-post small-post small-a-post m-pos-left\">\n\n\t\n\t\t\t<div class=\"media\">\n\n\t\t\n\t\t\t<a href=\"https:\/\/dorogimedence.hu\/index.php\/2026\/04\/30\/mar-majus-elsejevel-elkezdodik-az-eloszezoni-menetrend-a-mav-csoportnal\/\" class=\"image-link media-ratio ratio-3-2\" title=\"M\u00e1r m\u00e1jus elsej\u00e9vel elkezd\u0151dik az el\u0151szezoni menetrend a M\u00c1V-csoportn\u00e1l\"><img loading=\"lazy\" decoding=\"async\" width=\"105\" height=\"70\" src=\"https:\/\/dorogimedence.hu\/wp-content\/uploads\/2025\/09\/vonat-busz-600x325.png\" class=\"attachment-medium size-medium wp-post-image\" alt=\"\" sizes=\"(max-width: 105px) 100vw, 105px\" title=\"M\u00e1r m\u00e1jus elsej\u00e9vel elkezd\u0151dik az el\u0151szezoni menetrend a M\u00c1V-csoportn\u00e1l\" srcset=\"https:\/\/dorogimedence.hu\/wp-content\/uploads\/2025\/09\/vonat-busz-600x325.png 600w, https:\/\/dorogimedence.hu\/wp-content\/uploads\/2025\/09\/vonat-busz-768x416.png 768w, https:\/\/dorogimedence.hu\/wp-content\/uploads\/2025\/09\/vonat-busz-150x81.png 150w, https:\/\/dorogimedence.hu\/wp-content\/uploads\/2025\/09\/vonat-busz-450x244.png 450w, https:\/\/dorogimedence.hu\/wp-content\/uploads\/2025\/09\/vonat-busz.png 830w\" \/><\/a>\t\t\t\n\t\t\t\n\t\t\t\n\t\t\t\n\t\t\n\t\t<\/div>\n\t\n\n\t\n\t\t<div class=\"content\">\n\n\t\t\t<div class=\"post-meta post-meta-a post-meta-left has-below\"><h4 class=\"is-title post-title\"><a href=\"https:\/\/dorogimedence.hu\/index.php\/2026\/04\/30\/mar-majus-elsejevel-elkezdodik-az-eloszezoni-menetrend-a-mav-csoportnal\/\">M\u00e1r m\u00e1jus elsej\u00e9vel elkezd\u0151dik az el\u0151szezoni menetrend a M\u00c1V-csoportn\u00e1l<\/a><\/h4><div class=\"post-meta-items meta-below\"><span class=\"meta-item date\"><span class=\"date-link\"><time class=\"post-date\" datetime=\"2026-04-30T08:11:55+02:00\">2026-04-30<\/time><\/span><\/span><\/div><\/div>\t\t\t\n\t\t\t\n\t\t\t\n\t\t<\/div>\n\n\t\n<\/article>\t\n\t\t\t\t\t\n<article class=\"l-post small-post small-a-post m-pos-left\">\n\n\t\n\t\t\t<div class=\"media\">\n\n\t\t\n\t\t\t<a href=\"https:\/\/dorogimedence.hu\/index.php\/2026\/04\/29\/zoldhulladek-es-szelektivhulladek-gyujtes-majusban\/\" class=\"image-link media-ratio ratio-3-2\" title=\"Z\u00f6ldhullad\u00e9k- \u00e9s szelekt\u00edvhullad\u00e9k-gy\u0171jt\u00e9s m\u00e1jusban\"><img loading=\"lazy\" decoding=\"async\" width=\"105\" height=\"70\" src=\"https:\/\/dorogimedence.hu\/wp-content\/uploads\/2025\/04\/szelektiv-600x303.jpg\" class=\"attachment-medium size-medium wp-post-image\" alt=\"\" sizes=\"(max-width: 105px) 100vw, 105px\" title=\"Z\u00f6ldhullad\u00e9k- \u00e9s szelekt\u00edvhullad\u00e9k-gy\u0171jt\u00e9s m\u00e1jusban\" srcset=\"https:\/\/dorogimedence.hu\/wp-content\/uploads\/2025\/04\/szelektiv-600x303.jpg 600w, https:\/\/dorogimedence.hu\/wp-content\/uploads\/2025\/04\/szelektiv-768x388.jpg 768w, https:\/\/dorogimedence.hu\/wp-content\/uploads\/2025\/04\/szelektiv-1536x776.jpg 1536w, https:\/\/dorogimedence.hu\/wp-content\/uploads\/2025\/04\/szelektiv-150x76.jpg 150w, https:\/\/dorogimedence.hu\/wp-content\/uploads\/2025\/04\/szelektiv-450x227.jpg 450w, https:\/\/dorogimedence.hu\/wp-content\/uploads\/2025\/04\/szelektiv-1200x606.jpg 1200w, https:\/\/dorogimedence.hu\/wp-content\/uploads\/2025\/04\/szelektiv.jpg 1920w\" \/><\/a>\t\t\t\n\t\t\t\n\t\t\t\n\t\t\t\n\t\t\n\t\t<\/div>\n\t\n\n\t\n\t\t<div class=\"content\">\n\n\t\t\t<div class=\"post-meta post-meta-a post-meta-left has-below\"><h4 class=\"is-title post-title\"><a href=\"https:\/\/dorogimedence.hu\/index.php\/2026\/04\/29\/zoldhulladek-es-szelektivhulladek-gyujtes-majusban\/\">Z\u00f6ldhullad\u00e9k- \u00e9s szelekt\u00edvhullad\u00e9k-gy\u0171jt\u00e9s m\u00e1jusban<\/a><\/h4><div class=\"post-meta-items meta-below\"><span class=\"meta-item date\"><span class=\"date-link\"><time class=\"post-date\" datetime=\"2026-04-29T14:04:21+02:00\">2026-04-29<\/time><\/span><\/span><\/div><\/div>\t\t\t\n\t\t\t\n\t\t\t\n\t\t<\/div>\n\n\t\n<\/article>\t\n\t\t\t\t\t\n<article class=\"l-post small-post small-a-post m-pos-left\">\n\n\t\n\t\t\t<div class=\"media\">\n\n\t\t\n\t\t\t<a href=\"https:\/\/dorogimedence.hu\/index.php\/2026\/04\/29\/veradasok-majusban-8\/\" class=\"image-link media-ratio ratio-3-2\" title=\"V\u00e9rad\u00e1sok m\u00e1jusban\"><img loading=\"lazy\" decoding=\"async\" width=\"105\" height=\"70\" src=\"https:\/\/dorogimedence.hu\/wp-content\/uploads\/2025\/09\/veradas-pexels-artempodrez-6823567-600x338.jpg\" class=\"attachment-medium size-medium wp-post-image\" alt=\"\" sizes=\"(max-width: 105px) 100vw, 105px\" title=\"V\u00e9rad\u00e1sok m\u00e1jusban\" srcset=\"https:\/\/dorogimedence.hu\/wp-content\/uploads\/2025\/09\/veradas-pexels-artempodrez-6823567-600x338.jpg 600w, https:\/\/dorogimedence.hu\/wp-content\/uploads\/2025\/09\/veradas-pexels-artempodrez-6823567-768x432.jpg 768w, https:\/\/dorogimedence.hu\/wp-content\/uploads\/2025\/09\/veradas-pexels-artempodrez-6823567-1536x864.jpg 1536w, https:\/\/dorogimedence.hu\/wp-content\/uploads\/2025\/09\/veradas-pexels-artempodrez-6823567-150x84.jpg 150w, https:\/\/dorogimedence.hu\/wp-content\/uploads\/2025\/09\/veradas-pexels-artempodrez-6823567-450x253.jpg 450w, https:\/\/dorogimedence.hu\/wp-content\/uploads\/2025\/09\/veradas-pexels-artempodrez-6823567-1200x675.jpg 1200w, https:\/\/dorogimedence.hu\/wp-content\/uploads\/2025\/09\/veradas-pexels-artempodrez-6823567.jpg 1920w\" \/><\/a>\t\t\t\n\t\t\t\n\t\t\t\n\t\t\t\n\t\t\n\t\t<\/div>\n\t\n\n\t\n\t\t<div class=\"content\">\n\n\t\t\t<div class=\"post-meta post-meta-a post-meta-left has-below\"><h4 class=\"is-title post-title\"><a href=\"https:\/\/dorogimedence.hu\/index.php\/2026\/04\/29\/veradasok-majusban-8\/\">V\u00e9rad\u00e1sok m\u00e1jusban<\/a><\/h4><div class=\"post-meta-items meta-below\"><span class=\"meta-item date\"><span class=\"date-link\"><time class=\"post-date\" datetime=\"2026-04-29T11:54:41+02:00\">2026-04-29<\/time><\/span><\/span><\/div><\/div>\t\t\t\n\t\t\t\n\t\t\t\n\t\t<\/div>\n\n\t\n<\/article>\t\n\t\t\t\t\t\n<article class=\"l-post small-post small-a-post m-pos-left\">\n\n\t\n\t\t\t<div class=\"media\">\n\n\t\t\n\t\t\t<a href=\"https:\/\/dorogimedence.hu\/index.php\/2026\/04\/29\/szoros-meccsen-kapott-ki-az-esztergom-szucsanszki-zitat-is-bucsuztattak\/\" class=\"image-link media-ratio ratio-3-2\" title=\"Szoros meccsen kapott ki az Esztergom, Szucs\u00e1nszki Zit\u00e1t is b\u00facs\u00faztatt\u00e1k\"><img loading=\"lazy\" decoding=\"async\" width=\"105\" height=\"70\" src=\"https:\/\/dorogimedence.hu\/wp-content\/uploads\/2026\/04\/kezilabda-2-600x303.jpg\" class=\"attachment-medium size-medium wp-post-image\" alt=\"\" sizes=\"(max-width: 105px) 100vw, 105px\" title=\"Szoros meccsen kapott ki az Esztergom, Szucs\u00e1nszki Zit\u00e1t is b\u00facs\u00faztatt\u00e1k\" srcset=\"https:\/\/dorogimedence.hu\/wp-content\/uploads\/2026\/04\/kezilabda-2-600x303.jpg 600w, https:\/\/dorogimedence.hu\/wp-content\/uploads\/2026\/04\/kezilabda-2-768x388.jpg 768w, https:\/\/dorogimedence.hu\/wp-content\/uploads\/2026\/04\/kezilabda-2-1536x776.jpg 1536w, https:\/\/dorogimedence.hu\/wp-content\/uploads\/2026\/04\/kezilabda-2-150x76.jpg 150w, https:\/\/dorogimedence.hu\/wp-content\/uploads\/2026\/04\/kezilabda-2-450x227.jpg 450w, https:\/\/dorogimedence.hu\/wp-content\/uploads\/2026\/04\/kezilabda-2-1200x606.jpg 1200w, https:\/\/dorogimedence.hu\/wp-content\/uploads\/2026\/04\/kezilabda-2.jpg 1920w\" \/><\/a>\t\t\t\n\t\t\t\n\t\t\t\n\t\t\t\n\t\t\n\t\t<\/div>\n\t\n\n\t\n\t\t<div class=\"content\">\n\n\t\t\t<div class=\"post-meta post-meta-a post-meta-left has-below\"><h4 class=\"is-title post-title\"><a href=\"https:\/\/dorogimedence.hu\/index.php\/2026\/04\/29\/szoros-meccsen-kapott-ki-az-esztergom-szucsanszki-zitat-is-bucsuztattak\/\">Szoros meccsen kapott ki az Esztergom, Szucs\u00e1nszki Zit\u00e1t is b\u00facs\u00faztatt\u00e1k<\/a><\/h4><div class=\"post-meta-items meta-below\"><span class=\"meta-item date\"><span class=\"date-link\"><time class=\"post-date\" datetime=\"2026-04-29T11:23:15+02:00\">2026-04-29<\/time><\/span><\/span><\/div><\/div>\t\t\t\n\t\t\t\n\t\t\t\n\t\t<\/div>\n\n\t\n<\/article>\t\n\t\t\t\t\t\n<article class=\"l-post small-post small-a-post m-pos-left\">\n\n\t\n\t\t\t<div class=\"media\">\n\n\t\t\n\t\t\t<a href=\"https:\/\/dorogimedence.hu\/index.php\/2026\/04\/29\/okoiskola-lett-a-dorogi-zrinyi\/\" class=\"image-link media-ratio ratio-3-2\" title=\"\u00d6koiskola lett a dorogi Zr\u00ednyi\"><img loading=\"lazy\" decoding=\"async\" width=\"105\" height=\"70\" src=\"https:\/\/dorogimedence.hu\/wp-content\/uploads\/2026\/04\/okoiskola-600x303.jpg\" class=\"attachment-medium size-medium wp-post-image\" alt=\"\" sizes=\"(max-width: 105px) 100vw, 105px\" title=\"\u00d6koiskola lett a dorogi Zr\u00ednyi\" srcset=\"https:\/\/dorogimedence.hu\/wp-content\/uploads\/2026\/04\/okoiskola-600x303.jpg 600w, https:\/\/dorogimedence.hu\/wp-content\/uploads\/2026\/04\/okoiskola-768x388.jpg 768w, https:\/\/dorogimedence.hu\/wp-content\/uploads\/2026\/04\/okoiskola-1536x776.jpg 1536w, https:\/\/dorogimedence.hu\/wp-content\/uploads\/2026\/04\/okoiskola-150x76.jpg 150w, https:\/\/dorogimedence.hu\/wp-content\/uploads\/2026\/04\/okoiskola-450x227.jpg 450w, https:\/\/dorogimedence.hu\/wp-content\/uploads\/2026\/04\/okoiskola-1200x606.jpg 1200w, https:\/\/dorogimedence.hu\/wp-content\/uploads\/2026\/04\/okoiskola.jpg 1920w\" \/><\/a>\t\t\t\n\t\t\t\n\t\t\t\n\t\t\t\n\t\t\n\t\t<\/div>\n\t\n\n\t\n\t\t<div class=\"content\">\n\n\t\t\t<div class=\"post-meta post-meta-a post-meta-left has-below\"><h4 class=\"is-title post-title\"><a href=\"https:\/\/dorogimedence.hu\/index.php\/2026\/04\/29\/okoiskola-lett-a-dorogi-zrinyi\/\">\u00d6koiskola lett a dorogi Zr\u00ednyi<\/a><\/h4><div class=\"post-meta-items meta-below\"><span class=\"meta-item date\"><span class=\"date-link\"><time class=\"post-date\" datetime=\"2026-04-29T10:46:45+02:00\">2026-04-29<\/time><\/span><\/span><\/div><\/div>\t\t\t\n\t\t\t\n\t\t\t\n\t\t<\/div>\n\n\t\n<\/article>\t\n\t\t\t\t\t\n<article class=\"l-post small-post small-a-post m-pos-left\">\n\n\t\n\t\t\t<div class=\"media\">\n\n\t\t\n\t\t\t<a href=\"https:\/\/dorogimedence.hu\/index.php\/2026\/04\/29\/majus-1-jetol-kocsiallas-valtozasok-lesznek-a-dorogi-vasutallomasnal\/\" class=\"image-link media-ratio ratio-3-2\" title=\"M\u00e1jus 1-j\u00e9t\u0151l kocsi\u00e1ll\u00e1s-v\u00e1ltoz\u00e1sok lesznek a dorogi vas\u00fat\u00e1llom\u00e1sn\u00e1l\"><img loading=\"lazy\" decoding=\"async\" width=\"105\" height=\"70\" src=\"https:\/\/dorogimedence.hu\/wp-content\/uploads\/2024\/03\/dorog-vasutallomas-600x400.jpg\" class=\"attachment-medium size-medium wp-post-image\" alt=\"\" sizes=\"(max-width: 105px) 100vw, 105px\" title=\"M\u00e1jus 1-j\u00e9t\u0151l kocsi\u00e1ll\u00e1s-v\u00e1ltoz\u00e1sok lesznek a dorogi vas\u00fat\u00e1llom\u00e1sn\u00e1l\" srcset=\"https:\/\/dorogimedence.hu\/wp-content\/uploads\/2024\/03\/dorog-vasutallomas-600x400.jpg 600w, https:\/\/dorogimedence.hu\/wp-content\/uploads\/2024\/03\/dorog-vasutallomas-768x512.jpg 768w, https:\/\/dorogimedence.hu\/wp-content\/uploads\/2024\/03\/dorog-vasutallomas-1536x1024.jpg 1536w, https:\/\/dorogimedence.hu\/wp-content\/uploads\/2024\/03\/dorog-vasutallomas-150x100.jpg 150w, https:\/\/dorogimedence.hu\/wp-content\/uploads\/2024\/03\/dorog-vasutallomas-450x300.jpg 450w, https:\/\/dorogimedence.hu\/wp-content\/uploads\/2024\/03\/dorog-vasutallomas-1200x800.jpg 1200w, https:\/\/dorogimedence.hu\/wp-content\/uploads\/2024\/03\/dorog-vasutallomas-272x182.jpg 272w, https:\/\/dorogimedence.hu\/wp-content\/uploads\/2024\/03\/dorog-vasutallomas.jpg 1920w\" \/><\/a>\t\t\t\n\t\t\t\n\t\t\t\n\t\t\t\n\t\t\n\t\t<\/div>\n\t\n\n\t\n\t\t<div class=\"content\">\n\n\t\t\t<div class=\"post-meta post-meta-a post-meta-left has-below\"><h4 class=\"is-title post-title\"><a href=\"https:\/\/dorogimedence.hu\/index.php\/2026\/04\/29\/majus-1-jetol-kocsiallas-valtozasok-lesznek-a-dorogi-vasutallomasnal\/\">M\u00e1jus 1-j\u00e9t\u0151l kocsi\u00e1ll\u00e1s-v\u00e1ltoz\u00e1sok lesznek a dorogi vas\u00fat\u00e1llom\u00e1sn\u00e1l<\/a><\/h4><div class=\"post-meta-items meta-below\"><span class=\"meta-item date\"><span class=\"date-link\"><time class=\"post-date\" datetime=\"2026-04-29T09:10:52+02:00\">2026-04-29<\/time><\/span><\/span><\/div><\/div>\t\t\t\n\t\t\t\n\t\t\t\n\t\t<\/div>\n\n\t\n<\/article>\t\n\t\t\t\t\t\n<article class=\"l-post small-post small-a-post m-pos-left\">\n\n\t\n\t\t\t<div class=\"media\">\n\n\t\t\n\t\t\t<a href=\"https:\/\/dorogimedence.hu\/index.php\/2026\/04\/29\/tancosok-lepik-el-dorog-utcait\/\" class=\"image-link media-ratio ratio-3-2\" title=\"T\u00e1ncosok lepik el Dorog utc\u00e1it\"><img loading=\"lazy\" decoding=\"async\" width=\"105\" height=\"70\" src=\"https:\/\/dorogimedence.hu\/wp-content\/uploads\/2026\/04\/682143546_35224400490537825_7743668352346959977_n-600x450.jpg\" class=\"attachment-medium size-medium wp-post-image\" alt=\"\" sizes=\"(max-width: 105px) 100vw, 105px\" title=\"T\u00e1ncosok lepik el Dorog utc\u00e1it\" srcset=\"https:\/\/dorogimedence.hu\/wp-content\/uploads\/2026\/04\/682143546_35224400490537825_7743668352346959977_n-600x450.jpg 600w, https:\/\/dorogimedence.hu\/wp-content\/uploads\/2026\/04\/682143546_35224400490537825_7743668352346959977_n-1920x1440.jpg 1920w, https:\/\/dorogimedence.hu\/wp-content\/uploads\/2026\/04\/682143546_35224400490537825_7743668352346959977_n-768x576.jpg 768w, https:\/\/dorogimedence.hu\/wp-content\/uploads\/2026\/04\/682143546_35224400490537825_7743668352346959977_n-1536x1152.jpg 1536w, https:\/\/dorogimedence.hu\/wp-content\/uploads\/2026\/04\/682143546_35224400490537825_7743668352346959977_n-150x113.jpg 150w, https:\/\/dorogimedence.hu\/wp-content\/uploads\/2026\/04\/682143546_35224400490537825_7743668352346959977_n-450x338.jpg 450w, https:\/\/dorogimedence.hu\/wp-content\/uploads\/2026\/04\/682143546_35224400490537825_7743668352346959977_n-1200x900.jpg 1200w, https:\/\/dorogimedence.hu\/wp-content\/uploads\/2026\/04\/682143546_35224400490537825_7743668352346959977_n.jpg 2048w\" \/><\/a>\t\t\t\n\t\t\t\n\t\t\t\n\t\t\t\n\t\t\n\t\t<\/div>\n\t\n\n\t\n\t\t<div class=\"content\">\n\n\t\t\t<div class=\"post-meta post-meta-a post-meta-left has-below\"><h4 class=\"is-title post-title\"><a href=\"https:\/\/dorogimedence.hu\/index.php\/2026\/04\/29\/tancosok-lepik-el-dorog-utcait\/\">T\u00e1ncosok lepik el Dorog utc\u00e1it<\/a><\/h4><div class=\"post-meta-items meta-below\"><span class=\"meta-item date\"><span class=\"date-link\"><time class=\"post-date\" datetime=\"2026-04-29T08:59:53+02:00\">2026-04-29<\/time><\/span><\/span><\/div><\/div>\t\t\t\n\t\t\t\n\t\t\t\n\t\t<\/div>\n\n\t\n<\/article>\t\n\t\t\t\t\t\n<article class=\"l-post small-post small-a-post m-pos-left\">\n\n\t\n\t\t\t<div class=\"media\">\n\n\t\t\n\t\t\t<a href=\"https:\/\/dorogimedence.hu\/index.php\/2026\/04\/28\/kozel-200-viragot-ultettek-a-fold-napjan-a-meszlenyi-iskolaban\/\" class=\"image-link media-ratio ratio-3-2\" title=\"K\u00f6zel 200 vir\u00e1got \u00fcltettek a F\u00f6ld napj\u00e1n a Meszl\u00e9nyi iskol\u00e1ban\"><img loading=\"lazy\" decoding=\"async\" width=\"105\" height=\"70\" src=\"https:\/\/dorogimedence.hu\/wp-content\/uploads\/2026\/04\/682928931_1489748952943060_7911593120432596213_n-600x450.jpg\" class=\"attachment-medium size-medium wp-post-image\" alt=\"\" sizes=\"(max-width: 105px) 100vw, 105px\" title=\"K\u00f6zel 200 vir\u00e1got \u00fcltettek a F\u00f6ld napj\u00e1n a Meszl\u00e9nyi iskol\u00e1ban\" srcset=\"https:\/\/dorogimedence.hu\/wp-content\/uploads\/2026\/04\/682928931_1489748952943060_7911593120432596213_n-600x450.jpg 600w, https:\/\/dorogimedence.hu\/wp-content\/uploads\/2026\/04\/682928931_1489748952943060_7911593120432596213_n-1920x1440.jpg 1920w, https:\/\/dorogimedence.hu\/wp-content\/uploads\/2026\/04\/682928931_1489748952943060_7911593120432596213_n-768x576.jpg 768w, https:\/\/dorogimedence.hu\/wp-content\/uploads\/2026\/04\/682928931_1489748952943060_7911593120432596213_n-1536x1152.jpg 1536w, https:\/\/dorogimedence.hu\/wp-content\/uploads\/2026\/04\/682928931_1489748952943060_7911593120432596213_n-150x113.jpg 150w, https:\/\/dorogimedence.hu\/wp-content\/uploads\/2026\/04\/682928931_1489748952943060_7911593120432596213_n-450x338.jpg 450w, https:\/\/dorogimedence.hu\/wp-content\/uploads\/2026\/04\/682928931_1489748952943060_7911593120432596213_n-1200x900.jpg 1200w, https:\/\/dorogimedence.hu\/wp-content\/uploads\/2026\/04\/682928931_1489748952943060_7911593120432596213_n.jpg 2048w\" \/><\/a>\t\t\t\n\t\t\t\n\t\t\t\n\t\t\t\n\t\t\n\t\t<\/div>\n\t\n\n\t\n\t\t<div class=\"content\">\n\n\t\t\t<div class=\"post-meta post-meta-a post-meta-left has-below\"><h4 class=\"is-title post-title\"><a href=\"https:\/\/dorogimedence.hu\/index.php\/2026\/04\/28\/kozel-200-viragot-ultettek-a-fold-napjan-a-meszlenyi-iskolaban\/\">K\u00f6zel 200 vir\u00e1got \u00fcltettek a F\u00f6ld napj\u00e1n a Meszl\u00e9nyi iskol\u00e1ban<\/a><\/h4><div class=\"post-meta-items meta-below\"><span class=\"meta-item date\"><span class=\"date-link\"><time class=\"post-date\" datetime=\"2026-04-28T14:33:11+02:00\">2026-04-28<\/time><\/span><\/span><\/div><\/div>\t\t\t\n\t\t\t\n\t\t\t\n\t\t<\/div>\n\n\t\n<\/article>\t\n\t\t\t\t\t\n<article class=\"l-post small-post small-a-post m-pos-left\">\n\n\t\n\t\t\t<div class=\"media\">\n\n\t\t\n\t\t\t<a href=\"https:\/\/dorogimedence.hu\/index.php\/2026\/04\/28\/arany-minositesek-abonybol-taroltak-az-esztergomi-novendekek\/\" class=\"image-link media-ratio ratio-3-2\" title=\"Arany min\u0151s\u00edt\u00e9sek Abonyb\u00f3l \u2013 taroltak az esztergomi n\u00f6vend\u00e9kek\"><img loading=\"lazy\" decoding=\"async\" width=\"105\" height=\"70\" src=\"https:\/\/dorogimedence.hu\/wp-content\/uploads\/2026\/04\/679921566_1422923022970397_5040748270783780865_n-600x450.jpg\" class=\"attachment-medium size-medium wp-post-image\" alt=\"\" sizes=\"(max-width: 105px) 100vw, 105px\" title=\"Arany min\u0151s\u00edt\u00e9sek Abonyb\u00f3l \u2013 taroltak az esztergomi n\u00f6vend\u00e9kek\" srcset=\"https:\/\/dorogimedence.hu\/wp-content\/uploads\/2026\/04\/679921566_1422923022970397_5040748270783780865_n-600x450.jpg 600w, https:\/\/dorogimedence.hu\/wp-content\/uploads\/2026\/04\/679921566_1422923022970397_5040748270783780865_n-1920x1440.jpg 1920w, https:\/\/dorogimedence.hu\/wp-content\/uploads\/2026\/04\/679921566_1422923022970397_5040748270783780865_n-768x576.jpg 768w, https:\/\/dorogimedence.hu\/wp-content\/uploads\/2026\/04\/679921566_1422923022970397_5040748270783780865_n-1536x1152.jpg 1536w, https:\/\/dorogimedence.hu\/wp-content\/uploads\/2026\/04\/679921566_1422923022970397_5040748270783780865_n-150x113.jpg 150w, https:\/\/dorogimedence.hu\/wp-content\/uploads\/2026\/04\/679921566_1422923022970397_5040748270783780865_n-450x338.jpg 450w, https:\/\/dorogimedence.hu\/wp-content\/uploads\/2026\/04\/679921566_1422923022970397_5040748270783780865_n-1200x900.jpg 1200w, https:\/\/dorogimedence.hu\/wp-content\/uploads\/2026\/04\/679921566_1422923022970397_5040748270783780865_n.jpg 2048w\" \/><\/a>\t\t\t\n\t\t\t\n\t\t\t\n\t\t\t\n\t\t\n\t\t<\/div>\n\t\n\n\t\n\t\t<div class=\"content\">\n\n\t\t\t<div class=\"post-meta post-meta-a post-meta-left has-below\"><h4 class=\"is-title post-title\"><a href=\"https:\/\/dorogimedence.hu\/index.php\/2026\/04\/28\/arany-minositesek-abonybol-taroltak-az-esztergomi-novendekek\/\">Arany min\u0151s\u00edt\u00e9sek Abonyb\u00f3l \u2013 taroltak az esztergomi n\u00f6vend\u00e9kek<\/a><\/h4><div class=\"post-meta-items meta-below\"><span class=\"meta-item date\"><span class=\"date-link\"><time class=\"post-date\" datetime=\"2026-04-28T13:59:25+02:00\">2026-04-28<\/time><\/span><\/span><\/div><\/div>\t\t\t\n\t\t\t\n\t\t\t\n\t\t<\/div>\n\n\t\n<\/article>\t\n\t\t\t\t\t\n<article class=\"l-post small-post small-a-post m-pos-left\">\n\n\t\n\t\t\t<div class=\"media\">\n\n\t\t\n\t\t\t<a href=\"https:\/\/dorogimedence.hu\/index.php\/2026\/04\/28\/tobb-mint-17-millio-forintot-csaltak-ki-egy-notol-telefonos-csalok\/\" class=\"image-link media-ratio ratio-3-2\" title=\"T\u00f6bb mint 17 milli\u00f3 forintot csaltak ki egy n\u0151t\u0151l telefonos csal\u00f3k\"><img loading=\"lazy\" decoding=\"async\" width=\"105\" height=\"70\" src=\"https:\/\/dorogimedence.hu\/wp-content\/uploads\/2026\/04\/16999-600x400.jpg\" class=\"attachment-medium size-medium wp-post-image\" alt=\"\" sizes=\"(max-width: 105px) 100vw, 105px\" title=\"T\u00f6bb mint 17 milli\u00f3 forintot csaltak ki egy n\u0151t\u0151l telefonos csal\u00f3k\" srcset=\"https:\/\/dorogimedence.hu\/wp-content\/uploads\/2026\/04\/16999-600x400.jpg 600w, https:\/\/dorogimedence.hu\/wp-content\/uploads\/2026\/04\/16999-768x512.jpg 768w, https:\/\/dorogimedence.hu\/wp-content\/uploads\/2026\/04\/16999-150x100.jpg 150w, https:\/\/dorogimedence.hu\/wp-content\/uploads\/2026\/04\/16999-450x300.jpg 450w, https:\/\/dorogimedence.hu\/wp-content\/uploads\/2026\/04\/16999-1200x800.jpg 1200w, https:\/\/dorogimedence.hu\/wp-content\/uploads\/2026\/04\/16999-272x182.jpg 272w, https:\/\/dorogimedence.hu\/wp-content\/uploads\/2026\/04\/16999.jpg 1500w\" \/><\/a>\t\t\t\n\t\t\t\n\t\t\t\n\t\t\t\n\t\t\n\t\t<\/div>\n\t\n\n\t\n\t\t<div class=\"content\">\n\n\t\t\t<div class=\"post-meta post-meta-a post-meta-left has-below\"><h4 class=\"is-title post-title\"><a href=\"https:\/\/dorogimedence.hu\/index.php\/2026\/04\/28\/tobb-mint-17-millio-forintot-csaltak-ki-egy-notol-telefonos-csalok\/\">T\u00f6bb mint 17 milli\u00f3 forintot csaltak ki egy n\u0151t\u0151l telefonos csal\u00f3k<\/a><\/h4><div class=\"post-meta-items meta-below\"><span class=\"meta-item date\"><span class=\"date-link\"><time class=\"post-date\" datetime=\"2026-04-28T12:02:21+02:00\">2026-04-28<\/time><\/span><\/span><\/div><\/div>\t\t\t\n\t\t\t\n\t\t\t\n\t\t<\/div>\n\n\t\n<\/article>\t\n\t\t\t\t\t\n<article class=\"l-post small-post small-a-post m-pos-left\">\n\n\t\n\t\t\t<div class=\"media\">\n\n\t\t\n\t\t\t<a href=\"https:\/\/dorogimedence.hu\/index.php\/2026\/04\/28\/sebessegmeres-esztergom-kertvarosban-tobb-gyorshajtot-is-megbirsagoltak\/\" class=\"image-link media-ratio ratio-3-2\" title=\"Sebess\u00e9gm\u00e9r\u00e9s Esztergom-Kertv\u00e1rosban: t\u00f6bb gyorshajt\u00f3t is megb\u00edrs\u00e1goltak\"><img loading=\"lazy\" decoding=\"async\" width=\"105\" height=\"70\" src=\"https:\/\/dorogimedence.hu\/wp-content\/uploads\/2026\/04\/sebessegmeres-600x303.jpg\" class=\"attachment-medium size-medium wp-post-image\" alt=\"\" sizes=\"(max-width: 105px) 100vw, 105px\" title=\"Sebess\u00e9gm\u00e9r\u00e9s Esztergom-Kertv\u00e1rosban: t\u00f6bb gyorshajt\u00f3t is megb\u00edrs\u00e1goltak\" srcset=\"https:\/\/dorogimedence.hu\/wp-content\/uploads\/2026\/04\/sebessegmeres-600x303.jpg 600w, https:\/\/dorogimedence.hu\/wp-content\/uploads\/2026\/04\/sebessegmeres-768x388.jpg 768w, https:\/\/dorogimedence.hu\/wp-content\/uploads\/2026\/04\/sebessegmeres-1536x776.jpg 1536w, https:\/\/dorogimedence.hu\/wp-content\/uploads\/2026\/04\/sebessegmeres-150x76.jpg 150w, https:\/\/dorogimedence.hu\/wp-content\/uploads\/2026\/04\/sebessegmeres-450x227.jpg 450w, https:\/\/dorogimedence.hu\/wp-content\/uploads\/2026\/04\/sebessegmeres-1200x606.jpg 1200w, https:\/\/dorogimedence.hu\/wp-content\/uploads\/2026\/04\/sebessegmeres.jpg 1920w\" \/><\/a>\t\t\t\n\t\t\t\n\t\t\t\n\t\t\t\n\t\t\n\t\t<\/div>\n\t\n\n\t\n\t\t<div class=\"content\">\n\n\t\t\t<div class=\"post-meta post-meta-a post-meta-left has-below\"><h4 class=\"is-title post-title\"><a href=\"https:\/\/dorogimedence.hu\/index.php\/2026\/04\/28\/sebessegmeres-esztergom-kertvarosban-tobb-gyorshajtot-is-megbirsagoltak\/\">Sebess\u00e9gm\u00e9r\u00e9s Esztergom-Kertv\u00e1rosban: t\u00f6bb gyorshajt\u00f3t is megb\u00edrs\u00e1goltak<\/a><\/h4><div class=\"post-meta-items meta-below\"><span class=\"meta-item date\"><span class=\"date-link\"><time class=\"post-date\" datetime=\"2026-04-28T11:26:24+02:00\">2026-04-28<\/time><\/span><\/span><\/div><\/div>\t\t\t\n\t\t\t\n\t\t\t\n\t\t<\/div>\n\n\t\n<\/article>\t\n\t\t\n\t<\/div>\n\n\t\t\t<\/div>\n\n\n\t\t\t\t<\/div>\n\n\t\t<\/section>\n\t\t\t\t\t\t<\/div>\n\t\t\t\t<\/div>\n\t\t\t\t<div class=\"elementor-element elementor-element-33195127 elementor-widget elementor-widget-smartmag-focusgrid\" data-id=\"33195127\" data-element_type=\"widget\" data-e-type=\"widget\" data-widget_type=\"smartmag-focusgrid.default\">\n\t\t\t\t<div class=\"elementor-widget-container\">\n\t\t\t\t\t\t\t<section class=\"block-wrap block-focus-grid block-sc cols-gap-sm\" data-id=\"5\" data-block=\"{&quot;id&quot;:&quot;focus-grid&quot;,&quot;props&quot;:{&quot;cat_labels&quot;:&quot;0&quot;,&quot;cat_labels_pos&quot;:&quot;top-left&quot;,&quot;reviews&quot;:&quot;barss&quot;,&quot;post_formats_pos&quot;:&quot;center&quot;,&quot;load_more_style&quot;:&quot;a&quot;,&quot;meta_cat_style&quot;:&quot;text&quot;,&quot;media_style_shadow&quot;:0,&quot;meta_sponsor&quot;:1,&quot;meta_sponsor_logo&quot;:0,&quot;meta_sponsor_label&quot;:&quot;Sponsor: {sponsor}&quot;,&quot;meta_above&quot;:[],&quot;meta_below&quot;:[&quot;author&quot;,&quot;date&quot;,&quot;comments&quot;],&quot;meta_sponsor_above&quot;:[],&quot;meta_sponsor_below&quot;:[&quot;sponsor&quot;,&quot;date&quot;],&quot;sort_order&quot;:&quot;desc&quot;,&quot;heading&quot;:&quot;*K\\u00e9k* h\\u00edrek&quot;,&quot;heading_type&quot;:&quot;a&quot;,&quot;cat&quot;:&quot;39&quot;,&quot;offset&quot;:&quot;0&quot;,&quot;filters&quot;:&quot;category&quot;,&quot;heading_colors&quot;:&quot;force&quot;,&quot;container_width&quot;:66,&quot;excerpt_length&quot;:15,&quot;media_ratio&quot;:&quot;custom&quot;,&quot;media_ratio_custom&quot;:&quot;1.59&quot;,&quot;terms&quot;:[&quot;39&quot;],&quot;filters_terms&quot;:[&quot;39&quot;],&quot;pagination_type&quot;:null,&quot;pagination_links&quot;:null,&quot;meta_sponsor_items_default&quot;:true,&quot;query_type&quot;:&quot;custom&quot;,&quot;sort_days&quot;:null,&quot;is_sc_call&quot;:true,&quot;meta_items_default&quot;:true}}\" data-is-mixed=\"1\">\n\n\t\t\t\t\t\t\t\t\n\t\t\t\t\t\t\t\n\t\t\t\t<div class=\"block-head block-head-a block-head-a1 is-left term-color-39\">\n\n\t\t\t\t\t<h4 class=\"heading\"><a href=\"https:\/\/dorogimedence.hu\/index.php\/category\/kek-hirek\/\"><span class=\"color\">K\u00e9k<\/span> h\u00edrek<\/a><\/h4>\t\t\t\t\t\t\t\t\n\t\t\t<ul class=\"subcats filters\">\n\t\t\t\t<li><a href=\"#\" data-id=\"0\" class=\"active\">All<\/a><\/li>\n\t\t\t\t<li><a href=\"https:\/\/dorogimedence.hu\/index.php\/category\/kek-hirek\/\" data-id=\"39\">K\u00e9k h\u00edrek<\/a><\/li>\t\t\t<\/ul>\n\t\t\t\n\t\t\t\n\t\t\t\t\t\t\t\t\t<\/div>\n\t\t\t\t\n\t\t\t\n\t\t\t\n\t\t\t<div class=\"block-content\">\n\t\t\t\t\t\n\t<div class=\"grid grid-2 sm:grid-1 cols-not-eq loops-mixed\">\n\n\t\t\t\n\t<div class=\"loop loop-grid loop-grid-base grid grid-1 md:grid-1 xs:grid-1\">\n\n\t\t\t\t\t\n<article class=\"l-post grid-post grid-base-post\">\n\n\t\n\t\t\t<div class=\"media\">\n\n\t\t\n\t\t\t<a href=\"https:\/\/dorogimedence.hu\/index.php\/2026\/04\/30\/parkoloban-csaptak-le-a-dilerre\/\" class=\"image-link media-ratio ratio-is-custom\" title=\"Parkol\u00f3ban csaptak le a d\u00edlerre\"><img loading=\"lazy\" decoding=\"async\" width=\"769\" height=\"484\" src=\"https:\/\/dorogimedence.hu\/wp-content\/uploads\/2026\/04\/7_34.png\" class=\"attachment-large size-large wp-post-image\" alt=\"\" sizes=\"(max-width: 768px) 100vw, 768px\" title=\"Parkol\u00f3ban csaptak le a d\u00edlerre\" srcset=\"https:\/\/dorogimedence.hu\/wp-content\/uploads\/2026\/04\/7_34.png 750w, https:\/\/dorogimedence.hu\/wp-content\/uploads\/2026\/04\/7_34-600x400.png 600w, https:\/\/dorogimedence.hu\/wp-content\/uploads\/2026\/04\/7_34-150x100.png 150w, https:\/\/dorogimedence.hu\/wp-content\/uploads\/2026\/04\/7_34-450x300.png 450w, https:\/\/dorogimedence.hu\/wp-content\/uploads\/2026\/04\/7_34-272x182.png 272w\" \/><\/a>\t\t\t\n\t\t\t\n\t\t\t\n\t\t\t\n\t\t\n\t\t<\/div>\n\t\n\n\t\n\t\t<div class=\"content\">\n\n\t\t\t<div class=\"post-meta post-meta-a has-below\"><h2 class=\"is-title post-title\"><a href=\"https:\/\/dorogimedence.hu\/index.php\/2026\/04\/30\/parkoloban-csaptak-le-a-dilerre\/\">Parkol\u00f3ban csaptak le a d\u00edlerre<\/a><\/h2><div class=\"post-meta-items meta-below\"><span class=\"meta-item post-author\"><span class=\"by\">By<\/span> <a href=\"https:\/\/dorogimedence.hu\/index.php\/author\/lehoo88\/\" title=\"dorogimedence.hu bejegyz\u00e9se\" rel=\"author\">dorogimedence.hu<\/a><\/span><span class=\"meta-item has-next-icon date\"><span class=\"date-link\"><time class=\"post-date\" datetime=\"2026-04-30T14:05:17+02:00\">2026-04-30<\/time><\/span><\/span><span class=\"meta-item comments has-icon\"><a href=\"https:\/\/dorogimedence.hu\/index.php\/2026\/04\/30\/parkoloban-csaptak-le-a-dilerre\/#respond\"><i class=\"tsi tsi-comment-o\"><\/i>0<\/a><\/span><\/div><\/div>\t\t\t\n\t\t\t\t\t\t\n\t\t\t\t<div class=\"excerpt\">\n\t\t\t\t\t<p>Elfogtak egy k\u00e1b\u00edt\u00f3szer-keresked\u00e9ssel gyan\u00fas\u00edtott n\u0151t Esztergom t\u00e9rs\u00e9g\u00e9ben: a rend\u0151r\u00f6k \u00e9ppen akkor csaptak le r\u00e1, amikor&hellip;<\/p>\n\t\t\t\t<\/div>\n\t\t\t\n\t\t\t\n\t\t\t\n\t\t<\/div>\n\n\t\n<\/article>\t\t\n\t<\/div>\n\n\t\t\n\t\n\t<div class=\"loop loop-grid loop-grid-sm grid grid-2 md:grid-2 sm:grid-2\">\n\n\t\t\t\t\t\n<article class=\"l-post grid-post grid-sm-post\">\n\n\t\n\t\t\t<div class=\"media\">\n\n\t\t\n\t\t\t<a href=\"https:\/\/dorogimedence.hu\/index.php\/2026\/04\/28\/tobb-mint-17-millio-forintot-csaltak-ki-egy-notol-telefonos-csalok\/\" class=\"image-link media-ratio ratio-is-custom\" title=\"T\u00f6bb mint 17 milli\u00f3 forintot csaltak ki egy n\u0151t\u0151l telefonos csal\u00f3k\"><img loading=\"lazy\" decoding=\"async\" width=\"361\" height=\"215\" src=\"https:\/\/dorogimedence.hu\/wp-content\/uploads\/2026\/04\/16999-450x300.jpg\" class=\"attachment-bunyad-medium size-bunyad-medium wp-post-image\" alt=\"\" sizes=\"(max-width: 361px) 100vw, 361px\" title=\"T\u00f6bb mint 17 milli\u00f3 forintot csaltak ki egy n\u0151t\u0151l telefonos csal\u00f3k\" srcset=\"https:\/\/dorogimedence.hu\/wp-content\/uploads\/2026\/04\/16999-450x300.jpg 450w, https:\/\/dorogimedence.hu\/wp-content\/uploads\/2026\/04\/16999-600x400.jpg 600w, https:\/\/dorogimedence.hu\/wp-content\/uploads\/2026\/04\/16999-768x512.jpg 768w, https:\/\/dorogimedence.hu\/wp-content\/uploads\/2026\/04\/16999-1200x800.jpg 1200w, https:\/\/dorogimedence.hu\/wp-content\/uploads\/2026\/04\/16999.jpg 1500w\" \/><\/a>\t\t\t\n\t\t\t\n\t\t\t\n\t\t\t\n\t\t\n\t\t<\/div>\n\t\n\n\t\n\t\t<div class=\"content\">\n\n\t\t\t<div class=\"post-meta post-meta-a has-below\"><h2 class=\"is-title post-title\"><a href=\"https:\/\/dorogimedence.hu\/index.php\/2026\/04\/28\/tobb-mint-17-millio-forintot-csaltak-ki-egy-notol-telefonos-csalok\/\">T\u00f6bb mint 17 milli\u00f3 forintot csaltak ki egy n\u0151t\u0151l telefonos csal\u00f3k<\/a><\/h2><div class=\"post-meta-items meta-below\"><span class=\"meta-item date\"><span class=\"date-link\"><time class=\"post-date\" datetime=\"2026-04-28T12:02:21+02:00\">2026-04-28<\/time><\/span><\/span><\/div><\/div>\t\t\t\n\t\t\t\n\t\t\t\n\t\t<\/div>\n\n\t\n<\/article>\t\t\t\t\t\n<article class=\"l-post grid-post grid-sm-post\">\n\n\t\n\t\t\t<div class=\"media\">\n\n\t\t\n\t\t\t<a href=\"https:\/\/dorogimedence.hu\/index.php\/2026\/04\/28\/sebessegmeres-esztergom-kertvarosban-tobb-gyorshajtot-is-megbirsagoltak\/\" class=\"image-link media-ratio ratio-is-custom\" title=\"Sebess\u00e9gm\u00e9r\u00e9s Esztergom-Kertv\u00e1rosban: t\u00f6bb gyorshajt\u00f3t is megb\u00edrs\u00e1goltak\"><img loading=\"lazy\" decoding=\"async\" width=\"361\" height=\"215\" src=\"https:\/\/dorogimedence.hu\/wp-content\/uploads\/2026\/04\/sebessegmeres-450x227.jpg\" class=\"attachment-bunyad-medium size-bunyad-medium wp-post-image\" alt=\"\" sizes=\"(max-width: 361px) 100vw, 361px\" title=\"Sebess\u00e9gm\u00e9r\u00e9s Esztergom-Kertv\u00e1rosban: t\u00f6bb gyorshajt\u00f3t is megb\u00edrs\u00e1goltak\" srcset=\"https:\/\/dorogimedence.hu\/wp-content\/uploads\/2026\/04\/sebessegmeres-450x227.jpg 450w, https:\/\/dorogimedence.hu\/wp-content\/uploads\/2026\/04\/sebessegmeres-600x303.jpg 600w, https:\/\/dorogimedence.hu\/wp-content\/uploads\/2026\/04\/sebessegmeres-768x388.jpg 768w, https:\/\/dorogimedence.hu\/wp-content\/uploads\/2026\/04\/sebessegmeres-1536x776.jpg 1536w, https:\/\/dorogimedence.hu\/wp-content\/uploads\/2026\/04\/sebessegmeres-1200x606.jpg 1200w, https:\/\/dorogimedence.hu\/wp-content\/uploads\/2026\/04\/sebessegmeres.jpg 1920w\" \/><\/a>\t\t\t\n\t\t\t\n\t\t\t\n\t\t\t\n\t\t\n\t\t<\/div>\n\t\n\n\t\n\t\t<div class=\"content\">\n\n\t\t\t<div class=\"post-meta post-meta-a has-below\"><h2 class=\"is-title post-title\"><a href=\"https:\/\/dorogimedence.hu\/index.php\/2026\/04\/28\/sebessegmeres-esztergom-kertvarosban-tobb-gyorshajtot-is-megbirsagoltak\/\">Sebess\u00e9gm\u00e9r\u00e9s Esztergom-Kertv\u00e1rosban: t\u00f6bb gyorshajt\u00f3t is megb\u00edrs\u00e1goltak<\/a><\/h2><div class=\"post-meta-items meta-below\"><span class=\"meta-item date\"><span class=\"date-link\"><time class=\"post-date\" datetime=\"2026-04-28T11:26:24+02:00\">2026-04-28<\/time><\/span><\/span><\/div><\/div>\t\t\t\n\t\t\t\n\t\t\t\n\t\t<\/div>\n\n\t\n<\/article>\t\t\t\t\t\n<article class=\"l-post grid-post grid-sm-post\">\n\n\t\n\t\t\t<div class=\"media\">\n\n\t\t\n\t\t\t<a href=\"https:\/\/dorogimedence.hu\/index.php\/2026\/04\/23\/fokozott-rendori-ellenorzes-dorogon-2\/\" class=\"image-link media-ratio ratio-is-custom\" title=\"Fokozott rend\u0151ri ellen\u0151rz\u00e9s Dorogon\"><img loading=\"lazy\" decoding=\"async\" width=\"361\" height=\"215\" src=\"https:\/\/dorogimedence.hu\/wp-content\/uploads\/2026\/04\/rendor-ellenorzes-05-450x227.jpg\" class=\"attachment-bunyad-medium size-bunyad-medium wp-post-image\" alt=\"\" sizes=\"(max-width: 361px) 100vw, 361px\" title=\"Fokozott rend\u0151ri ellen\u0151rz\u00e9s Dorogon\" srcset=\"https:\/\/dorogimedence.hu\/wp-content\/uploads\/2026\/04\/rendor-ellenorzes-05-450x227.jpg 450w, https:\/\/dorogimedence.hu\/wp-content\/uploads\/2026\/04\/rendor-ellenorzes-05-600x303.jpg 600w, https:\/\/dorogimedence.hu\/wp-content\/uploads\/2026\/04\/rendor-ellenorzes-05-768x388.jpg 768w, https:\/\/dorogimedence.hu\/wp-content\/uploads\/2026\/04\/rendor-ellenorzes-05-1536x776.jpg 1536w, https:\/\/dorogimedence.hu\/wp-content\/uploads\/2026\/04\/rendor-ellenorzes-05-1200x606.jpg 1200w, https:\/\/dorogimedence.hu\/wp-content\/uploads\/2026\/04\/rendor-ellenorzes-05.jpg 1920w\" \/><\/a>\t\t\t\n\t\t\t\n\t\t\t\n\t\t\t\n\t\t\n\t\t<\/div>\n\t\n\n\t\n\t\t<div class=\"content\">\n\n\t\t\t<div class=\"post-meta post-meta-a has-below\"><h2 class=\"is-title post-title\"><a href=\"https:\/\/dorogimedence.hu\/index.php\/2026\/04\/23\/fokozott-rendori-ellenorzes-dorogon-2\/\">Fokozott rend\u0151ri ellen\u0151rz\u00e9s Dorogon<\/a><\/h2><div class=\"post-meta-items meta-below\"><span class=\"meta-item date\"><span class=\"date-link\"><time class=\"post-date\" datetime=\"2026-04-23T15:13:53+02:00\">2026-04-23<\/time><\/span><\/span><\/div><\/div>\t\t\t\n\t\t\t\n\t\t\t\n\t\t<\/div>\n\n\t\n<\/article>\t\t\t\t\t\n<article class=\"l-post grid-post grid-sm-post\">\n\n\t\n\t\t\t<div class=\"media\">\n\n\t\t\n\t\t\t<a href=\"https:\/\/dorogimedence.hu\/index.php\/2026\/04\/22\/eltunes-miatt-keresik-kosa-lorincet\/\" class=\"image-link media-ratio ratio-is-custom\" title=\"Elt\u0171n\u00e9s miatt keresik K\u00f3sa L\u0151rincet\"><img loading=\"lazy\" decoding=\"async\" width=\"361\" height=\"215\" src=\"https:\/\/dorogimedence.hu\/wp-content\/uploads\/2026\/04\/eltunt-szemely-2-450x227.jpg\" class=\"attachment-bunyad-medium size-bunyad-medium wp-post-image\" alt=\"\" sizes=\"(max-width: 361px) 100vw, 361px\" title=\"Elt\u0171n\u00e9s miatt keresik K\u00f3sa L\u0151rincet\" srcset=\"https:\/\/dorogimedence.hu\/wp-content\/uploads\/2026\/04\/eltunt-szemely-2-450x227.jpg 450w, https:\/\/dorogimedence.hu\/wp-content\/uploads\/2026\/04\/eltunt-szemely-2-600x303.jpg 600w, https:\/\/dorogimedence.hu\/wp-content\/uploads\/2026\/04\/eltunt-szemely-2-768x388.jpg 768w, https:\/\/dorogimedence.hu\/wp-content\/uploads\/2026\/04\/eltunt-szemely-2-1536x776.jpg 1536w, https:\/\/dorogimedence.hu\/wp-content\/uploads\/2026\/04\/eltunt-szemely-2-1200x606.jpg 1200w, https:\/\/dorogimedence.hu\/wp-content\/uploads\/2026\/04\/eltunt-szemely-2.jpg 1920w\" \/><\/a>\t\t\t\n\t\t\t\n\t\t\t\n\t\t\t\n\t\t\n\t\t<\/div>\n\t\n\n\t\n\t\t<div class=\"content\">\n\n\t\t\t<div class=\"post-meta post-meta-a has-below\"><h2 class=\"is-title post-title\"><a href=\"https:\/\/dorogimedence.hu\/index.php\/2026\/04\/22\/eltunes-miatt-keresik-kosa-lorincet\/\">Elt\u0171n\u00e9s miatt keresik K\u00f3sa L\u0151rincet<\/a><\/h2><div class=\"post-meta-items meta-below\"><span class=\"meta-item date\"><span class=\"date-link\"><time class=\"post-date\" datetime=\"2026-04-22T16:08:19+02:00\">2026-04-22<\/time><\/span><\/span><\/div><\/div>\t\t\t\n\t\t\t\n\t\t\t\n\t\t<\/div>\n\n\t\n<\/article>\t\t\n\t<\/div>\n\n\t\t\n\t<\/div>\n\n\t\t\t\t<\/div>\n\n\t\t<\/section>\n\t\t\t\t\t\t<\/div>\n\t\t\t\t<\/div>\n\t\t\t\t<div class=\"elementor-element elementor-element-825b6a9 elementor-widget elementor-widget-smartmag-focusgrid\" data-id=\"825b6a9\" data-element_type=\"widget\" data-e-type=\"widget\" data-widget_type=\"smartmag-focusgrid.default\">\n\t\t\t\t<div class=\"elementor-widget-container\">\n\t\t\t\t\t\t\t<section class=\"block-wrap block-focus-grid block-sc cols-gap-sm\" data-id=\"8\" data-block=\"{&quot;id&quot;:&quot;focus-grid&quot;,&quot;props&quot;:{&quot;cat_labels&quot;:&quot;0&quot;,&quot;cat_labels_pos&quot;:&quot;top-left&quot;,&quot;reviews&quot;:&quot;barss&quot;,&quot;post_formats_pos&quot;:&quot;center&quot;,&quot;load_more_style&quot;:&quot;a&quot;,&quot;meta_cat_style&quot;:&quot;text&quot;,&quot;media_style_shadow&quot;:0,&quot;meta_sponsor&quot;:1,&quot;meta_sponsor_logo&quot;:0,&quot;meta_sponsor_label&quot;:&quot;Sponsor: {sponsor}&quot;,&quot;meta_above&quot;:[],&quot;meta_below&quot;:[&quot;author&quot;,&quot;date&quot;,&quot;comments&quot;],&quot;meta_sponsor_above&quot;:[],&quot;meta_sponsor_below&quot;:[&quot;sponsor&quot;,&quot;date&quot;],&quot;sort_order&quot;:&quot;desc&quot;,&quot;heading&quot;:&quot;Sport&quot;,&quot;heading_type&quot;:&quot;a&quot;,&quot;cat&quot;:&quot;5&quot;,&quot;offset&quot;:&quot;0&quot;,&quot;filters&quot;:&quot;category&quot;,&quot;heading_colors&quot;:&quot;force&quot;,&quot;container_width&quot;:66,&quot;excerpt_length&quot;:15,&quot;media_ratio&quot;:&quot;custom&quot;,&quot;media_ratio_custom&quot;:&quot;1.59&quot;,&quot;terms&quot;:[&quot;5&quot;],&quot;filters_terms&quot;:[&quot;5&quot;],&quot;pagination_type&quot;:null,&quot;pagination_links&quot;:null,&quot;meta_sponsor_items_default&quot;:true,&quot;query_type&quot;:&quot;custom&quot;,&quot;sort_days&quot;:null,&quot;is_sc_call&quot;:true,&quot;meta_items_default&quot;:true}}\" data-is-mixed=\"1\">\n\n\t\t\t\t\t\t\t\t\n\t\t\t\t\t\t\t\n\t\t\t\t<div class=\"block-head block-head-a block-head-a1 is-left term-color-5\">\n\n\t\t\t\t\t<h4 class=\"heading\"><a href=\"https:\/\/dorogimedence.hu\/index.php\/category\/sport\/\">Sport<\/a><\/h4>\t\t\t\t\t\t\t\t\n\t\t\t<ul class=\"subcats filters\">\n\t\t\t\t<li><a href=\"#\" data-id=\"0\" class=\"active\">All<\/a><\/li>\n\t\t\t\t<li><a href=\"https:\/\/dorogimedence.hu\/index.php\/category\/sport\/\" data-id=\"5\">Sport<\/a><\/li>\t\t\t<\/ul>\n\t\t\t\n\t\t\t\n\t\t\t\t\t\t\t\t\t<\/div>\n\t\t\t\t\n\t\t\t\n\t\t\t\n\t\t\t<div class=\"block-content\">\n\t\t\t\t\t\n\t<div class=\"grid grid-2 sm:grid-1 cols-not-eq loops-mixed\">\n\n\t\t\t\n\t<div class=\"loop loop-grid loop-grid-base grid grid-1 md:grid-1 xs:grid-1\">\n\n\t\t\t\t\t\n<article class=\"l-post grid-post grid-base-post\">\n\n\t\n\t\t\t<div class=\"media\">\n\n\t\t\n\t\t\t<a href=\"https:\/\/dorogimedence.hu\/index.php\/2026\/05\/01\/kiuteses-esztergomi-gyozelem-karnyujtasnyira-a-negyedik-hely\/\" class=\"image-link media-ratio ratio-is-custom\" title=\"Ki\u00fct\u00e9ses esztergomi gy\u0151zelem, karny\u00fajt\u00e1snyira a negyedik hely\"><img loading=\"lazy\" decoding=\"async\" width=\"769\" height=\"484\" src=\"https:\/\/dorogimedence.hu\/wp-content\/uploads\/2026\/05\/kezilabda-768x388.jpg\" class=\"attachment-bunyad-768 size-bunyad-768 wp-post-image\" alt=\"\" sizes=\"(max-width: 768px) 100vw, 768px\" title=\"Ki\u00fct\u00e9ses esztergomi gy\u0151zelem, karny\u00fajt\u00e1snyira a negyedik hely\" srcset=\"https:\/\/dorogimedence.hu\/wp-content\/uploads\/2026\/05\/kezilabda-1536x776.jpg 1536w, https:\/\/dorogimedence.hu\/wp-content\/uploads\/2026\/05\/kezilabda-1200x606.jpg 1200w, https:\/\/dorogimedence.hu\/wp-content\/uploads\/2026\/05\/kezilabda.jpg 1920w\" \/><\/a>\t\t\t\n\t\t\t\n\t\t\t\n\t\t\t\n\t\t\n\t\t<\/div>\n\t\n\n\t\n\t\t<div class=\"content\">\n\n\t\t\t<div class=\"post-meta post-meta-a has-below\"><h2 class=\"is-title post-title\"><a href=\"https:\/\/dorogimedence.hu\/index.php\/2026\/05\/01\/kiuteses-esztergomi-gyozelem-karnyujtasnyira-a-negyedik-hely\/\">Ki\u00fct\u00e9ses esztergomi gy\u0151zelem, karny\u00fajt\u00e1snyira a negyedik hely<\/a><\/h2><div class=\"post-meta-items meta-below\"><span class=\"meta-item post-author\"><span class=\"by\">By<\/span> <a href=\"https:\/\/dorogimedence.hu\/index.php\/author\/lehoo88\/\" title=\"dorogimedence.hu bejegyz\u00e9se\" rel=\"author\">dorogimedence.hu<\/a><\/span><span class=\"meta-item has-next-icon date\"><span class=\"date-link\"><time class=\"post-date\" datetime=\"2026-05-01T07:08:54+02:00\">2026-05-01<\/time><\/span><\/span><span class=\"meta-item comments has-icon\"><a href=\"https:\/\/dorogimedence.hu\/index.php\/2026\/05\/01\/kiuteses-esztergomi-gyozelem-karnyujtasnyira-a-negyedik-hely\/#respond\"><i class=\"tsi tsi-comment-o\"><\/i>0<\/a><\/span><\/div><\/div>\t\t\t\n\t\t\t\t\t\t\n\t\t\t\t<div class=\"excerpt\">\n\t\t\t\t\t<p>F\u00f6l\u00e9nyes gy\u0151zelmet aratott a MOL Esztergom a n\u0151i k\u00e9zilabda NB I-ben: az esztergomiak \u00e1prilis 30-\u00e1n,&hellip;<\/p>\n\t\t\t\t<\/div>\n\t\t\t\n\t\t\t\n\t\t\t\n\t\t<\/div>\n\n\t\n<\/article>\t\t\n\t<\/div>\n\n\t\t\n\t\n\t<div class=\"loop loop-grid loop-grid-sm grid grid-2 md:grid-2 sm:grid-2\">\n\n\t\t\t\t\t\n<article class=\"l-post grid-post grid-sm-post\">\n\n\t\n\t\t\t<div class=\"media\">\n\n\t\t\n\t\t\t<a href=\"https:\/\/dorogimedence.hu\/index.php\/2026\/04\/29\/szoros-meccsen-kapott-ki-az-esztergom-szucsanszki-zitat-is-bucsuztattak\/\" class=\"image-link media-ratio ratio-is-custom\" title=\"Szoros meccsen kapott ki az Esztergom, Szucs\u00e1nszki Zit\u00e1t is b\u00facs\u00faztatt\u00e1k\"><img loading=\"lazy\" decoding=\"async\" width=\"361\" height=\"215\" src=\"https:\/\/dorogimedence.hu\/wp-content\/uploads\/2026\/04\/kezilabda-2-450x227.jpg\" class=\"attachment-bunyad-medium size-bunyad-medium wp-post-image\" alt=\"\" sizes=\"(max-width: 361px) 100vw, 361px\" title=\"Szoros meccsen kapott ki az Esztergom, Szucs\u00e1nszki Zit\u00e1t is b\u00facs\u00faztatt\u00e1k\" srcset=\"https:\/\/dorogimedence.hu\/wp-content\/uploads\/2026\/04\/kezilabda-2-450x227.jpg 450w, https:\/\/dorogimedence.hu\/wp-content\/uploads\/2026\/04\/kezilabda-2-600x303.jpg 600w, https:\/\/dorogimedence.hu\/wp-content\/uploads\/2026\/04\/kezilabda-2-768x388.jpg 768w, https:\/\/dorogimedence.hu\/wp-content\/uploads\/2026\/04\/kezilabda-2-1536x776.jpg 1536w, https:\/\/dorogimedence.hu\/wp-content\/uploads\/2026\/04\/kezilabda-2-1200x606.jpg 1200w, https:\/\/dorogimedence.hu\/wp-content\/uploads\/2026\/04\/kezilabda-2.jpg 1920w\" \/><\/a>\t\t\t\n\t\t\t\n\t\t\t\n\t\t\t\n\t\t\n\t\t<\/div>\n\t\n\n\t\n\t\t<div class=\"content\">\n\n\t\t\t<div class=\"post-meta post-meta-a has-below\"><h2 class=\"is-title post-title\"><a href=\"https:\/\/dorogimedence.hu\/index.php\/2026\/04\/29\/szoros-meccsen-kapott-ki-az-esztergom-szucsanszki-zitat-is-bucsuztattak\/\">Szoros meccsen kapott ki az Esztergom, Szucs\u00e1nszki Zit\u00e1t is b\u00facs\u00faztatt\u00e1k<\/a><\/h2><div class=\"post-meta-items meta-below\"><span class=\"meta-item date\"><span class=\"date-link\"><time class=\"post-date\" datetime=\"2026-04-29T11:23:15+02:00\">2026-04-29<\/time><\/span><\/span><\/div><\/div>\t\t\t\n\t\t\t\n\t\t\t\n\t\t<\/div>\n\n\t\n<\/article>\t\t\t\t\t\n<article class=\"l-post grid-post grid-sm-post\">\n\n\t\n\t\t\t<div class=\"media\">\n\n\t\t\n\t\t\t<a href=\"https:\/\/dorogimedence.hu\/index.php\/2026\/04\/27\/vilagbajnoki-cimet-vedett-bakk-eszter-a-kempo-vb-n\/\" class=\"image-link media-ratio ratio-is-custom\" title=\"Vil\u00e1gbajnoki c\u00edmet v\u00e9dett Bakk Eszter a kempo vb-n\"><img loading=\"lazy\" decoding=\"async\" width=\"361\" height=\"215\" src=\"https:\/\/dorogimedence.hu\/wp-content\/uploads\/2026\/04\/bakk-01-450x227.jpg\" class=\"attachment-bunyad-medium size-bunyad-medium wp-post-image\" alt=\"\" sizes=\"(max-width: 361px) 100vw, 361px\" title=\"Vil\u00e1gbajnoki c\u00edmet v\u00e9dett Bakk Eszter a kempo vb-n\" srcset=\"https:\/\/dorogimedence.hu\/wp-content\/uploads\/2026\/04\/bakk-01-450x227.jpg 450w, https:\/\/dorogimedence.hu\/wp-content\/uploads\/2026\/04\/bakk-01-600x303.jpg 600w, https:\/\/dorogimedence.hu\/wp-content\/uploads\/2026\/04\/bakk-01-768x388.jpg 768w, https:\/\/dorogimedence.hu\/wp-content\/uploads\/2026\/04\/bakk-01-1536x776.jpg 1536w, https:\/\/dorogimedence.hu\/wp-content\/uploads\/2026\/04\/bakk-01-1200x606.jpg 1200w, https:\/\/dorogimedence.hu\/wp-content\/uploads\/2026\/04\/bakk-01.jpg 1920w\" \/><\/a>\t\t\t\n\t\t\t\n\t\t\t\n\t\t\t\n\t\t\n\t\t<\/div>\n\t\n\n\t\n\t\t<div class=\"content\">\n\n\t\t\t<div class=\"post-meta post-meta-a has-below\"><h2 class=\"is-title post-title\"><a href=\"https:\/\/dorogimedence.hu\/index.php\/2026\/04\/27\/vilagbajnoki-cimet-vedett-bakk-eszter-a-kempo-vb-n\/\">Vil\u00e1gbajnoki c\u00edmet v\u00e9dett Bakk Eszter a kempo vb-n<\/a><\/h2><div class=\"post-meta-items meta-below\"><span class=\"meta-item date\"><span class=\"date-link\"><time class=\"post-date\" datetime=\"2026-04-27T10:33:19+02:00\">2026-04-27<\/time><\/span><\/span><\/div><\/div>\t\t\t\n\t\t\t\n\t\t\t\n\t\t<\/div>\n\n\t\n<\/article>\t\t\t\t\t\n<article class=\"l-post grid-post grid-sm-post\">\n\n\t\n\t\t\t<div class=\"media\">\n\n\t\t\n\t\t\t<a href=\"https:\/\/dorogimedence.hu\/index.php\/2026\/04\/27\/uj-jatekosokkal-erosit-a-mol-esztergom\/\" class=\"image-link media-ratio ratio-is-custom\" title=\"\u00daj j\u00e1t\u00e9kosokkal er\u0151s\u00edt a MOL Esztergom\"><img loading=\"lazy\" decoding=\"async\" width=\"361\" height=\"215\" src=\"https:\/\/dorogimedence.hu\/wp-content\/uploads\/2026\/04\/kezilabda-1-450x227.jpg\" class=\"attachment-bunyad-medium size-bunyad-medium wp-post-image\" alt=\"\" sizes=\"(max-width: 361px) 100vw, 361px\" title=\"\u00daj j\u00e1t\u00e9kosokkal er\u0151s\u00edt a MOL Esztergom\" srcset=\"https:\/\/dorogimedence.hu\/wp-content\/uploads\/2026\/04\/kezilabda-1-450x227.jpg 450w, https:\/\/dorogimedence.hu\/wp-content\/uploads\/2026\/04\/kezilabda-1-600x303.jpg 600w, https:\/\/dorogimedence.hu\/wp-content\/uploads\/2026\/04\/kezilabda-1-768x388.jpg 768w, https:\/\/dorogimedence.hu\/wp-content\/uploads\/2026\/04\/kezilabda-1-1536x776.jpg 1536w, https:\/\/dorogimedence.hu\/wp-content\/uploads\/2026\/04\/kezilabda-1-1200x606.jpg 1200w, https:\/\/dorogimedence.hu\/wp-content\/uploads\/2026\/04\/kezilabda-1.jpg 1920w\" \/><\/a>\t\t\t\n\t\t\t\n\t\t\t\n\t\t\t\n\t\t\n\t\t<\/div>\n\t\n\n\t\n\t\t<div class=\"content\">\n\n\t\t\t<div class=\"post-meta post-meta-a has-below\"><h2 class=\"is-title post-title\"><a href=\"https:\/\/dorogimedence.hu\/index.php\/2026\/04\/27\/uj-jatekosokkal-erosit-a-mol-esztergom\/\">\u00daj j\u00e1t\u00e9kosokkal er\u0151s\u00edt a MOL Esztergom<\/a><\/h2><div class=\"post-meta-items meta-below\"><span class=\"meta-item date\"><span class=\"date-link\"><time class=\"post-date\" datetime=\"2026-04-27T09:30:09+02:00\">2026-04-27<\/time><\/span><\/span><\/div><\/div>\t\t\t\n\t\t\t\n\t\t\t\n\t\t<\/div>\n\n\t\n<\/article>\t\t\t\t\t\n<article class=\"l-post grid-post grid-sm-post\">\n\n\t\n\t\t\t<div class=\"media\">\n\n\t\t\n\t\t\t<a href=\"https:\/\/dorogimedence.hu\/index.php\/2026\/04\/26\/hazai-palyan-kapott-ki-a-dorog-a-rangadon\/\" class=\"image-link media-ratio ratio-is-custom\" title=\"Hazai p\u00e1ly\u00e1n kapott ki a Dorog a rangad\u00f3n\"><img loading=\"lazy\" decoding=\"async\" width=\"361\" height=\"215\" src=\"https:\/\/dorogimedence.hu\/wp-content\/uploads\/2024\/10\/foci-01-450x300.jpg\" class=\"attachment-bunyad-medium size-bunyad-medium wp-post-image\" alt=\"\" sizes=\"(max-width: 361px) 100vw, 361px\" title=\"Hazai p\u00e1ly\u00e1n kapott ki a Dorog a rangad\u00f3n\" srcset=\"https:\/\/dorogimedence.hu\/wp-content\/uploads\/2024\/10\/foci-01-450x300.jpg 450w, https:\/\/dorogimedence.hu\/wp-content\/uploads\/2024\/10\/foci-01-600x400.jpg 600w, https:\/\/dorogimedence.hu\/wp-content\/uploads\/2024\/10\/foci-01-768x512.jpg 768w, https:\/\/dorogimedence.hu\/wp-content\/uploads\/2024\/10\/foci-01-1536x1024.jpg 1536w, https:\/\/dorogimedence.hu\/wp-content\/uploads\/2024\/10\/foci-01-1200x800.jpg 1200w, https:\/\/dorogimedence.hu\/wp-content\/uploads\/2024\/10\/foci-01.jpg 1920w\" \/><\/a>\t\t\t\n\t\t\t\n\t\t\t\n\t\t\t\n\t\t\n\t\t<\/div>\n\t\n\n\t\n\t\t<div class=\"content\">\n\n\t\t\t<div class=\"post-meta post-meta-a has-below\"><h2 class=\"is-title post-title\"><a href=\"https:\/\/dorogimedence.hu\/index.php\/2026\/04\/26\/hazai-palyan-kapott-ki-a-dorog-a-rangadon\/\">Hazai p\u00e1ly\u00e1n kapott ki a Dorog a rangad\u00f3n<\/a><\/h2><div class=\"post-meta-items meta-below\"><span class=\"meta-item date\"><span class=\"date-link\"><time class=\"post-date\" datetime=\"2026-04-26T09:47:41+02:00\">2026-04-26<\/time><\/span><\/span><\/div><\/div>\t\t\t\n\t\t\t\n\t\t\t\n\t\t<\/div>\n\n\t\n<\/article>\t\t\n\t<\/div>\n\n\t\t\n\t<\/div>\n\n\t\t\t\t<\/div>\n\n\t\t<\/section>\n\t\t\t\t\t\t<\/div>\n\t\t\t\t<\/div>\n\t\t\t\t<div class=\"elementor-element elementor-element-5d1cf0a elementor-widget elementor-widget-smartmag-focusgrid\" data-id=\"5d1cf0a\" data-element_type=\"widget\" data-e-type=\"widget\" data-widget_type=\"smartmag-focusgrid.default\">\n\t\t\t\t<div class=\"elementor-widget-container\">\n\t\t\t\t\t\t\t<section class=\"block-wrap block-focus-grid block-sc cols-gap-sm\" data-id=\"11\" data-block=\"{&quot;id&quot;:&quot;focus-grid&quot;,&quot;props&quot;:{&quot;cat_labels&quot;:&quot;0&quot;,&quot;cat_labels_pos&quot;:&quot;top-left&quot;,&quot;reviews&quot;:&quot;barss&quot;,&quot;post_formats_pos&quot;:&quot;center&quot;,&quot;load_more_style&quot;:&quot;a&quot;,&quot;meta_cat_style&quot;:&quot;text&quot;,&quot;media_style_shadow&quot;:0,&quot;meta_sponsor&quot;:1,&quot;meta_sponsor_logo&quot;:0,&quot;meta_sponsor_label&quot;:&quot;Sponsor: {sponsor}&quot;,&quot;meta_above&quot;:[],&quot;meta_below&quot;:[&quot;author&quot;,&quot;date&quot;,&quot;comments&quot;],&quot;meta_sponsor_above&quot;:[],&quot;meta_sponsor_below&quot;:[&quot;sponsor&quot;,&quot;date&quot;],&quot;sort_order&quot;:&quot;desc&quot;,&quot;heading&quot;:&quot;*V\\u00e1rmegyei* h\\u00edrek&quot;,&quot;heading_type&quot;:&quot;a&quot;,&quot;cat&quot;:&quot;56&quot;,&quot;offset&quot;:&quot;0&quot;,&quot;filters&quot;:&quot;category&quot;,&quot;heading_colors&quot;:&quot;force&quot;,&quot;container_width&quot;:66,&quot;excerpt_length&quot;:15,&quot;media_ratio&quot;:&quot;custom&quot;,&quot;media_ratio_custom&quot;:&quot;1.59&quot;,&quot;terms&quot;:[&quot;56&quot;],&quot;pagination_type&quot;:null,&quot;pagination_links&quot;:null,&quot;meta_sponsor_items_default&quot;:true,&quot;query_type&quot;:&quot;custom&quot;,&quot;sort_days&quot;:null,&quot;is_sc_call&quot;:true,&quot;meta_items_default&quot;:true}}\" data-is-mixed=\"1\">\n\n\t\t\t\t\t\t\t\t\n\t\t\t\t\t\t\t\n\t\t\t\t<div class=\"block-head block-head-a block-head-a1 is-left term-color-56\">\n\n\t\t\t\t\t<h4 class=\"heading\"><a href=\"https:\/\/dorogimedence.hu\/index.php\/category\/komarom-esztergom\/\"><span class=\"color\">V\u00e1rmegyei<\/span> h\u00edrek<\/a><\/h4>\t\t\t\t\t\n\t\t\t\t\t\t\t\t\t<\/div>\n\t\t\t\t\n\t\t\t\n\t\t\t\n\t\t\t<div class=\"block-content\">\n\t\t\t\t\t\n\t<div class=\"grid grid-2 sm:grid-1 cols-not-eq loops-mixed\">\n\n\t\t\t\n\t<div class=\"loop loop-grid loop-grid-base grid grid-1 md:grid-1 xs:grid-1\">\n\n\t\t\t\t\t\n<article class=\"l-post grid-post grid-base-post\">\n\n\t\n\t\t\t<div class=\"media\">\n\n\t\t\n\t\t\t<a href=\"https:\/\/dorogimedence.hu\/index.php\/2026\/04\/30\/indul-az-erettsegi-tobb-mint-4300-diak-vizsgazik-a-varmegyeben\/\" class=\"image-link media-ratio ratio-is-custom\" title=\"Indul az \u00e9retts\u00e9gi: t\u00f6bb mint 4300 di\u00e1k vizsg\u00e1zik a v\u00e1rmegy\u00e9ben\"><img loading=\"lazy\" decoding=\"async\" width=\"769\" height=\"484\" src=\"https:\/\/dorogimedence.hu\/wp-content\/uploads\/2026\/04\/ChatGPT-Image-2026.-apr.-30.-15_10_02-768x512.png\" class=\"attachment-bunyad-768 size-bunyad-768 wp-post-image\" alt=\"\" sizes=\"(max-width: 768px) 100vw, 768px\" title=\"Indul az \u00e9retts\u00e9gi: t\u00f6bb mint 4300 di\u00e1k vizsg\u00e1zik a v\u00e1rmegy\u00e9ben\" srcset=\"https:\/\/dorogimedence.hu\/wp-content\/uploads\/2026\/04\/ChatGPT-Image-2026.-apr.-30.-15_10_02-768x512.png 768w, https:\/\/dorogimedence.hu\/wp-content\/uploads\/2026\/04\/ChatGPT-Image-2026.-apr.-30.-15_10_02-600x400.png 600w, https:\/\/dorogimedence.hu\/wp-content\/uploads\/2026\/04\/ChatGPT-Image-2026.-apr.-30.-15_10_02-150x100.png 150w, https:\/\/dorogimedence.hu\/wp-content\/uploads\/2026\/04\/ChatGPT-Image-2026.-apr.-30.-15_10_02-450x300.png 450w, https:\/\/dorogimedence.hu\/wp-content\/uploads\/2026\/04\/ChatGPT-Image-2026.-apr.-30.-15_10_02-1200x800.png 1200w, https:\/\/dorogimedence.hu\/wp-content\/uploads\/2026\/04\/ChatGPT-Image-2026.-apr.-30.-15_10_02-272x182.png 272w, https:\/\/dorogimedence.hu\/wp-content\/uploads\/2026\/04\/ChatGPT-Image-2026.-apr.-30.-15_10_02.png 1536w\" \/><\/a>\t\t\t\n\t\t\t\n\t\t\t\n\t\t\t\n\t\t\n\t\t<\/div>\n\t\n\n\t\n\t\t<div class=\"content\">\n\n\t\t\t<div class=\"post-meta post-meta-a has-below\"><h2 class=\"is-title post-title\"><a href=\"https:\/\/dorogimedence.hu\/index.php\/2026\/04\/30\/indul-az-erettsegi-tobb-mint-4300-diak-vizsgazik-a-varmegyeben\/\">Indul az \u00e9retts\u00e9gi: t\u00f6bb mint 4300 di\u00e1k vizsg\u00e1zik a v\u00e1rmegy\u00e9ben<\/a><\/h2><div class=\"post-meta-items meta-below\"><span class=\"meta-item post-author\"><span class=\"by\">By<\/span> <a href=\"https:\/\/dorogimedence.hu\/index.php\/author\/lehoo88\/\" title=\"dorogimedence.hu bejegyz\u00e9se\" rel=\"author\">dorogimedence.hu<\/a><\/span><span class=\"meta-item has-next-icon date\"><span class=\"date-link\"><time class=\"post-date\" datetime=\"2026-04-30T15:12:04+02:00\">2026-04-30<\/time><\/span><\/span><span class=\"meta-item comments has-icon\"><a href=\"https:\/\/dorogimedence.hu\/index.php\/2026\/04\/30\/indul-az-erettsegi-tobb-mint-4300-diak-vizsgazik-a-varmegyeben\/#respond\"><i class=\"tsi tsi-comment-o\"><\/i>0<\/a><\/span><\/div><\/div>\t\t\t\n\t\t\t\t\t\t\n\t\t\t\t<div class=\"excerpt\">\n\t\t\t\t\t<p>M\u00e1jus 4-\u00e9n kezdet\u00e9t veszi a 2026-os tavaszi \u00e9retts\u00e9gi id\u0151szak. Id\u00e9n Kom\u00e1rom-Esztergom v\u00e1rmegy\u00e9ben \u00f6sszesen 4398 di\u00e1k&hellip;<\/p>\n\t\t\t\t<\/div>\n\t\t\t\n\t\t\t\n\t\t\t\n\t\t<\/div>\n\n\t\n<\/article>\t\t\n\t<\/div>\n\n\t\t\n\t\n\t<div class=\"loop loop-grid loop-grid-sm grid grid-2 md:grid-2 sm:grid-2\">\n\n\t\t\t\t\t\n<article class=\"l-post grid-post grid-sm-post\">\n\n\t\n\t\t\t<div class=\"media\">\n\n\t\t\n\t\t\t<a href=\"https:\/\/dorogimedence.hu\/index.php\/2026\/04\/30\/nem-tankonyvbol-tanulnak-robotokkal-es-mi-vel-keszulnek-a-diakok-a-jovo-kihivasaira\/\" class=\"image-link media-ratio ratio-is-custom\" title=\"Nem tank\u00f6nyvb\u0151l tanulnak: robotokkal \u00e9s MI-vel k\u00e9sz\u00fclnek a di\u00e1kok a j\u00f6v\u0151 kih\u00edv\u00e1saira\"><img loading=\"lazy\" decoding=\"async\" width=\"361\" height=\"215\" src=\"https:\/\/dorogimedence.hu\/wp-content\/uploads\/2026\/04\/kep-01-2-450x338.jpg\" class=\"attachment-bunyad-medium size-bunyad-medium wp-post-image\" alt=\"\" sizes=\"(max-width: 361px) 100vw, 361px\" title=\"Nem tank\u00f6nyvb\u0151l tanulnak: robotokkal \u00e9s MI-vel k\u00e9sz\u00fclnek a di\u00e1kok a j\u00f6v\u0151 kih\u00edv\u00e1saira\" srcset=\"https:\/\/dorogimedence.hu\/wp-content\/uploads\/2026\/04\/kep-01-2-450x338.jpg 450w, https:\/\/dorogimedence.hu\/wp-content\/uploads\/2026\/04\/kep-01-2-600x450.jpg 600w, https:\/\/dorogimedence.hu\/wp-content\/uploads\/2026\/04\/kep-01-2-768x576.jpg 768w, https:\/\/dorogimedence.hu\/wp-content\/uploads\/2026\/04\/kep-01-2-1536x1152.jpg 1536w, https:\/\/dorogimedence.hu\/wp-content\/uploads\/2026\/04\/kep-01-2-1200x900.jpg 1200w, https:\/\/dorogimedence.hu\/wp-content\/uploads\/2026\/04\/kep-01-2.jpg 1920w\" \/><\/a>\t\t\t\n\t\t\t\n\t\t\t\n\t\t\t\n\t\t\n\t\t<\/div>\n\t\n\n\t\n\t\t<div class=\"content\">\n\n\t\t\t<div class=\"post-meta post-meta-a has-below\"><h2 class=\"is-title post-title\"><a href=\"https:\/\/dorogimedence.hu\/index.php\/2026\/04\/30\/nem-tankonyvbol-tanulnak-robotokkal-es-mi-vel-keszulnek-a-diakok-a-jovo-kihivasaira\/\">Nem tank\u00f6nyvb\u0151l tanulnak: robotokkal \u00e9s MI-vel k\u00e9sz\u00fclnek a di\u00e1kok a j\u00f6v\u0151 kih\u00edv\u00e1saira<\/a><\/h2><div class=\"post-meta-items meta-below\"><span class=\"meta-item date\"><span class=\"date-link\"><time class=\"post-date\" datetime=\"2026-04-30T11:42:27+02:00\">2026-04-30<\/time><\/span><\/span><\/div><\/div>\t\t\t\n\t\t\t\n\t\t\t\n\t\t<\/div>\n\n\t\n<\/article>\t\t\t\t\t\n<article class=\"l-post grid-post grid-sm-post\">\n\n\t\n\t\t\t<div class=\"media\">\n\n\t\t\n\t\t\t<a href=\"https:\/\/dorogimedence.hu\/index.php\/2026\/04\/28\/tobb-mint-17-millio-forintot-csaltak-ki-egy-notol-telefonos-csalok\/\" class=\"image-link media-ratio ratio-is-custom\" title=\"T\u00f6bb mint 17 milli\u00f3 forintot csaltak ki egy n\u0151t\u0151l telefonos csal\u00f3k\"><img loading=\"lazy\" decoding=\"async\" width=\"361\" height=\"215\" src=\"https:\/\/dorogimedence.hu\/wp-content\/uploads\/2026\/04\/16999-450x300.jpg\" class=\"attachment-bunyad-medium size-bunyad-medium wp-post-image\" alt=\"\" sizes=\"(max-width: 361px) 100vw, 361px\" title=\"T\u00f6bb mint 17 milli\u00f3 forintot csaltak ki egy n\u0151t\u0151l telefonos csal\u00f3k\" srcset=\"https:\/\/dorogimedence.hu\/wp-content\/uploads\/2026\/04\/16999-450x300.jpg 450w, https:\/\/dorogimedence.hu\/wp-content\/uploads\/2026\/04\/16999-600x400.jpg 600w, https:\/\/dorogimedence.hu\/wp-content\/uploads\/2026\/04\/16999-768x512.jpg 768w, https:\/\/dorogimedence.hu\/wp-content\/uploads\/2026\/04\/16999-1200x800.jpg 1200w, https:\/\/dorogimedence.hu\/wp-content\/uploads\/2026\/04\/16999.jpg 1500w\" \/><\/a>\t\t\t\n\t\t\t\n\t\t\t\n\t\t\t\n\t\t\n\t\t<\/div>\n\t\n\n\t\n\t\t<div class=\"content\">\n\n\t\t\t<div class=\"post-meta post-meta-a has-below\"><h2 class=\"is-title post-title\"><a href=\"https:\/\/dorogimedence.hu\/index.php\/2026\/04\/28\/tobb-mint-17-millio-forintot-csaltak-ki-egy-notol-telefonos-csalok\/\">T\u00f6bb mint 17 milli\u00f3 forintot csaltak ki egy n\u0151t\u0151l telefonos csal\u00f3k<\/a><\/h2><div class=\"post-meta-items meta-below\"><span class=\"meta-item date\"><span class=\"date-link\"><time class=\"post-date\" datetime=\"2026-04-28T12:02:21+02:00\">2026-04-28<\/time><\/span><\/span><\/div><\/div>\t\t\t\n\t\t\t\n\t\t\t\n\t\t<\/div>\n\n\t\n<\/article>\t\t\t\t\t\n<article class=\"l-post grid-post grid-sm-post\">\n\n\t\n\t\t\t<div class=\"media\">\n\n\t\t\n\t\t\t<a href=\"https:\/\/dorogimedence.hu\/index.php\/2026\/04\/28\/a-viragkereskedoket-ellenorzi-a-nav-varmegyenkben\/\" class=\"image-link media-ratio ratio-is-custom\" title=\"A vir\u00e1gkeresked\u0151ket ellen\u0151rzi a NAV v\u00e1rmegy\u00e9nkben\"><img loading=\"lazy\" decoding=\"async\" width=\"361\" height=\"215\" src=\"https:\/\/dorogimedence.hu\/wp-content\/uploads\/2026\/04\/2147761034-450x300.jpg\" class=\"attachment-bunyad-medium size-bunyad-medium wp-post-image\" alt=\"\" sizes=\"(max-width: 361px) 100vw, 361px\" title=\"A vir\u00e1gkeresked\u0151ket ellen\u0151rzi a NAV v\u00e1rmegy\u00e9nkben\" srcset=\"https:\/\/dorogimedence.hu\/wp-content\/uploads\/2026\/04\/2147761034-450x300.jpg 450w, https:\/\/dorogimedence.hu\/wp-content\/uploads\/2026\/04\/2147761034-600x400.jpg 600w, https:\/\/dorogimedence.hu\/wp-content\/uploads\/2026\/04\/2147761034-768x512.jpg 768w, https:\/\/dorogimedence.hu\/wp-content\/uploads\/2026\/04\/2147761034-1200x800.jpg 1200w, https:\/\/dorogimedence.hu\/wp-content\/uploads\/2026\/04\/2147761034.jpg 1500w\" \/><\/a>\t\t\t\n\t\t\t\n\t\t\t\n\t\t\t\n\t\t\n\t\t<\/div>\n\t\n\n\t\n\t\t<div class=\"content\">\n\n\t\t\t<div class=\"post-meta post-meta-a has-below\"><h2 class=\"is-title post-title\"><a href=\"https:\/\/dorogimedence.hu\/index.php\/2026\/04\/28\/a-viragkereskedoket-ellenorzi-a-nav-varmegyenkben\/\">A vir\u00e1gkeresked\u0151ket ellen\u0151rzi a NAV v\u00e1rmegy\u00e9nkben<\/a><\/h2><div class=\"post-meta-items meta-below\"><span class=\"meta-item date\"><span class=\"date-link\"><time class=\"post-date\" datetime=\"2026-04-28T10:49:26+02:00\">2026-04-28<\/time><\/span><\/span><\/div><\/div>\t\t\t\n\t\t\t\n\t\t\t\n\t\t<\/div>\n\n\t\n<\/article>\t\t\t\t\t\n<article class=\"l-post grid-post grid-sm-post\">\n\n\t\n\t\t\t<div class=\"media\">\n\n\t\t\n\t\t\t<a href=\"https:\/\/dorogimedence.hu\/index.php\/2026\/04\/23\/elismereseket-adtak-at-a-rendorseg-napja-alkalmabol-varmegyenkben\/\" class=\"image-link media-ratio ratio-is-custom\" title=\"Elismer\u00e9seket adtak \u00e1t a Rend\u0151rs\u00e9g Napja alkalm\u00e1b\u00f3l v\u00e1rmegy\u00e9nkben\"><img loading=\"lazy\" decoding=\"async\" width=\"361\" height=\"215\" src=\"https:\/\/dorogimedence.hu\/wp-content\/uploads\/2026\/04\/678313469_1286611820314189_8179963717126063866_n-450x300.jpg\" class=\"attachment-bunyad-medium size-bunyad-medium wp-post-image\" alt=\"\" sizes=\"(max-width: 361px) 100vw, 361px\" title=\"Elismer\u00e9seket adtak \u00e1t a Rend\u0151rs\u00e9g Napja alkalm\u00e1b\u00f3l v\u00e1rmegy\u00e9nkben\" srcset=\"https:\/\/dorogimedence.hu\/wp-content\/uploads\/2026\/04\/678313469_1286611820314189_8179963717126063866_n-450x300.jpg 450w, https:\/\/dorogimedence.hu\/wp-content\/uploads\/2026\/04\/678313469_1286611820314189_8179963717126063866_n-600x400.jpg 600w, https:\/\/dorogimedence.hu\/wp-content\/uploads\/2026\/04\/678313469_1286611820314189_8179963717126063866_n-1920x1280.jpg 1920w, https:\/\/dorogimedence.hu\/wp-content\/uploads\/2026\/04\/678313469_1286611820314189_8179963717126063866_n-768x512.jpg 768w, https:\/\/dorogimedence.hu\/wp-content\/uploads\/2026\/04\/678313469_1286611820314189_8179963717126063866_n-1536x1024.jpg 1536w, https:\/\/dorogimedence.hu\/wp-content\/uploads\/2026\/04\/678313469_1286611820314189_8179963717126063866_n-1200x800.jpg 1200w, https:\/\/dorogimedence.hu\/wp-content\/uploads\/2026\/04\/678313469_1286611820314189_8179963717126063866_n.jpg 2048w\" \/><\/a>\t\t\t\n\t\t\t\n\t\t\t\n\t\t\t\n\t\t\n\t\t<\/div>\n\t\n\n\t\n\t\t<div class=\"content\">\n\n\t\t\t<div class=\"post-meta post-meta-a has-below\"><h2 class=\"is-title post-title\"><a href=\"https:\/\/dorogimedence.hu\/index.php\/2026\/04\/23\/elismereseket-adtak-at-a-rendorseg-napja-alkalmabol-varmegyenkben\/\">Elismer\u00e9seket adtak \u00e1t a Rend\u0151rs\u00e9g Napja alkalm\u00e1b\u00f3l v\u00e1rmegy\u00e9nkben<\/a><\/h2><div class=\"post-meta-items meta-below\"><span class=\"meta-item date\"><span class=\"date-link\"><time class=\"post-date\" datetime=\"2026-04-23T14:21:58+02:00\">2026-04-23<\/time><\/span><\/span><\/div><\/div>\t\t\t\n\t\t\t\n\t\t\t\n\t\t<\/div>\n\n\t\n<\/article>\t\t\n\t<\/div>\n\n\t\t\n\t<\/div>\n\n\t\t\t\t<\/div>\n\n\t\t<\/section>\n\t\t\t\t\t\t<\/div>\n\t\t\t\t<\/div>\n\t\t\t\t<div class=\"elementor-element elementor-element-0b944a2 elementor-widget elementor-widget-smartmag-focusgrid\" data-id=\"0b944a2\" data-element_type=\"widget\" data-e-type=\"widget\" data-widget_type=\"smartmag-focusgrid.default\">\n\t\t\t\t<div class=\"elementor-widget-container\">\n\t\t\t\t\t\t\t<section class=\"block-wrap block-focus-grid block-sc cols-gap-sm\" data-id=\"14\" data-block=\"{&quot;id&quot;:&quot;focus-grid&quot;,&quot;props&quot;:{&quot;cat_labels&quot;:&quot;0&quot;,&quot;cat_labels_pos&quot;:&quot;top-left&quot;,&quot;reviews&quot;:&quot;barss&quot;,&quot;post_formats_pos&quot;:&quot;center&quot;,&quot;load_more_style&quot;:&quot;a&quot;,&quot;meta_cat_style&quot;:&quot;text&quot;,&quot;media_style_shadow&quot;:0,&quot;meta_sponsor&quot;:1,&quot;meta_sponsor_logo&quot;:0,&quot;meta_sponsor_label&quot;:&quot;Sponsor: {sponsor}&quot;,&quot;meta_above&quot;:[],&quot;meta_below&quot;:[&quot;author&quot;,&quot;date&quot;,&quot;comments&quot;],&quot;meta_sponsor_above&quot;:[],&quot;meta_sponsor_below&quot;:[&quot;sponsor&quot;,&quot;date&quot;],&quot;sort_order&quot;:&quot;desc&quot;,&quot;heading&quot;:&quot;Programok&quot;,&quot;heading_type&quot;:&quot;a&quot;,&quot;cat&quot;:&quot;3561&quot;,&quot;offset&quot;:&quot;0&quot;,&quot;filters&quot;:&quot;category&quot;,&quot;heading_colors&quot;:&quot;force&quot;,&quot;container_width&quot;:66,&quot;excerpt_length&quot;:15,&quot;media_ratio&quot;:&quot;custom&quot;,&quot;media_ratio_custom&quot;:&quot;1.59&quot;,&quot;terms&quot;:[&quot;3561&quot;],&quot;pagination_type&quot;:null,&quot;pagination_links&quot;:null,&quot;meta_sponsor_items_default&quot;:true,&quot;query_type&quot;:&quot;custom&quot;,&quot;sort_days&quot;:null,&quot;is_sc_call&quot;:true,&quot;meta_items_default&quot;:true}}\" data-is-mixed=\"1\">\n\n\t\t\t\t\t\t\t\t\n\t\t\t\t\t\t\t\n\t\t\t\t<div class=\"block-head block-head-a block-head-a1 is-left term-color-3561\">\n\n\t\t\t\t\t<h4 class=\"heading\"><a href=\"https:\/\/dorogimedence.hu\/index.php\/category\/programok\/\">Programok<\/a><\/h4>\t\t\t\t\t\n\t\t\t\t\t\t\t\t\t<\/div>\n\t\t\t\t\n\t\t\t\n\t\t\t\n\t\t\t<div class=\"block-content\">\n\t\t\t\t\t\n\t<div class=\"grid grid-2 sm:grid-1 cols-not-eq loops-mixed\">\n\n\t\t\t\n\t<div class=\"loop loop-grid loop-grid-base grid grid-1 md:grid-1 xs:grid-1\">\n\n\t\t\t\t\t\n<article class=\"l-post grid-post grid-base-post\">\n\n\t\n\t\t\t<div class=\"media\">\n\n\t\t\n\t\t\t<a href=\"https:\/\/dorogimedence.hu\/index.php\/2026\/05\/01\/ma-kezdodnek-az-esztergom-napok-harom-nap-tobb-tucat-program\/\" class=\"image-link media-ratio ratio-is-custom\" title=\"Ma kezd\u0151dnek az Esztergom Napok: h\u00e1rom nap, t\u00f6bb tucat program\"><img loading=\"lazy\" decoding=\"async\" width=\"769\" height=\"484\" src=\"https:\/\/dorogimedence.hu\/wp-content\/uploads\/2026\/05\/en-03-768x575.jpg\" class=\"attachment-bunyad-768 size-bunyad-768 wp-post-image\" alt=\"\" sizes=\"(max-width: 768px) 100vw, 768px\" title=\"Ma kezd\u0151dnek az Esztergom Napok: h\u00e1rom nap, t\u00f6bb tucat program\" srcset=\"https:\/\/dorogimedence.hu\/wp-content\/uploads\/2026\/05\/en-03-768x575.jpg 768w, https:\/\/dorogimedence.hu\/wp-content\/uploads\/2026\/05\/en-03-1536x1150.jpg 1536w, https:\/\/dorogimedence.hu\/wp-content\/uploads\/2026\/05\/en-03-1200x899.jpg 1200w, https:\/\/dorogimedence.hu\/wp-content\/uploads\/2026\/05\/en-03.jpg 1920w\" \/><\/a>\t\t\t\n\t\t\t\n\t\t\t\n\t\t\t\n\t\t\n\t\t<\/div>\n\t\n\n\t\n\t\t<div class=\"content\">\n\n\t\t\t<div class=\"post-meta post-meta-a has-below\"><h2 class=\"is-title post-title\"><a href=\"https:\/\/dorogimedence.hu\/index.php\/2026\/05\/01\/ma-kezdodnek-az-esztergom-napok-harom-nap-tobb-tucat-program\/\">Ma kezd\u0151dnek az Esztergom Napok: h\u00e1rom nap, t\u00f6bb tucat program<\/a><\/h2><div class=\"post-meta-items meta-below\"><span class=\"meta-item post-author\"><span class=\"by\">By<\/span> <a href=\"https:\/\/dorogimedence.hu\/index.php\/author\/lehoo88\/\" title=\"dorogimedence.hu bejegyz\u00e9se\" rel=\"author\">dorogimedence.hu<\/a><\/span><span class=\"meta-item has-next-icon date\"><span class=\"date-link\"><time class=\"post-date\" datetime=\"2026-05-01T07:59:46+02:00\">2026-05-01<\/time><\/span><\/span><span class=\"meta-item comments has-icon\"><a href=\"https:\/\/dorogimedence.hu\/index.php\/2026\/05\/01\/ma-kezdodnek-az-esztergom-napok-harom-nap-tobb-tucat-program\/#respond\"><i class=\"tsi tsi-comment-o\"><\/i>0<\/a><\/span><\/div><\/div>\t\t\t\n\t\t\t\t\t\t\n\t\t\t\t<div class=\"excerpt\">\n\t\t\t\t\t<p>M\u00e1jus 1. \u00e9s 3. k\u00f6z\u00f6tt ism\u00e9t nagyszab\u00e1s\u00fa programsorozat v\u00e1rja az \u00e9rdekl\u0151d\u0151ket Esztergomban: ma kezd\u0151dnek az&hellip;<\/p>\n\t\t\t\t<\/div>\n\t\t\t\n\t\t\t\n\t\t\t\n\t\t<\/div>\n\n\t\n<\/article>\t\t\n\t<\/div>\n\n\t\t\n\t\n\t<div class=\"loop loop-grid loop-grid-sm grid grid-2 md:grid-2 sm:grid-2\">\n\n\t\t\t\t\t\n<article class=\"l-post grid-post grid-sm-post\">\n\n\t\n\t\t\t<div class=\"media\">\n\n\t\t\n\t\t\t<a href=\"https:\/\/dorogimedence.hu\/index.php\/2026\/04\/24\/nyilt-napot-rendez-a-kanya-repulo-klub-2\/\" class=\"image-link media-ratio ratio-is-custom\" title=\"Ny\u00edlt napot rendez a K\u00e1nya Rep\u00fcl\u0151 Klub\"><img loading=\"lazy\" decoding=\"async\" width=\"361\" height=\"215\" src=\"https:\/\/dorogimedence.hu\/wp-content\/uploads\/2026\/04\/675291095_1369188478562783_7004096446666316429_n-450x253.jpg\" class=\"attachment-bunyad-medium size-bunyad-medium wp-post-image\" alt=\"\" sizes=\"(max-width: 361px) 100vw, 361px\" title=\"Ny\u00edlt napot rendez a K\u00e1nya Rep\u00fcl\u0151 Klub\" srcset=\"https:\/\/dorogimedence.hu\/wp-content\/uploads\/2026\/04\/675291095_1369188478562783_7004096446666316429_n-450x253.jpg 450w, https:\/\/dorogimedence.hu\/wp-content\/uploads\/2026\/04\/675291095_1369188478562783_7004096446666316429_n-600x338.jpg 600w, https:\/\/dorogimedence.hu\/wp-content\/uploads\/2026\/04\/675291095_1369188478562783_7004096446666316429_n-768x432.jpg 768w, https:\/\/dorogimedence.hu\/wp-content\/uploads\/2026\/04\/675291095_1369188478562783_7004096446666316429_n-1536x864.jpg 1536w, https:\/\/dorogimedence.hu\/wp-content\/uploads\/2026\/04\/675291095_1369188478562783_7004096446666316429_n-150x84.jpg 150w, https:\/\/dorogimedence.hu\/wp-content\/uploads\/2026\/04\/675291095_1369188478562783_7004096446666316429_n-1200x675.jpg 1200w, https:\/\/dorogimedence.hu\/wp-content\/uploads\/2026\/04\/675291095_1369188478562783_7004096446666316429_n.jpg 1800w\" \/><\/a>\t\t\t\n\t\t\t\n\t\t\t\n\t\t\t\n\t\t\n\t\t<\/div>\n\t\n\n\t\n\t\t<div class=\"content\">\n\n\t\t\t<div class=\"post-meta post-meta-a has-below\"><h2 class=\"is-title post-title\"><a href=\"https:\/\/dorogimedence.hu\/index.php\/2026\/04\/24\/nyilt-napot-rendez-a-kanya-repulo-klub-2\/\">Ny\u00edlt napot rendez a K\u00e1nya Rep\u00fcl\u0151 Klub<\/a><\/h2><div class=\"post-meta-items meta-below\"><span class=\"meta-item date\"><span class=\"date-link\"><time class=\"post-date\" datetime=\"2026-04-24T10:48:19+02:00\">2026-04-24<\/time><\/span><\/span><\/div><\/div>\t\t\t\n\t\t\t\n\t\t\t\n\t\t<\/div>\n\n\t\n<\/article>\t\t\t\t\t\n<article class=\"l-post grid-post grid-sm-post\">\n\n\t\n\t\t\t<div class=\"media\">\n\n\t\t\n\t\t\t<a href=\"https:\/\/dorogimedence.hu\/index.php\/2026\/04\/21\/harom-kihagyhatatlan-program-var-tavasszal-esztergomban\/\" class=\"image-link media-ratio ratio-is-custom\" title=\"H\u00e1rom kihagyhatatlan program v\u00e1r tavasszal Esztergomban\"><img loading=\"lazy\" decoding=\"async\" width=\"361\" height=\"215\" src=\"https:\/\/dorogimedence.hu\/wp-content\/uploads\/2026\/04\/en-03-450x337.jpg\" class=\"attachment-bunyad-medium size-bunyad-medium wp-post-image\" alt=\"\" sizes=\"(max-width: 361px) 100vw, 361px\" title=\"H\u00e1rom kihagyhatatlan program v\u00e1r tavasszal Esztergomban\" srcset=\"https:\/\/dorogimedence.hu\/wp-content\/uploads\/2026\/04\/en-03-450x337.jpg 450w, https:\/\/dorogimedence.hu\/wp-content\/uploads\/2026\/04\/en-03-600x449.jpg 600w, https:\/\/dorogimedence.hu\/wp-content\/uploads\/2026\/04\/en-03-768x575.jpg 768w, https:\/\/dorogimedence.hu\/wp-content\/uploads\/2026\/04\/en-03-1536x1150.jpg 1536w, https:\/\/dorogimedence.hu\/wp-content\/uploads\/2026\/04\/en-03-1200x899.jpg 1200w, https:\/\/dorogimedence.hu\/wp-content\/uploads\/2026\/04\/en-03.jpg 1920w\" \/><\/a>\t\t\t\n\t\t\t\n\t\t\t\n\t\t\t\n\t\t\n\t\t<\/div>\n\t\n\n\t\n\t\t<div class=\"content\">\n\n\t\t\t<div class=\"post-meta post-meta-a has-below\"><h2 class=\"is-title post-title\"><a href=\"https:\/\/dorogimedence.hu\/index.php\/2026\/04\/21\/harom-kihagyhatatlan-program-var-tavasszal-esztergomban\/\">H\u00e1rom kihagyhatatlan program v\u00e1r tavasszal Esztergomban<\/a><\/h2><div class=\"post-meta-items meta-below\"><span class=\"meta-item date\"><span class=\"date-link\"><time class=\"post-date\" datetime=\"2026-04-21T10:16:34+02:00\">2026-04-21<\/time><\/span><\/span><\/div><\/div>\t\t\t\n\t\t\t\n\t\t\t\n\t\t<\/div>\n\n\t\n<\/article>\t\t\t\t\t\n<article class=\"l-post grid-post grid-sm-post\">\n\n\t\n\t\t\t<div class=\"media\">\n\n\t\t\n\t\t\t<a href=\"https:\/\/dorogimedence.hu\/index.php\/2026\/04\/17\/sajtnapot-szerveznek-az-esztergomi-piacon\/\" class=\"image-link media-ratio ratio-is-custom\" title=\"Sajtnapot szerveznek az Esztergomi Piacon\"><img loading=\"lazy\" decoding=\"async\" width=\"361\" height=\"215\" src=\"https:\/\/dorogimedence.hu\/wp-content\/uploads\/2026\/04\/672668950_932763722876215_2342037627412575646_n-450x236.jpg\" class=\"attachment-bunyad-medium size-bunyad-medium wp-post-image\" alt=\"\" sizes=\"(max-width: 361px) 100vw, 361px\" title=\"Sajtnapot szerveznek az Esztergomi Piacon\" srcset=\"https:\/\/dorogimedence.hu\/wp-content\/uploads\/2026\/04\/672668950_932763722876215_2342037627412575646_n-450x236.jpg 450w, https:\/\/dorogimedence.hu\/wp-content\/uploads\/2026\/04\/672668950_932763722876215_2342037627412575646_n-600x314.jpg 600w, https:\/\/dorogimedence.hu\/wp-content\/uploads\/2026\/04\/672668950_932763722876215_2342037627412575646_n-1920x1005.jpg 1920w, https:\/\/dorogimedence.hu\/wp-content\/uploads\/2026\/04\/672668950_932763722876215_2342037627412575646_n-768x402.jpg 768w, https:\/\/dorogimedence.hu\/wp-content\/uploads\/2026\/04\/672668950_932763722876215_2342037627412575646_n-1536x804.jpg 1536w, https:\/\/dorogimedence.hu\/wp-content\/uploads\/2026\/04\/672668950_932763722876215_2342037627412575646_n-1200x628.jpg 1200w, https:\/\/dorogimedence.hu\/wp-content\/uploads\/2026\/04\/672668950_932763722876215_2342037627412575646_n.jpg 2048w\" \/><\/a>\t\t\t\n\t\t\t\n\t\t\t\n\t\t\t\n\t\t\n\t\t<\/div>\n\t\n\n\t\n\t\t<div class=\"content\">\n\n\t\t\t<div class=\"post-meta post-meta-a has-below\"><h2 class=\"is-title post-title\"><a href=\"https:\/\/dorogimedence.hu\/index.php\/2026\/04\/17\/sajtnapot-szerveznek-az-esztergomi-piacon\/\">Sajtnapot szerveznek az Esztergomi Piacon<\/a><\/h2><div class=\"post-meta-items meta-below\"><span class=\"meta-item date\"><span class=\"date-link\"><time class=\"post-date\" datetime=\"2026-04-17T12:06:04+02:00\">2026-04-17<\/time><\/span><\/span><\/div><\/div>\t\t\t\n\t\t\t\n\t\t\t\n\t\t<\/div>\n\n\t\n<\/article>\t\t\t\t\t\n<article class=\"l-post grid-post grid-sm-post\">\n\n\t\n\t\t\t<div class=\"media\">\n\n\t\t\n\t\t\t<a href=\"https:\/\/dorogimedence.hu\/index.php\/2026\/04\/15\/tavaszi-koncert-varja-a-zenekedveloket-dorogon\/\" class=\"image-link media-ratio ratio-is-custom\" title=\"Tavaszi koncert v\u00e1rja a zenekedvel\u0151ket Dorogon\"><img loading=\"lazy\" decoding=\"async\" width=\"361\" height=\"215\" src=\"https:\/\/dorogimedence.hu\/wp-content\/uploads\/2026\/04\/koncert-450x227.jpg\" class=\"attachment-bunyad-medium size-bunyad-medium wp-post-image\" alt=\"\" sizes=\"(max-width: 361px) 100vw, 361px\" title=\"Tavaszi koncert v\u00e1rja a zenekedvel\u0151ket Dorogon\" srcset=\"https:\/\/dorogimedence.hu\/wp-content\/uploads\/2026\/04\/koncert-450x227.jpg 450w, https:\/\/dorogimedence.hu\/wp-content\/uploads\/2026\/04\/koncert-600x303.jpg 600w, https:\/\/dorogimedence.hu\/wp-content\/uploads\/2026\/04\/koncert-768x388.jpg 768w, https:\/\/dorogimedence.hu\/wp-content\/uploads\/2026\/04\/koncert-1536x776.jpg 1536w, https:\/\/dorogimedence.hu\/wp-content\/uploads\/2026\/04\/koncert-1200x606.jpg 1200w, https:\/\/dorogimedence.hu\/wp-content\/uploads\/2026\/04\/koncert.jpg 1920w\" \/><\/a>\t\t\t\n\t\t\t\n\t\t\t\n\t\t\t\n\t\t\n\t\t<\/div>\n\t\n\n\t\n\t\t<div class=\"content\">\n\n\t\t\t<div class=\"post-meta post-meta-a has-below\"><h2 class=\"is-title post-title\"><a href=\"https:\/\/dorogimedence.hu\/index.php\/2026\/04\/15\/tavaszi-koncert-varja-a-zenekedveloket-dorogon\/\">Tavaszi koncert v\u00e1rja a zenekedvel\u0151ket Dorogon<\/a><\/h2><div class=\"post-meta-items meta-below\"><span class=\"meta-item date\"><span class=\"date-link\"><time class=\"post-date\" datetime=\"2026-04-15T14:33:48+02:00\">2026-04-15<\/time><\/span><\/span><\/div><\/div>\t\t\t\n\t\t\t\n\t\t\t\n\t\t<\/div>\n\n\t\n<\/article>\t\t\n\t<\/div>\n\n\t\t\n\t<\/div>\n\n\t\t\t\t<\/div>\n\n\t\t<\/section>\n\t\t\t\t\t\t<\/div>\n\t\t\t\t<\/div>\n\t\t\t\t<div class=\"elementor-element elementor-element-f00c8a3 elementor-widget elementor-widget-smartmag-focusgrid\" data-id=\"f00c8a3\" data-element_type=\"widget\" data-e-type=\"widget\" data-widget_type=\"smartmag-focusgrid.default\">\n\t\t\t\t<div class=\"elementor-widget-container\">\n\t\t\t\t\t\t\t<section class=\"block-wrap block-focus-grid block-sc cols-gap-sm\" data-id=\"17\" data-block=\"{&quot;id&quot;:&quot;focus-grid&quot;,&quot;props&quot;:{&quot;cat_labels&quot;:&quot;0&quot;,&quot;cat_labels_pos&quot;:&quot;top-left&quot;,&quot;reviews&quot;:&quot;barss&quot;,&quot;post_formats_pos&quot;:&quot;center&quot;,&quot;load_more_style&quot;:&quot;a&quot;,&quot;meta_cat_style&quot;:&quot;text&quot;,&quot;media_style_shadow&quot;:0,&quot;meta_sponsor&quot;:1,&quot;meta_sponsor_logo&quot;:0,&quot;meta_sponsor_label&quot;:&quot;Sponsor: {sponsor}&quot;,&quot;meta_above&quot;:[],&quot;meta_below&quot;:[&quot;author&quot;,&quot;date&quot;,&quot;comments&quot;],&quot;meta_sponsor_above&quot;:[],&quot;meta_sponsor_below&quot;:[&quot;sponsor&quot;,&quot;date&quot;],&quot;sort_order&quot;:&quot;desc&quot;,&quot;heading&quot;:&quot;*Belf\\u00f6ld,* gazdas\\u00e1g&quot;,&quot;heading_type&quot;:&quot;a&quot;,&quot;cat&quot;:&quot;6934&quot;,&quot;offset&quot;:&quot;0&quot;,&quot;filters&quot;:&quot;category&quot;,&quot;heading_colors&quot;:&quot;force&quot;,&quot;container_width&quot;:66,&quot;excerpt_length&quot;:15,&quot;media_ratio&quot;:&quot;custom&quot;,&quot;media_ratio_custom&quot;:&quot;1.59&quot;,&quot;terms&quot;:[&quot;6934&quot;],&quot;pagination_type&quot;:null,&quot;pagination_links&quot;:null,&quot;meta_sponsor_items_default&quot;:true,&quot;query_type&quot;:&quot;custom&quot;,&quot;sort_days&quot;:null,&quot;is_sc_call&quot;:true,&quot;meta_items_default&quot;:true}}\" data-is-mixed=\"1\">\n\n\t\t\t\t\t\t\t\t\n\t\t\t\t\t\t\t\n\t\t\t\t<div class=\"block-head block-head-a block-head-a1 is-left term-color-6934\">\n\n\t\t\t\t\t<h4 class=\"heading\"><a href=\"https:\/\/dorogimedence.hu\/index.php\/category\/belfold\/\"><span class=\"color\">Belf\u00f6ld,<\/span> gazdas\u00e1g<\/a><\/h4>\t\t\t\t\t\n\t\t\t\t\t\t\t\t\t<\/div>\n\t\t\t\t\n\t\t\t\n\t\t\t\n\t\t\t<div class=\"block-content\">\n\t\t\t\t\t\n\t<div class=\"grid grid-2 sm:grid-1 cols-not-eq loops-mixed\">\n\n\t\t\t\n\t<div class=\"loop loop-grid loop-grid-base grid grid-1 md:grid-1 xs:grid-1\">\n\n\t\t\t\t\t\n<article class=\"l-post grid-post grid-base-post\">\n\n\t\n\t\t\t<div class=\"media\">\n\n\t\t\n\t\t\t<a href=\"https:\/\/dorogimedence.hu\/index.php\/2026\/04\/30\/mar-majus-elsejevel-elkezdodik-az-eloszezoni-menetrend-a-mav-csoportnal\/\" class=\"image-link media-ratio ratio-is-custom\" title=\"M\u00e1r m\u00e1jus elsej\u00e9vel elkezd\u0151dik az el\u0151szezoni menetrend a M\u00c1V-csoportn\u00e1l\"><img loading=\"lazy\" decoding=\"async\" width=\"769\" height=\"484\" src=\"https:\/\/dorogimedence.hu\/wp-content\/uploads\/2025\/09\/vonat-busz-768x416.png\" class=\"attachment-bunyad-768 size-bunyad-768 wp-post-image\" alt=\"\" sizes=\"(max-width: 768px) 100vw, 768px\" title=\"M\u00e1r m\u00e1jus elsej\u00e9vel elkezd\u0151dik az el\u0151szezoni menetrend a M\u00c1V-csoportn\u00e1l\" \/><\/a>\t\t\t\n\t\t\t\n\t\t\t\n\t\t\t\n\t\t\n\t\t<\/div>\n\t\n\n\t\n\t\t<div class=\"content\">\n\n\t\t\t<div class=\"post-meta post-meta-a has-below\"><h2 class=\"is-title post-title\"><a href=\"https:\/\/dorogimedence.hu\/index.php\/2026\/04\/30\/mar-majus-elsejevel-elkezdodik-az-eloszezoni-menetrend-a-mav-csoportnal\/\">M\u00e1r m\u00e1jus elsej\u00e9vel elkezd\u0151dik az el\u0151szezoni menetrend a M\u00c1V-csoportn\u00e1l<\/a><\/h2><div class=\"post-meta-items meta-below\"><span class=\"meta-item post-author\"><span class=\"by\">By<\/span> <a href=\"https:\/\/dorogimedence.hu\/index.php\/author\/lehoo88\/\" title=\"dorogimedence.hu bejegyz\u00e9se\" rel=\"author\">dorogimedence.hu<\/a><\/span><span class=\"meta-item has-next-icon date\"><span class=\"date-link\"><time class=\"post-date\" datetime=\"2026-04-30T08:11:55+02:00\">2026-04-30<\/time><\/span><\/span><span class=\"meta-item comments has-icon\"><a href=\"https:\/\/dorogimedence.hu\/index.php\/2026\/04\/30\/mar-majus-elsejevel-elkezdodik-az-eloszezoni-menetrend-a-mav-csoportnal\/#respond\"><i class=\"tsi tsi-comment-o\"><\/i>0<\/a><\/span><\/div><\/div>\t\t\t\n\t\t\t\t\t\t\n\t\t\t\t<div class=\"excerpt\">\n\t\t\t\t\t<p>A megszokottn\u00e1l kor\u00e1bban, m\u00e1r a m\u00e1jus elsejei hossz\u00fa h\u00e9tv\u00e9g\u00e9n \u00e9letbe l\u00e9p az el\u0151szezoni menetrend a&hellip;<\/p>\n\t\t\t\t<\/div>\n\t\t\t\n\t\t\t\n\t\t\t\n\t\t<\/div>\n\n\t\n<\/article>\t\t\n\t<\/div>\n\n\t\t\n\t\n\t<div class=\"loop loop-grid loop-grid-sm grid grid-2 md:grid-2 sm:grid-2\">\n\n\t\t\t\t\t\n<article class=\"l-post grid-post grid-sm-post\">\n\n\t\n\t\t\t<div class=\"media\">\n\n\t\t\n\t\t\t<a href=\"https:\/\/dorogimedence.hu\/index.php\/2026\/04\/23\/600-ezer-autos-meg-ados-maradt\/\" class=\"image-link media-ratio ratio-is-custom\" title=\"600 ezer aut\u00f3s m\u00e9g ad\u00f3s maradt\"><img loading=\"lazy\" decoding=\"async\" width=\"361\" height=\"215\" src=\"https:\/\/dorogimedence.hu\/wp-content\/uploads\/2026\/03\/36121-450x300.jpg\" class=\"attachment-bunyad-medium size-bunyad-medium wp-post-image\" alt=\"\" sizes=\"(max-width: 361px) 100vw, 361px\" title=\"600 ezer aut\u00f3s m\u00e9g ad\u00f3s maradt\" srcset=\"https:\/\/dorogimedence.hu\/wp-content\/uploads\/2026\/03\/36121-450x300.jpg 450w, https:\/\/dorogimedence.hu\/wp-content\/uploads\/2026\/03\/36121-600x400.jpg 600w, https:\/\/dorogimedence.hu\/wp-content\/uploads\/2026\/03\/36121-768x512.jpg 768w, https:\/\/dorogimedence.hu\/wp-content\/uploads\/2026\/03\/36121-1200x800.jpg 1200w, https:\/\/dorogimedence.hu\/wp-content\/uploads\/2026\/03\/36121.jpg 1500w\" \/><\/a>\t\t\t\n\t\t\t\n\t\t\t\n\t\t\t\n\t\t\n\t\t<\/div>\n\t\n\n\t\n\t\t<div class=\"content\">\n\n\t\t\t<div class=\"post-meta post-meta-a has-below\"><h2 class=\"is-title post-title\"><a href=\"https:\/\/dorogimedence.hu\/index.php\/2026\/04\/23\/600-ezer-autos-meg-ados-maradt\/\">600 ezer aut\u00f3s m\u00e9g ad\u00f3s maradt<\/a><\/h2><div class=\"post-meta-items meta-below\"><span class=\"meta-item date\"><span class=\"date-link\"><time class=\"post-date\" datetime=\"2026-04-23T15:57:16+02:00\">2026-04-23<\/time><\/span><\/span><\/div><\/div>\t\t\t\n\t\t\t\n\t\t\t\n\t\t<\/div>\n\n\t\n<\/article>\t\t\t\t\t\n<article class=\"l-post grid-post grid-sm-post\">\n\n\t\n\t\t\t<div class=\"media\">\n\n\t\t\n\t\t\t<a href=\"https:\/\/dorogimedence.hu\/index.php\/2026\/04\/20\/tobb-mint-21-millio-forintos-birsagot-szabtak-ki-a-tavaszi-elelmiszer-ellenorzesek-soran\/\" class=\"image-link media-ratio ratio-is-custom\" title=\"T\u00f6bb mint 21 milli\u00f3 forintos b\u00edrs\u00e1got szabtak ki a tavaszi \u00e9lelmiszer-ellen\u0151rz\u00e9sek sor\u00e1n\"><img loading=\"lazy\" decoding=\"async\" width=\"361\" height=\"215\" src=\"https:\/\/dorogimedence.hu\/wp-content\/uploads\/2026\/04\/2148763176-450x299.jpg\" class=\"attachment-bunyad-medium size-bunyad-medium wp-post-image\" alt=\"\" sizes=\"(max-width: 361px) 100vw, 361px\" title=\"T\u00f6bb mint 21 milli\u00f3 forintos b\u00edrs\u00e1got szabtak ki a tavaszi \u00e9lelmiszer-ellen\u0151rz\u00e9sek sor\u00e1n\" srcset=\"https:\/\/dorogimedence.hu\/wp-content\/uploads\/2026\/04\/2148763176-450x299.jpg 450w, https:\/\/dorogimedence.hu\/wp-content\/uploads\/2026\/04\/2148763176-600x399.jpg 600w, https:\/\/dorogimedence.hu\/wp-content\/uploads\/2026\/04\/2148763176-768x511.jpg 768w, https:\/\/dorogimedence.hu\/wp-content\/uploads\/2026\/04\/2148763176-1200x798.jpg 1200w, https:\/\/dorogimedence.hu\/wp-content\/uploads\/2026\/04\/2148763176.jpg 1500w\" \/><\/a>\t\t\t\n\t\t\t\n\t\t\t\n\t\t\t\n\t\t\n\t\t<\/div>\n\t\n\n\t\n\t\t<div class=\"content\">\n\n\t\t\t<div class=\"post-meta post-meta-a has-below\"><h2 class=\"is-title post-title\"><a href=\"https:\/\/dorogimedence.hu\/index.php\/2026\/04\/20\/tobb-mint-21-millio-forintos-birsagot-szabtak-ki-a-tavaszi-elelmiszer-ellenorzesek-soran\/\">T\u00f6bb mint 21 milli\u00f3 forintos b\u00edrs\u00e1got szabtak ki a tavaszi \u00e9lelmiszer-ellen\u0151rz\u00e9sek sor\u00e1n<\/a><\/h2><div class=\"post-meta-items meta-below\"><span class=\"meta-item date\"><span class=\"date-link\"><time class=\"post-date\" datetime=\"2026-04-20T09:33:46+02:00\">2026-04-20<\/time><\/span><\/span><\/div><\/div>\t\t\t\n\t\t\t\n\t\t\t\n\t\t<\/div>\n\n\t\n<\/article>\t\t\t\t\t\n<article class=\"l-post grid-post grid-sm-post\">\n\n\t\n\t\t\t<div class=\"media\">\n\n\t\t\n\t\t\t<a href=\"https:\/\/dorogimedence.hu\/index.php\/2026\/04\/18\/az-agrarminiszterium-tajekoztatoja-a-tennivalokrol-a-tavaszi-fagy-altal-okozott-karok-eseten\/\" class=\"image-link media-ratio ratio-is-custom\" title=\"Az Agr\u00e1rminiszt\u00e9rium t\u00e1j\u00e9koztat\u00f3ja a tennival\u00f3kr\u00f3l a tavaszi fagy \u00e1ltal okozott k\u00e1rok eset\u00e9n\"><img loading=\"lazy\" decoding=\"async\" width=\"361\" height=\"215\" src=\"https:\/\/dorogimedence.hu\/wp-content\/uploads\/2026\/04\/762-450x300.jpg\" class=\"attachment-bunyad-medium size-bunyad-medium wp-post-image\" alt=\"\" sizes=\"(max-width: 361px) 100vw, 361px\" title=\"Az Agr\u00e1rminiszt\u00e9rium t\u00e1j\u00e9koztat\u00f3ja a tennival\u00f3kr\u00f3l a tavaszi fagy \u00e1ltal okozott k\u00e1rok eset\u00e9n\" srcset=\"https:\/\/dorogimedence.hu\/wp-content\/uploads\/2026\/04\/762-450x300.jpg 450w, https:\/\/dorogimedence.hu\/wp-content\/uploads\/2026\/04\/762-600x400.jpg 600w, https:\/\/dorogimedence.hu\/wp-content\/uploads\/2026\/04\/762-768x512.jpg 768w, https:\/\/dorogimedence.hu\/wp-content\/uploads\/2026\/04\/762-1200x800.jpg 1200w, https:\/\/dorogimedence.hu\/wp-content\/uploads\/2026\/04\/762.jpg 1500w\" \/><\/a>\t\t\t\n\t\t\t\n\t\t\t\n\t\t\t\n\t\t\n\t\t<\/div>\n\t\n\n\t\n\t\t<div class=\"content\">\n\n\t\t\t<div class=\"post-meta post-meta-a has-below\"><h2 class=\"is-title post-title\"><a href=\"https:\/\/dorogimedence.hu\/index.php\/2026\/04\/18\/az-agrarminiszterium-tajekoztatoja-a-tennivalokrol-a-tavaszi-fagy-altal-okozott-karok-eseten\/\">Az Agr\u00e1rminiszt\u00e9rium t\u00e1j\u00e9koztat\u00f3ja a tennival\u00f3kr\u00f3l a tavaszi fagy \u00e1ltal okozott k\u00e1rok eset\u00e9n<\/a><\/h2><div class=\"post-meta-items meta-below\"><span class=\"meta-item date\"><span class=\"date-link\"><time class=\"post-date\" datetime=\"2026-04-18T10:55:33+02:00\">2026-04-18<\/time><\/span><\/span><\/div><\/div>\t\t\t\n\t\t\t\n\t\t\t\n\t\t<\/div>\n\n\t\n<\/article>\t\t\t\t\t\n<article class=\"l-post grid-post grid-sm-post\">\n\n\t\n\t\t\t<div class=\"media\">\n\n\t\t\n\t\t\t<a href=\"https:\/\/dorogimedence.hu\/index.php\/2026\/04\/17\/elkeszult-a-nebih-tavaszi-ellenorzesenek-merlege\/\" class=\"image-link media-ratio ratio-is-custom\" title=\"Elk\u00e9sz\u00fclt a N\u00e9bih tavaszi ellen\u0151rz\u00e9s\u00e9nek m\u00e9rlege\"><img loading=\"lazy\" decoding=\"async\" width=\"361\" height=\"215\" src=\"https:\/\/dorogimedence.hu\/wp-content\/uploads\/2023\/01\/supermarket-949913_1920-450x298.jpg\" class=\"attachment-bunyad-medium size-bunyad-medium wp-post-image\" alt=\"\" sizes=\"(max-width: 361px) 100vw, 361px\" title=\"Elk\u00e9sz\u00fclt a N\u00e9bih tavaszi ellen\u0151rz\u00e9s\u00e9nek m\u00e9rlege\" srcset=\"https:\/\/dorogimedence.hu\/wp-content\/uploads\/2023\/01\/supermarket-949913_1920-450x298.jpg 450w, https:\/\/dorogimedence.hu\/wp-content\/uploads\/2023\/01\/supermarket-949913_1920-1024x678.jpg 1024w, https:\/\/dorogimedence.hu\/wp-content\/uploads\/2023\/01\/supermarket-949913_1920-768x509.jpg 768w, https:\/\/dorogimedence.hu\/wp-content\/uploads\/2023\/01\/supermarket-949913_1920-1536x1018.jpg 1536w, https:\/\/dorogimedence.hu\/wp-content\/uploads\/2023\/01\/supermarket-949913_1920-150x99.jpg 150w, https:\/\/dorogimedence.hu\/wp-content\/uploads\/2023\/01\/supermarket-949913_1920-1200x795.jpg 1200w, https:\/\/dorogimedence.hu\/wp-content\/uploads\/2023\/01\/supermarket-949913_1920.jpg 1920w\" \/><\/a>\t\t\t\n\t\t\t\n\t\t\t\n\t\t\t\n\t\t\n\t\t<\/div>\n\t\n\n\t\n\t\t<div class=\"content\">\n\n\t\t\t<div class=\"post-meta post-meta-a has-below\"><h2 class=\"is-title post-title\"><a href=\"https:\/\/dorogimedence.hu\/index.php\/2026\/04\/17\/elkeszult-a-nebih-tavaszi-ellenorzesenek-merlege\/\">Elk\u00e9sz\u00fclt a N\u00e9bih tavaszi ellen\u0151rz\u00e9s\u00e9nek m\u00e9rlege<\/a><\/h2><div class=\"post-meta-items meta-below\"><span class=\"meta-item date\"><span class=\"date-link\"><time class=\"post-date\" datetime=\"2026-04-17T09:28:11+02:00\">2026-04-17<\/time><\/span><\/span><\/div><\/div>\t\t\t\n\t\t\t\n\t\t\t\n\t\t<\/div>\n\n\t\n<\/article>\t\t\n\t<\/div>\n\n\t\t\n\t<\/div>\n\n\t\t\t\t<\/div>\n\n\t\t<\/section>\n\t\t\t\t\t\t<\/div>\n\t\t\t\t<\/div>\n\t\t\t\t<div class=\"elementor-element elementor-element-8697b51 elementor-widget elementor-widget-smartmag-focusgrid\" data-id=\"8697b51\" data-element_type=\"widget\" data-e-type=\"widget\" data-widget_type=\"smartmag-focusgrid.default\">\n\t\t\t\t<div class=\"elementor-widget-container\">\n\t\t\t\t\t\t\t<section class=\"block-wrap block-focus-grid block-sc cols-gap-sm\" data-id=\"20\" data-block=\"{&quot;id&quot;:&quot;focus-grid&quot;,&quot;props&quot;:{&quot;cat_labels&quot;:&quot;0&quot;,&quot;cat_labels_pos&quot;:&quot;top-left&quot;,&quot;reviews&quot;:&quot;barss&quot;,&quot;post_formats_pos&quot;:&quot;center&quot;,&quot;load_more_style&quot;:&quot;a&quot;,&quot;meta_cat_style&quot;:&quot;text&quot;,&quot;media_style_shadow&quot;:0,&quot;meta_sponsor&quot;:1,&quot;meta_sponsor_logo&quot;:0,&quot;meta_sponsor_label&quot;:&quot;Sponsor: {sponsor}&quot;,&quot;meta_above&quot;:[],&quot;meta_below&quot;:[&quot;author&quot;,&quot;date&quot;,&quot;comments&quot;],&quot;meta_sponsor_above&quot;:[],&quot;meta_sponsor_below&quot;:[&quot;sponsor&quot;,&quot;date&quot;],&quot;sort_order&quot;:&quot;desc&quot;,&quot;heading&quot;:&quot;*Sz\\u00ednes*&quot;,&quot;heading_type&quot;:&quot;a&quot;,&quot;cat&quot;:&quot;6948&quot;,&quot;offset&quot;:&quot;0&quot;,&quot;filters&quot;:&quot;category&quot;,&quot;heading_colors&quot;:&quot;force&quot;,&quot;container_width&quot;:66,&quot;excerpt_length&quot;:15,&quot;media_ratio&quot;:&quot;custom&quot;,&quot;media_ratio_custom&quot;:&quot;1.59&quot;,&quot;terms&quot;:[&quot;6948&quot;],&quot;pagination_type&quot;:null,&quot;pagination_links&quot;:null,&quot;meta_sponsor_items_default&quot;:true,&quot;query_type&quot;:&quot;custom&quot;,&quot;sort_days&quot;:null,&quot;is_sc_call&quot;:true,&quot;meta_items_default&quot;:true}}\" data-is-mixed=\"1\">\n\n\t\t\t\t\t\t\t\t\n\t\t\t\t\t\t\t\n\t\t\t\t<div class=\"block-head block-head-a block-head-a1 is-left term-color-6948\">\n\n\t\t\t\t\t<h4 class=\"heading\"><a href=\"https:\/\/dorogimedence.hu\/index.php\/category\/szines\/\"><span class=\"color\">Sz\u00ednes<\/span><\/a><\/h4>\t\t\t\t\t\n\t\t\t\t\t\t\t\t\t<\/div>\n\t\t\t\t\n\t\t\t\n\t\t\t\n\t\t\t<div class=\"block-content\">\n\t\t\t\t\t\n\t<div class=\"grid grid-2 sm:grid-1 cols-not-eq loops-mixed\">\n\n\t\t\t\n\t<div class=\"loop loop-grid loop-grid-base grid grid-1 md:grid-1 xs:grid-1\">\n\n\t\t\t\t\t\n<article class=\"l-post grid-post grid-base-post\">\n\n\t\n\t\t\t<div class=\"media\">\n\n\t\t\n\t\t\t<a href=\"https:\/\/dorogimedence.hu\/index.php\/2026\/05\/02\/iden-is-felaron-fagyizhatunk-a-magyar-fagylalt-napjan\/\" class=\"image-link media-ratio ratio-is-custom\" title=\"Id\u00e9n is f\u00e9l\u00e1ron fagyizhatunk a Magyar Fagylalt Napj\u00e1n\"><img loading=\"lazy\" decoding=\"async\" width=\"769\" height=\"484\" src=\"https:\/\/dorogimedence.hu\/wp-content\/uploads\/2026\/05\/ChatGPT-Image-2026.-maj.-2.-08_13_27-768x512.png\" class=\"attachment-bunyad-768 size-bunyad-768 wp-post-image\" alt=\"\" sizes=\"(max-width: 768px) 100vw, 768px\" title=\"Id\u00e9n is f\u00e9l\u00e1ron fagyizhatunk a Magyar Fagylalt Napj\u00e1n\" srcset=\"https:\/\/dorogimedence.hu\/wp-content\/uploads\/2026\/05\/ChatGPT-Image-2026.-maj.-2.-08_13_27-768x512.png 768w, https:\/\/dorogimedence.hu\/wp-content\/uploads\/2026\/05\/ChatGPT-Image-2026.-maj.-2.-08_13_27-600x400.png 600w, https:\/\/dorogimedence.hu\/wp-content\/uploads\/2026\/05\/ChatGPT-Image-2026.-maj.-2.-08_13_27-150x100.png 150w, https:\/\/dorogimedence.hu\/wp-content\/uploads\/2026\/05\/ChatGPT-Image-2026.-maj.-2.-08_13_27-450x300.png 450w, https:\/\/dorogimedence.hu\/wp-content\/uploads\/2026\/05\/ChatGPT-Image-2026.-maj.-2.-08_13_27-1200x800.png 1200w, https:\/\/dorogimedence.hu\/wp-content\/uploads\/2026\/05\/ChatGPT-Image-2026.-maj.-2.-08_13_27-272x182.png 272w, https:\/\/dorogimedence.hu\/wp-content\/uploads\/2026\/05\/ChatGPT-Image-2026.-maj.-2.-08_13_27.png 1536w\" \/><\/a>\t\t\t\n\t\t\t\n\t\t\t\n\t\t\t\n\t\t\n\t\t<\/div>\n\t\n\n\t\n\t\t<div class=\"content\">\n\n\t\t\t<div class=\"post-meta post-meta-a has-below\"><h2 class=\"is-title post-title\"><a href=\"https:\/\/dorogimedence.hu\/index.php\/2026\/05\/02\/iden-is-felaron-fagyizhatunk-a-magyar-fagylalt-napjan\/\">Id\u00e9n is f\u00e9l\u00e1ron fagyizhatunk a Magyar Fagylalt Napj\u00e1n<\/a><\/h2><div class=\"post-meta-items meta-below\"><span class=\"meta-item post-author\"><span class=\"by\">By<\/span> <a href=\"https:\/\/dorogimedence.hu\/index.php\/author\/lehoo88\/\" title=\"dorogimedence.hu bejegyz\u00e9se\" rel=\"author\">dorogimedence.hu<\/a><\/span><span class=\"meta-item has-next-icon date\"><span class=\"date-link\"><time class=\"post-date\" datetime=\"2026-05-02T08:14:12+02:00\">2026-05-02<\/time><\/span><\/span><span class=\"meta-item comments has-icon\"><a href=\"https:\/\/dorogimedence.hu\/index.php\/2026\/05\/02\/iden-is-felaron-fagyizhatunk-a-magyar-fagylalt-napjan\/#respond\"><i class=\"tsi tsi-comment-o\"><\/i>0<\/a><\/span><\/div><\/div>\t\t\t\n\t\t\t\t\t\t\n\t\t\t\t<div class=\"excerpt\">\n\t\t\t\t\t<p>M\u00e1jus 8-\u00e1n ism\u00e9t j\u00f6n a Magyar Fagylalt Napja, amelyhez t\u00e9rs\u00e9g\u00fcnkb\u0151l a t\u00e1ti Cs\u00f6pi Bisztr\u00f3 \u00e9s&hellip;<\/p>\n\t\t\t\t<\/div>\n\t\t\t\n\t\t\t\n\t\t\t\n\t\t<\/div>\n\n\t\n<\/article>\t\t\n\t<\/div>\n\n\t\t\n\t\n\t<div class=\"loop loop-grid loop-grid-sm grid grid-2 md:grid-2 sm:grid-2\">\n\n\t\t\t\t\t\n<article class=\"l-post grid-post grid-sm-post\">\n\n\t\n\t\t\t<div class=\"media\">\n\n\t\t\n\t\t\t<a href=\"https:\/\/dorogimedence.hu\/index.php\/2026\/05\/01\/elso-alkalommal-rendeztek-meg-a-fold-kincskeresot-esztergomban\/\" class=\"image-link media-ratio ratio-is-custom\" title=\"Els\u0151 alkalommal rendezt\u00e9k meg a F\u00f6ld Kincskeres\u0151t Esztergomban\"><img loading=\"lazy\" decoding=\"async\" width=\"361\" height=\"215\" src=\"https:\/\/dorogimedence.hu\/wp-content\/uploads\/2026\/05\/DSC7189-450x299.jpg\" class=\"attachment-bunyad-medium size-bunyad-medium wp-post-image\" alt=\"\" sizes=\"(max-width: 361px) 100vw, 361px\" title=\"Els\u0151 alkalommal rendezt\u00e9k meg a F\u00f6ld Kincskeres\u0151t Esztergomban\" srcset=\"https:\/\/dorogimedence.hu\/wp-content\/uploads\/2026\/05\/DSC7189-450x299.jpg 450w, https:\/\/dorogimedence.hu\/wp-content\/uploads\/2026\/05\/DSC7189-600x399.jpg 600w, https:\/\/dorogimedence.hu\/wp-content\/uploads\/2026\/05\/DSC7189-1920x1278.jpg 1920w, https:\/\/dorogimedence.hu\/wp-content\/uploads\/2026\/05\/DSC7189-768x511.jpg 768w, https:\/\/dorogimedence.hu\/wp-content\/uploads\/2026\/05\/DSC7189-1536x1022.jpg 1536w, https:\/\/dorogimedence.hu\/wp-content\/uploads\/2026\/05\/DSC7189-2048x1363.jpg 2048w, https:\/\/dorogimedence.hu\/wp-content\/uploads\/2026\/05\/DSC7189-1200x799.jpg 1200w\" \/><\/a>\t\t\t\n\t\t\t\n\t\t\t\n\t\t\t\n\t\t\n\t\t<\/div>\n\t\n\n\t\n\t\t<div class=\"content\">\n\n\t\t\t<div class=\"post-meta post-meta-a has-below\"><h2 class=\"is-title post-title\"><a href=\"https:\/\/dorogimedence.hu\/index.php\/2026\/05\/01\/elso-alkalommal-rendeztek-meg-a-fold-kincskeresot-esztergomban\/\">Els\u0151 alkalommal rendezt\u00e9k meg a F\u00f6ld Kincskeres\u0151t Esztergomban<\/a><\/h2><div class=\"post-meta-items meta-below\"><span class=\"meta-item date\"><span class=\"date-link\"><time class=\"post-date\" datetime=\"2026-05-01T07:27:21+02:00\">2026-05-01<\/time><\/span><\/span><\/div><\/div>\t\t\t\n\t\t\t\n\t\t\t\n\t\t<\/div>\n\n\t\n<\/article>\t\t\t\t\t\n<article class=\"l-post grid-post grid-sm-post\">\n\n\t\n\t\t\t<div class=\"media\">\n\n\t\t\n\t\t\t<a href=\"https:\/\/dorogimedence.hu\/index.php\/2026\/04\/29\/tancosok-lepik-el-dorog-utcait\/\" class=\"image-link media-ratio ratio-is-custom\" title=\"T\u00e1ncosok lepik el Dorog utc\u00e1it\"><img loading=\"lazy\" decoding=\"async\" width=\"361\" height=\"215\" src=\"https:\/\/dorogimedence.hu\/wp-content\/uploads\/2026\/04\/682143546_35224400490537825_7743668352346959977_n-450x338.jpg\" class=\"attachment-bunyad-medium size-bunyad-medium wp-post-image\" alt=\"\" sizes=\"(max-width: 361px) 100vw, 361px\" title=\"T\u00e1ncosok lepik el Dorog utc\u00e1it\" srcset=\"https:\/\/dorogimedence.hu\/wp-content\/uploads\/2026\/04\/682143546_35224400490537825_7743668352346959977_n-450x338.jpg 450w, https:\/\/dorogimedence.hu\/wp-content\/uploads\/2026\/04\/682143546_35224400490537825_7743668352346959977_n-600x450.jpg 600w, https:\/\/dorogimedence.hu\/wp-content\/uploads\/2026\/04\/682143546_35224400490537825_7743668352346959977_n-1920x1440.jpg 1920w, https:\/\/dorogimedence.hu\/wp-content\/uploads\/2026\/04\/682143546_35224400490537825_7743668352346959977_n-768x576.jpg 768w, https:\/\/dorogimedence.hu\/wp-content\/uploads\/2026\/04\/682143546_35224400490537825_7743668352346959977_n-1536x1152.jpg 1536w, https:\/\/dorogimedence.hu\/wp-content\/uploads\/2026\/04\/682143546_35224400490537825_7743668352346959977_n-1200x900.jpg 1200w, https:\/\/dorogimedence.hu\/wp-content\/uploads\/2026\/04\/682143546_35224400490537825_7743668352346959977_n.jpg 2048w\" \/><\/a>\t\t\t\n\t\t\t\n\t\t\t\n\t\t\t\n\t\t\n\t\t<\/div>\n\t\n\n\t\n\t\t<div class=\"content\">\n\n\t\t\t<div class=\"post-meta post-meta-a has-below\"><h2 class=\"is-title post-title\"><a href=\"https:\/\/dorogimedence.hu\/index.php\/2026\/04\/29\/tancosok-lepik-el-dorog-utcait\/\">T\u00e1ncosok lepik el Dorog utc\u00e1it<\/a><\/h2><div class=\"post-meta-items meta-below\"><span class=\"meta-item date\"><span class=\"date-link\"><time class=\"post-date\" datetime=\"2026-04-29T08:59:53+02:00\">2026-04-29<\/time><\/span><\/span><\/div><\/div>\t\t\t\n\t\t\t\n\t\t\t\n\t\t<\/div>\n\n\t\n<\/article>\t\t\t\t\t\n<article class=\"l-post grid-post grid-sm-post\">\n\n\t\n\t\t\t<div class=\"media\">\n\n\t\t\n\t\t\t<a href=\"https:\/\/dorogimedence.hu\/index.php\/2026\/04\/28\/feszkelo-erdei-fulesbaglyok-orszagos-lakossagi-felmerese-2\/\" class=\"image-link media-ratio ratio-is-custom\" title=\"F\u00e9szkel\u0151 erdei f\u00fclesbaglyok orsz\u00e1gos lakoss\u00e1gi felm\u00e9r\u00e9se\"><img loading=\"lazy\" decoding=\"async\" width=\"361\" height=\"215\" src=\"https:\/\/dorogimedence.hu\/wp-content\/uploads\/2026\/04\/erdei_fulesbagoly_monoki_akos_0001-450x276.jpg\" class=\"attachment-bunyad-medium size-bunyad-medium wp-post-image\" alt=\"\" sizes=\"(max-width: 361px) 100vw, 361px\" title=\"F\u00e9szkel\u0151 erdei f\u00fclesbaglyok orsz\u00e1gos lakoss\u00e1gi felm\u00e9r\u00e9se\" srcset=\"https:\/\/dorogimedence.hu\/wp-content\/uploads\/2026\/04\/erdei_fulesbagoly_monoki_akos_0001-450x276.jpg 450w, https:\/\/dorogimedence.hu\/wp-content\/uploads\/2026\/04\/erdei_fulesbagoly_monoki_akos_0001-600x368.jpg 600w, https:\/\/dorogimedence.hu\/wp-content\/uploads\/2026\/04\/erdei_fulesbagoly_monoki_akos_0001-768x472.jpg 768w, https:\/\/dorogimedence.hu\/wp-content\/uploads\/2026\/04\/erdei_fulesbagoly_monoki_akos_0001-150x92.jpg 150w, https:\/\/dorogimedence.hu\/wp-content\/uploads\/2026\/04\/erdei_fulesbagoly_monoki_akos_0001.jpg 904w\" \/><\/a>\t\t\t\n\t\t\t\n\t\t\t\n\t\t\t\n\t\t\n\t\t<\/div>\n\t\n\n\t\n\t\t<div class=\"content\">\n\n\t\t\t<div class=\"post-meta post-meta-a has-below\"><h2 class=\"is-title post-title\"><a href=\"https:\/\/dorogimedence.hu\/index.php\/2026\/04\/28\/feszkelo-erdei-fulesbaglyok-orszagos-lakossagi-felmerese-2\/\">F\u00e9szkel\u0151 erdei f\u00fclesbaglyok orsz\u00e1gos lakoss\u00e1gi felm\u00e9r\u00e9se<\/a><\/h2><div class=\"post-meta-items meta-below\"><span class=\"meta-item date\"><span class=\"date-link\"><time class=\"post-date\" datetime=\"2026-04-28T07:05:33+02:00\">2026-04-28<\/time><\/span><\/span><\/div><\/div>\t\t\t\n\t\t\t\n\t\t\t\n\t\t<\/div>\n\n\t\n<\/article>\t\t\t\t\t\n<article class=\"l-post grid-post grid-sm-post\">\n\n\t\n\t\t\t<div class=\"media\">\n\n\t\t\n\t\t\t<a href=\"https:\/\/dorogimedence.hu\/index.php\/2026\/04\/27\/tavaszi-hangversenyt-rendeztek-dorogon\/\" class=\"image-link media-ratio ratio-is-custom\" title=\"Tavaszi hangversenyt rendeztek Dorogon\"><img loading=\"lazy\" decoding=\"async\" width=\"361\" height=\"215\" src=\"https:\/\/dorogimedence.hu\/wp-content\/uploads\/2026\/04\/hangverseny-450x227.jpg\" class=\"attachment-bunyad-medium size-bunyad-medium wp-post-image\" alt=\"\" sizes=\"(max-width: 361px) 100vw, 361px\" title=\"Tavaszi hangversenyt rendeztek Dorogon\" srcset=\"https:\/\/dorogimedence.hu\/wp-content\/uploads\/2026\/04\/hangverseny-450x227.jpg 450w, https:\/\/dorogimedence.hu\/wp-content\/uploads\/2026\/04\/hangverseny-600x303.jpg 600w, https:\/\/dorogimedence.hu\/wp-content\/uploads\/2026\/04\/hangverseny-768x388.jpg 768w, https:\/\/dorogimedence.hu\/wp-content\/uploads\/2026\/04\/hangverseny-1536x776.jpg 1536w, https:\/\/dorogimedence.hu\/wp-content\/uploads\/2026\/04\/hangverseny-1200x606.jpg 1200w, https:\/\/dorogimedence.hu\/wp-content\/uploads\/2026\/04\/hangverseny.jpg 1920w\" \/><\/a>\t\t\t\n\t\t\t\n\t\t\t\n\t\t\t\n\t\t\n\t\t<\/div>\n\t\n\n\t\n\t\t<div class=\"content\">\n\n\t\t\t<div class=\"post-meta post-meta-a has-below\"><h2 class=\"is-title post-title\"><a href=\"https:\/\/dorogimedence.hu\/index.php\/2026\/04\/27\/tavaszi-hangversenyt-rendeztek-dorogon\/\">Tavaszi hangversenyt rendeztek Dorogon<\/a><\/h2><div class=\"post-meta-items meta-below\"><span class=\"meta-item date\"><span class=\"date-link\"><time class=\"post-date\" datetime=\"2026-04-27T11:58:52+02:00\">2026-04-27<\/time><\/span><\/span><\/div><\/div>\t\t\t\n\t\t\t\n\t\t\t\n\t\t<\/div>\n\n\t\n<\/article>\t\t\n\t<\/div>\n\n\t\t\n\t<\/div>\n\n\t\t\t\t<\/div>\n\n\t\t<\/section>\n\t\t\t\t\t\t<\/div>\n\t\t\t\t<\/div>\n\t\t\t\t<div class=\"elementor-element elementor-element-22c0b08 elementor-widget elementor-widget-smartmag-overlay\" data-id=\"22c0b08\" data-element_type=\"widget\" data-e-type=\"widget\" data-widget_type=\"smartmag-overlay.default\">\n\t\t\t\t<div class=\"elementor-widget-container\">\n\t\t\t\t\t\t\t<section class=\"block-wrap block-overlay block-sc cols-gap-sm\" data-id=\"23\">\n\n\t\t\t\t\t\t\t\t\n\t\t\t\t\t\t\t\n\t\t\t\t<div class=\"block-head block-head-a block-head-a1 is-left term-color-4923\">\n\n\t\t\t\t\t<h4 class=\"heading\"><a href=\"https:\/\/dorogimedence.hu\/index.php\/category\/meselo-tajak-es-formak\/\"><span class=\"color\">MES\u00c9L\u0150 T\u00c1JAK \u00c9S FORM\u00c1K<\/span> - Egy fot\u00f3 \u00e9s ami m\u00f6g\u00f6tte van<\/a><\/h4>\t\t\t\t\t\n\t\t\t\t\t\t\t\t\t<\/div>\n\t\t\t\t\n\t\t\t\n\t\t\t\n\t\t\t<div class=\"block-content\">\n\t\t\t\t\t\n\t<div class=\"loop loop-overlay grid grid-4 md:grid-2 xs:grid-1\">\n\n\t\t\t\n\t\t\t\n<article class=\"l-post grid-overlay overlay-post grid-overlay-a overlay-base-post\">\n\n\t\n\t\t\t<div class=\"media\">\n\n\t\t\n\t\t\t<a href=\"https:\/\/dorogimedence.hu\/index.php\/2025\/11\/22\/himalajai-repules\/\" class=\"image-link media-ratio ratio-2-3\" title=\"Himal\u00e1jai rep\u00fcl\u00e9s\"><img loading=\"lazy\" decoding=\"async\" width=\"361\" height=\"542\" src=\"https:\/\/dorogimedence.hu\/wp-content\/uploads\/2025\/11\/74.-Nanga-Parbat-450x203.jpg\" class=\"attachment-bunyad-medium size-bunyad-medium wp-post-image\" alt=\"\" sizes=\"(max-width: 361px) 100vw, 361px\" title=\"Himal\u00e1jai rep\u00fcl\u00e9s\" srcset=\"https:\/\/dorogimedence.hu\/wp-content\/uploads\/2025\/11\/74.-Nanga-Parbat-1920x865.jpg 1920w, https:\/\/dorogimedence.hu\/wp-content\/uploads\/2025\/11\/74.-Nanga-Parbat-768x346.jpg 768w, https:\/\/dorogimedence.hu\/wp-content\/uploads\/2025\/11\/74.-Nanga-Parbat-1536x692.jpg 1536w, https:\/\/dorogimedence.hu\/wp-content\/uploads\/2025\/11\/74.-Nanga-Parbat-2048x922.jpg 2048w, https:\/\/dorogimedence.hu\/wp-content\/uploads\/2025\/11\/74.-Nanga-Parbat-1200x540.jpg 1200w\" \/><\/a>\t\t\t\n\t\t\t\n\t\t\t\n\t\t\t\n\t\t\n\t\t<\/div>\n\t\n\n\t\t\t<div class=\"content-wrap\">\n\t\n\t\t<div class=\"content\">\n\n\t\t\t<div class=\"post-meta post-meta-a meta-contrast has-below\"><h2 class=\"is-title post-title\"><a href=\"https:\/\/dorogimedence.hu\/index.php\/2025\/11\/22\/himalajai-repules\/\">Himal\u00e1jai rep\u00fcl\u00e9s<\/a><\/h2><div class=\"post-meta-items meta-below\"><span class=\"meta-item date\"><span class=\"date-link\"><time class=\"post-date\" datetime=\"2025-11-22T07:00:12+01:00\">2025-11-22<\/time><\/span><\/span><\/div><\/div>\t\t\t\n\t\t\t\n\t\t\t\n\t\t<\/div>\n\n\t\t\t<\/div>\n\t\n<\/article>\n\t\t\t\n\t\t\t\n<article class=\"l-post grid-overlay overlay-post grid-overlay-a overlay-base-post\">\n\n\t\n\t\t\t<div class=\"media\">\n\n\t\t\n\t\t\t<a href=\"https:\/\/dorogimedence.hu\/index.php\/2025\/11\/15\/kod-elottunk-kod-utanunk\/\" class=\"image-link media-ratio ratio-2-3\" title=\"K\u00f6d el\u0151tt\u00fcnk, k\u00f6d ut\u00e1nunk\"><img loading=\"lazy\" decoding=\"async\" width=\"361\" height=\"542\" src=\"https:\/\/dorogimedence.hu\/wp-content\/uploads\/2025\/11\/73.-Kod-elottunk-450x338.jpg\" class=\"attachment-bunyad-medium size-bunyad-medium wp-post-image\" alt=\"\" sizes=\"(max-width: 361px) 100vw, 361px\" title=\"K\u00f6d el\u0151tt\u00fcnk, k\u00f6d ut\u00e1nunk\" srcset=\"https:\/\/dorogimedence.hu\/wp-content\/uploads\/2025\/11\/73.-Kod-elottunk-600x450.jpg 600w, https:\/\/dorogimedence.hu\/wp-content\/uploads\/2025\/11\/73.-Kod-elottunk-1920x1440.jpg 1920w, https:\/\/dorogimedence.hu\/wp-content\/uploads\/2025\/11\/73.-Kod-elottunk-768x576.jpg 768w, https:\/\/dorogimedence.hu\/wp-content\/uploads\/2025\/11\/73.-Kod-elottunk-1536x1152.jpg 1536w, https:\/\/dorogimedence.hu\/wp-content\/uploads\/2025\/11\/73.-Kod-elottunk-2048x1536.jpg 2048w, https:\/\/dorogimedence.hu\/wp-content\/uploads\/2025\/11\/73.-Kod-elottunk-1200x900.jpg 1200w\" \/><\/a>\t\t\t\n\t\t\t\n\t\t\t\n\t\t\t\n\t\t\n\t\t<\/div>\n\t\n\n\t\t\t<div class=\"content-wrap\">\n\t\n\t\t<div class=\"content\">\n\n\t\t\t<div class=\"post-meta post-meta-a meta-contrast has-below\"><h2 class=\"is-title post-title\"><a href=\"https:\/\/dorogimedence.hu\/index.php\/2025\/11\/15\/kod-elottunk-kod-utanunk\/\">K\u00f6d el\u0151tt\u00fcnk, k\u00f6d ut\u00e1nunk<\/a><\/h2><div class=\"post-meta-items meta-below\"><span class=\"meta-item date\"><span class=\"date-link\"><time class=\"post-date\" datetime=\"2025-11-15T07:00:35+01:00\">2025-11-15<\/time><\/span><\/span><\/div><\/div>\t\t\t\n\t\t\t\n\t\t\t\n\t\t<\/div>\n\n\t\t\t<\/div>\n\t\n<\/article>\n\t\t\t\n\t\t\t\n<article class=\"l-post grid-overlay overlay-post grid-overlay-a overlay-base-post\">\n\n\t\n\t\t\t<div class=\"media\">\n\n\t\t\n\t\t\t<a href=\"https:\/\/dorogimedence.hu\/index.php\/2025\/11\/08\/magashegyi-kalandok-a-fann-hegysegben\/\" class=\"image-link media-ratio ratio-2-3\" title=\"Magashegyi kalandok a Fann-hegys\u00e9gben\"><img loading=\"lazy\" decoding=\"async\" width=\"361\" height=\"542\" src=\"https:\/\/dorogimedence.hu\/wp-content\/uploads\/2025\/11\/72.-Fann-hegyseg-450x203.jpg\" class=\"attachment-bunyad-medium size-bunyad-medium wp-post-image\" alt=\"\" sizes=\"(max-width: 361px) 100vw, 361px\" title=\"Magashegyi kalandok a Fann-hegys\u00e9gben\" srcset=\"https:\/\/dorogimedence.hu\/wp-content\/uploads\/2025\/11\/72.-Fann-hegyseg-1920x864.jpg 1920w, https:\/\/dorogimedence.hu\/wp-content\/uploads\/2025\/11\/72.-Fann-hegyseg-768x346.jpg 768w, https:\/\/dorogimedence.hu\/wp-content\/uploads\/2025\/11\/72.-Fann-hegyseg-1536x691.jpg 1536w, https:\/\/dorogimedence.hu\/wp-content\/uploads\/2025\/11\/72.-Fann-hegyseg-2048x922.jpg 2048w, https:\/\/dorogimedence.hu\/wp-content\/uploads\/2025\/11\/72.-Fann-hegyseg-1200x540.jpg 1200w\" \/><\/a>\t\t\t\n\t\t\t\n\t\t\t\n\t\t\t\n\t\t\n\t\t<\/div>\n\t\n\n\t\t\t<div class=\"content-wrap\">\n\t\n\t\t<div class=\"content\">\n\n\t\t\t<div class=\"post-meta post-meta-a meta-contrast has-below\"><h2 class=\"is-title post-title\"><a href=\"https:\/\/dorogimedence.hu\/index.php\/2025\/11\/08\/magashegyi-kalandok-a-fann-hegysegben\/\">Magashegyi kalandok a Fann-hegys\u00e9gben<\/a><\/h2><div class=\"post-meta-items meta-below\"><span class=\"meta-item date\"><span class=\"date-link\"><time class=\"post-date\" datetime=\"2025-11-08T07:00:35+01:00\">2025-11-08<\/time><\/span><\/span><\/div><\/div>\t\t\t\n\t\t\t\n\t\t\t\n\t\t<\/div>\n\n\t\t\t<\/div>\n\t\n<\/article>\n\t\t\t\n\t\t\t\n<article class=\"l-post grid-overlay overlay-post grid-overlay-a overlay-base-post\">\n\n\t\n\t\t\t<div class=\"media\">\n\n\t\t\n\t\t\t<a href=\"https:\/\/dorogimedence.hu\/index.php\/2025\/11\/01\/poljek-dolinak-barlangok\/\" class=\"image-link media-ratio ratio-2-3\" title=\"Polj\u00e9k, dolin\u00e1k barlangok\"><img loading=\"lazy\" decoding=\"async\" width=\"361\" height=\"542\" src=\"https:\/\/dorogimedence.hu\/wp-content\/uploads\/2025\/10\/71.-Szloven-karszt-450x318.jpg\" class=\"attachment-bunyad-medium size-bunyad-medium wp-post-image\" alt=\"\" sizes=\"(max-width: 361px) 100vw, 361px\" title=\"Polj\u00e9k, dolin\u00e1k barlangok\" srcset=\"https:\/\/dorogimedence.hu\/wp-content\/uploads\/2025\/10\/71.-Szloven-karszt-600x424.jpg 600w, https:\/\/dorogimedence.hu\/wp-content\/uploads\/2025\/10\/71.-Szloven-karszt-1920x1358.jpg 1920w, https:\/\/dorogimedence.hu\/wp-content\/uploads\/2025\/10\/71.-Szloven-karszt-768x543.jpg 768w, https:\/\/dorogimedence.hu\/wp-content\/uploads\/2025\/10\/71.-Szloven-karszt-1536x1086.jpg 1536w, https:\/\/dorogimedence.hu\/wp-content\/uploads\/2025\/10\/71.-Szloven-karszt-2048x1448.jpg 2048w, https:\/\/dorogimedence.hu\/wp-content\/uploads\/2025\/10\/71.-Szloven-karszt-1200x849.jpg 1200w\" \/><\/a>\t\t\t\n\t\t\t\n\t\t\t\n\t\t\t\n\t\t\n\t\t<\/div>\n\t\n\n\t\t\t<div class=\"content-wrap\">\n\t\n\t\t<div class=\"content\">\n\n\t\t\t<div class=\"post-meta post-meta-a meta-contrast has-below\"><h2 class=\"is-title post-title\"><a href=\"https:\/\/dorogimedence.hu\/index.php\/2025\/11\/01\/poljek-dolinak-barlangok\/\">Polj\u00e9k, dolin\u00e1k barlangok<\/a><\/h2><div class=\"post-meta-items meta-below\"><span class=\"meta-item date\"><span class=\"date-link\"><time class=\"post-date\" datetime=\"2025-11-01T07:00:09+01:00\">2025-11-01<\/time><\/span><\/span><\/div><\/div>\t\t\t\n\t\t\t\n\t\t\t\n\t\t<\/div>\n\n\t\t\t<\/div>\n\t\n<\/article>\n\t\t\n\t<\/div>\n\n\t\t\n\t\t\t<\/div>\n\n\t\t<\/section>\n\t\t\t\t\t\t<\/div>\n\t\t\t\t<\/div>\n\t\t\t\t<div class=\"elementor-element elementor-element-2b347be elementor-widget elementor-widget-smartmag-overlay\" data-id=\"2b347be\" data-element_type=\"widget\" data-e-type=\"widget\" data-widget_type=\"smartmag-overlay.default\">\n\t\t\t\t<div class=\"elementor-widget-container\">\n\t\t\t\t\t\t\t<section class=\"block-wrap block-overlay block-sc cols-gap-sm\" data-id=\"24\">\n\n\t\t\t\t\t\t\t\t\n\t\t\t\t\t\t\t\n\t\t\t\t<div class=\"block-head block-head-a block-head-a1 is-left term-color-7408\">\n\n\t\t\t\t\t<h4 class=\"heading\"><a href=\"https:\/\/dorogimedence.hu\/index.php\/category\/varmegyei-ertekek\/\"><span class=\"color\">V\u00e1rmegyei<\/span> \u00c9rt\u00e9kek<\/a><\/h4>\t\t\t\t\t\n\t\t\t\t\t\t\t\t\t<\/div>\n\t\t\t\t\n\t\t\t\n\t\t\t\n\t\t\t<div class=\"block-content\">\n\t\t\t\t\t\n\t<div class=\"loop loop-overlay grid grid-4 md:grid-2 xs:grid-1\">\n\n\t\t\t\n\t\t\t\n<article class=\"l-post grid-overlay overlay-post grid-overlay-a overlay-base-post\">\n\n\t\n\t\t\t<div class=\"media\">\n\n\t\t\n\t\t\t<a href=\"https:\/\/dorogimedence.hu\/index.php\/2024\/05\/11\/varmegyei-ertekek-dorogi-fuzetek-1-51-kotetei\/\" class=\"image-link media-ratio ratio-2-3\" title=\"V\u00e1rmegyei \u00e9rt\u00e9kek: Dorogi f\u00fczetek 1-51. k\u00f6tetei\"><img loading=\"lazy\" decoding=\"async\" width=\"361\" height=\"542\" src=\"https:\/\/dorogimedence.hu\/wp-content\/uploads\/2024\/05\/dorogi-fuzetek-01-450x227.jpg\" class=\"attachment-bunyad-medium size-bunyad-medium wp-post-image\" alt=\"\" sizes=\"(max-width: 361px) 100vw, 361px\" title=\"V\u00e1rmegyei \u00e9rt\u00e9kek: Dorogi f\u00fczetek 1-51. k\u00f6tetei\" srcset=\"https:\/\/dorogimedence.hu\/wp-content\/uploads\/2024\/05\/dorogi-fuzetek-01-768x388.jpg 768w, https:\/\/dorogimedence.hu\/wp-content\/uploads\/2024\/05\/dorogi-fuzetek-01-1536x776.jpg 1536w, https:\/\/dorogimedence.hu\/wp-content\/uploads\/2024\/05\/dorogi-fuzetek-01-1200x606.jpg 1200w, https:\/\/dorogimedence.hu\/wp-content\/uploads\/2024\/05\/dorogi-fuzetek-01.jpg 1920w\" \/><\/a>\t\t\t\n\t\t\t\n\t\t\t\n\t\t\t\n\t\t\n\t\t<\/div>\n\t\n\n\t\t\t<div class=\"content-wrap\">\n\t\n\t\t<div class=\"content\">\n\n\t\t\t<div class=\"post-meta post-meta-a meta-contrast has-below\"><h2 class=\"is-title post-title\"><a href=\"https:\/\/dorogimedence.hu\/index.php\/2024\/05\/11\/varmegyei-ertekek-dorogi-fuzetek-1-51-kotetei\/\">V\u00e1rmegyei \u00e9rt\u00e9kek: Dorogi f\u00fczetek 1-51. k\u00f6tetei<\/a><\/h2><div class=\"post-meta-items meta-below\"><span class=\"meta-item date\"><span class=\"date-link\"><time class=\"post-date\" datetime=\"2024-05-11T11:17:29+02:00\">2024-05-11<\/time><\/span><\/span><\/div><\/div>\t\t\t\n\t\t\t\n\t\t\t\n\t\t<\/div>\n\n\t\t\t<\/div>\n\t\n<\/article>\n\t\t\t\n\t\t\t\n<article class=\"l-post grid-overlay overlay-post grid-overlay-a overlay-base-post\">\n\n\t\n\t\t\t<div class=\"media\">\n\n\t\t\n\t\t\t<a href=\"https:\/\/dorogimedence.hu\/index.php\/2024\/04\/28\/varmegyei-ertekek-buzaszenteles-es-aratounnep-szentgyorgymezon\/\" class=\"image-link media-ratio ratio-2-3\" title=\"V\u00e1rmegyei \u00e9rt\u00e9kek: B\u00fazaszentel\u00e9s \u00e9s arat\u00f3\u00fcnnep Szentgy\u00f6rgymez\u0151n\"><img loading=\"lazy\" decoding=\"async\" width=\"361\" height=\"542\" src=\"https:\/\/dorogimedence.hu\/wp-content\/uploads\/2024\/04\/e2744732a64b7f5db39f60b061115bfc_buzaszenteles-es-aratounnep-esztergom-szentgyorgymezon-749-2-450x274.jpg\" class=\"attachment-bunyad-medium size-bunyad-medium wp-post-image\" alt=\"\" sizes=\"(max-width: 361px) 100vw, 361px\" title=\"V\u00e1rmegyei \u00e9rt\u00e9kek: B\u00fazaszentel\u00e9s \u00e9s arat\u00f3\u00fcnnep Szentgy\u00f6rgymez\u0151n\" srcset=\"https:\/\/dorogimedence.hu\/wp-content\/uploads\/2024\/04\/e2744732a64b7f5db39f60b061115bfc_buzaszenteles-es-aratounnep-esztergom-szentgyorgymezon-749-2-600x365.jpg 600w, https:\/\/dorogimedence.hu\/wp-content\/uploads\/2024\/04\/e2744732a64b7f5db39f60b061115bfc_buzaszenteles-es-aratounnep-esztergom-szentgyorgymezon-749-2-768x468.jpg 768w, https:\/\/dorogimedence.hu\/wp-content\/uploads\/2024\/04\/e2744732a64b7f5db39f60b061115bfc_buzaszenteles-es-aratounnep-esztergom-szentgyorgymezon-749-2.jpg 800w\" \/><\/a>\t\t\t\n\t\t\t\n\t\t\t\n\t\t\t\n\t\t\n\t\t<\/div>\n\t\n\n\t\t\t<div class=\"content-wrap\">\n\t\n\t\t<div class=\"content\">\n\n\t\t\t<div class=\"post-meta post-meta-a meta-contrast has-below\"><h2 class=\"is-title post-title\"><a href=\"https:\/\/dorogimedence.hu\/index.php\/2024\/04\/28\/varmegyei-ertekek-buzaszenteles-es-aratounnep-szentgyorgymezon\/\">V\u00e1rmegyei \u00e9rt\u00e9kek: B\u00fazaszentel\u00e9s \u00e9s arat\u00f3\u00fcnnep Szentgy\u00f6rgymez\u0151n<\/a><\/h2><div class=\"post-meta-items meta-below\"><span class=\"meta-item date\"><span class=\"date-link\"><time class=\"post-date\" datetime=\"2024-04-28T10:57:27+02:00\">2024-04-28<\/time><\/span><\/span><\/div><\/div>\t\t\t\n\t\t\t\n\t\t\t\n\t\t<\/div>\n\n\t\t\t<\/div>\n\t\n<\/article>\n\t\t\t\n\t\t\t\n<article class=\"l-post grid-overlay overlay-post grid-overlay-a overlay-base-post\">\n\n\t\n\t\t\t<div class=\"media\">\n\n\t\t\n\t\t\t<a href=\"https:\/\/dorogimedence.hu\/index.php\/2024\/03\/31\/varmegyei-ertekek-crumerum\/\" class=\"image-link media-ratio ratio-2-3\" title=\"V\u00e1rmegyei \u00e9rt\u00e9kek: Crumerum\"><img loading=\"lazy\" decoding=\"async\" width=\"361\" height=\"542\" src=\"https:\/\/dorogimedence.hu\/wp-content\/uploads\/2024\/04\/crumerum-450x227.jpg\" class=\"attachment-bunyad-medium size-bunyad-medium wp-post-image\" alt=\"\" sizes=\"(max-width: 361px) 100vw, 361px\" title=\"V\u00e1rmegyei \u00e9rt\u00e9kek: Crumerum\" srcset=\"https:\/\/dorogimedence.hu\/wp-content\/uploads\/2024\/04\/crumerum-768x388.jpg 768w, https:\/\/dorogimedence.hu\/wp-content\/uploads\/2024\/04\/crumerum-1536x776.jpg 1536w, https:\/\/dorogimedence.hu\/wp-content\/uploads\/2024\/04\/crumerum-1200x606.jpg 1200w, https:\/\/dorogimedence.hu\/wp-content\/uploads\/2024\/04\/crumerum.jpg 1920w\" \/><\/a>\t\t\t\n\t\t\t\n\t\t\t\n\t\t\t\n\t\t\n\t\t<\/div>\n\t\n\n\t\t\t<div class=\"content-wrap\">\n\t\n\t\t<div class=\"content\">\n\n\t\t\t<div class=\"post-meta post-meta-a meta-contrast has-below\"><h2 class=\"is-title post-title\"><a href=\"https:\/\/dorogimedence.hu\/index.php\/2024\/03\/31\/varmegyei-ertekek-crumerum\/\">V\u00e1rmegyei \u00e9rt\u00e9kek: Crumerum<\/a><\/h2><div class=\"post-meta-items meta-below\"><span class=\"meta-item date\"><span class=\"date-link\"><time class=\"post-date\" datetime=\"2024-03-31T18:00:22+02:00\">2024-03-31<\/time><\/span><\/span><\/div><\/div>\t\t\t\n\t\t\t\n\t\t\t\n\t\t<\/div>\n\n\t\t\t<\/div>\n\t\n<\/article>\n\t\t\t\n\t\t\t\n<article class=\"l-post grid-overlay overlay-post grid-overlay-a overlay-base-post\">\n\n\t\n\t\t\t<div class=\"media\">\n\n\t\t\n\t\t\t<a href=\"https:\/\/dorogimedence.hu\/index.php\/2024\/03\/10\/varmegyei-ertekek-gerenday-kozossegi-haz-es-kert\/\" class=\"image-link media-ratio ratio-2-3\" title=\"V\u00e1rmegyei \u00e9rt\u00e9kek: Gerenday K\u00f6z\u00f6ss\u00e9gi H\u00e1z \u00e9s Kert\"><img loading=\"lazy\" decoding=\"async\" width=\"361\" height=\"542\" src=\"https:\/\/dorogimedence.hu\/wp-content\/uploads\/2024\/03\/03fc239bb947ecd6020c4426d6b27069_SPS0253-450x300.jpg\" class=\"attachment-bunyad-medium size-bunyad-medium wp-post-image\" alt=\"\" sizes=\"(max-width: 361px) 100vw, 361px\" title=\"V\u00e1rmegyei \u00e9rt\u00e9kek: Gerenday K\u00f6z\u00f6ss\u00e9gi H\u00e1z \u00e9s Kert\" srcset=\"https:\/\/dorogimedence.hu\/wp-content\/uploads\/2024\/03\/03fc239bb947ecd6020c4426d6b27069_SPS0253-600x400.jpg 600w, https:\/\/dorogimedence.hu\/wp-content\/uploads\/2024\/03\/03fc239bb947ecd6020c4426d6b27069_SPS0253-768x512.jpg 768w, https:\/\/dorogimedence.hu\/wp-content\/uploads\/2024\/03\/03fc239bb947ecd6020c4426d6b27069_SPS0253-1536x1024.jpg 1536w, https:\/\/dorogimedence.hu\/wp-content\/uploads\/2024\/03\/03fc239bb947ecd6020c4426d6b27069_SPS0253-1200x800.jpg 1200w, https:\/\/dorogimedence.hu\/wp-content\/uploads\/2024\/03\/03fc239bb947ecd6020c4426d6b27069_SPS0253.jpg 1920w\" \/><\/a>\t\t\t\n\t\t\t\n\t\t\t\n\t\t\t\n\t\t\n\t\t<\/div>\n\t\n\n\t\t\t<div class=\"content-wrap\">\n\t\n\t\t<div class=\"content\">\n\n\t\t\t<div class=\"post-meta post-meta-a meta-contrast has-below\"><h2 class=\"is-title post-title\"><a href=\"https:\/\/dorogimedence.hu\/index.php\/2024\/03\/10\/varmegyei-ertekek-gerenday-kozossegi-haz-es-kert\/\">V\u00e1rmegyei \u00e9rt\u00e9kek: Gerenday K\u00f6z\u00f6ss\u00e9gi H\u00e1z \u00e9s Kert<\/a><\/h2><div class=\"post-meta-items meta-below\"><span class=\"meta-item date\"><span class=\"date-link\"><time class=\"post-date\" datetime=\"2024-03-10T11:40:40+01:00\">2024-03-10<\/time><\/span><\/span><\/div><\/div>\t\t\t\n\t\t\t\n\t\t\t\n\t\t<\/div>\n\n\t\t\t<\/div>\n\t\n<\/article>\n\t\t\n\t<\/div>\n\n\t\t\n\t\t\t<\/div>\n\n\t\t<\/section>\n\t\t\t\t\t\t<\/div>\n\t\t\t\t<\/div>\n\t\t\t\t\t<\/div>\n\t\t<\/div>\n\t\t\t\t<div class=\"elementor-column elementor-col-50 elementor-top-column elementor-element elementor-element-b6a8087 main-sidebar main-sidebar ts-sticky-col\" data-id=\"b6a8087\" data-element_type=\"column\" data-e-type=\"column\">\n\t\t\t<div class=\"elementor-widget-wrap elementor-element-populated\">\n\t\t\t\t\t\t<div class=\"elementor-element elementor-element-2d99a67 elementor-widget elementor-widget-smartmag-codes\" data-id=\"2d99a67\" data-element_type=\"widget\" data-e-type=\"widget\" data-widget_type=\"smartmag-codes.default\">\n\t\t\t\t<div class=\"elementor-widget-container\">\n\t\t\t\t\t<div class=\"a-wrap\"> <a href=\"https:\/\/www.gedeonrichter.com\/hu-hu\/\" target=\"_blank\">\n<img decoding=\"async\" loading=\"lazy\" src=\"https:\/\/dorogimedence.hu\/banner\/RG_altalanos_2026_300x250px_2026_125.jpg\" alt=\"Richter Gedeon Nyrt.\" \nwidth=\"300\" height=\"250\" border=\"0\" \nlongdesc=\"https:\/\/www.gedeonrichter.com\/hu-hu\/\" \/><\/a><\/div>\t\t\t\t<\/div>\n\t\t\t\t<\/div>\n\t\t\t\t<div class=\"elementor-element elementor-element-c974c0b elementor-widget elementor-widget-smartmag-codes\" data-id=\"c974c0b\" data-element_type=\"widget\" data-e-type=\"widget\" data-widget_type=\"smartmag-codes.default\">\n\t\t\t\t<div class=\"elementor-widget-container\">\n\t\t\t\t\t<div class=\"a-wrap\"> <a href=\"https:\/\/www.styevolaesfia.hu\/hirek\/uj-lehetoseg-a-joy-akcioban-mostantol-askoda-octavia-limo-joy-modellel-is\" target=\"_blank\">\n<img decoding=\"async\" loading=\"lazy\" src=\"https:\/\/dorogimedence.hu\/banner\/SKODA_Octavia_Limo_300x600_Styevola-v2.jpg\" alt=\"Styevola \u00e9s Fia Kft.\" \nwidth=\"300\" height=\"600\" border=\"0\" \nlongdesc=\"https:\/\/www.styevolaesfia.hu\/hirek\/uj-lehetoseg-a-joy-akcioban-mostantol-askoda-octavia-limo-joy-modellel-is\" \/><\/a><\/div>\t\t\t\t<\/div>\n\t\t\t\t<\/div>\n\t\t\t\t<div class=\"elementor-element elementor-element-fc18db5 elementor-widget elementor-widget-smartmag-codes\" data-id=\"fc18db5\" data-element_type=\"widget\" data-e-type=\"widget\" data-widget_type=\"smartmag-codes.default\">\n\t\t\t\t<div class=\"elementor-widget-container\">\n\t\t\t\t\t<div class=\"a-wrap\"> <script async src=\"\/\/pagead2.googlesyndication.com\/pagead\/js\/adsbygoogle.js\"><\/script>\n<!-- dorogimedence.hu - 300x250 -->\n<ins class=\"adsbygoogle\"\n     style=\"display:inline-block;width:300px;height:250px\"\n     data-ad-client=\"ca-pub-1727034543801930\"\n     data-ad-slot=\"8038255097\"><\/ins>\n<script>\n(adsbygoogle = window.adsbygoogle || []).push({});\n<\/script><\/div>\t\t\t\t<\/div>\n\t\t\t\t<\/div>\n\t\t\t\t\t<\/div>\n\t\t<\/div>\n\t\t\t\t\t<\/div>\n\t\t<\/section>\n\t\t\t\t<\/div>\n\t\t","protected":false},"excerpt":{"rendered":"<p>H\u00edrek Elismer\u00e9seket adtak \u00e1t a Rend\u0151rs\u00e9g Napja alkalm\u00e1b\u00f3l v\u00e1rmegy\u00e9nkben 2026-04-23 Dorog F\u00f6ld Napja Dorogon: k\u00e9zzelfoghat\u00f3 l\u00e9p\u00e9sek a Richtert\u0151l 2026-04-22 Esztergom H\u00e1rom kihagyhatatlan program v\u00e1r tavasszal Esztergomban 2026-04-21 Dorog Meg\u00fajulhat a M\u00e1ria-barlang l\u00e9pcs\u0151sora 2026-04-20 Legfrissebb h\u00edreink All Dorog Esztergom T\u00e1t Nyerges\u00fajfalu Napszem\u00fcveg-razzi\u00e1t ind\u00edtott a fogyaszt\u00f3v\u00e9delem By dorogimedence.hu2026-04-230 Orsz\u00e1gos piacfel\u00fcgyeleti vizsg\u00e1latot ind\u00edtott a Nemzeti Kereskedelmi \u00e9s Fogyaszt\u00f3v\u00e9delmi<\/p>\n","protected":false},"author":1,"featured_media":0,"parent":0,"menu_order":0,"comment_status":"closed","ping_status":"closed","template":"page-templates\/no-wrapper.php","meta":{"ngg_post_thumbnail":0,"footnotes":""},"class_list":["post-32164","page","type-page","status-publish"],"yoast_head":"<!-- This site is optimized with the Yoast SEO plugin v27.5 - https:\/\/yoast.com\/product\/yoast-seo-wordpress\/ -->\n<title>Dorogi-medence Region\u00e1lis H\u00edrport\u00e1l - H\u00edrek<\/title>\n<meta name=\"description\" content=\"H\u00edrek, inform\u00e1ci\u00f3k, programok Dorog \u00e9s Esztergom t\u00e9rs\u00e9g\u00e9b\u0151l.\" class=\"yoast-seo-meta-tag\" \/>\n<meta name=\"robots\" content=\"index, follow, max-snippet:-1, max-image-preview:large, max-video-preview:-1\" \/>\n<link rel=\"canonical\" href=\"https:\/\/dorogimedence.hu\/\" class=\"yoast-seo-meta-tag\" \/>\n<meta property=\"og:locale\" content=\"hu_HU\" class=\"yoast-seo-meta-tag\" \/>\n<meta property=\"og:type\" content=\"article\" class=\"yoast-seo-meta-tag\" \/>\n<meta property=\"og:title\" content=\"Dorogi-medence Region\u00e1lis H\u00edrport\u00e1l - H\u00edrek\" class=\"yoast-seo-meta-tag\" \/>\n<meta property=\"og:description\" content=\"H\u00edrek, inform\u00e1ci\u00f3k, programok Dorog \u00e9s Esztergom t\u00e9rs\u00e9g\u00e9b\u0151l.\" class=\"yoast-seo-meta-tag\" \/>\n<meta property=\"og:url\" content=\"https:\/\/dorogimedence.hu\/\" class=\"yoast-seo-meta-tag\" \/>\n<meta property=\"og:site_name\" content=\"Dorogi-medence Region\u00e1lis H\u00edrport\u00e1l\" class=\"yoast-seo-meta-tag\" \/>\n<meta property=\"article:publisher\" content=\"https:\/\/www.facebook.com\/dorogimedence\/\" class=\"yoast-seo-meta-tag\" \/>\n<meta property=\"article:modified_time\" content=\"2026-04-23T13:49:57+00:00\" class=\"yoast-seo-meta-tag\" \/>\n<meta property=\"og:image\" content=\"https:\/\/dorogimedence.hu\/wp-content\/uploads\/2026\/04\/678313469_1286611820314189_8179963717126063866_n-768x512.jpg\" class=\"yoast-seo-meta-tag\" \/>\n<meta name=\"twitter:card\" content=\"summary_large_image\" class=\"yoast-seo-meta-tag\" \/>\n<meta name=\"twitter:label1\" content=\"Becs\u00fclt olvas\u00e1si id\u0151\" class=\"yoast-seo-meta-tag\" \/>\n\t<meta name=\"twitter:data1\" content=\"13 perc\" class=\"yoast-seo-meta-tag\" \/>\n<script type=\"application\/ld+json\" class=\"yoast-schema-graph\">{\"@context\":\"https:\\\/\\\/schema.org\",\"@graph\":[{\"@type\":\"WebPage\",\"@id\":\"https:\\\/\\\/dorogimedence.hu\\\/\",\"url\":\"https:\\\/\\\/dorogimedence.hu\\\/\",\"name\":\"Dorogi-medence Region\u00e1lis H\u00edrport\u00e1l - H\u00edrek\",\"isPartOf\":{\"@id\":\"https:\\\/\\\/dorogimedence.hu\\\/#website\"},\"primaryImageOfPage\":{\"@id\":\"https:\\\/\\\/dorogimedence.hu\\\/#primaryimage\"},\"image\":{\"@id\":\"https:\\\/\\\/dorogimedence.hu\\\/#primaryimage\"},\"thumbnailUrl\":\"https:\\\/\\\/dorogimedence.hu\\\/wp-content\\\/uploads\\\/2026\\\/04\\\/678313469_1286611820314189_8179963717126063866_n-768x512.jpg\",\"datePublished\":\"2017-01-07T18:56:23+00:00\",\"dateModified\":\"2026-04-23T13:49:57+00:00\",\"description\":\"H\u00edrek, inform\u00e1ci\u00f3k, programok Dorog \u00e9s Esztergom t\u00e9rs\u00e9g\u00e9b\u0151l.\",\"breadcrumb\":{\"@id\":\"https:\\\/\\\/dorogimedence.hu\\\/#breadcrumb\"},\"inLanguage\":\"hu\",\"potentialAction\":[{\"@type\":\"ReadAction\",\"target\":[\"https:\\\/\\\/dorogimedence.hu\\\/\"]}]},{\"@type\":\"ImageObject\",\"inLanguage\":\"hu\",\"@id\":\"https:\\\/\\\/dorogimedence.hu\\\/#primaryimage\",\"url\":\"https:\\\/\\\/dorogimedence.hu\\\/wp-content\\\/uploads\\\/2026\\\/04\\\/678313469_1286611820314189_8179963717126063866_n.jpg\",\"contentUrl\":\"https:\\\/\\\/dorogimedence.hu\\\/wp-content\\\/uploads\\\/2026\\\/04\\\/678313469_1286611820314189_8179963717126063866_n.jpg\",\"width\":2048,\"height\":1365},{\"@type\":\"BreadcrumbList\",\"@id\":\"https:\\\/\\\/dorogimedence.hu\\\/#breadcrumb\",\"itemListElement\":[{\"@type\":\"ListItem\",\"position\":1,\"name\":\"Kezd\u0151lap\",\"item\":\"https:\\\/\\\/dorogimedence.hu\\\/\"},{\"@type\":\"ListItem\",\"position\":2,\"name\":\"Kezd\u0151lap\"}]},{\"@type\":\"WebSite\",\"@id\":\"https:\\\/\\\/dorogimedence.hu\\\/#website\",\"url\":\"https:\\\/\\\/dorogimedence.hu\\\/\",\"name\":\"Dorogi-medence Region\u00e1lis H\u00edrport\u00e1l\",\"description\":\"Dorog, Keszt\u00f6lc, Le\u00e1nyv\u00e1r, Piliscs\u00e9v, Tokod, Tokodalt\u00e1r\u00f3, Csolnok, Esztergom-kertv\u00e1ros: h\u00edrek, programok\",\"publisher\":{\"@id\":\"https:\\\/\\\/dorogimedence.hu\\\/#organization\"},\"potentialAction\":[{\"@type\":\"SearchAction\",\"target\":{\"@type\":\"EntryPoint\",\"urlTemplate\":\"https:\\\/\\\/dorogimedence.hu\\\/?s={search_term_string}\"},\"query-input\":{\"@type\":\"PropertyValueSpecification\",\"valueRequired\":true,\"valueName\":\"search_term_string\"}}],\"inLanguage\":\"hu\"},{\"@type\":\"Organization\",\"@id\":\"https:\\\/\\\/dorogimedence.hu\\\/#organization\",\"name\":\"Dorogi-medence Region\u00e1lis H\u00edrport\u00e1l\",\"url\":\"https:\\\/\\\/dorogimedence.hu\\\/\",\"logo\":{\"@type\":\"ImageObject\",\"inLanguage\":\"hu\",\"@id\":\"https:\\\/\\\/dorogimedence.hu\\\/#\\\/schema\\\/logo\\\/image\\\/\",\"url\":\"https:\\\/\\\/dorogimedence.hu\\\/wp-content\\\/uploads\\\/2021\\\/04\\\/logo-feher-600.png\",\"contentUrl\":\"https:\\\/\\\/dorogimedence.hu\\\/wp-content\\\/uploads\\\/2021\\\/04\\\/logo-feher-600.png\",\"width\":600,\"height\":100,\"caption\":\"Dorogi-medence Region\u00e1lis H\u00edrport\u00e1l\"},\"image\":{\"@id\":\"https:\\\/\\\/dorogimedence.hu\\\/#\\\/schema\\\/logo\\\/image\\\/\"},\"sameAs\":[\"https:\\\/\\\/www.facebook.com\\\/dorogimedence\\\/\"]}]}<\/script>\n<!-- \/ Yoast SEO plugin. -->","yoast_head_json":{"title":"Dorogi-medence Region\u00e1lis H\u00edrport\u00e1l - H\u00edrek","description":"H\u00edrek, inform\u00e1ci\u00f3k, programok Dorog \u00e9s Esztergom t\u00e9rs\u00e9g\u00e9b\u0151l.","robots":{"index":"index","follow":"follow","max-snippet":"max-snippet:-1","max-image-preview":"max-image-preview:large","max-video-preview":"max-video-preview:-1"},"canonical":"https:\/\/dorogimedence.hu\/","og_locale":"hu_HU","og_type":"article","og_title":"Dorogi-medence Region\u00e1lis H\u00edrport\u00e1l - H\u00edrek","og_description":"H\u00edrek, inform\u00e1ci\u00f3k, programok Dorog \u00e9s Esztergom t\u00e9rs\u00e9g\u00e9b\u0151l.","og_url":"https:\/\/dorogimedence.hu\/","og_site_name":"Dorogi-medence Region\u00e1lis H\u00edrport\u00e1l","article_publisher":"https:\/\/www.facebook.com\/dorogimedence\/","article_modified_time":"2026-04-23T13:49:57+00:00","og_image":[{"url":"https:\/\/dorogimedence.hu\/wp-content\/uploads\/2026\/04\/678313469_1286611820314189_8179963717126063866_n-768x512.jpg","type":"","width":"","height":""}],"twitter_card":"summary_large_image","twitter_misc":{"Becs\u00fclt olvas\u00e1si id\u0151":"13 perc"},"schema":{"@context":"https:\/\/schema.org","@graph":[{"@type":"WebPage","@id":"https:\/\/dorogimedence.hu\/","url":"https:\/\/dorogimedence.hu\/","name":"Dorogi-medence Region\u00e1lis H\u00edrport\u00e1l - H\u00edrek","isPartOf":{"@id":"https:\/\/dorogimedence.hu\/#website"},"primaryImageOfPage":{"@id":"https:\/\/dorogimedence.hu\/#primaryimage"},"image":{"@id":"https:\/\/dorogimedence.hu\/#primaryimage"},"thumbnailUrl":"https:\/\/dorogimedence.hu\/wp-content\/uploads\/2026\/04\/678313469_1286611820314189_8179963717126063866_n-768x512.jpg","datePublished":"2017-01-07T18:56:23+00:00","dateModified":"2026-04-23T13:49:57+00:00","description":"H\u00edrek, inform\u00e1ci\u00f3k, programok Dorog \u00e9s Esztergom t\u00e9rs\u00e9g\u00e9b\u0151l.","breadcrumb":{"@id":"https:\/\/dorogimedence.hu\/#breadcrumb"},"inLanguage":"hu","potentialAction":[{"@type":"ReadAction","target":["https:\/\/dorogimedence.hu\/"]}]},{"@type":"ImageObject","inLanguage":"hu","@id":"https:\/\/dorogimedence.hu\/#primaryimage","url":"https:\/\/dorogimedence.hu\/wp-content\/uploads\/2026\/04\/678313469_1286611820314189_8179963717126063866_n.jpg","contentUrl":"https:\/\/dorogimedence.hu\/wp-content\/uploads\/2026\/04\/678313469_1286611820314189_8179963717126063866_n.jpg","width":2048,"height":1365},{"@type":"BreadcrumbList","@id":"https:\/\/dorogimedence.hu\/#breadcrumb","itemListElement":[{"@type":"ListItem","position":1,"name":"Kezd\u0151lap","item":"https:\/\/dorogimedence.hu\/"},{"@type":"ListItem","position":2,"name":"Kezd\u0151lap"}]},{"@type":"WebSite","@id":"https:\/\/dorogimedence.hu\/#website","url":"https:\/\/dorogimedence.hu\/","name":"Dorogi-medence Region\u00e1lis H\u00edrport\u00e1l","description":"Dorog, Keszt\u00f6lc, Le\u00e1nyv\u00e1r, Piliscs\u00e9v, Tokod, Tokodalt\u00e1r\u00f3, Csolnok, Esztergom-kertv\u00e1ros: h\u00edrek, programok","publisher":{"@id":"https:\/\/dorogimedence.hu\/#organization"},"potentialAction":[{"@type":"SearchAction","target":{"@type":"EntryPoint","urlTemplate":"https:\/\/dorogimedence.hu\/?s={search_term_string}"},"query-input":{"@type":"PropertyValueSpecification","valueRequired":true,"valueName":"search_term_string"}}],"inLanguage":"hu"},{"@type":"Organization","@id":"https:\/\/dorogimedence.hu\/#organization","name":"Dorogi-medence Region\u00e1lis H\u00edrport\u00e1l","url":"https:\/\/dorogimedence.hu\/","logo":{"@type":"ImageObject","inLanguage":"hu","@id":"https:\/\/dorogimedence.hu\/#\/schema\/logo\/image\/","url":"https:\/\/dorogimedence.hu\/wp-content\/uploads\/2021\/04\/logo-feher-600.png","contentUrl":"https:\/\/dorogimedence.hu\/wp-content\/uploads\/2021\/04\/logo-feher-600.png","width":600,"height":100,"caption":"Dorogi-medence Region\u00e1lis H\u00edrport\u00e1l"},"image":{"@id":"https:\/\/dorogimedence.hu\/#\/schema\/logo\/image\/"},"sameAs":["https:\/\/www.facebook.com\/dorogimedence\/"]}]}},"_links":{"self":[{"href":"https:\/\/dorogimedence.hu\/index.php\/wp-json\/wp\/v2\/pages\/32164","targetHints":{"allow":["GET"]}}],"collection":[{"href":"https:\/\/dorogimedence.hu\/index.php\/wp-json\/wp\/v2\/pages"}],"about":[{"href":"https:\/\/dorogimedence.hu\/index.php\/wp-json\/wp\/v2\/types\/page"}],"author":[{"embeddable":true,"href":"https:\/\/dorogimedence.hu\/index.php\/wp-json\/wp\/v2\/users\/1"}],"replies":[{"embeddable":true,"href":"https:\/\/dorogimedence.hu\/index.php\/wp-json\/wp\/v2\/comments?post=32164"}],"version-history":[{"count":18,"href":"https:\/\/dorogimedence.hu\/index.php\/wp-json\/wp\/v2\/pages\/32164\/revisions"}],"predecessor-version":[{"id":79711,"href":"https:\/\/dorogimedence.hu\/index.php\/wp-json\/wp\/v2\/pages\/32164\/revisions\/79711"}],"wp:attachment":[{"href":"https:\/\/dorogimedence.hu\/index.php\/wp-json\/wp\/v2\/media?parent=32164"}],"curies":[{"name":"wp","href":"https:\/\/api.w.org\/{rel}","templated":true}]}}